
{"version":"1.0","provider_name":"amnistia.org.mx","provider_url":"https:\/\/amnistia.org.mx\/contenido","title":"Procesados por defender el medioambiente: Activistas y comunidades se alzan para proteger nuestro planeta.","type":"rich","width":600,"height":338,"html":"<blockquote class=\"wp-embedded-content\" data-secret=\"atzAGljAl2\"><a href=\"https:\/\/amnistia.org.mx\/contenido\/index.php\/procesados-por-defender-el-medioambiente\/\">Procesados por defender el medioambiente: Activistas y comunidades se alzan para proteger nuestro planeta.<\/a><\/blockquote><iframe sandbox=\"allow-scripts\" security=\"restricted\" src=\"https:\/\/amnistia.org.mx\/contenido\/index.php\/procesados-por-defender-el-medioambiente\/embed\/#?secret=atzAGljAl2\" width=\"600\" height=\"338\" title=\"&#8220;Procesados por defender el medioambiente: Activistas y comunidades se alzan para proteger nuestro planeta.&#8221; &#8212; amnistia.org.mx\" data-secret=\"atzAGljAl2\" frameborder=\"0\" marginwidth=\"0\" marginheight=\"0\" scrolling=\"no\" class=\"wp-embedded-content\"><\/iframe><script>\n\/*! This file is auto-generated *\/\n!function(c,d){\"use strict\";var e=!1,o=!1;if(d.querySelector)if(c.addEventListener)e=!0;if(c.wp=c.wp||{},c.wp.receiveEmbedMessage);else if(c.wp.receiveEmbedMessage=function(e){var t=e.data;if(!t);else if(!(t.secret||t.message||t.value));else if(\/[^a-zA-Z0-9]\/.test(t.secret));else{for(var r,s,a,i=d.querySelectorAll('iframe[data-secret=\"'+t.secret+'\"]'),n=d.querySelectorAll('blockquote[data-secret=\"'+t.secret+'\"]'),o=new RegExp(\"^https?:$\",\"i\"),l=0;l<n.length;l++)n[l].style.display=\"none\";for(l=0;l<i.length;l++)if(r=i[l],e.source!==r.contentWindow);else{if(r.removeAttribute(\"style\"),\"height\"===t.message){if(1e3<(s=parseInt(t.value,10)))s=1e3;else if(~~s<200)s=200;r.height=s}if(\"link\"===t.message)if(s=d.createElement(\"a\"),a=d.createElement(\"a\"),s.href=r.getAttribute(\"src\"),a.href=t.value,!o.test(a.protocol));else if(a.host===s.host)if(d.activeElement===r)c.top.location.href=t.value}}},e)c.addEventListener(\"message\",c.wp.receiveEmbedMessage,!1),d.addEventListener(\"DOMContentLoaded\",t,!1),c.addEventListener(\"load\",t,!1);function t(){if(o);else{o=!0;for(var e,t,r,s=-1!==navigator.appVersion.indexOf(\"MSIE 10\"),a=!!navigator.userAgent.match(\/Trident.*rv:11\\.\/),i=d.querySelectorAll(\"iframe.wp-embedded-content\"),n=0;n<i.length;n++){if(!(r=(t=i[n]).getAttribute(\"data-secret\")))r=Math.random().toString(36).substr(2,10),t.src+=\"#?secret=\"+r,t.setAttribute(\"data-secret\",r);if(s||a)(e=t.cloneNode(!0)).removeAttribute(\"security\"),t.parentNode.replaceChild(e,t);t.contentWindow.postMessage({message:\"ready\",secret:r},\"*\")}}}}(window,document);\n<\/script>\n","thumbnail_url":"https:\/\/amnistia.org.mx\/contenido\/wp-content\/uploads\/2024\/06\/Banner-Blog-Col-Maya-1468x710-1.webp","thumbnail_width":600,"thumbnail_height":290,"description":"Cinco l\u00edderes de la comunidad residencial Colonia Maya, ubicada al sur de M\u00e9xico, en el estado de Chiapas, Elizabeth del Carmen Su\u00e1rez D\u00edaz, Eustacio Hern\u00e1ndez V\u00e1zquez, Lucero Aguilar P\u00e9rez, Mart\u00edn L\u00f3pez L\u00f3pez y Miguel \u00c1ngel L\u00f3pez Mart\u00ednez, est\u00e1n siendo procesados desde 2018 por protestar pac\u00edficamente contra un desarrollo residencial en una zona monta\u00f1osa. Procesados por defender el medioambiente: Activistas y comunidades se alzan para proteger nuestro planeta."}