
{"id":1062,"date":"2020-01-30T07:34:53","date_gmt":"2020-01-30T07:34:53","guid":{"rendered":"http:\/\/192.241.170.212\/contenido\/?page_id=1062"},"modified":"2025-01-15T16:56:24","modified_gmt":"2025-01-15T22:56:24","slug":"blog-y-cultura","status":"publish","type":"page","link":"https:\/\/amnistia.org.mx\/contenido\/index.php\/blog-y-cultura\/","title":{"rendered":"BLOG Y CULTURA"},"content":{"rendered":"\t\t<div data-elementor-type=\"wp-page\" data-elementor-id=\"1062\" class=\"elementor elementor-1062\">\n\t\t\t\t\t\t\t\t\t<section class=\"elementor-section elementor-top-section elementor-element elementor-element-3039c8cb elementor-section-height-min-height elementor-section-content-bottom elementor-section-full_width elementor-section-stretched elementor-section-height-default elementor-section-items-middle\" data-id=\"3039c8cb\" data-element_type=\"section\" data-settings=\"{&quot;background_background&quot;:&quot;classic&quot;,&quot;stretch_section&quot;:&quot;section-stretched&quot;}\" data-e-bg-lazyload=\"\">\n\t\t\t\t\t\t\t<div class=\"elementor-background-overlay\"><\/div>\n\t\t\t\t\t\t\t<div class=\"elementor-container elementor-column-gap-default\">\n\t\t\t\t\t<div class=\"elementor-column elementor-col-100 elementor-top-column elementor-element elementor-element-796c53c6\" data-id=\"796c53c6\" data-element_type=\"column\">\n\t\t\t<div class=\"elementor-widget-wrap elementor-element-populated\">\n\t\t\t\t\t\t\t\t<div class=\"elementor-element elementor-element-44107b5a animated-fast elementor-invisible elementor-widget elementor-widget-theme-post-title elementor-page-title elementor-widget-heading\" data-id=\"44107b5a\" data-element_type=\"widget\" data-settings=\"{&quot;_animation&quot;:&quot;fadeInUp&quot;}\" data-widget_type=\"theme-post-title.default\">\n\t\t\t\t<div class=\"elementor-widget-container\">\n\t\t\t<style>\/*! elementor - v3.11.5 - 14-03-2023 *\/\n.elementor-heading-title{padding:0;margin:0;line-height:1}.elementor-widget-heading .elementor-heading-title[class*=elementor-size-]>a{color:inherit;font-size:inherit;line-height:inherit}.elementor-widget-heading .elementor-heading-title.elementor-size-small{font-size:15px}.elementor-widget-heading .elementor-heading-title.elementor-size-medium{font-size:19px}.elementor-widget-heading .elementor-heading-title.elementor-size-large{font-size:29px}.elementor-widget-heading .elementor-heading-title.elementor-size-xl{font-size:39px}.elementor-widget-heading .elementor-heading-title.elementor-size-xxl{font-size:59px}<\/style><h1 class=\"elementor-heading-title elementor-size-default\">BLOG Y CULTURA<\/h1>\t\t<\/div>\n\t\t\t\t<\/div>\n\t\t\t\t\t<\/div>\n\t\t<\/div>\n\t\t\t\t\t\t\t<\/div>\n\t\t<\/section>\n\t\t\t\t<section class=\"elementor-section elementor-top-section elementor-element elementor-element-efc87b6 animated-fast elementor-section-boxed elementor-section-height-default elementor-section-height-default elementor-invisible\" data-id=\"efc87b6\" data-element_type=\"section\" data-settings=\"{&quot;animation&quot;:&quot;fadeInUp&quot;}\">\n\t\t\t\t\t\t<div class=\"elementor-container elementor-column-gap-default\">\n\t\t\t\t\t<div class=\"elementor-column elementor-col-100 elementor-top-column elementor-element elementor-element-5ee6711\" data-id=\"5ee6711\" data-element_type=\"column\">\n\t\t\t<div class=\"elementor-widget-wrap elementor-element-populated\">\n\t\t\t\t\t\t\t\t<div class=\"elementor-element elementor-element-899ec49 elementor-widget elementor-widget-text-editor\" data-id=\"899ec49\" data-element_type=\"widget\" data-widget_type=\"text-editor.default\">\n\t\t\t\t<div class=\"elementor-widget-container\">\n\t\t\t<style>\/*! elementor - v3.11.5 - 14-03-2023 *\/\n.elementor-widget-text-editor.elementor-drop-cap-view-stacked .elementor-drop-cap{background-color:#69727d;color:#fff}.elementor-widget-text-editor.elementor-drop-cap-view-framed .elementor-drop-cap{color:#69727d;border:3px solid;background-color:transparent}.elementor-widget-text-editor:not(.elementor-drop-cap-view-default) .elementor-drop-cap{margin-top:8px}.elementor-widget-text-editor:not(.elementor-drop-cap-view-default) .elementor-drop-cap-letter{width:1em;height:1em}.elementor-widget-text-editor .elementor-drop-cap{float:left;text-align:center;line-height:1;font-size:50px}.elementor-widget-text-editor .elementor-drop-cap-letter{display:inline-block}<\/style>\t\t\t\t<p>BLOG Y CULTURA<\/p>\t\t\t\t\t\t<\/div>\n\t\t\t\t<\/div>\n\t\t\t\t<div class=\"elementor-element elementor-element-7229c7f elementor-widget-divider--view-line elementor-widget elementor-widget-divider\" data-id=\"7229c7f\" data-element_type=\"widget\" data-widget_type=\"divider.default\">\n\t\t\t\t<div class=\"elementor-widget-container\">\n\t\t\t<style>\/*! elementor - v3.11.5 - 14-03-2023 *\/\n.elementor-widget-divider{--divider-border-style:none;--divider-border-width:1px;--divider-color:#0c0d0e;--divider-icon-size:20px;--divider-element-spacing:10px;--divider-pattern-height:24px;--divider-pattern-size:20px;--divider-pattern-url:none;--divider-pattern-repeat:repeat-x}.elementor-widget-divider .elementor-divider{display:flex}.elementor-widget-divider .elementor-divider__text{font-size:15px;line-height:1;max-width:95%}.elementor-widget-divider .elementor-divider__element{margin:0 var(--divider-element-spacing);flex-shrink:0}.elementor-widget-divider .elementor-icon{font-size:var(--divider-icon-size)}.elementor-widget-divider .elementor-divider-separator{display:flex;margin:0;direction:ltr}.elementor-widget-divider--view-line_icon .elementor-divider-separator,.elementor-widget-divider--view-line_text .elementor-divider-separator{align-items:center}.elementor-widget-divider--view-line_icon .elementor-divider-separator:after,.elementor-widget-divider--view-line_icon .elementor-divider-separator:before,.elementor-widget-divider--view-line_text .elementor-divider-separator:after,.elementor-widget-divider--view-line_text .elementor-divider-separator:before{display:block;content:\"\";border-bottom:0;flex-grow:1;border-top:var(--divider-border-width) var(--divider-border-style) var(--divider-color)}.elementor-widget-divider--element-align-left .elementor-divider .elementor-divider-separator>.elementor-divider__svg:first-of-type{flex-grow:0;flex-shrink:100}.elementor-widget-divider--element-align-left .elementor-divider-separator:before{content:none}.elementor-widget-divider--element-align-left .elementor-divider__element{margin-left:0}.elementor-widget-divider--element-align-right .elementor-divider .elementor-divider-separator>.elementor-divider__svg:last-of-type{flex-grow:0;flex-shrink:100}.elementor-widget-divider--element-align-right .elementor-divider-separator:after{content:none}.elementor-widget-divider--element-align-right .elementor-divider__element{margin-right:0}.elementor-widget-divider:not(.elementor-widget-divider--view-line_text):not(.elementor-widget-divider--view-line_icon) .elementor-divider-separator{border-top:var(--divider-border-width) var(--divider-border-style) var(--divider-color)}.elementor-widget-divider--separator-type-pattern{--divider-border-style:none}.elementor-widget-divider--separator-type-pattern.elementor-widget-divider--view-line .elementor-divider-separator,.elementor-widget-divider--separator-type-pattern:not(.elementor-widget-divider--view-line) .elementor-divider-separator:after,.elementor-widget-divider--separator-type-pattern:not(.elementor-widget-divider--view-line) .elementor-divider-separator:before,.elementor-widget-divider--separator-type-pattern:not([class*=elementor-widget-divider--view]) .elementor-divider-separator{width:100%;min-height:var(--divider-pattern-height);-webkit-mask-size:var(--divider-pattern-size) 100%;mask-size:var(--divider-pattern-size) 100%;-webkit-mask-repeat:var(--divider-pattern-repeat);mask-repeat:var(--divider-pattern-repeat);background-color:var(--divider-color);-webkit-mask-image:var(--divider-pattern-url);mask-image:var(--divider-pattern-url)}.elementor-widget-divider--no-spacing{--divider-pattern-size:auto}.elementor-widget-divider--bg-round{--divider-pattern-repeat:round}.rtl .elementor-widget-divider .elementor-divider__text{direction:rtl}.e-con-inner>.elementor-widget-divider,.e-con>.elementor-widget-divider{width:var(--container-widget-width,100%);--flex-grow:var(--container-widget-flex-grow)}<\/style>\t\t<div class=\"elementor-divider\">\n\t\t\t<span class=\"elementor-divider-separator\">\n\t\t\t\t\t\t<\/span>\n\t\t<\/div>\n\t\t\t\t<\/div>\n\t\t\t\t<\/div>\n\t\t\t\t<div class=\"elementor-element elementor-element-00f20b6 elementor-posts__hover-none elementor-grid-3 elementor-grid-tablet-2 elementor-grid-mobile-1 elementor-posts--thumbnail-top elementor-card-shadow-yes elementor-invisible elementor-widget elementor-widget-posts\" data-id=\"00f20b6\" data-element_type=\"widget\" data-settings=\"{&quot;pagination_type&quot;:&quot;numbers_and_prev_next&quot;,&quot;_animation&quot;:&quot;slideInUp&quot;,&quot;cards_row_gap&quot;:{&quot;unit&quot;:&quot;px&quot;,&quot;size&quot;:39,&quot;sizes&quot;:[]},&quot;cards_columns&quot;:&quot;3&quot;,&quot;cards_columns_tablet&quot;:&quot;2&quot;,&quot;cards_columns_mobile&quot;:&quot;1&quot;,&quot;cards_row_gap_tablet&quot;:{&quot;unit&quot;:&quot;px&quot;,&quot;size&quot;:&quot;&quot;,&quot;sizes&quot;:[]},&quot;cards_row_gap_mobile&quot;:{&quot;unit&quot;:&quot;px&quot;,&quot;size&quot;:&quot;&quot;,&quot;sizes&quot;:[]}}\" data-widget_type=\"posts.cards\">\n\t\t\t\t<div class=\"elementor-widget-container\">\n\t\t\t<link rel=\"stylesheet\" href=\"https:\/\/amnistia.org.mx\/contenido\/wp-content\/plugins\/elementor-pro\/assets\/css\/widget-posts.min.css\">\t\t<div class=\"elementor-posts-container elementor-posts elementor-posts--skin-cards elementor-grid\">\n\t\t\t\t<article class=\"elementor-post elementor-grid-item post-42648 post type-post status-publish format-standard has-post-thumbnail hentry category-blog\">\n\t\t\t<div class=\"elementor-post__card\">\n\t\t\t\t<a class=\"elementor-post__thumbnail__link\" href=\"https:\/\/amnistia.org.mx\/contenido\/index.php\/le-han-robado-10-anos-hermana-de-ekpar-asat-empresario-uigur-detenido\/\" ><div class=\"elementor-post__thumbnail\"><img width=\"300\" height=\"145\" src=\"https:\/\/amnistia.org.mx\/contenido\/wp-content\/uploads\/2026\/04\/315755-1468x710-1-300x145.jpg\" class=\"attachment-medium size-medium wp-image-42684\" alt=\"\" decoding=\"async\" loading=\"lazy\" \/><\/div><\/a>\n\t\t\t\t<div class=\"elementor-post__text\">\n\t\t\t\t<h3 class=\"elementor-post__title\">\n\t\t\t<a href=\"https:\/\/amnistia.org.mx\/contenido\/index.php\/le-han-robado-10-anos-hermana-de-ekpar-asat-empresario-uigur-detenido\/\" >\n\t\t\t\t\u201cLe han robado 10 a\u00f1os\u201d \u2013 Hermana de Ekpar Asat, empresario uigur detenido\t\t\t<\/a>\n\t\t<\/h3>\n\t\t\t\t<div class=\"elementor-post__excerpt\">\n\t\t\t<p>Pascale Solages es cofundadora y coordinadora general de N\u00e8g\u00e8s Mawon, organizaci\u00f3n feminista de Hait\u00ed fundada en 2015 que brinda acceso a servicios de salud y atenci\u00f3n a sobrevivientes de violencia de g\u00e9nero y violencia sexual, y promueve el activismo feminista a trav\u00e9s del arte, la educaci\u00f3n para ni\u00f1as y adolescentes y la defensa de sus derechos.<\/p>\n\t\t<\/div>\n\t\t\n\t\t<a class=\"elementor-post__read-more\" href=\"https:\/\/amnistia.org.mx\/contenido\/index.php\/le-han-robado-10-anos-hermana-de-ekpar-asat-empresario-uigur-detenido\/\" aria-label=\"Read more about \u201cLe han robado 10 a\u00f1os\u201d \u2013 Hermana de Ekpar Asat, empresario uigur detenido\" >\n\t\t\tLeer m\u00e1s\t\t<\/a>\n\n\t\t\t\t<\/div>\n\t\t\t\t<div class=\"elementor-post__meta-data\">\n\t\t\t\t\t<span class=\"elementor-post-date\">\n\t\t\tabril 10, 2026\t\t<\/span>\n\t\t\t\t<\/div>\n\t\t\t\t\t<\/div>\n\t\t<\/article>\n\t\t\t\t<article class=\"elementor-post elementor-grid-item post-42347 post type-post status-publish format-standard has-post-thumbnail hentry category-blog\">\n\t\t\t<div class=\"elementor-post__card\">\n\t\t\t\t<a class=\"elementor-post__thumbnail__link\" href=\"https:\/\/amnistia.org.mx\/contenido\/index.php\/luchar-por-el-derecho-a-existir\/\" ><div class=\"elementor-post__thumbnail\"><img width=\"300\" height=\"145\" src=\"https:\/\/amnistia.org.mx\/contenido\/wp-content\/uploads\/2026\/03\/Pascale-Solages-1468x710-1-300x145.png\" class=\"attachment-medium size-medium wp-image-42349\" alt=\"\u00a9 Pascale Solages \/ N\u00e8g\u00e8s Mawon\" decoding=\"async\" loading=\"lazy\" \/><\/div><\/a>\n\t\t\t\t<div class=\"elementor-post__text\">\n\t\t\t\t<h3 class=\"elementor-post__title\">\n\t\t\t<a href=\"https:\/\/amnistia.org.mx\/contenido\/index.php\/luchar-por-el-derecho-a-existir\/\" >\n\t\t\t\tLuchar por el derecho a existir\t\t\t<\/a>\n\t\t<\/h3>\n\t\t\t\t<div class=\"elementor-post__excerpt\">\n\t\t\t<p>Pascale Solages es cofundadora y coordinadora general de N\u00e8g\u00e8s Mawon, organizaci\u00f3n feminista de Hait\u00ed fundada en 2015 que brinda acceso a servicios de salud y atenci\u00f3n a sobrevivientes de violencia de g\u00e9nero y violencia sexual, y promueve el activismo feminista a trav\u00e9s del arte, la educaci\u00f3n para ni\u00f1as y adolescentes y la defensa de sus derechos.<\/p>\n\t\t<\/div>\n\t\t\n\t\t<a class=\"elementor-post__read-more\" href=\"https:\/\/amnistia.org.mx\/contenido\/index.php\/luchar-por-el-derecho-a-existir\/\" aria-label=\"Read more about Luchar por el derecho a existir\" >\n\t\t\tLeer m\u00e1s\t\t<\/a>\n\n\t\t\t\t<\/div>\n\t\t\t\t<div class=\"elementor-post__meta-data\">\n\t\t\t\t\t<span class=\"elementor-post-date\">\n\t\t\tmarzo 13, 2026\t\t<\/span>\n\t\t\t\t<\/div>\n\t\t\t\t\t<\/div>\n\t\t<\/article>\n\t\t\t\t<article class=\"elementor-post elementor-grid-item post-42315 post type-post status-publish format-standard has-post-thumbnail hentry category-blog\">\n\t\t\t<div class=\"elementor-post__card\">\n\t\t\t\t<a class=\"elementor-post__thumbnail__link\" href=\"https:\/\/amnistia.org.mx\/contenido\/index.php\/wesam-hamada-quiero-mantener-viva-la-voz-de-hind-porque-es-la-voz-de-todos-los-ninos-y-ninas-de-gaza\/\" ><div class=\"elementor-post__thumbnail\"><img width=\"300\" height=\"145\" src=\"https:\/\/amnistia.org.mx\/contenido\/wp-content\/uploads\/2026\/03\/315261-1468x710-1-300x145.jpg\" class=\"attachment-medium size-medium wp-image-42316\" alt=\"\u00a9 Amnesty International Denmark\" decoding=\"async\" loading=\"lazy\" \/><\/div><\/a>\n\t\t\t\t<div class=\"elementor-post__text\">\n\t\t\t\t<h3 class=\"elementor-post__title\">\n\t\t\t<a href=\"https:\/\/amnistia.org.mx\/contenido\/index.php\/wesam-hamada-quiero-mantener-viva-la-voz-de-hind-porque-es-la-voz-de-todos-los-ninos-y-ninas-de-gaza\/\" >\n\t\t\t\tWesam Hamada: \u201cQuiero mantener viva la voz de Hind porque es la voz de todos los ni\u00f1os y ni\u00f1as de Gaza\u201d\t\t\t<\/a>\n\t\t<\/h3>\n\t\t\t\t<div class=\"elementor-post__excerpt\">\n\t\t\t<p>El 29 de enero de 2024, el ej\u00e9rcito israel\u00ed mat\u00f3 brutalmente a Hind Rajab, de cinco a\u00f1os, junto a su familia, cuando trataban de huir de la Ciudad de Gaza. <\/p>\n\t\t<\/div>\n\t\t\n\t\t<a class=\"elementor-post__read-more\" href=\"https:\/\/amnistia.org.mx\/contenido\/index.php\/wesam-hamada-quiero-mantener-viva-la-voz-de-hind-porque-es-la-voz-de-todos-los-ninos-y-ninas-de-gaza\/\" aria-label=\"Read more about Wesam Hamada: \u201cQuiero mantener viva la voz de Hind porque es la voz de todos los ni\u00f1os y ni\u00f1as de Gaza\u201d\" >\n\t\t\tLeer m\u00e1s\t\t<\/a>\n\n\t\t\t\t<\/div>\n\t\t\t\t<div class=\"elementor-post__meta-data\">\n\t\t\t\t\t<span class=\"elementor-post-date\">\n\t\t\tmarzo 11, 2026\t\t<\/span>\n\t\t\t\t<\/div>\n\t\t\t\t\t<\/div>\n\t\t<\/article>\n\t\t\t\t<article class=\"elementor-post elementor-grid-item post-42329 post type-post status-publish format-standard has-post-thumbnail hentry category-blog\">\n\t\t\t<div class=\"elementor-post__card\">\n\t\t\t\t<a class=\"elementor-post__thumbnail__link\" href=\"https:\/\/amnistia.org.mx\/contenido\/index.php\/ocho-victorias-frente-a-la-discriminacion-la-violencia-y-la-injusticia-por-motivos-de-genero\/\" ><div class=\"elementor-post__thumbnail\"><img width=\"300\" height=\"145\" src=\"https:\/\/amnistia.org.mx\/contenido\/wp-content\/uploads\/2026\/03\/302587-scaled-1468x710-1-300x145.jpg\" class=\"attachment-medium size-medium wp-image-42334\" alt=\"\u00a9 Ulises Ruiz \/ AFP\" decoding=\"async\" loading=\"lazy\" \/><\/div><\/a>\n\t\t\t\t<div class=\"elementor-post__text\">\n\t\t\t\t<h3 class=\"elementor-post__title\">\n\t\t\t<a href=\"https:\/\/amnistia.org.mx\/contenido\/index.php\/ocho-victorias-frente-a-la-discriminacion-la-violencia-y-la-injusticia-por-motivos-de-genero\/\" >\n\t\t\t\tOcho victorias frente a la discriminaci\u00f3n, la violencia y la injusticia por motivos de g\u00e9nero\t\t\t<\/a>\n\t\t<\/h3>\n\t\t\t\t<div class=\"elementor-post__excerpt\">\n\t\t\t<p>Ocho victorias frente a la discriminaci\u00f3n, la violencia y la injusticia por motivos de g\u00e9nero<\/p>\n\t\t<\/div>\n\t\t\n\t\t<a class=\"elementor-post__read-more\" href=\"https:\/\/amnistia.org.mx\/contenido\/index.php\/ocho-victorias-frente-a-la-discriminacion-la-violencia-y-la-injusticia-por-motivos-de-genero\/\" aria-label=\"Read more about Ocho victorias frente a la discriminaci\u00f3n, la violencia y la injusticia por motivos de g\u00e9nero\" >\n\t\t\tLeer m\u00e1s\t\t<\/a>\n\n\t\t\t\t<\/div>\n\t\t\t\t<div class=\"elementor-post__meta-data\">\n\t\t\t\t\t<span class=\"elementor-post-date\">\n\t\t\tmarzo 7, 2026\t\t<\/span>\n\t\t\t\t<\/div>\n\t\t\t\t\t<\/div>\n\t\t<\/article>\n\t\t\t\t<article class=\"elementor-post elementor-grid-item post-42271 post type-post status-publish format-standard has-post-thumbnail hentry category-blog\">\n\t\t\t<div class=\"elementor-post__card\">\n\t\t\t\t<a class=\"elementor-post__thumbnail__link\" href=\"https:\/\/amnistia.org.mx\/contenido\/index.php\/8m-seguiremos-avanzando-no-hay-vuelta-atras\/\" ><div class=\"elementor-post__thumbnail\"><img width=\"300\" height=\"209\" src=\"https:\/\/amnistia.org.mx\/contenido\/wp-content\/uploads\/2026\/03\/315043-300x209.jpeg\" class=\"attachment-medium size-medium wp-image-42276\" alt=\"Guillermina Edith Ju\u00e1rez Leyva, defensora de derechos humanos de Oaxaca, M\u00e9xico\" decoding=\"async\" loading=\"lazy\" \/><\/div><\/a>\n\t\t\t\t<div class=\"elementor-post__text\">\n\t\t\t\t<h3 class=\"elementor-post__title\">\n\t\t\t<a href=\"https:\/\/amnistia.org.mx\/contenido\/index.php\/8m-seguiremos-avanzando-no-hay-vuelta-atras\/\" >\n\t\t\t\t\u201cSeguiremos avanzando. No hay vuelta atr\u00e1s\u201d\t\t\t<\/a>\n\t\t<\/h3>\n\t\t\t\t<div class=\"elementor-post__excerpt\">\n\t\t\t<p>La crisis de desapariciones en M\u00e9xico exige verdad y justicia. Este blog reflexiona sobre la deuda del Estado con las mujers buscadoras.<\/p>\n\t\t<\/div>\n\t\t\n\t\t<a class=\"elementor-post__read-more\" href=\"https:\/\/amnistia.org.mx\/contenido\/index.php\/8m-seguiremos-avanzando-no-hay-vuelta-atras\/\" aria-label=\"Read more about \u201cSeguiremos avanzando. No hay vuelta atr\u00e1s\u201d\" >\n\t\t\tLeer m\u00e1s\t\t<\/a>\n\n\t\t\t\t<\/div>\n\t\t\t\t<div class=\"elementor-post__meta-data\">\n\t\t\t\t\t<span class=\"elementor-post-date\">\n\t\t\tmarzo 6, 2026\t\t<\/span>\n\t\t\t\t<\/div>\n\t\t\t\t\t<\/div>\n\t\t<\/article>\n\t\t\t\t<article class=\"elementor-post elementor-grid-item post-42278 post type-post status-publish format-standard has-post-thumbnail hentry category-blog\">\n\t\t\t<div class=\"elementor-post__card\">\n\t\t\t\t<a class=\"elementor-post__thumbnail__link\" href=\"https:\/\/amnistia.org.mx\/contenido\/index.php\/mi-mensaje-es-sigan-adelante-no-hay-otra-manera\/\" ><div class=\"elementor-post__thumbnail\"><img width=\"300\" height=\"145\" src=\"https:\/\/amnistia.org.mx\/contenido\/wp-content\/uploads\/2026\/03\/315042-1468x710-1-300x145.jpg\" class=\"attachment-medium size-medium wp-image-42327\" alt=\"\" decoding=\"async\" loading=\"lazy\" \/><\/div><\/a>\n\t\t\t\t<div class=\"elementor-post__text\">\n\t\t\t\t<h3 class=\"elementor-post__title\">\n\t\t\t<a href=\"https:\/\/amnistia.org.mx\/contenido\/index.php\/mi-mensaje-es-sigan-adelante-no-hay-otra-manera\/\" >\n\t\t\t\t\u201cMi mensaje es: sigan adelante, no hay otra manera\u201d\t\t\t<\/a>\n\t\t<\/h3>\n\t\t\t\t<div class=\"elementor-post__excerpt\">\n\t\t\t<p>En todo el mundo, gobiernos y movimientos anti-derechos est\u00e1n revirtiendo d\u00e9cadas de avances en materia de igualdad de g\u00e9nero, incluido el acceso al aborto. Pero mucha gente est\u00e1 luchando, decidida a proteger los derechos por los que tantas personas han luchado tan duramente<\/p>\n\t\t<\/div>\n\t\t\n\t\t<a class=\"elementor-post__read-more\" href=\"https:\/\/amnistia.org.mx\/contenido\/index.php\/mi-mensaje-es-sigan-adelante-no-hay-otra-manera\/\" aria-label=\"Read more about \u201cMi mensaje es: sigan adelante, no hay otra manera\u201d\" >\n\t\t\tLeer m\u00e1s\t\t<\/a>\n\n\t\t\t\t<\/div>\n\t\t\t\t<div class=\"elementor-post__meta-data\">\n\t\t\t\t\t<span class=\"elementor-post-date\">\n\t\t\tmarzo 5, 2026\t\t<\/span>\n\t\t\t\t<\/div>\n\t\t\t\t\t<\/div>\n\t\t<\/article>\n\t\t\t\t<article class=\"elementor-post elementor-grid-item post-41153 post type-post status-publish format-standard has-post-thumbnail hentry category-blog\">\n\t\t\t<div class=\"elementor-post__card\">\n\t\t\t\t<a class=\"elementor-post__thumbnail__link\" href=\"https:\/\/amnistia.org.mx\/contenido\/index.php\/una-nina-suena-con-la-paz-en-palestina\/\" ><div class=\"elementor-post__thumbnail\"><img width=\"300\" height=\"124\" src=\"https:\/\/amnistia.org.mx\/contenido\/wp-content\/uploads\/2025\/12\/309904-300x124.jpg\" class=\"attachment-medium size-medium wp-image-41157\" alt=\"Amnesty International Taiwan joined Let Children Live global action on September 14 2025 in Taipei to support Palestinian children in Gaza.\" decoding=\"async\" loading=\"lazy\" \/><\/div><\/a>\n\t\t\t\t<div class=\"elementor-post__text\">\n\t\t\t\t<h3 class=\"elementor-post__title\">\n\t\t\t<a href=\"https:\/\/amnistia.org.mx\/contenido\/index.php\/una-nina-suena-con-la-paz-en-palestina\/\" >\n\t\t\t\tUna ni\u00f1a sue\u00f1a con la paz en Palestina\t\t\t<\/a>\n\t\t<\/h3>\n\t\t\t\t<div class=\"elementor-post__excerpt\">\n\t\t\t<p>Las migraciones forman parte de la Agenda 2030 de la ONU. Conoce los datos clave del Informe sobre las Migraciones en el Mundo 2024 y por qu\u00e9 millones de mujeres, ni\u00f1as y ni\u00f1os migran en busca de derechos y una vida digna.<\/p>\n\t\t<\/div>\n\t\t\n\t\t<a class=\"elementor-post__read-more\" href=\"https:\/\/amnistia.org.mx\/contenido\/index.php\/una-nina-suena-con-la-paz-en-palestina\/\" aria-label=\"Read more about Una ni\u00f1a sue\u00f1a con la paz en Palestina\" >\n\t\t\tLeer m\u00e1s\t\t<\/a>\n\n\t\t\t\t<\/div>\n\t\t\t\t<div class=\"elementor-post__meta-data\">\n\t\t\t\t\t<span class=\"elementor-post-date\">\n\t\t\tdiciembre 26, 2025\t\t<\/span>\n\t\t\t\t<\/div>\n\t\t\t\t\t<\/div>\n\t\t<\/article>\n\t\t\t\t<article class=\"elementor-post elementor-grid-item post-41137 post type-post status-publish format-standard has-post-thumbnail hentry category-blog\">\n\t\t\t<div class=\"elementor-post__card\">\n\t\t\t\t<a class=\"elementor-post__thumbnail__link\" href=\"https:\/\/amnistia.org.mx\/contenido\/index.php\/integracion-socioeconomica-de-las-personas-migrantes-y-refugiadas-en-las-comunidades-de-acogida-beneficios-y-oportunidades-obstaculos-y-desafios\/\" ><div class=\"elementor-post__thumbnail\"><img width=\"300\" height=\"204\" src=\"https:\/\/amnistia.org.mx\/contenido\/wp-content\/uploads\/2025\/01\/Foto-ajustada-1-300x204.jpg\" class=\"attachment-medium size-medium wp-image-36743\" alt=\"\" decoding=\"async\" loading=\"lazy\" \/><\/div><\/a>\n\t\t\t\t<div class=\"elementor-post__text\">\n\t\t\t\t<h3 class=\"elementor-post__title\">\n\t\t\t<a href=\"https:\/\/amnistia.org.mx\/contenido\/index.php\/integracion-socioeconomica-de-las-personas-migrantes-y-refugiadas-en-las-comunidades-de-acogida-beneficios-y-oportunidades-obstaculos-y-desafios\/\" >\n\t\t\t\tIntegraci\u00f3n socioecon\u00f3mica de las personas migrantes y refugiadas en las comunidades de acogida.\t\t\t<\/a>\n\t\t<\/h3>\n\t\t\t\t<div class=\"elementor-post__excerpt\">\n\t\t\t<p>Las migraciones forman parte de la Agenda 2030 de la ONU. Conoce los datos clave del Informe sobre las Migraciones en el Mundo 2024 y por qu\u00e9 millones de mujeres, ni\u00f1as y ni\u00f1os migran en busca de derechos y una vida digna.<\/p>\n\t\t<\/div>\n\t\t\n\t\t<a class=\"elementor-post__read-more\" href=\"https:\/\/amnistia.org.mx\/contenido\/index.php\/integracion-socioeconomica-de-las-personas-migrantes-y-refugiadas-en-las-comunidades-de-acogida-beneficios-y-oportunidades-obstaculos-y-desafios\/\" aria-label=\"Read more about Integraci\u00f3n socioecon\u00f3mica de las personas migrantes y refugiadas en las comunidades de acogida.\" >\n\t\t\tLeer m\u00e1s\t\t<\/a>\n\n\t\t\t\t<\/div>\n\t\t\t\t<div class=\"elementor-post__meta-data\">\n\t\t\t\t\t<span class=\"elementor-post-date\">\n\t\t\tdiciembre 19, 2025\t\t<\/span>\n\t\t\t\t<\/div>\n\t\t\t\t\t<\/div>\n\t\t<\/article>\n\t\t\t\t<article class=\"elementor-post elementor-grid-item post-41103 post type-post status-publish format-standard has-post-thumbnail hentry category-blog\">\n\t\t\t<div class=\"elementor-post__card\">\n\t\t\t\t<a class=\"elementor-post__thumbnail__link\" href=\"https:\/\/amnistia.org.mx\/contenido\/index.php\/triunfos-para-los-derechos-humanos-en-2024\/\" ><div class=\"elementor-post__thumbnail\"><img width=\"300\" height=\"145\" src=\"https:\/\/amnistia.org.mx\/contenido\/wp-content\/uploads\/2025\/12\/303587-scaled-1468x710-1-300x145.jpg\" class=\"attachment-medium size-medium wp-image-41108\" alt=\"\" decoding=\"async\" loading=\"lazy\" \/><\/div><\/a>\n\t\t\t\t<div class=\"elementor-post__text\">\n\t\t\t\t<h3 class=\"elementor-post__title\">\n\t\t\t<a href=\"https:\/\/amnistia.org.mx\/contenido\/index.php\/triunfos-para-los-derechos-humanos-en-2024\/\" >\n\t\t\t\tLos triunfos para los derechos humanos en 2025\t\t\t<\/a>\n\t\t<\/h3>\n\t\t\t\t<div class=\"elementor-post__excerpt\">\n\t\t\t<p>Este a\u00f1o comenz\u00f3 con varios triunfos en materia de derechos humanos, y gente de todo el mundo sigue demostrando que se pueden lograr cambios. Esperamos que los numerosos cambios positivos que se han logrado en los \u00faltimos seis meses \u2014desde modificar legislaci\u00f3n hasta garantizar que se hace justicia, pasando por ayudar a quienes lo necesitan\u2014 les hayan reconfortado.<\/p>\n\t\t<\/div>\n\t\t\n\t\t<a class=\"elementor-post__read-more\" href=\"https:\/\/amnistia.org.mx\/contenido\/index.php\/triunfos-para-los-derechos-humanos-en-2024\/\" aria-label=\"Read more about Los triunfos para los derechos humanos en 2025\" >\n\t\t\tLeer m\u00e1s\t\t<\/a>\n\n\t\t\t\t<\/div>\n\t\t\t\t<div class=\"elementor-post__meta-data\">\n\t\t\t\t\t<span class=\"elementor-post-date\">\n\t\t\tdiciembre 12, 2025\t\t<\/span>\n\t\t\t\t<\/div>\n\t\t\t\t\t<\/div>\n\t\t<\/article>\n\t\t\t\t<\/div>\n\t\t\n\t\t\t\t<div class=\"e-load-more-anchor\" data-page=\"1\" data-max-page=\"22\" data-next-page=\"https:\/\/amnistia.org.mx\/contenido\/index.php\/wp-json\/wp\/v2\/pages\/1062\/page\/2\/\"><\/div>\n\t\t\t\t<nav class=\"elementor-pagination\" aria-label=\"Pagination\">\n\t\t\t<span class=\"page-numbers prev\">&laquo; Anterior<\/span>\n<span aria-current=\"page\" class=\"page-numbers current\"><span class=\"elementor-screen-only\">Page<\/span>1<\/span>\n<a class=\"page-numbers\" href=\"https:\/\/amnistia.org.mx\/contenido\/index.php\/wp-json\/wp\/v2\/pages\/1062\/page\/2\/\"><span class=\"elementor-screen-only\">Page<\/span>2<\/a>\n<a class=\"page-numbers\" href=\"https:\/\/amnistia.org.mx\/contenido\/index.php\/wp-json\/wp\/v2\/pages\/1062\/page\/3\/\"><span class=\"elementor-screen-only\">Page<\/span>3<\/a>\n<span class=\"page-numbers dots\">&hellip;<\/span>\n<a class=\"page-numbers\" href=\"https:\/\/amnistia.org.mx\/contenido\/index.php\/wp-json\/wp\/v2\/pages\/1062\/page\/15\/\"><span class=\"elementor-screen-only\">Page<\/span>15<\/a>\n<a class=\"page-numbers next\" href=\"https:\/\/amnistia.org.mx\/contenido\/index.php\/wp-json\/wp\/v2\/pages\/1062\/page\/2\/\">Siguiente &raquo;<\/a>\t\t<\/nav>\n\t\t\t\t<\/div>\n\t\t\t\t<\/div>\n\t\t\t\t\t<\/div>\n\t\t<\/div>\n\t\t\t\t\t\t\t<\/div>\n\t\t<\/section>\n\t\t\t\t\t\t\t<\/div>\n\t\t","protected":false},"excerpt":{"rendered":"<p>BLOG Y CULTURA<\/p>\n","protected":false},"author":3,"featured_media":1859,"parent":0,"menu_order":0,"comment_status":"closed","ping_status":"closed","template":"","meta":{"_uf_show_specific_survey":0,"_uf_disable_surveys":false,"site-sidebar-layout":"no-sidebar","site-content-layout":"page-builder","ast-global-header-display":"","ast-main-header-display":"","ast-hfb-above-header-display":"","ast-hfb-below-header-display":"","ast-hfb-mobile-header-display":"","site-post-title":"disabled","ast-breadcrumbs-content":"","ast-featured-img":"disabled","footer-sml-layout":"","theme-transparent-header-meta":"default","adv-header-id-meta":"","stick-header-meta":"","header-above-stick-meta":"","header-main-stick-meta":"","header-below-stick-meta":""},"acf":[],"aioseo_notices":[],"yoast_head":"<!-- This site is optimized with the Yoast SEO plugin v14.5 - https:\/\/yoast.com\/wordpress\/plugins\/seo\/ -->\n<title>BLOG Y CULTURA - amnistia.org.mx<\/title>\n<meta name=\"robots\" content=\"index, follow\" \/>\n<meta name=\"googlebot\" content=\"index, follow, max-snippet:-1, max-image-preview:large, max-video-preview:-1\" \/>\n<meta name=\"bingbot\" content=\"index, follow, max-snippet:-1, max-image-preview:large, max-video-preview:-1\" \/>\n<link rel=\"canonical\" href=\"https:\/\/amnistia.org.mx\/contenido\/index.php\/blog-y-cultura\/\" \/>\n<meta property=\"og:locale\" content=\"es_MX\" \/>\n<meta property=\"og:type\" content=\"article\" \/>\n<meta property=\"og:title\" content=\"BLOG Y CULTURA - amnistia.org.mx\" \/>\n<meta property=\"og:description\" content=\"BLOG Y CULTURA\" \/>\n<meta property=\"og:url\" content=\"https:\/\/amnistia.org.mx\/contenido\/index.php\/blog-y-cultura\/\" \/>\n<meta property=\"og:site_name\" content=\"amnistia.org.mx\" \/>\n<meta property=\"article:modified_time\" content=\"2025-01-15T22:56:24+00:00\" \/>\n<meta property=\"og:image\" content=\"https:\/\/amnistia.org.mx\/contenido\/wp-content\/uploads\/2020\/02\/Blog2-1.jpg\" \/>\n\t<meta property=\"og:image:width\" content=\"1350\" \/>\n\t<meta property=\"og:image:height\" content=\"750\" \/>\n<meta name=\"twitter:card\" content=\"summary_large_image\" \/>\n<script type=\"application\/ld+json\" class=\"yoast-schema-graph\">{\"@context\":\"https:\/\/schema.org\",\"@graph\":[{\"@type\":\"WebSite\",\"@id\":\"https:\/\/amnistia.org.mx\/contenido\/#website\",\"url\":\"https:\/\/amnistia.org.mx\/contenido\/\",\"name\":\"amnistia.org.mx\",\"description\":\"Nueva p\\u00e1gina de Amnist\\u00eda\",\"potentialAction\":[{\"@type\":\"SearchAction\",\"target\":\"https:\/\/amnistia.org.mx\/contenido\/?s={search_term_string}\",\"query-input\":\"required name=search_term_string\"}],\"inLanguage\":\"es-MX\"},{\"@type\":\"ImageObject\",\"@id\":\"https:\/\/amnistia.org.mx\/contenido\/index.php\/blog-y-cultura\/#primaryimage\",\"inLanguage\":\"es-MX\",\"url\":\"https:\/\/amnistia.org.mx\/contenido\/wp-content\/uploads\/2020\/02\/Blog2-1.jpg\",\"width\":1350,\"height\":750,\"caption\":\"The 2019 writing marathon took place on December 14 at the Maison du d\\u00e9veloppement durable. More than 400 people participated in this event which was an opportunity to meet in a festive and warm environment, punctuated by numerous musical performances, indoor and outdoor entertainment. Samuele co-spokesperson was on site.\"},{\"@type\":\"WebPage\",\"@id\":\"https:\/\/amnistia.org.mx\/contenido\/index.php\/blog-y-cultura\/#webpage\",\"url\":\"https:\/\/amnistia.org.mx\/contenido\/index.php\/blog-y-cultura\/\",\"name\":\"BLOG Y CULTURA - amnistia.org.mx\",\"isPartOf\":{\"@id\":\"https:\/\/amnistia.org.mx\/contenido\/#website\"},\"primaryImageOfPage\":{\"@id\":\"https:\/\/amnistia.org.mx\/contenido\/index.php\/blog-y-cultura\/#primaryimage\"},\"datePublished\":\"2020-01-30T07:34:53+00:00\",\"dateModified\":\"2025-01-15T22:56:24+00:00\",\"breadcrumb\":{\"@id\":\"https:\/\/amnistia.org.mx\/contenido\/index.php\/blog-y-cultura\/#breadcrumb\"},\"inLanguage\":\"es-MX\",\"potentialAction\":[{\"@type\":\"ReadAction\",\"target\":[\"https:\/\/amnistia.org.mx\/contenido\/index.php\/blog-y-cultura\/\"]}]},{\"@type\":\"BreadcrumbList\",\"@id\":\"https:\/\/amnistia.org.mx\/contenido\/index.php\/blog-y-cultura\/#breadcrumb\",\"itemListElement\":[{\"@type\":\"ListItem\",\"position\":1,\"item\":{\"@type\":\"WebPage\",\"@id\":\"https:\/\/amnistia.org.mx\/contenido\/\",\"url\":\"https:\/\/amnistia.org.mx\/contenido\/\",\"name\":\"Home\"}},{\"@type\":\"ListItem\",\"position\":2,\"item\":{\"@type\":\"WebPage\",\"@id\":\"https:\/\/amnistia.org.mx\/contenido\/index.php\/blog-y-cultura\/\",\"url\":\"https:\/\/amnistia.org.mx\/contenido\/index.php\/blog-y-cultura\/\",\"name\":\"BLOG Y CULTURA\"}}]}]}<\/script>\n<!-- \/ Yoast SEO plugin. -->","_links":{"self":[{"href":"https:\/\/amnistia.org.mx\/contenido\/index.php\/wp-json\/wp\/v2\/pages\/1062"}],"collection":[{"href":"https:\/\/amnistia.org.mx\/contenido\/index.php\/wp-json\/wp\/v2\/pages"}],"about":[{"href":"https:\/\/amnistia.org.mx\/contenido\/index.php\/wp-json\/wp\/v2\/types\/page"}],"author":[{"embeddable":true,"href":"https:\/\/amnistia.org.mx\/contenido\/index.php\/wp-json\/wp\/v2\/users\/3"}],"replies":[{"embeddable":true,"href":"https:\/\/amnistia.org.mx\/contenido\/index.php\/wp-json\/wp\/v2\/comments?post=1062"}],"version-history":[{"count":57,"href":"https:\/\/amnistia.org.mx\/contenido\/index.php\/wp-json\/wp\/v2\/pages\/1062\/revisions"}],"predecessor-version":[{"id":39399,"href":"https:\/\/amnistia.org.mx\/contenido\/index.php\/wp-json\/wp\/v2\/pages\/1062\/revisions\/39399"}],"wp:featuredmedia":[{"embeddable":true,"href":"https:\/\/amnistia.org.mx\/contenido\/index.php\/wp-json\/wp\/v2\/media\/1859"}],"wp:attachment":[{"href":"https:\/\/amnistia.org.mx\/contenido\/index.php\/wp-json\/wp\/v2\/media?parent=1062"}],"curies":[{"name":"wp","href":"https:\/\/api.w.org\/{rel}","templated":true}]}}