
{"id":201,"date":"2020-01-27T01:57:21","date_gmt":"2020-01-27T01:57:21","guid":{"rendered":"http:\/\/192.241.170.212\/contenido\/?page_id=201"},"modified":"2026-04-22T20:11:29","modified_gmt":"2026-04-23T01:11:29","slug":"quienes-somos","status":"publish","type":"page","link":"https:\/\/amnistia.org.mx\/contenido\/index.php\/quienes-somos\/","title":{"rendered":"QUI\u00c9NES SOMOS"},"content":{"rendered":"\t\t<div data-elementor-type=\"wp-page\" data-elementor-id=\"201\" class=\"elementor elementor-201\">\n\t\t\t\t\t\t\t\t\t<section class=\"elementor-section elementor-top-section elementor-element elementor-element-13b4518e elementor-section-stretched elementor-section-boxed elementor-section-height-default elementor-section-height-default\" data-id=\"13b4518e\" data-element_type=\"section\" data-settings=\"{&quot;background_background&quot;:&quot;video&quot;,&quot;stretch_section&quot;:&quot;section-stretched&quot;,&quot;background_video_link&quot;:&quot;https:\\\/\\\/www.youtube.com\\\/watch?v=XDfo0pI9vKo&quot;,&quot;background_play_on_mobile&quot;:&quot;yes&quot;,&quot;background_video_start&quot;:0,&quot;background_video_end&quot;:54}\">\n\t\t\t\t\t\t\t\t<div class=\"elementor-background-video-container\">\n\t\t\t\t\t\t\t\t\t\t\t\t\t<div class=\"elementor-background-video-embed\"><\/div>\n\t\t\t\t\t\t\t\t\t\t\t\t<\/div>\n\t\t\t\t\t\t\t\t<div class=\"elementor-container elementor-column-gap-default\">\n\t\t\t\t\t<div class=\"elementor-column elementor-col-100 elementor-top-column elementor-element elementor-element-5a443e77\" data-id=\"5a443e77\" data-element_type=\"column\">\n\t\t\t<div class=\"elementor-widget-wrap elementor-element-populated\">\n\t\t\t\t\t\t\t\t<div class=\"elementor-element elementor-element-3d8873fc elementor-widget elementor-widget-spacer\" data-id=\"3d8873fc\" data-element_type=\"widget\" data-widget_type=\"spacer.default\">\n\t\t\t\t<div class=\"elementor-widget-container\">\n\t\t\t<style>\/*! elementor - v3.11.5 - 14-03-2023 *\/\n.elementor-column .elementor-spacer-inner{height:var(--spacer-size)}.e-con{--container-widget-width:100%}.e-con-inner>.elementor-widget-spacer,.e-con>.elementor-widget-spacer{width:var(--container-widget-width,var(--spacer-size));--align-self:var(--container-widget-align-self,initial);--flex-shrink:0}.e-con-inner>.elementor-widget-spacer>.elementor-widget-container,.e-con-inner>.elementor-widget-spacer>.elementor-widget-container>.elementor-spacer,.e-con>.elementor-widget-spacer>.elementor-widget-container,.e-con>.elementor-widget-spacer>.elementor-widget-container>.elementor-spacer{height:100%}.e-con-inner>.elementor-widget-spacer>.elementor-widget-container>.elementor-spacer>.elementor-spacer-inner,.e-con>.elementor-widget-spacer>.elementor-widget-container>.elementor-spacer>.elementor-spacer-inner{height:var(--container-widget-height,var(--spacer-size))}<\/style>\t\t<div class=\"elementor-spacer\">\n\t\t\t<div class=\"elementor-spacer-inner\"><\/div>\n\t\t<\/div>\n\t\t\t\t<\/div>\n\t\t\t\t<\/div>\n\t\t\t\t<div class=\"elementor-element elementor-element-3acb1f4d elementor-widget elementor-widget-spacer\" data-id=\"3acb1f4d\" data-element_type=\"widget\" data-widget_type=\"spacer.default\">\n\t\t\t\t<div class=\"elementor-widget-container\">\n\t\t\t\t\t<div class=\"elementor-spacer\">\n\t\t\t<div class=\"elementor-spacer-inner\"><\/div>\n\t\t<\/div>\n\t\t\t\t<\/div>\n\t\t\t\t<\/div>\n\t\t\t\t\t<\/div>\n\t\t<\/div>\n\t\t\t\t\t\t\t<\/div>\n\t\t<\/section>\n\t\t\t\t<section class=\"elementor-section elementor-top-section elementor-element elementor-element-96a4275 elementor-section-boxed elementor-section-height-default elementor-section-height-default\" data-id=\"96a4275\" data-element_type=\"section\" data-settings=\"{&quot;background_background&quot;:&quot;classic&quot;}\" data-e-bg-lazyload=\"\">\n\t\t\t\t\t\t<div class=\"elementor-container elementor-column-gap-default\">\n\t\t\t\t\t<div class=\"elementor-column elementor-col-100 elementor-top-column elementor-element elementor-element-a646fd8\" data-id=\"a646fd8\" data-element_type=\"column\">\n\t\t\t<div class=\"elementor-widget-wrap elementor-element-populated\">\n\t\t\t\t\t\t\t\t<div class=\"elementor-element elementor-element-469efcd elementor-hidden-tablet elementor-hidden-phone elementor-widget elementor-widget-spacer\" data-id=\"469efcd\" data-element_type=\"widget\" data-widget_type=\"spacer.default\">\n\t\t\t\t<div class=\"elementor-widget-container\">\n\t\t\t\t\t<div class=\"elementor-spacer\">\n\t\t\t<div class=\"elementor-spacer-inner\"><\/div>\n\t\t<\/div>\n\t\t\t\t<\/div>\n\t\t\t\t<\/div>\n\t\t\t\t<div class=\"elementor-element elementor-element-04fde26 elementor-widget__width-initial elementor-widget-mobile__width-initial elementor-widget elementor-widget-text-editor\" data-id=\"04fde26\" data-element_type=\"widget\" data-widget_type=\"text-editor.default\">\n\t\t\t\t<div class=\"elementor-widget-container\">\n\t\t\t<style>\/*! elementor - v3.11.5 - 14-03-2023 *\/\n.elementor-widget-text-editor.elementor-drop-cap-view-stacked .elementor-drop-cap{background-color:#69727d;color:#fff}.elementor-widget-text-editor.elementor-drop-cap-view-framed .elementor-drop-cap{color:#69727d;border:3px solid;background-color:transparent}.elementor-widget-text-editor:not(.elementor-drop-cap-view-default) .elementor-drop-cap{margin-top:8px}.elementor-widget-text-editor:not(.elementor-drop-cap-view-default) .elementor-drop-cap-letter{width:1em;height:1em}.elementor-widget-text-editor .elementor-drop-cap{float:left;text-align:center;line-height:1;font-size:50px}.elementor-widget-text-editor .elementor-drop-cap-letter{display:inline-block}<\/style>\t\t\t\t<p><span style=\"color: #000000;\"><strong>Amnist\u00eda Internacional<\/strong><\/span> es un movimiento global integrado por m\u00e1s de <strong>10 millones de personas en m\u00e1s de 150 pa\u00edses<\/strong> y territorios, que act\u00faan para <strong>poner \ufb01n a los abusos<\/strong> contra los derechos humanos.<\/p>\t\t\t\t\t\t<\/div>\n\t\t\t\t<\/div>\n\t\t\t\t<div class=\"elementor-element elementor-element-12bed29 elementor-hidden-phone elementor-widget elementor-widget-spacer\" data-id=\"12bed29\" data-element_type=\"widget\" data-widget_type=\"spacer.default\">\n\t\t\t\t<div class=\"elementor-widget-container\">\n\t\t\t\t\t<div class=\"elementor-spacer\">\n\t\t\t<div class=\"elementor-spacer-inner\"><\/div>\n\t\t<\/div>\n\t\t\t\t<\/div>\n\t\t\t\t<\/div>\n\t\t\t\t\t<\/div>\n\t\t<\/div>\n\t\t\t\t\t\t\t<\/div>\n\t\t<\/section>\n\t\t\t\t<section class=\"elementor-section elementor-top-section elementor-element elementor-element-a5b9e33 elementor-section-stretched elementor-section-boxed elementor-section-height-default elementor-section-height-default\" data-id=\"a5b9e33\" data-element_type=\"section\" data-settings=\"{&quot;stretch_section&quot;:&quot;section-stretched&quot;,&quot;background_background&quot;:&quot;classic&quot;}\">\n\t\t\t\t\t\t<div class=\"elementor-container elementor-column-gap-default\">\n\t\t\t\t\t<div class=\"elementor-column elementor-col-100 elementor-top-column elementor-element elementor-element-11d3d3e\" data-id=\"11d3d3e\" data-element_type=\"column\">\n\t\t\t<div class=\"elementor-widget-wrap elementor-element-populated\">\n\t\t\t\t\t\t\t\t<div class=\"elementor-element elementor-element-e3d55eb elementor-widget elementor-widget-html\" data-id=\"e3d55eb\" data-element_type=\"widget\" data-widget_type=\"html.default\">\n\t\t\t\t<div class=\"elementor-widget-container\">\n\t\t\t<style>\n.rayas-diagonales{font-size:7.8rem; text-align:justify; max-width: 100%; margin-top:0px; padding-top:33px;padding-bottom:20px; line-height:3.9rem; }\n<\/style>\n<div class=\"diagonal-container\">\n    <span class=\"diagonal-inside\">\n            <span class=\"rayas-diagonales\">HISTORIA<\/span>\n    <\/span>\n<\/div>\t\t<\/div>\n\t\t\t\t<\/div>\n\t\t\t\t<div class=\"elementor-element elementor-element-8b8cc49 elementor-widget elementor-widget-heading\" data-id=\"8b8cc49\" data-element_type=\"widget\" data-widget_type=\"heading.default\">\n\t\t\t\t<div class=\"elementor-widget-container\">\n\t\t\t<style>\/*! elementor - v3.11.5 - 14-03-2023 *\/\n.elementor-heading-title{padding:0;margin:0;line-height:1}.elementor-widget-heading .elementor-heading-title[class*=elementor-size-]>a{color:inherit;font-size:inherit;line-height:inherit}.elementor-widget-heading .elementor-heading-title.elementor-size-small{font-size:15px}.elementor-widget-heading .elementor-heading-title.elementor-size-medium{font-size:19px}.elementor-widget-heading .elementor-heading-title.elementor-size-large{font-size:29px}.elementor-widget-heading .elementor-heading-title.elementor-size-xl{font-size:39px}.elementor-widget-heading .elementor-heading-title.elementor-size-xxl{font-size:59px}<\/style><h3 class=\"elementor-heading-title elementor-size-default\">HISTORIA<\/h3>\t\t<\/div>\n\t\t\t\t<\/div>\n\t\t\t\t<section class=\"elementor-section elementor-inner-section elementor-element elementor-element-d40a89e elementor-section-full_width elementor-section-height-default elementor-section-height-default\" data-id=\"d40a89e\" data-element_type=\"section\">\n\t\t\t\t\t\t<div class=\"elementor-container elementor-column-gap-default\">\n\t\t\t\t\t<div class=\"elementor-column elementor-col-50 elementor-inner-column elementor-element elementor-element-a906f18\" data-id=\"a906f18\" data-element_type=\"column\">\n\t\t\t<div class=\"elementor-widget-wrap elementor-element-populated\">\n\t\t\t\t\t\t\t\t<div class=\"elementor-element elementor-element-0cd4065 elementor-hidden-tablet elementor-hidden-phone elementor-widget elementor-widget-image\" data-id=\"0cd4065\" data-element_type=\"widget\" data-settings=\"{&quot;motion_fx_motion_fx_scrolling&quot;:&quot;yes&quot;,&quot;motion_fx_translateY_effect&quot;:&quot;yes&quot;,&quot;motion_fx_translateY_speed&quot;:{&quot;unit&quot;:&quot;px&quot;,&quot;size&quot;:1,&quot;sizes&quot;:[]},&quot;motion_fx_translateY_affectedRange&quot;:{&quot;unit&quot;:&quot;%&quot;,&quot;size&quot;:&quot;&quot;,&quot;sizes&quot;:{&quot;start&quot;:0,&quot;end&quot;:100}},&quot;motion_fx_devices&quot;:[&quot;desktop&quot;,&quot;tablet&quot;,&quot;mobile&quot;]}\" data-widget_type=\"image.default\">\n\t\t\t\t<div class=\"elementor-widget-container\">\n\t\t\t<style>\/*! elementor - v3.11.5 - 14-03-2023 *\/\n.elementor-widget-image{text-align:center}.elementor-widget-image a{display:inline-block}.elementor-widget-image a img[src$=\".svg\"]{width:48px}.elementor-widget-image img{vertical-align:middle;display:inline-block}<\/style>\t\t\t\t\t\t\t\t\t\t\t\t<img decoding=\"async\" width=\"426\" height=\"234\" src=\"https:\/\/amnistia.org.mx\/contenido\/wp-content\/uploads\/2020\/02\/rectangulo-amarillo.png\" class=\"attachment-large size-large wp-image-1966\" alt=\"\" loading=\"lazy\" \/>\t\t\t\t\t\t\t\t\t\t\t\t\t\t\t<\/div>\n\t\t\t\t<\/div>\n\t\t\t\t<div class=\"elementor-element elementor-element-e24b157 elementor-hidden-phone elementor-widget elementor-widget-image\" data-id=\"e24b157\" data-element_type=\"widget\" data-settings=\"{&quot;motion_fx_motion_fx_scrolling&quot;:&quot;yes&quot;,&quot;motion_fx_translateY_effect&quot;:&quot;yes&quot;,&quot;motion_fx_translateY_speed&quot;:{&quot;unit&quot;:&quot;px&quot;,&quot;size&quot;:2,&quot;sizes&quot;:[]},&quot;motion_fx_translateY_affectedRange&quot;:{&quot;unit&quot;:&quot;%&quot;,&quot;size&quot;:&quot;&quot;,&quot;sizes&quot;:{&quot;start&quot;:0,&quot;end&quot;:100}},&quot;motion_fx_devices&quot;:[&quot;desktop&quot;,&quot;tablet&quot;,&quot;mobile&quot;]}\" data-widget_type=\"image.default\">\n\t\t\t\t<div class=\"elementor-widget-container\">\n\t\t\t\t\t\t\t\t\t\t\t\t\t\t\t<img decoding=\"async\" width=\"525\" height=\"708\" src=\"https:\/\/amnistia.org.mx\/contenido\/wp-content\/uploads\/2020\/02\/the-forgotten-prisoners.png\" class=\"attachment-large size-large wp-image-1965\" alt=\"\" loading=\"lazy\" \/>\t\t\t\t\t\t\t\t\t\t\t\t\t\t\t<\/div>\n\t\t\t\t<\/div>\n\t\t\t\t<div class=\"elementor-element elementor-element-553ec89 elementor-hidden-phone elementor-widget elementor-widget-image\" data-id=\"553ec89\" data-element_type=\"widget\" data-settings=\"{&quot;motion_fx_motion_fx_scrolling&quot;:&quot;yes&quot;,&quot;motion_fx_translateY_effect&quot;:&quot;yes&quot;,&quot;motion_fx_translateY_speed&quot;:{&quot;unit&quot;:&quot;px&quot;,&quot;size&quot;:3,&quot;sizes&quot;:[]},&quot;motion_fx_translateY_affectedRange&quot;:{&quot;unit&quot;:&quot;%&quot;,&quot;size&quot;:&quot;&quot;,&quot;sizes&quot;:{&quot;start&quot;:0,&quot;end&quot;:100}},&quot;motion_fx_devices&quot;:[&quot;desktop&quot;,&quot;tablet&quot;,&quot;mobile&quot;]}\" data-widget_type=\"image.default\">\n\t\t\t\t<div class=\"elementor-widget-container\">\n\t\t\t\t\t\t\t\t\t\t\t\t\t\t\t<img decoding=\"async\" width=\"514\" height=\"675\" src=\"https:\/\/amnistia.org.mx\/contenido\/wp-content\/uploads\/2020\/02\/peter-benenson.png\" class=\"attachment-large size-large wp-image-1964\" alt=\"\" loading=\"lazy\" \/>\t\t\t\t\t\t\t\t\t\t\t\t\t\t\t<\/div>\n\t\t\t\t<\/div>\n\t\t\t\t<div class=\"elementor-element elementor-element-87b178b elementor-hidden-tablet elementor-hidden-phone elementor-widget elementor-widget-image\" data-id=\"87b178b\" data-element_type=\"widget\" data-settings=\"{&quot;motion_fx_motion_fx_scrolling&quot;:&quot;yes&quot;,&quot;motion_fx_translateY_effect&quot;:&quot;yes&quot;,&quot;motion_fx_translateY_speed&quot;:{&quot;unit&quot;:&quot;px&quot;,&quot;size&quot;:3,&quot;sizes&quot;:[]},&quot;motion_fx_translateY_affectedRange&quot;:{&quot;unit&quot;:&quot;%&quot;,&quot;size&quot;:&quot;&quot;,&quot;sizes&quot;:{&quot;start&quot;:0,&quot;end&quot;:100}},&quot;motion_fx_devices&quot;:[&quot;desktop&quot;,&quot;tablet&quot;,&quot;mobile&quot;]}\" data-widget_type=\"image.default\">\n\t\t\t\t<div class=\"elementor-widget-container\">\n\t\t\t\t\t\t\t\t\t\t\t\t\t\t\t<img decoding=\"async\" width=\"300\" height=\"165\" src=\"https:\/\/amnistia.org.mx\/contenido\/wp-content\/uploads\/2020\/02\/rectangulo-amarillo-300x165.png\" class=\"attachment-medium size-medium wp-image-1966\" alt=\"\" loading=\"lazy\" \/>\t\t\t\t\t\t\t\t\t\t\t\t\t\t\t<\/div>\n\t\t\t\t<\/div>\n\t\t\t\t\t<\/div>\n\t\t<\/div>\n\t\t\t\t<div class=\"elementor-column elementor-col-50 elementor-inner-column elementor-element elementor-element-4521507\" data-id=\"4521507\" data-element_type=\"column\" id=\"historia-left-pane\">\n\t\t\t<div class=\"elementor-widget-wrap elementor-element-populated\">\n\t\t\t\t\t\t\t\t<div class=\"elementor-element elementor-element-fc4cf23 elementor-widget elementor-widget-text-editor\" data-id=\"fc4cf23\" data-element_type=\"widget\" data-widget_type=\"text-editor.default\">\n\t\t\t\t<div class=\"elementor-widget-container\">\n\t\t\t\t\t\t\t<p>Amnist\u00eda Internacional fue <b>fundada en 1961<\/b> por el abogado brit\u00e1nico Peter Benenson. Inspirado en el caso de unos estudiantes portugueses encarcelados por brindar por la libertad en su pa\u00eds, public\u00f3 el art\u00edculo <b>\u201cThe Forgotten Prisoners\u201d<\/b> (Los presos olvidados) en el diario <b>The Observer<\/b>.<\/p>\t\t\t\t\t\t<\/div>\n\t\t\t\t<\/div>\n\t\t\t\t<div class=\"elementor-element elementor-element-b3e1408 elementor-hidden-desktop elementor-hidden-tablet elementor-widget elementor-widget-image\" data-id=\"b3e1408\" data-element_type=\"widget\" data-widget_type=\"image.default\">\n\t\t\t\t<div class=\"elementor-widget-container\">\n\t\t\t\t\t\t\t\t\t\t\t\t\t\t\t<img decoding=\"async\" width=\"525\" height=\"708\" src=\"https:\/\/amnistia.org.mx\/contenido\/wp-content\/uploads\/2020\/02\/the-forgotten-prisoners.png\" class=\"attachment-medium_large size-medium_large wp-image-1965\" alt=\"\" loading=\"lazy\" \/>\t\t\t\t\t\t\t\t\t\t\t\t\t\t\t<\/div>\n\t\t\t\t<\/div>\n\t\t\t\t<div class=\"elementor-element elementor-element-bd6feb7 elementor-widget elementor-widget-text-editor\" data-id=\"bd6feb7\" data-element_type=\"widget\" data-widget_type=\"text-editor.default\">\n\t\t\t\t<div class=\"elementor-widget-container\">\n\t\t\t\t\t\t\t<p>En \u00e9l instaba a personas de todo el mundo a actuar para conseguir la liberaci\u00f3n de seis reclusos a los que denomin\u00f3 <strong>\u201cpresos de conciencia\u201d<\/strong>, esto es, personas encarceladas por sus convicciones pol\u00edticas, religiosas u otros motivos de conciencia, que <strong>no hab\u00edan recurrido a la violencia<\/strong> ni propugnado su uso.<\/p>\t\t\t\t\t\t<\/div>\n\t\t\t\t<\/div>\n\t\t\t\t<div class=\"elementor-element elementor-element-5ca39f4 elementor-widget elementor-widget-text-editor\" data-id=\"5ca39f4\" data-element_type=\"widget\" data-widget_type=\"text-editor.default\">\n\t\t\t\t<div class=\"elementor-widget-container\">\n\t\t\t\t\t\t\t<p>Para su sorpresa, <strong>m\u00e1s de un millar de lectores respondieron a su llamada a la acci\u00f3n<\/strong>, que se replic\u00f3 en otros pa\u00edses. Sin darse cuenta, Benenson hab\u00eda creado un tipo de activismo que dar\u00eda excelentes resultados en la lucha contra la injusticia y el abuso de poder: <strong>la acci\u00f3n conjunta de muchas personas an\u00f3nimas que trabajan en defensa de otras personas<\/strong> a las que en muchos casos ni siquiera conocen.<\/p>\t\t\t\t\t\t<\/div>\n\t\t\t\t<\/div>\n\t\t\t\t<div class=\"elementor-element elementor-element-95937d9 elementor-hidden-desktop elementor-hidden-tablet elementor-widget elementor-widget-image\" data-id=\"95937d9\" data-element_type=\"widget\" data-widget_type=\"image.default\">\n\t\t\t\t<div class=\"elementor-widget-container\">\n\t\t\t\t\t\t\t\t\t\t\t\t\t\t\t<img decoding=\"async\" width=\"514\" height=\"675\" src=\"https:\/\/amnistia.org.mx\/contenido\/wp-content\/uploads\/2020\/02\/peter-benenson.png\" class=\"attachment-medium_large size-medium_large wp-image-1964\" alt=\"\" loading=\"lazy\" \/>\t\t\t\t\t\t\t\t\t\t\t\t\t\t\t<\/div>\n\t\t\t\t<\/div>\n\t\t\t\t<div class=\"elementor-element elementor-element-3f3bd5e elementor-widget elementor-widget-text-editor\" data-id=\"3f3bd5e\" data-element_type=\"widget\" data-widget_type=\"text-editor.default\">\n\t\t\t\t<div class=\"elementor-widget-container\">\n\t\t\t\t\t\t\t<p>Lo que empez\u00f3 siendo una campa\u00f1a puntual pronto <strong>se transform\u00f3 en un movimiento internacional por la defensa de los derechos humanos<\/strong> de car\u00e1cter permanente. Al cabo de un a\u00f1o, la nueva organizaci\u00f3n ya hab\u00eda enviado delegaciones a cuatro pa\u00edses para denunciar la situaci\u00f3n de varios presos de conciencia y estaba trabajando en otros 210 casos de personas encarceladas injustamente.<\/p>\t\t\t\t\t\t<\/div>\n\t\t\t\t<\/div>\n\t\t\t\t<div class=\"elementor-element elementor-element-cb110bb elementor-widget elementor-widget-text-editor\" data-id=\"cb110bb\" data-element_type=\"widget\" data-widget_type=\"text-editor.default\">\n\t\t\t\t<div class=\"elementor-widget-container\">\n\t\t\t\t\t\t\t<p>En la actualidad, su foco de atenci\u00f3n se ha ido ampliando poco a poco a v\u00edctimas de otros tipos de abusos graves, como <strong>la tortura, las desapariciones forzadas o la pena de muerte<\/strong>; hasta defender en la actualidad la visi\u00f3n de una humanidad en la que todas las personas disfrutan de todos sus derechos humanos y viven con plena dignidad.<\/p>\t\t\t\t\t\t<\/div>\n\t\t\t\t<\/div>\n\t\t\t\t\t<\/div>\n\t\t<\/div>\n\t\t\t\t\t\t\t<\/div>\n\t\t<\/section>\n\t\t\t\t<div class=\"elementor-element elementor-element-cfc7905 elementor-widget elementor-widget-spacer\" data-id=\"cfc7905\" data-element_type=\"widget\" data-widget_type=\"spacer.default\">\n\t\t\t\t<div class=\"elementor-widget-container\">\n\t\t\t\t\t<div class=\"elementor-spacer\">\n\t\t\t<div class=\"elementor-spacer-inner\"><\/div>\n\t\t<\/div>\n\t\t\t\t<\/div>\n\t\t\t\t<\/div>\n\t\t\t\t\t<\/div>\n\t\t<\/div>\n\t\t\t\t\t\t\t<\/div>\n\t\t<\/section>\n\t\t\t\t<section class=\"elementor-section elementor-top-section elementor-element elementor-element-38f4ba7 elementor-section-stretched elementor-section-boxed elementor-section-height-default elementor-section-height-default\" data-id=\"38f4ba7\" data-element_type=\"section\" data-settings=\"{&quot;stretch_section&quot;:&quot;section-stretched&quot;,&quot;background_background&quot;:&quot;classic&quot;}\">\n\t\t\t\t\t\t<div class=\"elementor-container elementor-column-gap-default\">\n\t\t\t\t\t<div class=\"elementor-column elementor-col-100 elementor-top-column elementor-element elementor-element-ec46a43\" data-id=\"ec46a43\" data-element_type=\"column\">\n\t\t\t<div class=\"elementor-widget-wrap elementor-element-populated\">\n\t\t\t\t\t\t\t\t<div class=\"elementor-element elementor-element-a9b0beb elementor-widget elementor-widget-html\" data-id=\"a9b0beb\" data-element_type=\"widget\" data-widget_type=\"html.default\">\n\t\t\t\t<div class=\"elementor-widget-container\">\n\t\t\t<div class=\"diagonal-container\">\n    <span class=\"diagonal-inside\">\n            <span class=\"rayas-diagonales\">M\u00c9XICO<\/span>\n    <\/span>\n<\/div>\t\t<\/div>\n\t\t\t\t<\/div>\n\t\t\t\t<div class=\"elementor-element elementor-element-3614bdc elementor-widget elementor-widget-heading\" data-id=\"3614bdc\" data-element_type=\"widget\" data-widget_type=\"heading.default\">\n\t\t\t\t<div class=\"elementor-widget-container\">\n\t\t\t<h3 class=\"elementor-heading-title elementor-size-default\">Amnist\u00eda Internacional en M\u00e9xico<\/h3>\t\t<\/div>\n\t\t\t\t<\/div>\n\t\t\t\t<section class=\"elementor-section elementor-inner-section elementor-element elementor-element-88d399e elementor-section-boxed elementor-section-height-default elementor-section-height-default\" data-id=\"88d399e\" data-element_type=\"section\">\n\t\t\t\t\t\t<div class=\"elementor-container elementor-column-gap-default\">\n\t\t\t\t\t<div class=\"elementor-column elementor-col-50 elementor-inner-column elementor-element elementor-element-76e3f30\" data-id=\"76e3f30\" data-element_type=\"column\">\n\t\t\t<div class=\"elementor-widget-wrap elementor-element-populated\">\n\t\t\t\t\t\t\t\t<div class=\"elementor-element elementor-element-405bde4 elementor-widget elementor-widget-text-editor\" data-id=\"405bde4\" data-element_type=\"widget\" data-widget_type=\"text-editor.default\">\n\t\t\t\t<div class=\"elementor-widget-container\">\n\t\t\t\t\t\t\t<p>En M\u00e9xico, se iniciaron los tr\u00e1mites para conformar la sociedad civil de Amnist\u00eda Internacional M\u00e9xico <strong>en 1971 a ra\u00edz del activismo de Alicia Escalante de Zama<\/strong> tras lo ocurrido en 1968 y la detenci\u00f3n ilegal de su hijo.<\/p><p>Actualmente, somos un movimiento independiente con m\u00e1s de <strong>4,000 miembros, miembras, activistas y simpatizantes<\/strong> que se toman la<strong> injusticia como algo personal.<\/strong><\/p>\t\t\t\t\t\t<\/div>\n\t\t\t\t<\/div>\n\t\t\t\t<div class=\"elementor-element elementor-element-58b1bff elementor-align-center elementor-widget elementor-widget-button\" data-id=\"58b1bff\" data-element_type=\"widget\" data-widget_type=\"button.default\">\n\t\t\t\t<div class=\"elementor-widget-container\">\n\t\t\t\t\t<div class=\"elementor-button-wrapper\">\n\t\t\t<a href=\"https:\/\/www.youtube.com\/watch?v=MxaNP7KXN_g&#038;t=2s\" class=\"elementor-button-link elementor-button elementor-size-xl\" role=\"button\">\n\t\t\t\t\t\t<span class=\"elementor-button-content-wrapper\">\n\t\t\t\t\t\t<span class=\"elementor-button-text\">Conoce m\u00e1s<\/span>\n\t\t<\/span>\n\t\t\t\t\t<\/a>\n\t\t<\/div>\n\t\t\t\t<\/div>\n\t\t\t\t<\/div>\n\t\t\t\t\t<\/div>\n\t\t<\/div>\n\t\t\t\t<div class=\"elementor-column elementor-col-50 elementor-inner-column elementor-element elementor-element-d4bde25\" data-id=\"d4bde25\" data-element_type=\"column\">\n\t\t\t<div class=\"elementor-widget-wrap elementor-element-populated\">\n\t\t\t\t\t\t\t\t<div class=\"elementor-element elementor-element-53da7b2 elementor-widget elementor-widget-video\" data-id=\"53da7b2\" data-element_type=\"widget\" data-settings=\"{&quot;youtube_url&quot;:&quot;https:\\\/\\\/www.youtube.com\\\/watch?v=MtDXFv5hQ6o&quot;,&quot;start&quot;:18,&quot;autoplay&quot;:&quot;yes&quot;,&quot;play_on_mobile&quot;:&quot;yes&quot;,&quot;mute&quot;:&quot;yes&quot;,&quot;loop&quot;:&quot;yes&quot;,&quot;video_type&quot;:&quot;youtube&quot;,&quot;controls&quot;:&quot;yes&quot;}\" data-widget_type=\"video.default\">\n\t\t\t\t<div class=\"elementor-widget-container\">\n\t\t\t<style>\/*! elementor - v3.11.5 - 14-03-2023 *\/\n.elementor-widget-video .elementor-widget-container{overflow:hidden;transform:translateZ(0)}.elementor-widget-video .elementor-wrapper iframe,.elementor-widget-video .elementor-wrapper video{height:100%;width:100%;display:flex;border:none;background-color:#000}.elementor-widget-video .elementor-open-inline .elementor-custom-embed-image-overlay{position:absolute;top:0;left:0;width:100%;height:100%;background-size:cover;background-position:50%}.elementor-widget-video .elementor-custom-embed-image-overlay{cursor:pointer;text-align:center}.elementor-widget-video .elementor-custom-embed-image-overlay:hover .elementor-custom-embed-play i{opacity:1}.elementor-widget-video .elementor-custom-embed-image-overlay img{display:block;width:100%}.elementor-widget-video .e-hosted-video .elementor-video{-o-object-fit:cover;object-fit:cover}.e-con-inner>.elementor-widget-video,.e-con>.elementor-widget-video{width:var(--container-widget-width);--flex-grow:var(--container-widget-flex-grow)}<\/style>\t\t<div class=\"elementor-wrapper elementor-open-inline\">\n\t\t\t<div class=\"elementor-video\"><\/div>\t\t<\/div>\n\t\t\t\t<\/div>\n\t\t\t\t<\/div>\n\t\t\t\t\t<\/div>\n\t\t<\/div>\n\t\t\t\t\t\t\t<\/div>\n\t\t<\/section>\n\t\t\t\t\t<\/div>\n\t\t<\/div>\n\t\t\t\t\t\t\t<\/div>\n\t\t<\/section>\n\t\t\t\t<section class=\"elementor-section elementor-top-section elementor-element elementor-element-8b60a8a elementor-section-stretched elementor-section-boxed elementor-section-height-default elementor-section-height-default\" data-id=\"8b60a8a\" data-element_type=\"section\" data-settings=\"{&quot;stretch_section&quot;:&quot;section-stretched&quot;,&quot;background_background&quot;:&quot;classic&quot;}\" data-e-bg-lazyload=\"\">\n\t\t\t\t\t\t<div class=\"elementor-container elementor-column-gap-default\">\n\t\t\t\t\t<div class=\"elementor-column elementor-col-100 elementor-top-column elementor-element elementor-element-48ce4681\" data-id=\"48ce4681\" data-element_type=\"column\">\n\t\t\t<div class=\"elementor-widget-wrap elementor-element-populated\">\n\t\t\t\t\t\t\t\t<div class=\"elementor-element elementor-element-1bd701b7 elementor-widget elementor-widget-spacer\" data-id=\"1bd701b7\" data-element_type=\"widget\" data-widget_type=\"spacer.default\">\n\t\t\t\t<div class=\"elementor-widget-container\">\n\t\t\t\t\t<div class=\"elementor-spacer\">\n\t\t\t<div class=\"elementor-spacer-inner\"><\/div>\n\t\t<\/div>\n\t\t\t\t<\/div>\n\t\t\t\t<\/div>\n\t\t\t\t<div class=\"elementor-element elementor-element-f20cdb0 elementor-widget elementor-widget-spacer\" data-id=\"f20cdb0\" data-element_type=\"widget\" data-widget_type=\"spacer.default\">\n\t\t\t\t<div class=\"elementor-widget-container\">\n\t\t\t\t\t<div class=\"elementor-spacer\">\n\t\t\t<div class=\"elementor-spacer-inner\"><\/div>\n\t\t<\/div>\n\t\t\t\t<\/div>\n\t\t\t\t<\/div>\n\t\t\t\t\t<\/div>\n\t\t<\/div>\n\t\t\t\t\t\t\t<\/div>\n\t\t<\/section>\n\t\t\t\t<section class=\"elementor-section elementor-top-section elementor-element elementor-element-7e978619 elementor-section-boxed elementor-section-height-default elementor-section-height-default\" data-id=\"7e978619\" data-element_type=\"section\">\n\t\t\t\t\t\t<div class=\"elementor-container elementor-column-gap-default\">\n\t\t\t\t\t<div class=\"elementor-column elementor-col-100 elementor-top-column elementor-element elementor-element-14db7c3f\" data-id=\"14db7c3f\" data-element_type=\"column\">\n\t\t\t<div class=\"elementor-widget-wrap elementor-element-populated\">\n\t\t\t\t\t\t\t\t<div class=\"elementor-element elementor-element-554e2df elementor-widget elementor-widget-heading\" data-id=\"554e2df\" data-element_type=\"widget\" data-widget_type=\"heading.default\">\n\t\t\t\t<div class=\"elementor-widget-container\">\n\t\t\t<h2 class=\"elementor-heading-title elementor-size-default\">Ay\u00fadanos a que m\u00e1s gente se involucre<\/h2>\t\t<\/div>\n\t\t\t\t<\/div>\n\t\t\t\t<div class=\"elementor-element elementor-element-6bb34f0e elementor-share-buttons--view-icon elementor-share-buttons--skin-framed elementor-share-buttons--shape-circle elementor-share-buttons--align-center elementor-share-buttons--color-custom elementor-grid-0 elementor-widget elementor-widget-share-buttons\" data-id=\"6bb34f0e\" data-element_type=\"widget\" data-widget_type=\"share-buttons.default\">\n\t\t\t\t<div class=\"elementor-widget-container\">\n\t\t\t<link rel=\"stylesheet\" href=\"https:\/\/amnistia.org.mx\/contenido\/wp-content\/plugins\/elementor-pro\/assets\/css\/widget-share-buttons.min.css\">\t\t<div class=\"elementor-grid\">\n\t\t\t\t\t\t\t\t<div class=\"elementor-grid-item\">\n\t\t\t\t\t\t<div\n\t\t\t\t\t\t\tclass=\"elementor-share-btn elementor-share-btn_facebook\"\n\t\t\t\t\t\t\trole=\"button\"\n\t\t\t\t\t\t\ttabindex=\"0\"\n\t\t\t\t\t\t\taria-label=\"Compartir en facebook\"\n\t\t\t\t\t\t>\n\t\t\t\t\t\t\t\t\t\t\t\t\t\t\t<span class=\"elementor-share-btn__icon\">\n\t\t\t\t\t\t\t\t<svg class=\"e-font-icon-svg e-fab-facebook\" viewBox=\"0 0 512 512\" xmlns=\"http:\/\/www.w3.org\/2000\/svg\"><path d=\"M504 256C504 119 393 8 256 8S8 119 8 256c0 123.78 90.69 226.38 209.25 245V327.69h-63V256h63v-54.64c0-62.15 37-96.48 93.67-96.48 27.14 0 55.52 4.84 55.52 4.84v61h-31.28c-30.8 0-40.41 19.12-40.41 38.73V256h68.78l-11 71.69h-57.78V501C413.31 482.38 504 379.78 504 256z\"><\/path><\/svg>\t\t\t\t\t\t\t<\/span>\n\t\t\t\t\t\t\t\t\t\t\t\t\t\t\t\t\t\t\t\t<\/div>\n\t\t\t\t\t<\/div>\n\t\t\t\t\t\t\t\t\t<div class=\"elementor-grid-item\">\n\t\t\t\t\t\t<div\n\t\t\t\t\t\t\tclass=\"elementor-share-btn elementor-share-btn_twitter\"\n\t\t\t\t\t\t\trole=\"button\"\n\t\t\t\t\t\t\ttabindex=\"0\"\n\t\t\t\t\t\t\taria-label=\"Compartir en twitter\"\n\t\t\t\t\t\t>\n\t\t\t\t\t\t\t\t\t\t\t\t\t\t\t<span class=\"elementor-share-btn__icon\">\n\t\t\t\t\t\t\t\t<svg class=\"e-font-icon-svg e-fab-twitter\" viewBox=\"0 0 512 512\" xmlns=\"http:\/\/www.w3.org\/2000\/svg\"><path d=\"M459.37 151.716c.325 4.548.325 9.097.325 13.645 0 138.72-105.583 298.558-298.558 298.558-59.452 0-114.68-17.219-161.137-47.106 8.447.974 16.568 1.299 25.34 1.299 49.055 0 94.213-16.568 130.274-44.832-46.132-.975-84.792-31.188-98.112-72.772 6.498.974 12.995 1.624 19.818 1.624 9.421 0 18.843-1.3 27.614-3.573-48.081-9.747-84.143-51.98-84.143-102.985v-1.299c13.969 7.797 30.214 12.67 47.431 13.319-28.264-18.843-46.781-51.005-46.781-87.391 0-19.492 5.197-37.36 14.294-52.954 51.655 63.675 129.3 105.258 216.365 109.807-1.624-7.797-2.599-15.918-2.599-24.04 0-57.828 46.782-104.934 104.934-104.934 30.213 0 57.502 12.67 76.67 33.137 23.715-4.548 46.456-13.32 66.599-25.34-7.798 24.366-24.366 44.833-46.132 57.827 21.117-2.273 41.584-8.122 60.426-16.243-14.292 20.791-32.161 39.308-52.628 54.253z\"><\/path><\/svg>\t\t\t\t\t\t\t<\/span>\n\t\t\t\t\t\t\t\t\t\t\t\t\t\t\t\t\t\t\t\t<\/div>\n\t\t\t\t\t<\/div>\n\t\t\t\t\t\t\t\t\t<div class=\"elementor-grid-item\">\n\t\t\t\t\t\t<div\n\t\t\t\t\t\t\tclass=\"elementor-share-btn elementor-share-btn_linkedin\"\n\t\t\t\t\t\t\trole=\"button\"\n\t\t\t\t\t\t\ttabindex=\"0\"\n\t\t\t\t\t\t\taria-label=\"Compartir en linkedin\"\n\t\t\t\t\t\t>\n\t\t\t\t\t\t\t\t\t\t\t\t\t\t\t<span class=\"elementor-share-btn__icon\">\n\t\t\t\t\t\t\t\t<svg class=\"e-font-icon-svg e-fab-linkedin\" viewBox=\"0 0 448 512\" xmlns=\"http:\/\/www.w3.org\/2000\/svg\"><path d=\"M416 32H31.9C14.3 32 0 46.5 0 64.3v383.4C0 465.5 14.3 480 31.9 480H416c17.6 0 32-14.5 32-32.3V64.3c0-17.8-14.4-32.3-32-32.3zM135.4 416H69V202.2h66.5V416zm-33.2-243c-21.3 0-38.5-17.3-38.5-38.5S80.9 96 102.2 96c21.2 0 38.5 17.3 38.5 38.5 0 21.3-17.2 38.5-38.5 38.5zm282.1 243h-66.4V312c0-24.8-.5-56.7-34.5-56.7-34.6 0-39.9 27-39.9 54.9V416h-66.4V202.2h63.7v29.2h.9c8.9-16.8 30.6-34.5 62.9-34.5 67.2 0 79.7 44.3 79.7 101.9V416z\"><\/path><\/svg>\t\t\t\t\t\t\t<\/span>\n\t\t\t\t\t\t\t\t\t\t\t\t\t\t\t\t\t\t\t\t<\/div>\n\t\t\t\t\t<\/div>\n\t\t\t\t\t\t<\/div>\n\t\t\t\t<\/div>\n\t\t\t\t<\/div>\n\t\t\t\t\t<\/div>\n\t\t<\/div>\n\t\t\t\t\t\t\t<\/div>\n\t\t<\/section>\n\t\t\t\t<section class=\"elementor-section elementor-top-section elementor-element elementor-element-51fc911 elementor-section-boxed elementor-section-height-default elementor-section-height-default\" data-id=\"51fc911\" data-element_type=\"section\">\n\t\t\t\t\t\t<div class=\"elementor-container elementor-column-gap-default\">\n\t\t\t\t\t<div class=\"elementor-column elementor-col-100 elementor-top-column elementor-element elementor-element-89c01cb\" data-id=\"89c01cb\" data-element_type=\"column\">\n\t\t\t<div class=\"elementor-widget-wrap elementor-element-populated\">\n\t\t\t\t\t\t\t\t<div class=\"elementor-element elementor-element-9c1115f elementor-widget elementor-widget-html\" data-id=\"9c1115f\" data-element_type=\"widget\" data-widget_type=\"html.default\">\n\t\t\t\t<div class=\"elementor-widget-container\">\n\t\t\t<div class=\"diagonal-container\">\n    <span class=\"diagonal-inside\">\n            <span class=\"rayas-diagonales\">VISI\u00d3N Y MISI\u00d3N<\/span>\n    <\/span>\n<\/div>\t\t<\/div>\n\t\t\t\t<\/div>\n\t\t\t\t<div class=\"elementor-element elementor-element-9cac04a elementor-widget elementor-widget-heading\" data-id=\"9cac04a\" data-element_type=\"widget\" data-widget_type=\"heading.default\">\n\t\t\t\t<div class=\"elementor-widget-container\">\n\t\t\t<h3 class=\"elementor-heading-title elementor-size-default\">VISI\u00d3N Y MISI\u00d3N<\/h3>\t\t<\/div>\n\t\t\t\t<\/div>\n\t\t\t\t\t<\/div>\n\t\t<\/div>\n\t\t\t\t\t\t\t<\/div>\n\t\t<\/section>\n\t\t\t\t<section class=\"elementor-section elementor-top-section elementor-element elementor-element-94a2817 elementor-section-height-min-height elementor-section-content-top elementor-hidden-phone elementor-section-boxed elementor-section-height-default elementor-section-items-middle\" data-id=\"94a2817\" data-element_type=\"section\">\n\t\t\t\t\t\t<div class=\"elementor-container elementor-column-gap-default\">\n\t\t\t\t\t<div class=\"elementor-column elementor-col-50 elementor-top-column elementor-element elementor-element-f34aafa\" data-id=\"f34aafa\" data-element_type=\"column\">\n\t\t\t<div class=\"elementor-widget-wrap elementor-element-populated\">\n\t\t\t\t\t\t\t\t<div class=\"elementor-element elementor-element-73f5523 elementor-widget__width-initial elementor-absolute elementor-widget elementor-widget-text-editor\" data-id=\"73f5523\" data-element_type=\"widget\" data-settings=\"{&quot;_position&quot;:&quot;absolute&quot;}\" data-widget_type=\"text-editor.default\">\n\t\t\t\t<div class=\"elementor-widget-container\">\n\t\t\t\t\t\t\t<p>La visi\u00f3n de Amnist\u00eda Internacional es la de un mundo en el que <strong>todas las personas disfrutan de todos los derechos humanos<\/strong> proclamados en la Declaraci\u00f3n Universal de Derechos Humanos y en otros instrumentos internacionales de derechos humanos.<\/p>\t\t\t\t\t\t<\/div>\n\t\t\t\t<\/div>\n\t\t\t\t\t<\/div>\n\t\t<\/div>\n\t\t\t\t<div class=\"elementor-column elementor-col-50 elementor-top-column elementor-element elementor-element-745e222\" data-id=\"745e222\" data-element_type=\"column\">\n\t\t\t<div class=\"elementor-widget-wrap elementor-element-populated\">\n\t\t\t\t\t\t\t\t<div class=\"elementor-element elementor-element-5efa231 elementor-widget__width-initial elementor-absolute elementor-widget elementor-widget-text-editor\" data-id=\"5efa231\" data-element_type=\"widget\" data-settings=\"{&quot;_position&quot;:&quot;absolute&quot;}\" data-widget_type=\"text-editor.default\">\n\t\t\t\t<div class=\"elementor-widget-container\">\n\t\t\t\t\t\t\t<p>Animada por esta visi\u00f3n, la misi\u00f3n de Amnist\u00eda Internacional consiste en <strong>realizar labores de investigaci\u00f3n y acci\u00f3n<\/strong> centradas en impedir y poner \ufb01n a los abusos graves contra todos estos derechos.<\/p>\t\t\t\t\t\t<\/div>\n\t\t\t\t<\/div>\n\t\t\t\t\t<\/div>\n\t\t<\/div>\n\t\t\t\t\t\t\t<\/div>\n\t\t<\/section>\n\t\t\t\t<section class=\"elementor-section elementor-top-section elementor-element elementor-element-7adc2db elementor-section-height-min-height elementor-section-content-top elementor-hidden-desktop elementor-hidden-tablet elementor-section-boxed elementor-section-height-default elementor-section-items-middle\" data-id=\"7adc2db\" data-element_type=\"section\">\n\t\t\t\t\t\t<div class=\"elementor-container elementor-column-gap-default\">\n\t\t\t\t\t<div class=\"elementor-column elementor-col-50 elementor-top-column elementor-element elementor-element-4c88a87\" data-id=\"4c88a87\" data-element_type=\"column\">\n\t\t\t<div class=\"elementor-widget-wrap elementor-element-populated\">\n\t\t\t\t\t\t\t\t<div class=\"elementor-element elementor-element-741a612 elementor-widget__width-initial elementor-widget-mobile__width-initial elementor-widget elementor-widget-text-editor\" data-id=\"741a612\" data-element_type=\"widget\" data-widget_type=\"text-editor.default\">\n\t\t\t\t<div class=\"elementor-widget-container\">\n\t\t\t\t\t\t\t<p>La visi\u00f3n de Amnist\u00eda Internacional es la de un mundo en el que todas las personas disfrutan de todos los derechos humanos proclamados en la Declaraci\u00f3n Universal de Derechos Humanos y en otros instrumentos internacionales de derechos humanos.<\/p>\t\t\t\t\t\t<\/div>\n\t\t\t\t<\/div>\n\t\t\t\t\t<\/div>\n\t\t<\/div>\n\t\t\t\t<div class=\"elementor-column elementor-col-50 elementor-top-column elementor-element elementor-element-51b972a\" data-id=\"51b972a\" data-element_type=\"column\">\n\t\t\t<div class=\"elementor-widget-wrap elementor-element-populated\">\n\t\t\t\t\t\t\t\t<div class=\"elementor-element elementor-element-77b24d5 elementor-widget__width-initial elementor-widget-mobile__width-initial elementor-widget elementor-widget-text-editor\" data-id=\"77b24d5\" data-element_type=\"widget\" data-widget_type=\"text-editor.default\">\n\t\t\t\t<div class=\"elementor-widget-container\">\n\t\t\t\t\t\t\t<p>Animada por esta visi\u00f3n, la misi\u00f3n de Amnist\u00eda Internacional consiste en realizar labores de investigaci\u00f3n y acci\u00f3n centradas en impedir y poner \ufb01n a los abusos graves contra todos estos derechos.<\/p>\t\t\t\t\t\t<\/div>\n\t\t\t\t<\/div>\n\t\t\t\t\t<\/div>\n\t\t<\/div>\n\t\t\t\t\t\t\t<\/div>\n\t\t<\/section>\n\t\t\t\t<section class=\"elementor-section elementor-top-section elementor-element elementor-element-1a6852c elementor-section-stretched elementor-section-full_width elementor-section-height-default elementor-section-height-default\" data-id=\"1a6852c\" data-element_type=\"section\" data-settings=\"{&quot;stretch_section&quot;:&quot;section-stretched&quot;,&quot;background_background&quot;:&quot;classic&quot;}\" data-e-bg-lazyload=\"\">\n\t\t\t\t\t\t<div class=\"elementor-container elementor-column-gap-default\">\n\t\t\t\t\t<div class=\"elementor-column elementor-col-50 elementor-top-column elementor-element elementor-element-a55e7d1\" data-id=\"a55e7d1\" data-element_type=\"column\">\n\t\t\t<div class=\"elementor-widget-wrap\">\n\t\t\t\t\t\t\t\t\t<\/div>\n\t\t<\/div>\n\t\t\t\t<div class=\"elementor-column elementor-col-50 elementor-top-column elementor-element elementor-element-18e2574 animated-fast elementor-invisible\" data-id=\"18e2574\" data-element_type=\"column\" data-settings=\"{&quot;background_background&quot;:&quot;classic&quot;,&quot;animation&quot;:&quot;fadeInUp&quot;}\">\n\t\t\t<div class=\"elementor-widget-wrap elementor-element-populated\">\n\t\t\t\t\t\t\t\t<div class=\"elementor-element elementor-element-2750890 elementor-view-default elementor-widget elementor-widget-icon\" data-id=\"2750890\" data-element_type=\"widget\" data-widget_type=\"icon.default\">\n\t\t\t\t<div class=\"elementor-widget-container\">\n\t\t\t\t\t<div class=\"elementor-icon-wrapper\">\n\t\t\t<div class=\"elementor-icon\">\n\t\t\t<svg aria-hidden=\"true\" class=\"e-font-icon-svg e-fas-quote-left\" viewBox=\"0 0 512 512\" xmlns=\"http:\/\/www.w3.org\/2000\/svg\"><path d=\"M464 256h-80v-64c0-35.3 28.7-64 64-64h8c13.3 0 24-10.7 24-24V56c0-13.3-10.7-24-24-24h-8c-88.4 0-160 71.6-160 160v240c0 26.5 21.5 48 48 48h128c26.5 0 48-21.5 48-48V304c0-26.5-21.5-48-48-48zm-288 0H96v-64c0-35.3 28.7-64 64-64h8c13.3 0 24-10.7 24-24V56c0-13.3-10.7-24-24-24h-8C71.6 32 0 103.6 0 192v240c0 26.5 21.5 48 48 48h128c26.5 0 48-21.5 48-48V304c0-26.5-21.5-48-48-48z\"><\/path><\/svg>\t\t\t<\/div>\n\t\t<\/div>\n\t\t\t\t<\/div>\n\t\t\t\t<\/div>\n\t\t\t\t<div class=\"elementor-element elementor-element-5eff9b4 elementor-widget elementor-widget-text-editor\" data-id=\"5eff9b4\" data-element_type=\"widget\" data-widget_type=\"text-editor.default\">\n\t\t\t\t<div class=\"elementor-widget-container\">\n\t\t\t\t\t\t\t<strong>\u201cM\u00e1s vale encender una vela que maldecir en la oscuridad.\u201d<\/strong>\t\t\t\t\t\t<\/div>\n\t\t\t\t<\/div>\n\t\t\t\t\t<\/div>\n\t\t<\/div>\n\t\t\t\t\t\t\t<\/div>\n\t\t<\/section>\n\t\t\t\t<section class=\"elementor-section elementor-top-section elementor-element elementor-element-69720bb elementor-section-boxed elementor-section-height-default elementor-section-height-default\" data-id=\"69720bb\" data-element_type=\"section\">\n\t\t\t\t\t\t<div class=\"elementor-container elementor-column-gap-default\">\n\t\t\t\t\t<div class=\"elementor-column elementor-col-100 elementor-top-column elementor-element elementor-element-c1ac6ef\" data-id=\"c1ac6ef\" data-element_type=\"column\">\n\t\t\t<div class=\"elementor-widget-wrap elementor-element-populated\">\n\t\t\t\t\t\t\t\t<div class=\"elementor-element elementor-element-ab229b8 elementor-widget elementor-widget-html\" data-id=\"ab229b8\" data-element_type=\"widget\" data-widget_type=\"html.default\">\n\t\t\t\t<div class=\"elementor-widget-container\">\n\t\t\t<div class=\"diagonal-container\">\n    <span class=\"diagonal-inside\">\n            <span class=\"rayas-diagonales\">GOBERNANZA<\/span>\n    <\/span>\n<\/div>\t\t<\/div>\n\t\t\t\t<\/div>\n\t\t\t\t<div class=\"elementor-element elementor-element-6740834 elementor-widget elementor-widget-heading\" data-id=\"6740834\" data-element_type=\"widget\" data-widget_type=\"heading.default\">\n\t\t\t\t<div class=\"elementor-widget-container\">\n\t\t\t<h5 class=\"elementor-heading-title elementor-size-default\">GOBERNANZA<\/h5>\t\t<\/div>\n\t\t\t\t<\/div>\n\t\t\t\t\t<\/div>\n\t\t<\/div>\n\t\t\t\t\t\t\t<\/div>\n\t\t<\/section>\n\t\t\t\t<section class=\"elementor-section elementor-top-section elementor-element elementor-element-98d46ad elementor-section-boxed elementor-section-height-default elementor-section-height-default\" data-id=\"98d46ad\" data-element_type=\"section\">\n\t\t\t\t\t\t<div class=\"elementor-container elementor-column-gap-default\">\n\t\t\t\t\t<div class=\"elementor-column elementor-col-66 elementor-top-column elementor-element elementor-element-6cbfa33\" data-id=\"6cbfa33\" data-element_type=\"column\">\n\t\t\t<div class=\"elementor-widget-wrap elementor-element-populated\">\n\t\t\t\t\t\t\t\t<div class=\"elementor-element elementor-element-b8b9455 elementor-widget__width-initial elementor-widget-mobile__width-initial elementor-widget elementor-widget-text-editor\" data-id=\"b8b9455\" data-element_type=\"widget\" data-widget_type=\"text-editor.default\">\n\t\t\t\t<div class=\"elementor-widget-container\">\n\t\t\t\t\t\t\t<p>Como movimiento <strong>independiente de cualquier gobierno o fuerza externa<\/strong>, el rumbo de la organizaci\u00f3n es decidido por las personas particulares que aportan para el \ufb01nanciamiento del movimiento y adicionalmente tienen inter\u00e9s en la toma de decisiones de gobernanza. A este grupo de personas se les llama <strong>membres\u00eda y trabajan voluntariamente.<\/strong><br \/><br \/>M\u00ednimo una vez al a\u00f1o, la membres\u00eda se re\u00fane y <strong>decide democr\u00e1ticamente el rumbo de Amnist\u00eda Internacional<\/strong>. Igualmente, en este evento se vota a las y los integrantes de los diferentes comit\u00e9s y comisiones. En conjunto, todas estas personas <strong>deciden y supervisan el trabajo<\/strong> de las o\ufb01cinas con el Comit\u00e9 Directivo como m\u00e1ximo representante de la membres\u00eda con la o\ufb01cina nacional.<\/p>\t\t\t\t\t\t<\/div>\n\t\t\t\t<\/div>\n\t\t\t\t\t<\/div>\n\t\t<\/div>\n\t\t\t\t<div class=\"elementor-column elementor-col-33 elementor-top-column elementor-element elementor-element-7d3e0b1\" data-id=\"7d3e0b1\" data-element_type=\"column\">\n\t\t\t<div class=\"elementor-widget-wrap elementor-element-populated\">\n\t\t\t\t\t\t\t\t<div class=\"elementor-element elementor-element-bab5310 elementor-absolute elementor-widget elementor-widget-image\" data-id=\"bab5310\" data-element_type=\"widget\" data-settings=\"{&quot;_position&quot;:&quot;absolute&quot;}\" data-widget_type=\"image.default\">\n\t\t\t\t<div class=\"elementor-widget-container\">\n\t\t\t\t\t\t\t\t\t\t\t\t\t\t\t<img decoding=\"async\" width=\"150\" height=\"150\" src=\"https:\/\/amnistia.org.mx\/contenido\/wp-content\/uploads\/2020\/02\/cuadro-con-rayas-diagonales-150x150.png\" class=\"attachment-thumbnail size-thumbnail wp-image-1976\" alt=\"\" loading=\"lazy\" \/>\t\t\t\t\t\t\t\t\t\t\t\t\t\t\t<\/div>\n\t\t\t\t<\/div>\n\t\t\t\t<div class=\"elementor-element elementor-element-e100494 elementor-widget elementor-widget-image\" data-id=\"e100494\" data-element_type=\"widget\" data-widget_type=\"image.default\">\n\t\t\t\t<div class=\"elementor-widget-container\">\n\t\t\t\t\t\t\t\t\t\t\t\t\t\t\t<img decoding=\"async\" width=\"1024\" height=\"683\" src=\"https:\/\/amnistia.org.mx\/contenido\/wp-content\/uploads\/2020\/03\/Gobernanza-min-1024x683.jpg\" class=\"attachment-large size-large wp-image-2942\" alt=\"\" loading=\"lazy\" \/>\t\t\t\t\t\t\t\t\t\t\t\t\t\t\t<\/div>\n\t\t\t\t<\/div>\n\t\t\t\t<div class=\"elementor-element elementor-element-a24f1d8 elementor-absolute elementor-widget elementor-widget-image\" data-id=\"a24f1d8\" data-element_type=\"widget\" data-settings=\"{&quot;_position&quot;:&quot;absolute&quot;}\" data-widget_type=\"image.default\">\n\t\t\t\t<div class=\"elementor-widget-container\">\n\t\t\t\t\t\t\t\t\t\t\t\t\t\t\t<img decoding=\"async\" width=\"150\" height=\"150\" src=\"https:\/\/amnistia.org.mx\/contenido\/wp-content\/uploads\/2020\/02\/cuadro-con-rayas-diagonales-150x150.png\" class=\"attachment-thumbnail size-thumbnail wp-image-1976\" alt=\"\" loading=\"lazy\" \/>\t\t\t\t\t\t\t\t\t\t\t\t\t\t\t<\/div>\n\t\t\t\t<\/div>\n\t\t\t\t\t<\/div>\n\t\t<\/div>\n\t\t\t\t\t\t\t<\/div>\n\t\t<\/section>\n\t\t<div class=\"elementor-element elementor-element-184692e e-con-boxed e-flex e-con\" data-id=\"184692e\" data-element_type=\"container\" data-settings=\"{&quot;content_width&quot;:&quot;boxed&quot;}\">\n\t\t\t\t\t<div class=\"e-con-inner\">\n\t\t\t\t<div class=\"elementor-element elementor-element-4940884 elementor-widget elementor-widget-heading\" data-id=\"4940884\" data-element_type=\"widget\" data-widget_type=\"heading.default\">\n\t\t\t\t<div class=\"elementor-widget-container\">\n\t\t\t<h2 class=\"elementor-heading-title elementor-size-default\">NUESTRO EQUIPO<\/h2>\t\t<\/div>\n\t\t\t\t<\/div>\n\t\t\t\t\t<\/div>\n\t\t\t\t<\/div>\n\t\t<div class=\"elementor-element elementor-element-7c1b43b elementor-hidden-desktop elementor-hidden-tablet elementor-hidden-mobile e-con-boxed e-flex e-con\" data-id=\"7c1b43b\" data-element_type=\"container\" data-settings=\"{&quot;content_width&quot;:&quot;boxed&quot;}\">\n\t\t\t\t\t<div class=\"e-con-inner\">\n\t\t\t\t<div class=\"elementor-element elementor-element-9b51fc3 e-n-tabs-mobile elementor-widget elementor-widget-n-tabs\" data-id=\"9b51fc3\" data-element_type=\"widget\" data-widget_type=\"nested-tabs.default\">\n\t\t\t\t<div class=\"elementor-widget-container\">\n\t\t\t\t\t<div class=\"e-n-tabs\">\n\t\t\t<div class=\"e-n-tabs-heading\" role=\"tablist\">\n\t\t\t\t<div id=\"e-n-tabs-title-1621\" class=\"e-n-tab-title e-normal\" aria-selected=\"true\" data-tab=\"1\" role=\"tab\" tabindex=\"0\" aria-controls=\"e-n-tab-content-1621\" aria-expanded=\"false\">\t<span class=\"e-n-tab-icon\"><\/span>\t<span class=\"e-n-tab-title-text\">Comit\u00e9 Directivo<\/span><\/div><div id=\"e-n-tabs-title-1622\" class=\"e-n-tab-title e-normal\" aria-selected=\"false\" data-tab=\"2\" role=\"tab\" tabindex=\"-1\" aria-controls=\"e-n-tab-content-1622\" aria-expanded=\"false\">\t<span class=\"e-n-tab-icon\"><\/span>\t<span class=\"e-n-tab-title-text\">Direcci\u00f3n ejecutiva<\/span><\/div><div id=\"e-n-tabs-title-1623\" class=\"e-n-tab-title e-normal\" aria-selected=\"false\" data-tab=\"3\" role=\"tab\" tabindex=\"-1\" aria-controls=\"e-n-tab-content-1623\" aria-expanded=\"false\">\t<span class=\"e-n-tab-icon\"><\/span>\t<span class=\"e-n-tab-title-text\">PROCURACI\u00d3N DE FONDOS<\/span><\/div><div id=\"e-n-tabs-title-1624\" class=\"e-n-tab-title e-normal\" aria-selected=\"false\" data-tab=\"4\" role=\"tab\" tabindex=\"-1\" aria-controls=\"e-n-tab-content-1624\" aria-expanded=\"false\">\t<span class=\"e-n-tab-icon\"><\/span>\t<span class=\"e-n-tab-title-text\">DERECHOS HUMANOS<\/span><\/div><div id=\"e-n-tabs-title-1625\" class=\"e-n-tab-title e-normal\" aria-selected=\"false\" data-tab=\"5\" role=\"tab\" tabindex=\"-1\" aria-controls=\"e-n-tab-content-1625\" aria-expanded=\"false\">\t<span class=\"e-n-tab-icon\"><\/span>\t<span class=\"e-n-tab-title-text\">ADMINISTRACI\u00d3N<\/span><\/div>\t\t\t<\/div>\n\t\t\t<div class=\"e-n-tabs-content\" role=\"tablist\" aria-orientation=\"vertical\">\n\t\t\t\t<div class=\"e-n-tab-title e-collapse\" aria-selected=\"true\" data-tab=\"1\" role=\"tab\" tabindex=\"0\" aria-controls=\"e-n-tab-content-1621\" aria-expanded=\"false\" id=\"e-n-tabs-title-1621-accordion\">\t<span class=\"e-n-tab-icon\"><\/span>\t<span class=\"e-n-tab-title-text\">Comit\u00e9 Directivo<\/span><\/div><div class=\"elementor-element elementor-element-011c0bc e-con-full e-flex e-con\" data-id=\"011c0bc\" data-element_type=\"container\" data-settings=\"{&quot;content_width&quot;:&quot;full&quot;}\">\n\t\t<div class=\"elementor-element elementor-element-54b2d2c e-con-full e-flex e-con\" data-id=\"54b2d2c\" data-element_type=\"container\" data-settings=\"{&quot;content_width&quot;:&quot;full&quot;}\">\n\t\t<div class=\"elementor-element elementor-element-8b4bbd1 e-con-boxed e-flex e-con\" data-id=\"8b4bbd1\" data-element_type=\"container\" data-settings=\"{&quot;content_width&quot;:&quot;boxed&quot;}\">\n\t\t\t\t\t<div class=\"e-con-inner\">\n\t\t\t\t<div class=\"elementor-element elementor-element-05a7e16 elementor-invisible elementor-widget elementor-widget-premium-addon-modal-box\" data-id=\"05a7e16\" data-element_type=\"widget\" data-settings=\"{&quot;_animation&quot;:&quot;fadeIn&quot;,&quot;premium_modal_box_animation&quot;:&quot;fadeInDown&quot;}\" data-widget_type=\"premium-addon-modal-box.default\">\n\t\t\t\t<div class=\"elementor-widget-container\">\n\t\t\t\r\n\t\t<div class=\"premium-modal-box-container\" data-settings=\"{&quot;trigger&quot;:&quot;image&quot;}\">\r\n\t\t\t<div class=\"premium-modal-trigger-container\">\r\n\t\t\t\t\t\t\t\t\t<img decoding=\"async\" data-toggle=\"premium-modal\" data-target=\"#premium-modal-05a7e16\" class=\"premium-modal-trigger-img\" src=\" https:\/\/amnistia.org.mx\/contenido\/wp-content\/uploads\/2023\/12\/DAVID.jpg\" alt=\"rpt\">\r\n\t\t\t\t\t\t\t<\/div>\r\n\r\n\t\t\t<div id=\"premium-modal-05a7e16\" class=\"premium-modal-box-modal\" role=\"dialog\" style=\"display: none\">\r\n\t\t\t\t<div class=\"premium-modal-box-modal-dialog\" data-delay-animation=\"\" data-modal-animation=\"fadeInDown animated-fast\">\r\n\t\t\t\t\t\t\t\t\t\t\t<div class=\"premium-modal-box-modal-header\">\r\n\t\t\t\t\t\t\t\t\t\t\t\t\t\t\t<h3 class=\"premium-modal-box-modal-title\">\r\n\t\t\t\t\t\t\t\t\t\t\t\t<img decoding=\"async\" src=\" https:\/\/amnistia.org.mx\/contenido\/wp-content\/uploads\/2023\/12\/DAVID.jpg\" alt=\"rpt\">\r\n\t\t\tDavid Montoya L\u00f3pez\t\t\t\t\t\t\t\t<\/h3>\r\n\t\t\t\t\t\t\t\t\t\t\t\t\t\t\t\t\t\t\t\t\t\t<div class=\"premium-modal-box-close-button-container\">\r\n\t\t\t\t\t\t\t\t\t<button type=\"button\" class=\"premium-modal-box-modal-close\" data-dismiss=\"premium-modal\">&times;<\/button>\r\n\t\t\t\t\t\t\t\t<\/div>\r\n\t\t\t\t\t\t\t\t\t\t\t\t\t<\/div>\r\n\t\t\t\t\t\t\t\t\t\t<div class=\"premium-modal-box-modal-body\">\r\n\t\t\t\t\t\t<p><strong>Presidente<\/strong><\/p><p>David Montoya L\u00f3pez es miembro de Amnist\u00eda desde el 2013. Ha participado en diferentes \u00f3rganos y comisiones de gobernanza de la organizaci\u00f3n, interactuando con membres\u00eda y activistas tanto a nivel local como internacional. A lo largo de estos 10 a\u00f1os ha formado parte de los grupos de activismo por derechos de pueblos originarios, y de personas en movimiento.<\/p>\t\t\t\t\t<\/div>\r\n\t\t\t\t\t\t\t\t\t\t\t<div class=\"premium-modal-box-modal-footer\">\r\n\t\t\t\t\t\t\t<button type=\"button\" class=\"premium-modal-box-modal-lower-close\" data-dismiss=\"premium-modal\">\r\n\t\t\t\t\t\t\t\tCerrar\t\t\t\t\t\t\t<\/button>\r\n\t\t\t\t\t\t<\/div>\r\n\t\t\t\t\t\t\t\t\t<\/div>\r\n\t\t\t<\/div>\r\n\t\t<\/div>\r\n\r\n\t\t\t\t<\/div>\n\t\t\t\t<\/div>\n\t\t\t\t<div class=\"elementor-element elementor-element-932d87a elementor-widget elementor-widget-heading\" data-id=\"932d87a\" data-element_type=\"widget\" data-widget_type=\"heading.default\">\n\t\t\t\t<div class=\"elementor-widget-container\">\n\t\t\t<h2 class=\"elementor-heading-title elementor-size-default\">David Montoya<\/h2>\t\t<\/div>\n\t\t\t\t<\/div>\n\t\t\t\t<div class=\"elementor-element elementor-element-86045af elementor-widget elementor-widget-heading\" data-id=\"86045af\" data-element_type=\"widget\" data-widget_type=\"heading.default\">\n\t\t\t\t<div class=\"elementor-widget-container\">\n\t\t\t<h2 class=\"elementor-heading-title elementor-size-default\">Presidente<\/h2>\t\t<\/div>\n\t\t\t\t<\/div>\n\t\t\t\t\t<\/div>\n\t\t\t\t<\/div>\n\t\t<div class=\"elementor-element elementor-element-fb9b8ed e-con-boxed e-flex e-con\" data-id=\"fb9b8ed\" data-element_type=\"container\" data-settings=\"{&quot;content_width&quot;:&quot;boxed&quot;}\">\n\t\t\t\t\t<div class=\"e-con-inner\">\n\t\t\t\t<div class=\"elementor-element elementor-element-c318632 elementor-widget elementor-widget-premium-addon-modal-box\" data-id=\"c318632\" data-element_type=\"widget\" data-settings=\"{&quot;premium_modal_box_animation&quot;:&quot;fadeInDown&quot;}\" data-widget_type=\"premium-addon-modal-box.default\">\n\t\t\t\t<div class=\"elementor-widget-container\">\n\t\t\t\r\n\t\t<div class=\"premium-modal-box-container\" data-settings=\"{&quot;trigger&quot;:&quot;image&quot;}\">\r\n\t\t\t<div class=\"premium-modal-trigger-container\">\r\n\t\t\t\t\t\t\t\t\t<img decoding=\"async\" data-toggle=\"premium-modal\" data-target=\"#premium-modal-c318632\" class=\"premium-modal-trigger-img\" src=\" https:\/\/amnistia.org.mx\/contenido\/wp-content\/uploads\/2023\/12\/Jesus.jpg\" alt=\"rpt\">\r\n\t\t\t\t\t\t\t<\/div>\r\n\r\n\t\t\t<div id=\"premium-modal-c318632\" class=\"premium-modal-box-modal\" role=\"dialog\" style=\"display: none\">\r\n\t\t\t\t<div class=\"premium-modal-box-modal-dialog\" data-delay-animation=\"\" data-modal-animation=\"fadeInDown animated-fast\">\r\n\t\t\t\t\t\t\t\t\t\t\t<div class=\"premium-modal-box-modal-header\">\r\n\t\t\t\t\t\t\t\t\t\t\t\t\t\t\t<h3 class=\"premium-modal-box-modal-title\">\r\n\t\t\t\t\t\t\t\t\t\t\t\t<img decoding=\"async\" src=\" https:\/\/amnistia.org.mx\/contenido\/wp-content\/uploads\/2023\/12\/Jesus.jpg\" alt=\"rpt\">\r\n\t\t\tJes\u00fas Manuel Reyes\u200b\t\t\t\t\t\t\t\t<\/h3>\r\n\t\t\t\t\t\t\t\t\t\t\t\t\t\t\t\t\t\t\t\t\t\t<div class=\"premium-modal-box-close-button-container\">\r\n\t\t\t\t\t\t\t\t\t<button type=\"button\" class=\"premium-modal-box-modal-close\" data-dismiss=\"premium-modal\">&times;<\/button>\r\n\t\t\t\t\t\t\t\t<\/div>\r\n\t\t\t\t\t\t\t\t\t\t\t\t\t<\/div>\r\n\t\t\t\t\t\t\t\t\t\t<div class=\"premium-modal-box-modal-body\">\r\n\t\t\t\t\t\t<p>Vocal<\/p>\t\t\t\t\t<\/div>\r\n\t\t\t\t\t\t\t\t\t\t\t<div class=\"premium-modal-box-modal-footer\">\r\n\t\t\t\t\t\t\t<button type=\"button\" class=\"premium-modal-box-modal-lower-close\" data-dismiss=\"premium-modal\">\r\n\t\t\t\t\t\t\t\tCerrar\t\t\t\t\t\t\t<\/button>\r\n\t\t\t\t\t\t<\/div>\r\n\t\t\t\t\t\t\t\t\t<\/div>\r\n\t\t\t<\/div>\r\n\t\t<\/div>\r\n\r\n\t\t\t\t<\/div>\n\t\t\t\t<\/div>\n\t\t\t\t<div class=\"elementor-element elementor-element-8b07d8e elementor-widget elementor-widget-heading\" data-id=\"8b07d8e\" data-element_type=\"widget\" data-widget_type=\"heading.default\">\n\t\t\t\t<div class=\"elementor-widget-container\">\n\t\t\t<h2 class=\"elementor-heading-title elementor-size-default\">Jes\u00fas Manuel Reyes\u200b<\/h2>\t\t<\/div>\n\t\t\t\t<\/div>\n\t\t\t\t<div class=\"elementor-element elementor-element-f4ce6ed elementor-widget elementor-widget-heading\" data-id=\"f4ce6ed\" data-element_type=\"widget\" data-widget_type=\"heading.default\">\n\t\t\t\t<div class=\"elementor-widget-container\">\n\t\t\t<h2 class=\"elementor-heading-title elementor-size-default\">Vocal<\/h2>\t\t<\/div>\n\t\t\t\t<\/div>\n\t\t\t\t\t<\/div>\n\t\t\t\t<\/div>\n\t\t\t\t<\/div>\n\t\t<div class=\"elementor-element elementor-element-dfe7b64 e-con-full e-flex e-con\" data-id=\"dfe7b64\" data-element_type=\"container\" data-settings=\"{&quot;content_width&quot;:&quot;full&quot;}\">\n\t\t<div class=\"elementor-element elementor-element-8c6bfa2 e-con-boxed e-flex e-con\" data-id=\"8c6bfa2\" data-element_type=\"container\" data-settings=\"{&quot;content_width&quot;:&quot;boxed&quot;}\">\n\t\t\t\t\t<div class=\"e-con-inner\">\n\t\t\t\t<div class=\"elementor-element elementor-element-7716da3 elementor-invisible elementor-widget elementor-widget-premium-addon-modal-box\" data-id=\"7716da3\" data-element_type=\"widget\" data-settings=\"{&quot;_animation&quot;:&quot;fadeIn&quot;,&quot;premium_modal_box_animation&quot;:&quot;fadeInDown&quot;}\" data-widget_type=\"premium-addon-modal-box.default\">\n\t\t\t\t<div class=\"elementor-widget-container\">\n\t\t\t\r\n\t\t<div class=\"premium-modal-box-container\" data-settings=\"{&quot;trigger&quot;:&quot;image&quot;}\">\r\n\t\t\t<div class=\"premium-modal-trigger-container\">\r\n\t\t\t\t\t\t\t\t\t<img decoding=\"async\" data-toggle=\"premium-modal\" data-target=\"#premium-modal-7716da3\" class=\"premium-modal-trigger-img\" src=\" https:\/\/amnistia.org.mx\/contenido\/wp-content\/uploads\/2023\/12\/NORA.jpg\" alt=\"rpt\">\r\n\t\t\t\t\t\t\t<\/div>\r\n\r\n\t\t\t<div id=\"premium-modal-7716da3\" class=\"premium-modal-box-modal\" role=\"dialog\" style=\"display: none\">\r\n\t\t\t\t<div class=\"premium-modal-box-modal-dialog\" data-delay-animation=\"\" data-modal-animation=\"fadeInDown animated-fast\">\r\n\t\t\t\t\t\t\t\t\t\t\t<div class=\"premium-modal-box-modal-header\">\r\n\t\t\t\t\t\t\t\t\t\t\t\t\t\t\t<h3 class=\"premium-modal-box-modal-title\">\r\n\t\t\t\t\t\t\t\t\t\t\t\t<img decoding=\"async\" src=\" https:\/\/amnistia.org.mx\/contenido\/wp-content\/uploads\/2023\/12\/NORA.jpg\" alt=\"rpt\">\r\n\t\t\tNora Ruth Ch\u00e1vez\t\t\t\t\t\t\t\t<\/h3>\r\n\t\t\t\t\t\t\t\t\t\t\t\t\t\t\t\t\t\t\t\t\t\t<div class=\"premium-modal-box-close-button-container\">\r\n\t\t\t\t\t\t\t\t\t<button type=\"button\" class=\"premium-modal-box-modal-close\" data-dismiss=\"premium-modal\">&times;<\/button>\r\n\t\t\t\t\t\t\t\t<\/div>\r\n\t\t\t\t\t\t\t\t\t\t\t\t\t<\/div>\r\n\t\t\t\t\t\t\t\t\t\t<div class=\"premium-modal-box-modal-body\">\r\n\t\t\t\t\t\t<p>Secretaria del CD<\/p>\t\t\t\t\t<\/div>\r\n\t\t\t\t\t\t\t\t\t\t\t<div class=\"premium-modal-box-modal-footer\">\r\n\t\t\t\t\t\t\t<button type=\"button\" class=\"premium-modal-box-modal-lower-close\" data-dismiss=\"premium-modal\">\r\n\t\t\t\t\t\t\t\tCerrar\t\t\t\t\t\t\t<\/button>\r\n\t\t\t\t\t\t<\/div>\r\n\t\t\t\t\t\t\t\t\t<\/div>\r\n\t\t\t<\/div>\r\n\t\t<\/div>\r\n\r\n\t\t\t\t<\/div>\n\t\t\t\t<\/div>\n\t\t\t\t<div class=\"elementor-element elementor-element-370ed11 elementor-widget elementor-widget-heading\" data-id=\"370ed11\" data-element_type=\"widget\" data-widget_type=\"heading.default\">\n\t\t\t\t<div class=\"elementor-widget-container\">\n\t\t\t<h2 class=\"elementor-heading-title elementor-size-default\">Nora Ruth Ch\u00e1vez<\/h2>\t\t<\/div>\n\t\t\t\t<\/div>\n\t\t\t\t<div class=\"elementor-element elementor-element-7e9e7b1 elementor-widget elementor-widget-heading\" data-id=\"7e9e7b1\" data-element_type=\"widget\" data-widget_type=\"heading.default\">\n\t\t\t\t<div class=\"elementor-widget-container\">\n\t\t\t<h2 class=\"elementor-heading-title elementor-size-default\">Secretaria del CD<\/h2>\t\t<\/div>\n\t\t\t\t<\/div>\n\t\t\t\t<div class=\"elementor-element elementor-element-afff8a1 elementor-widget elementor-widget-premium-addon-modal-box\" data-id=\"afff8a1\" data-element_type=\"widget\" data-settings=\"{&quot;premium_modal_box_animation&quot;:&quot;fadeInDown&quot;}\" data-widget_type=\"premium-addon-modal-box.default\">\n\t\t\t\t<div class=\"elementor-widget-container\">\n\t\t\t\r\n\t\t<div class=\"premium-modal-box-container\" data-settings=\"{&quot;trigger&quot;:&quot;image&quot;}\">\r\n\t\t\t<div class=\"premium-modal-trigger-container\">\r\n\t\t\t\t\t\t\t\t\t<img decoding=\"async\" data-toggle=\"premium-modal\" data-target=\"#premium-modal-afff8a1\" class=\"premium-modal-trigger-img\" src=\" https:\/\/amnistia.org.mx\/contenido\/wp-content\/uploads\/2023\/12\/NADIEDJA.jpg\" alt=\"rpt\">\r\n\t\t\t\t\t\t\t<\/div>\r\n\r\n\t\t\t<div id=\"premium-modal-afff8a1\" class=\"premium-modal-box-modal\" role=\"dialog\" style=\"display: none\">\r\n\t\t\t\t<div class=\"premium-modal-box-modal-dialog\" data-delay-animation=\"\" data-modal-animation=\"fadeInDown animated-fast\">\r\n\t\t\t\t\t\t\t\t\t\t\t<div class=\"premium-modal-box-modal-header\">\r\n\t\t\t\t\t\t\t\t\t\t\t\t\t\t\t<h3 class=\"premium-modal-box-modal-title\">\r\n\t\t\t\t\t\t\t\t\t\t\t\t<img decoding=\"async\" src=\" https:\/\/amnistia.org.mx\/contenido\/wp-content\/uploads\/2023\/12\/NADIEDJA.jpg\" alt=\"rpt\">\r\n\t\t\tNadiedja Luna\u200b\t\t\t\t\t\t\t\t<\/h3>\r\n\t\t\t\t\t\t\t\t\t\t\t\t\t\t\t\t\t\t\t\t\t\t<div class=\"premium-modal-box-close-button-container\">\r\n\t\t\t\t\t\t\t\t\t<button type=\"button\" class=\"premium-modal-box-modal-close\" data-dismiss=\"premium-modal\">&times;<\/button>\r\n\t\t\t\t\t\t\t\t<\/div>\r\n\t\t\t\t\t\t\t\t\t\t\t\t\t<\/div>\r\n\t\t\t\t\t\t\t\t\t\t<div class=\"premium-modal-box-modal-body\">\r\n\t\t\t\t\t\t<p>Vocal<\/p>\t\t\t\t\t<\/div>\r\n\t\t\t\t\t\t\t\t\t\t\t<div class=\"premium-modal-box-modal-footer\">\r\n\t\t\t\t\t\t\t<button type=\"button\" class=\"premium-modal-box-modal-lower-close\" data-dismiss=\"premium-modal\">\r\n\t\t\t\t\t\t\t\tCerrar\t\t\t\t\t\t\t<\/button>\r\n\t\t\t\t\t\t<\/div>\r\n\t\t\t\t\t\t\t\t\t<\/div>\r\n\t\t\t<\/div>\r\n\t\t<\/div>\r\n\r\n\t\t\t\t<\/div>\n\t\t\t\t<\/div>\n\t\t\t\t<div class=\"elementor-element elementor-element-51fe96f elementor-widget elementor-widget-heading\" data-id=\"51fe96f\" data-element_type=\"widget\" data-widget_type=\"heading.default\">\n\t\t\t\t<div class=\"elementor-widget-container\">\n\t\t\t<h2 class=\"elementor-heading-title elementor-size-default\">Nadiedja Luna<\/h2>\t\t<\/div>\n\t\t\t\t<\/div>\n\t\t\t\t<div class=\"elementor-element elementor-element-c71afd7 elementor-widget elementor-widget-heading\" data-id=\"c71afd7\" data-element_type=\"widget\" data-widget_type=\"heading.default\">\n\t\t\t\t<div class=\"elementor-widget-container\">\n\t\t\t<h2 class=\"elementor-heading-title elementor-size-default\">Vocal<\/h2>\t\t<\/div>\n\t\t\t\t<\/div>\n\t\t\t\t\t<\/div>\n\t\t\t\t<\/div>\n\t\t\t\t<\/div>\n\t\t<div class=\"elementor-element elementor-element-2b4d834 e-con-full e-flex e-con\" data-id=\"2b4d834\" data-element_type=\"container\" data-settings=\"{&quot;content_width&quot;:&quot;full&quot;}\">\n\t\t<div class=\"elementor-element elementor-element-5530dfe e-con-boxed e-flex e-con\" data-id=\"5530dfe\" data-element_type=\"container\" data-settings=\"{&quot;content_width&quot;:&quot;boxed&quot;}\">\n\t\t\t\t\t<div class=\"e-con-inner\">\n\t\t\t\t<div class=\"elementor-element elementor-element-ef72e5b elementor-widget elementor-widget-premium-addon-modal-box\" data-id=\"ef72e5b\" data-element_type=\"widget\" data-settings=\"{&quot;premium_modal_box_animation&quot;:&quot;fadeInDown&quot;}\" data-widget_type=\"premium-addon-modal-box.default\">\n\t\t\t\t<div class=\"elementor-widget-container\">\n\t\t\t\r\n\t\t<div class=\"premium-modal-box-container\" data-settings=\"{&quot;trigger&quot;:&quot;image&quot;}\">\r\n\t\t\t<div class=\"premium-modal-trigger-container\">\r\n\t\t\t\t\t\t\t\t\t<img decoding=\"async\" data-toggle=\"premium-modal\" data-target=\"#premium-modal-ef72e5b\" class=\"premium-modal-trigger-img\" src=\" https:\/\/amnistia.org.mx\/contenido\/wp-content\/uploads\/2023\/12\/EDUARDO.jpg\" alt=\"rpt\">\r\n\t\t\t\t\t\t\t<\/div>\r\n\r\n\t\t\t<div id=\"premium-modal-ef72e5b\" class=\"premium-modal-box-modal\" role=\"dialog\" style=\"display: none\">\r\n\t\t\t\t<div class=\"premium-modal-box-modal-dialog\" data-delay-animation=\"\" data-modal-animation=\"fadeInDown animated-fast\">\r\n\t\t\t\t\t\t\t\t\t\t\t<div class=\"premium-modal-box-modal-header\">\r\n\t\t\t\t\t\t\t\t\t\t\t\t\t\t\t<h3 class=\"premium-modal-box-modal-title\">\r\n\t\t\t\t\t\t\t\t\t\t\t\t<img decoding=\"async\" src=\" https:\/\/amnistia.org.mx\/contenido\/wp-content\/uploads\/2023\/12\/EDUARDO.jpg\" alt=\"rpt\">\r\n\t\t\tEduardo Mu\u00f1iz\t\t\t\t\t\t\t\t<\/h3>\r\n\t\t\t\t\t\t\t\t\t\t\t\t\t\t\t\t\t\t\t\t\t\t<div class=\"premium-modal-box-close-button-container\">\r\n\t\t\t\t\t\t\t\t\t<button type=\"button\" class=\"premium-modal-box-modal-close\" data-dismiss=\"premium-modal\">&times;<\/button>\r\n\t\t\t\t\t\t\t\t<\/div>\r\n\t\t\t\t\t\t\t\t\t\t\t\t\t<\/div>\r\n\t\t\t\t\t\t\t\t\t\t<div class=\"premium-modal-box-modal-body\">\r\n\t\t\t\t\t\t<p><strong>Tesorero<\/strong><\/p><p>Estudi\u00f3 Ciencia Pol\u00edtica en la UNAM y tiene un diplomado en Derechos Humanos por la Universidad Iberoamericana. Es activista del grupo de \u201cPersonas en Movimiento\u201d de la Ciudad de M\u00e9xico e integrante del Grupo Focal de Seguridad.<\/p><p>Ha participado en diversas organizaciones como: la Asociaci\u00f3n de Scouts de M\u00e9xico; la Red de Evaluadores de Pol\u00edticas P\u00fablicas (ANEPP); y Metr\u00f3polis: Ciudadan\u00eda, Espacio P\u00fablica y Democracia, A.C. Asimismo, ha coordinado con grupos de vecinos proyectos de participaci\u00f3n ciudadana y de empoderamiento social.<\/p>\t\t\t\t\t<\/div>\r\n\t\t\t\t\t\t\t\t\t\t\t<div class=\"premium-modal-box-modal-footer\">\r\n\t\t\t\t\t\t\t<button type=\"button\" class=\"premium-modal-box-modal-lower-close\" data-dismiss=\"premium-modal\">\r\n\t\t\t\t\t\t\t\tCerrar\t\t\t\t\t\t\t<\/button>\r\n\t\t\t\t\t\t<\/div>\r\n\t\t\t\t\t\t\t\t\t<\/div>\r\n\t\t\t<\/div>\r\n\t\t<\/div>\r\n\r\n\t\t\t\t<\/div>\n\t\t\t\t<\/div>\n\t\t\t\t<div class=\"elementor-element elementor-element-1eb78ed elementor-widget elementor-widget-heading\" data-id=\"1eb78ed\" data-element_type=\"widget\" data-widget_type=\"heading.default\">\n\t\t\t\t<div class=\"elementor-widget-container\">\n\t\t\t<h2 class=\"elementor-heading-title elementor-size-default\">Eduardo Mu\u00f1iz<\/h2>\t\t<\/div>\n\t\t\t\t<\/div>\n\t\t\t\t<div class=\"elementor-element elementor-element-9d2726f elementor-widget elementor-widget-heading\" data-id=\"9d2726f\" data-element_type=\"widget\" data-widget_type=\"heading.default\">\n\t\t\t\t<div class=\"elementor-widget-container\">\n\t\t\t<h2 class=\"elementor-heading-title elementor-size-default\">Tesorero<\/h2>\t\t<\/div>\n\t\t\t\t<\/div>\n\t\t<div class=\"elementor-element elementor-element-bb0b108 e-con-boxed e-flex e-con\" data-id=\"bb0b108\" data-element_type=\"container\" data-settings=\"{&quot;content_width&quot;:&quot;boxed&quot;}\">\n\t\t\t\t\t<div class=\"e-con-inner\">\n\t\t\t\t<div class=\"elementor-element elementor-element-4a6c4df elementor-widget elementor-widget-premium-addon-modal-box\" data-id=\"4a6c4df\" data-element_type=\"widget\" data-settings=\"{&quot;premium_modal_box_animation&quot;:&quot;fadeInDown&quot;}\" data-widget_type=\"premium-addon-modal-box.default\">\n\t\t\t\t<div class=\"elementor-widget-container\">\n\t\t\t\r\n\t\t<div class=\"premium-modal-box-container\" data-settings=\"{&quot;trigger&quot;:&quot;image&quot;}\">\r\n\t\t\t<div class=\"premium-modal-trigger-container\">\r\n\t\t\t\t\t\t\t\t\t<img decoding=\"async\" data-toggle=\"premium-modal\" data-target=\"#premium-modal-4a6c4df\" class=\"premium-modal-trigger-img\" src=\" https:\/\/amnistia.org.mx\/contenido\/wp-content\/uploads\/2023\/12\/WENDY.jpg\" alt=\"rpt\">\r\n\t\t\t\t\t\t\t<\/div>\r\n\r\n\t\t\t<div id=\"premium-modal-4a6c4df\" class=\"premium-modal-box-modal\" role=\"dialog\" style=\"display: none\">\r\n\t\t\t\t<div class=\"premium-modal-box-modal-dialog\" data-delay-animation=\"\" data-modal-animation=\"fadeInDown animated-fast\">\r\n\t\t\t\t\t\t\t\t\t\t\t<div class=\"premium-modal-box-modal-header\">\r\n\t\t\t\t\t\t\t\t\t\t\t\t\t\t\t<h3 class=\"premium-modal-box-modal-title\">\r\n\t\t\t\t\t\t\t\t\t\t\t\t<img decoding=\"async\" src=\" https:\/\/amnistia.org.mx\/contenido\/wp-content\/uploads\/2023\/12\/WENDY.jpg\" alt=\"rpt\">\r\n\t\t\tWendy Galarza\t\t\t\t\t\t\t\t<\/h3>\r\n\t\t\t\t\t\t\t\t\t\t\t\t\t\t\t\t\t\t\t\t\t\t<div class=\"premium-modal-box-close-button-container\">\r\n\t\t\t\t\t\t\t\t\t<button type=\"button\" class=\"premium-modal-box-modal-close\" data-dismiss=\"premium-modal\">&times;<\/button>\r\n\t\t\t\t\t\t\t\t<\/div>\r\n\t\t\t\t\t\t\t\t\t\t\t\t\t<\/div>\r\n\t\t\t\t\t\t\t\t\t\t<div class=\"premium-modal-box-modal-body\">\r\n\t\t\t\t\t\t<p><strong>Vocal<\/strong><\/p><p>Mujer Potosina nacida en Abril de 1991, radica actualmente en Canc\u00fan Quintana Roo.<br \/>Puericultora de profesi\u00f3n, se ha dedicado al desarrollo integral infantil y a la docencia con juventudes desde el a\u00f1o 2009.<br \/>Defensora de derechos humanos a ra\u00edz del crimen de estado del 9N en d\u00f3nde fue sobreviviente de impactos de bala por parte de la polic\u00eda en Quintana Roo.<br \/>Actualmente es Activista de Amnist\u00eda Internacional.<\/p>\t\t\t\t\t<\/div>\r\n\t\t\t\t\t\t\t\t\t\t\t<div class=\"premium-modal-box-modal-footer\">\r\n\t\t\t\t\t\t\t<button type=\"button\" class=\"premium-modal-box-modal-lower-close\" data-dismiss=\"premium-modal\">\r\n\t\t\t\t\t\t\t\tCerrar\t\t\t\t\t\t\t<\/button>\r\n\t\t\t\t\t\t<\/div>\r\n\t\t\t\t\t\t\t\t\t<\/div>\r\n\t\t\t<\/div>\r\n\t\t<\/div>\r\n\r\n\t\t\t\t<\/div>\n\t\t\t\t<\/div>\n\t\t\t\t\t<\/div>\n\t\t\t\t<\/div>\n\t\t\t\t<div class=\"elementor-element elementor-element-7749155 elementor-widget elementor-widget-heading\" data-id=\"7749155\" data-element_type=\"widget\" data-widget_type=\"heading.default\">\n\t\t\t\t<div class=\"elementor-widget-container\">\n\t\t\t<h2 class=\"elementor-heading-title elementor-size-default\">Wendy Galarza<\/h2>\t\t<\/div>\n\t\t\t\t<\/div>\n\t\t\t\t<div class=\"elementor-element elementor-element-63ec3a5 elementor-widget elementor-widget-heading\" data-id=\"63ec3a5\" data-element_type=\"widget\" data-widget_type=\"heading.default\">\n\t\t\t\t<div class=\"elementor-widget-container\">\n\t\t\t<h2 class=\"elementor-heading-title elementor-size-default\">Vocal<\/h2>\t\t<\/div>\n\t\t\t\t<\/div>\n\t\t\t\t\t<\/div>\n\t\t\t\t<\/div>\n\t\t\t\t<\/div>\n\t\t<div class=\"elementor-element elementor-element-20a3a63 e-con-full e-flex e-con\" data-id=\"20a3a63\" data-element_type=\"container\" data-settings=\"{&quot;content_width&quot;:&quot;full&quot;}\">\n\t\t<div class=\"elementor-element elementor-element-ad256de e-con-boxed e-flex e-con\" data-id=\"ad256de\" data-element_type=\"container\" data-settings=\"{&quot;content_width&quot;:&quot;boxed&quot;}\">\n\t\t\t\t\t<div class=\"e-con-inner\">\n\t\t\t\t<div class=\"elementor-element elementor-element-4f39218 elementor-widget elementor-widget-premium-addon-modal-box\" data-id=\"4f39218\" data-element_type=\"widget\" data-settings=\"{&quot;premium_modal_box_animation&quot;:&quot;fadeInDown&quot;}\" data-widget_type=\"premium-addon-modal-box.default\">\n\t\t\t\t<div class=\"elementor-widget-container\">\n\t\t\t\r\n\t\t<div class=\"premium-modal-box-container\" data-settings=\"{&quot;trigger&quot;:&quot;image&quot;}\">\r\n\t\t\t<div class=\"premium-modal-trigger-container\">\r\n\t\t\t\t\t\t\t\t\t<img decoding=\"async\" data-toggle=\"premium-modal\" data-target=\"#premium-modal-4f39218\" class=\"premium-modal-trigger-img\" src=\" https:\/\/amnistia.org.mx\/contenido\/wp-content\/uploads\/2024\/02\/Alejandra_Torres_Vocal.png\" alt=\"Alejandra_Torres_Vocal\">\r\n\t\t\t\t\t\t\t<\/div>\r\n\r\n\t\t\t<div id=\"premium-modal-4f39218\" class=\"premium-modal-box-modal\" role=\"dialog\" style=\"display: none\">\r\n\t\t\t\t<div class=\"premium-modal-box-modal-dialog\" data-delay-animation=\"\" data-modal-animation=\"fadeInDown animated-fast\">\r\n\t\t\t\t\t\t\t\t\t\t\t<div class=\"premium-modal-box-modal-header\">\r\n\t\t\t\t\t\t\t\t\t\t\t\t\t\t\t<h3 class=\"premium-modal-box-modal-title\">\r\n\t\t\t\t\t\t\t\t\t\t\t\t<img decoding=\"async\" src=\" https:\/\/amnistia.org.mx\/contenido\/wp-content\/uploads\/2024\/02\/Alejandra_Torres_Vocal.png\" alt=\"Alejandra_Torres_Vocal\">\r\n\t\t\tSoledad Torres\t\t\t\t\t\t\t\t<\/h3>\r\n\t\t\t\t\t\t\t\t\t\t\t\t\t\t\t\t\t\t\t\t\t\t<div class=\"premium-modal-box-close-button-container\">\r\n\t\t\t\t\t\t\t\t\t<button type=\"button\" class=\"premium-modal-box-modal-close\" data-dismiss=\"premium-modal\">&times;<\/button>\r\n\t\t\t\t\t\t\t\t<\/div>\r\n\t\t\t\t\t\t\t\t\t\t\t\t\t<\/div>\r\n\t\t\t\t\t\t\t\t\t\t<div class=\"premium-modal-box-modal-body\">\r\n\t\t\t\t\t\t<p><strong>Vocal<\/strong><\/p><p>\u00a0<\/p>\t\t\t\t\t<\/div>\r\n\t\t\t\t\t\t\t\t\t\t\t<div class=\"premium-modal-box-modal-footer\">\r\n\t\t\t\t\t\t\t<button type=\"button\" class=\"premium-modal-box-modal-lower-close\" data-dismiss=\"premium-modal\">\r\n\t\t\t\t\t\t\t\tCerrar\t\t\t\t\t\t\t<\/button>\r\n\t\t\t\t\t\t<\/div>\r\n\t\t\t\t\t\t\t\t\t<\/div>\r\n\t\t\t<\/div>\r\n\t\t<\/div>\r\n\r\n\t\t\t\t<\/div>\n\t\t\t\t<\/div>\n\t\t\t\t<div class=\"elementor-element elementor-element-b98e28b elementor-widget elementor-widget-heading\" data-id=\"b98e28b\" data-element_type=\"widget\" data-widget_type=\"heading.default\">\n\t\t\t\t<div class=\"elementor-widget-container\">\n\t\t\t<h2 class=\"elementor-heading-title elementor-size-default\">Soledad Torres\n<\/h2>\t\t<\/div>\n\t\t\t\t<\/div>\n\t\t\t\t<div class=\"elementor-element elementor-element-005ae86 elementor-widget elementor-widget-heading\" data-id=\"005ae86\" data-element_type=\"widget\" data-widget_type=\"heading.default\">\n\t\t\t\t<div class=\"elementor-widget-container\">\n\t\t\t<h2 class=\"elementor-heading-title elementor-size-default\">      Vocal<\/h2>\t\t<\/div>\n\t\t\t\t<\/div>\n\t\t\t\t\t<\/div>\n\t\t\t\t<\/div>\n\t\t\t\t<\/div>\n\t\t\t\t<\/div>\n\t\t<div class=\"e-n-tab-title e-collapse\" aria-selected=\"false\" data-tab=\"2\" role=\"tab\" tabindex=\"-1\" aria-controls=\"e-n-tab-content-1622\" aria-expanded=\"false\" id=\"e-n-tabs-title-1622-accordion\">\t<span class=\"e-n-tab-icon\"><\/span>\t<span class=\"e-n-tab-title-text\">Direcci\u00f3n ejecutiva<\/span><\/div><div class=\"elementor-element elementor-element-fb0c04c e-con-full e-flex e-con\" data-id=\"fb0c04c\" data-element_type=\"container\" data-settings=\"{&quot;content_width&quot;:&quot;full&quot;}\">\n\t\t<div class=\"elementor-element elementor-element-9f8f126 e-con-full e-flex e-con\" data-id=\"9f8f126\" data-element_type=\"container\" data-settings=\"{&quot;content_width&quot;:&quot;full&quot;}\">\n\t\t<div class=\"elementor-element elementor-element-9d7b53f e-con-boxed e-flex e-con\" data-id=\"9d7b53f\" data-element_type=\"container\" data-settings=\"{&quot;content_width&quot;:&quot;boxed&quot;}\">\n\t\t\t\t\t<div class=\"e-con-inner\">\n\t\t\t\t<div class=\"elementor-element elementor-element-a642b2e elementor-invisible elementor-widget elementor-widget-premium-addon-modal-box\" data-id=\"a642b2e\" data-element_type=\"widget\" data-settings=\"{&quot;_animation&quot;:&quot;fadeIn&quot;,&quot;premium_modal_box_animation&quot;:&quot;fadeInDown&quot;}\" data-widget_type=\"premium-addon-modal-box.default\">\n\t\t\t\t<div class=\"elementor-widget-container\">\n\t\t\t\r\n\t\t<div class=\"premium-modal-box-container\" data-settings=\"{&quot;trigger&quot;:&quot;image&quot;}\">\r\n\t\t\t<div class=\"premium-modal-trigger-container\">\r\n\t\t\t\t\t\t\t\t\t<img decoding=\"async\" data-toggle=\"premium-modal\" data-target=\"#premium-modal-a642b2e\" class=\"premium-modal-trigger-img\" src=\" https:\/\/amnistia.org.mx\/contenido\/wp-content\/uploads\/2023\/11\/edith.jpg\" alt=\"edith\">\r\n\t\t\t\t\t\t\t<\/div>\r\n\r\n\t\t\t<div id=\"premium-modal-a642b2e\" class=\"premium-modal-box-modal\" role=\"dialog\" style=\"display: none\">\r\n\t\t\t\t<div class=\"premium-modal-box-modal-dialog\" data-delay-animation=\"\" data-modal-animation=\"fadeInDown animated-fast\">\r\n\t\t\t\t\t\t\t\t\t\t\t<div class=\"premium-modal-box-modal-header\">\r\n\t\t\t\t\t\t\t\t\t\t\t\t\t\t\t<h3 class=\"premium-modal-box-modal-title\">\r\n\t\t\t\t\t\t\t\t\t\t\t\t<img decoding=\"async\" src=\" https:\/\/amnistia.org.mx\/contenido\/wp-content\/uploads\/2023\/11\/edith.jpg\" alt=\"edith\">\r\n\t\t\tEdith Olivares\t\t\t\t\t\t\t\t<\/h3>\r\n\t\t\t\t\t\t\t\t\t\t\t\t\t\t\t\t\t\t\t\t\t\t<div class=\"premium-modal-box-close-button-container\">\r\n\t\t\t\t\t\t\t\t\t<button type=\"button\" class=\"premium-modal-box-modal-close\" data-dismiss=\"premium-modal\">&times;<\/button>\r\n\t\t\t\t\t\t\t\t<\/div>\r\n\t\t\t\t\t\t\t\t\t\t\t\t\t<\/div>\r\n\t\t\t\t\t\t\t\t\t\t<div class=\"premium-modal-box-modal-body\">\r\n\t\t\t\t\t\t<p><strong>Directora Ejecutiva<\/strong><\/p><p>Licenciada en Sociolog\u00eda por la Universidad de Costa Rica, Maestra en Estudios Urbanos por el Colegio de M\u00e9xico, con estudios doctorales en Antropolog\u00eda Social en la Universidad Iberoamericana.<\/p><p>De 2004 a 2006 fue Coordinadora T\u00e9cnica de una serie de diplomados en temas de g\u00e9nero, pol\u00edticas p\u00fablicas y violencia contra las mujeres, que imparti\u00f3 la Facultad Latinoamericana de Ciencias Sociales a servidores y servidoras p\u00fablicas de instancias estatales de la mujer y de la Secretar\u00eda de Desarrollo Social.\u00a0 Durante 2007 fue asesora del Centro de Estudios para el Adelanto de las Mujeres y la Equidad de G\u00e9nero de la C\u00e1mara de Diputados.\u00a0<\/p><p>Entre 2008 y 2018 se desempe\u00f1\u00f3 como consultora independiente en investigaci\u00f3n aplicada y asesor\u00eda en el dise\u00f1o de pol\u00edticas p\u00fablicas para la igualdad y la vida libre de violencia. Realiz\u00f3 consultor\u00edas para organismos internacionales como el Programa de Naciones Unidas para el Desarrollo y ONU Mujeres; para dependencias de la Administraci\u00f3n P\u00fablica Federal como el Instituto Nacional de las Mujeres, la Comisi\u00f3n Nacional para Combatir y Erradicar la Violencia contra las Mujeres, el Instituto Nacional de Desarrollo Social, la Secretar\u00eda de Relaciones Exteriores y la Comisi\u00f3n Ejecutiva de Atenci\u00f3n a V\u00edctimas, as\u00ed como para Institutos Estatales y Municipales de las Mujeres.<\/p><p>Desde 2019 se incorpor\u00f3 al equipo de Amnist\u00eda Internacional M\u00e9xico, en donde ocup\u00f3 la Coordinaci\u00f3n de An\u00e1lisis e Incidencia y luego la Jefatura de la Unidad de Derechos Humanos. Actualmente es Directora Ejecutiva de Amnist\u00eda Internacional M\u00e9xico.<\/p>\t\t\t\t\t<\/div>\r\n\t\t\t\t\t\t\t\t\t\t\t<div class=\"premium-modal-box-modal-footer\">\r\n\t\t\t\t\t\t\t<button type=\"button\" class=\"premium-modal-box-modal-lower-close\" data-dismiss=\"premium-modal\">\r\n\t\t\t\t\t\t\t\tCerrar\t\t\t\t\t\t\t<\/button>\r\n\t\t\t\t\t\t<\/div>\r\n\t\t\t\t\t\t\t\t\t<\/div>\r\n\t\t\t<\/div>\r\n\t\t<\/div>\r\n\r\n\t\t\t\t<\/div>\n\t\t\t\t<\/div>\n\t\t\t\t<div class=\"elementor-element elementor-element-19a7e44 elementor-widget elementor-widget-heading\" data-id=\"19a7e44\" data-element_type=\"widget\" data-widget_type=\"heading.default\">\n\t\t\t\t<div class=\"elementor-widget-container\">\n\t\t\t<h2 class=\"elementor-heading-title elementor-size-default\">Edith Olivares<\/h2>\t\t<\/div>\n\t\t\t\t<\/div>\n\t\t\t\t<div class=\"elementor-element elementor-element-e2e9a4b elementor-widget elementor-widget-heading\" data-id=\"e2e9a4b\" data-element_type=\"widget\" data-widget_type=\"heading.default\">\n\t\t\t\t<div class=\"elementor-widget-container\">\n\t\t\t<h2 class=\"elementor-heading-title elementor-size-default\">Directora Ejecutiva<\/h2>\t\t<\/div>\n\t\t\t\t<\/div>\n\t\t\t\t\t<\/div>\n\t\t\t\t<\/div>\n\t\t\t\t<\/div>\n\t\t<div class=\"elementor-element elementor-element-da81672 e-con-full e-flex e-con\" data-id=\"da81672\" data-element_type=\"container\" data-settings=\"{&quot;content_width&quot;:&quot;full&quot;}\">\n\t\t\t\t<div class=\"elementor-element elementor-element-43cd616 elementor-position-top elementor-vertical-align-top elementor-widget elementor-widget-image-box\" data-id=\"43cd616\" data-element_type=\"widget\" data-widget_type=\"image-box.default\">\n\t\t\t\t<div class=\"elementor-widget-container\">\n\t\t\t<style>\/*! elementor - v3.11.5 - 14-03-2023 *\/\n.elementor-widget-image-box .elementor-image-box-content{width:100%}@media (min-width:768px){.elementor-widget-image-box.elementor-position-left .elementor-image-box-wrapper,.elementor-widget-image-box.elementor-position-right .elementor-image-box-wrapper{display:flex}.elementor-widget-image-box.elementor-position-right .elementor-image-box-wrapper{text-align:right;flex-direction:row-reverse}.elementor-widget-image-box.elementor-position-left .elementor-image-box-wrapper{text-align:left;flex-direction:row}.elementor-widget-image-box.elementor-position-top .elementor-image-box-img{margin:auto}.elementor-widget-image-box.elementor-vertical-align-top .elementor-image-box-wrapper{align-items:flex-start}.elementor-widget-image-box.elementor-vertical-align-middle .elementor-image-box-wrapper{align-items:center}.elementor-widget-image-box.elementor-vertical-align-bottom .elementor-image-box-wrapper{align-items:flex-end}}@media (max-width:767px){.elementor-widget-image-box .elementor-image-box-img{margin-left:auto!important;margin-right:auto!important;margin-bottom:15px}}.elementor-widget-image-box .elementor-image-box-img{display:inline-block}.elementor-widget-image-box .elementor-image-box-title a{color:inherit}.elementor-widget-image-box .elementor-image-box-wrapper{text-align:center}.elementor-widget-image-box .elementor-image-box-description{margin:0}<\/style><div class=\"elementor-image-box-wrapper\"><figure class=\"elementor-image-box-img\"><img decoding=\"async\" width=\"150\" height=\"150\" src=\"https:\/\/amnistia.org.mx\/contenido\/wp-content\/uploads\/2020\/06\/Xitalli.jpg\" class=\"attachment-full size-full wp-image-19363\" alt=\"\" loading=\"lazy\" \/><\/figure><div class=\"elementor-image-box-content\"><h3 class=\"elementor-image-box-title\">Xitlalli Villanueva<\/h3><p class=\"elementor-image-box-description\">Asistente de la Direcci\u00f3n Ejecutiva y del Comit\u00e9 Directivo\n\n<\/p><\/div><\/div>\t\t<\/div>\n\t\t\t\t<\/div>\n\t\t\t\t<\/div>\n\t\t<div class=\"elementor-element elementor-element-cad86a1 e-con-full e-flex e-con\" data-id=\"cad86a1\" data-element_type=\"container\" data-settings=\"{&quot;content_width&quot;:&quot;full&quot;}\">\n\t\t<div class=\"elementor-element elementor-element-571bbb8 e-con-full e-flex e-con\" data-id=\"571bbb8\" data-element_type=\"container\" data-settings=\"{&quot;content_width&quot;:&quot;full&quot;}\">\n\t\t\t\t<div class=\"elementor-element elementor-element-e6ce83e elementor-position-top elementor-vertical-align-top elementor-widget elementor-widget-image-box\" data-id=\"e6ce83e\" data-element_type=\"widget\" data-widget_type=\"image-box.default\">\n\t\t\t\t<div class=\"elementor-widget-container\">\n\t\t\t<div class=\"elementor-image-box-wrapper\"><figure class=\"elementor-image-box-img\"><img decoding=\"async\" width=\"150\" height=\"150\" src=\"https:\/\/amnistia.org.mx\/contenido\/wp-content\/uploads\/2020\/06\/jeacquelin.jpg\" class=\"attachment-full size-full wp-image-19592\" alt=\"\" loading=\"lazy\" \/><\/figure><div class=\"elementor-image-box-content\"><h3 class=\"elementor-image-box-title\">Jeaqueline Hern\u00e1ndez <\/h3><p class=\"elementor-image-box-description\">Especialista de Recursos Humanos <\/p><\/div><\/div>\t\t<\/div>\n\t\t\t\t<\/div>\n\t\t\t\t<\/div>\n\t\t\t\t<\/div>\n\t\t<div class=\"elementor-element elementor-element-1303a68 e-con-full e-flex e-con\" data-id=\"1303a68\" data-element_type=\"container\" data-settings=\"{&quot;content_width&quot;:&quot;full&quot;}\">\n\t\t<div class=\"elementor-element elementor-element-4b9017e e-con-full e-flex e-con\" data-id=\"4b9017e\" data-element_type=\"container\" data-settings=\"{&quot;content_width&quot;:&quot;full&quot;}\">\n\t\t<div class=\"elementor-element elementor-element-4ce3156 e-con-full e-flex e-con\" data-id=\"4ce3156\" data-element_type=\"container\" data-settings=\"{&quot;content_width&quot;:&quot;full&quot;}\">\n\t\t\t\t<\/div>\n\t\t\t\t<\/div>\n\t\t\t\t<\/div>\n\t\t<div class=\"elementor-element elementor-element-00d48db e-con-full e-flex e-con\" data-id=\"00d48db\" data-element_type=\"container\" data-settings=\"{&quot;content_width&quot;:&quot;full&quot;}\">\n\t\t\t\t<\/div>\n\t\t<div class=\"elementor-element elementor-element-d7439f8 e-con-full e-flex e-con\" data-id=\"d7439f8\" data-element_type=\"container\" data-settings=\"{&quot;content_width&quot;:&quot;full&quot;}\">\n\t\t\t\t<\/div>\n\t\t<div class=\"elementor-element elementor-element-2aa9ebf e-con-full e-flex e-con\" data-id=\"2aa9ebf\" data-element_type=\"container\" data-settings=\"{&quot;content_width&quot;:&quot;full&quot;}\">\n\t\t\t\t<\/div>\n\t\t\t\t<\/div>\n\t\t<div class=\"e-n-tab-title e-collapse\" aria-selected=\"false\" data-tab=\"3\" role=\"tab\" tabindex=\"-1\" aria-controls=\"e-n-tab-content-1623\" aria-expanded=\"false\" id=\"e-n-tabs-title-1623-accordion\">\t<span class=\"e-n-tab-icon\"><\/span>\t<span class=\"e-n-tab-title-text\">PROCURACI\u00d3N DE FONDOS<\/span><\/div><div class=\"elementor-element elementor-element-5d00454 e-con-full e-flex e-con\" data-id=\"5d00454\" data-element_type=\"container\" data-settings=\"{&quot;content_width&quot;:&quot;full&quot;}\">\n\t\t<div class=\"elementor-element elementor-element-2ad27ba e-con-full e-flex e-con\" data-id=\"2ad27ba\" data-element_type=\"container\" data-settings=\"{&quot;content_width&quot;:&quot;full&quot;}\">\n\t\t<div class=\"elementor-element elementor-element-3a4e38b e-con-boxed e-flex e-con\" data-id=\"3a4e38b\" data-element_type=\"container\" data-settings=\"{&quot;content_width&quot;:&quot;boxed&quot;}\">\n\t\t\t\t\t<div class=\"e-con-inner\">\n\t\t\t\t<div class=\"elementor-element elementor-element-14dadb0 elementor-invisible elementor-widget elementor-widget-premium-addon-modal-box\" data-id=\"14dadb0\" data-element_type=\"widget\" data-settings=\"{&quot;_animation&quot;:&quot;fadeIn&quot;,&quot;premium_modal_box_animation&quot;:&quot;fadeInDown&quot;}\" data-widget_type=\"premium-addon-modal-box.default\">\n\t\t\t\t<div class=\"elementor-widget-container\">\n\t\t\t\r\n\t\t<div class=\"premium-modal-box-container\" data-settings=\"{&quot;trigger&quot;:&quot;image&quot;}\">\r\n\t\t\t<div class=\"premium-modal-trigger-container\">\r\n\t\t\t\t\t\t\t\t\t<img decoding=\"async\" data-toggle=\"premium-modal\" data-target=\"#premium-modal-14dadb0\" class=\"premium-modal-trigger-img\" src=\" https:\/\/amnistia.org.mx\/contenido\/wp-content\/uploads\/2023\/11\/mariana.jpg\" alt=\"mariana\">\r\n\t\t\t\t\t\t\t<\/div>\r\n\r\n\t\t\t<div id=\"premium-modal-14dadb0\" class=\"premium-modal-box-modal\" role=\"dialog\" style=\"display: none\">\r\n\t\t\t\t<div class=\"premium-modal-box-modal-dialog\" data-delay-animation=\"\" data-modal-animation=\"fadeInDown animated-fast\">\r\n\t\t\t\t\t\t\t\t\t\t\t<div class=\"premium-modal-box-modal-header\">\r\n\t\t\t\t\t\t\t\t\t\t\t\t\t\t\t<h3 class=\"premium-modal-box-modal-title\">\r\n\t\t\t\t\t\t\t\t\t\t\t\t<img decoding=\"async\" src=\" https:\/\/amnistia.org.mx\/contenido\/wp-content\/uploads\/2023\/11\/mariana.jpg\" alt=\"mariana\">\r\n\t\t\tMariana Casta\u00f1eda\t\t\t\t\t\t\t\t<\/h3>\r\n\t\t\t\t\t\t\t\t\t\t\t\t\t\t\t\t\t\t\t\t\t\t<div class=\"premium-modal-box-close-button-container\">\r\n\t\t\t\t\t\t\t\t\t<button type=\"button\" class=\"premium-modal-box-modal-close\" data-dismiss=\"premium-modal\">&times;<\/button>\r\n\t\t\t\t\t\t\t\t<\/div>\r\n\t\t\t\t\t\t\t\t\t\t\t\t\t<\/div>\r\n\t\t\t\t\t\t\t\t\t\t<div class=\"premium-modal-box-modal-body\">\r\n\t\t\t\t\t\t<p><strong>Subdirectora de Recaudaci\u00f3n de fondos<\/strong><\/p><p dir=\"ltr\">Mariana Casta\u00f1eda Gonz\u00e1lez es una profesional con m\u00e1s de 14 a\u00f1os de experiencia trabajando en organizaciones de la sociedad civil para generar cambios sostenibles en la sociedad. Tiene una certificaci\u00f3n en Gesti\u00f3n de Proyectos de Desarrollo del BID, un Diplomado en Marketing Digital del ITESM, una Maestr\u00eda en Responsabilidad Social de la Universidad Anahuac Norte y una Licenciatura en Antropolog\u00eda Social de la Universidad Aut\u00f3noma Metropolitana. Entre sus habilidades destacan el pensamiento estrat\u00e9gico, la gesti\u00f3n de equipos orientada a resultados, las habilidades de liderazgo y el rendimiento bajo presi\u00f3n.<\/p><p dir=\"ltr\">En su experiencia laboral m\u00e1s reciente, Mariana es Subdirectora de Procuraci\u00f3n de Fondos en Amnist\u00eda Internacional M\u00e9xico, donde desarrolla la estrategia de procuraci\u00f3n de fondos a trav\u00e9s de donantes individuales y donantes institucionales. Antes de esto, Mariana fue Directora de Desarrollo de Recursos y Gerente de Corporativos Mexicanos en H\u00e1bitat para la Humanidad M\u00e9xico, donde desarroll\u00f3 estrategias para procurar fondos a trav\u00e9s de corporativos, fundaciones y organismos internacionales. Previamente, Mariana trabaj\u00f3 como Directora de Procuraci\u00f3n de Fondos P\u00fablicos en OXFAM M\u00e9xico, donde dirigi\u00f3 el departamento encargado de movilizar recursos con donantes corporativos y donantes individuales para aumentar los fondos no etiquetados. Adem\u00e1s, ha sido responsable de diferentes fuentes de financiamiento como &#8220;face-to-face&#8221;, campa\u00f1as de emailing, telemarketing, proyectos de productos con causa y crowdfunding.<\/p>\t\t\t\t\t<\/div>\r\n\t\t\t\t\t\t\t\t\t\t\t<div class=\"premium-modal-box-modal-footer\">\r\n\t\t\t\t\t\t\t<button type=\"button\" class=\"premium-modal-box-modal-lower-close\" data-dismiss=\"premium-modal\">\r\n\t\t\t\t\t\t\t\tCerrar\t\t\t\t\t\t\t<\/button>\r\n\t\t\t\t\t\t<\/div>\r\n\t\t\t\t\t\t\t\t\t<\/div>\r\n\t\t\t<\/div>\r\n\t\t<\/div>\r\n\r\n\t\t\t\t<\/div>\n\t\t\t\t<\/div>\n\t\t\t\t<div class=\"elementor-element elementor-element-be14ab2 elementor-widget elementor-widget-heading\" data-id=\"be14ab2\" data-element_type=\"widget\" data-widget_type=\"heading.default\">\n\t\t\t\t<div class=\"elementor-widget-container\">\n\t\t\t<h2 class=\"elementor-heading-title elementor-size-default\">Mariana Casta\u00f1eda<\/h2>\t\t<\/div>\n\t\t\t\t<\/div>\n\t\t\t\t<div class=\"elementor-element elementor-element-9687aa7 elementor-widget elementor-widget-heading\" data-id=\"9687aa7\" data-element_type=\"widget\" data-widget_type=\"heading.default\">\n\t\t\t\t<div class=\"elementor-widget-container\">\n\t\t\t<h2 class=\"elementor-heading-title elementor-size-default\">Subdirectora<\/h2>\t\t<\/div>\n\t\t\t\t<\/div>\n\t\t\t\t\t<\/div>\n\t\t\t\t<\/div>\n\t\t\t\t<\/div>\n\t\t<div class=\"elementor-element elementor-element-a5b430e e-con-full e-flex e-con\" data-id=\"a5b430e\" data-element_type=\"container\" data-settings=\"{&quot;content_width&quot;:&quot;full&quot;}\">\n\t\t\t\t<div class=\"elementor-element elementor-element-b21ad8e elementor-position-top elementor-vertical-align-top elementor-widget elementor-widget-image-box\" data-id=\"b21ad8e\" data-element_type=\"widget\" data-widget_type=\"image-box.default\">\n\t\t\t\t<div class=\"elementor-widget-container\">\n\t\t\t<div class=\"elementor-image-box-wrapper\"><figure class=\"elementor-image-box-img\"><img decoding=\"async\" width=\"300\" height=\"300\" src=\"https:\/\/amnistia.org.mx\/contenido\/wp-content\/uploads\/2023\/11\/adalia.jpg\" class=\"attachment-full size-full wp-image-28852\" alt=\"\" loading=\"lazy\" \/><\/figure><div class=\"elementor-image-box-content\"><h3 class=\"elementor-image-box-title\">Adalia Contreras<\/h3><p class=\"elementor-image-box-description\">Coordinadora de Crecimiento Digital<\/p><\/div><\/div>\t\t<\/div>\n\t\t\t\t<\/div>\n\t\t\t\t<\/div>\n\t\t<div class=\"elementor-element elementor-element-e1afc64 e-con-full e-flex e-con\" data-id=\"e1afc64\" data-element_type=\"container\" data-settings=\"{&quot;content_width&quot;:&quot;full&quot;}\">\n\t\t\t\t<div class=\"elementor-element elementor-element-b26119a elementor-position-top elementor-vertical-align-top elementor-widget elementor-widget-image-box\" data-id=\"b26119a\" data-element_type=\"widget\" data-widget_type=\"image-box.default\">\n\t\t\t\t<div class=\"elementor-widget-container\">\n\t\t\t<div class=\"elementor-image-box-wrapper\"><figure class=\"elementor-image-box-img\"><img decoding=\"async\" width=\"300\" height=\"300\" src=\"https:\/\/amnistia.org.mx\/contenido\/wp-content\/uploads\/2024\/02\/Luis_Ar.jpg\" class=\"attachment-full size-full wp-image-29665\" alt=\"\" loading=\"lazy\" \/><\/figure><div class=\"elementor-image-box-content\"><h3 class=\"elementor-image-box-title\">Luis Arellano<\/h3><p class=\"elementor-image-box-description\">Coordinador de Fundaciones<\/p><\/div><\/div>\t\t<\/div>\n\t\t\t\t<\/div>\n\t\t\t\t<\/div>\n\t\t<div class=\"elementor-element elementor-element-0a65156 e-con-full e-flex e-con\" data-id=\"0a65156\" data-element_type=\"container\" data-settings=\"{&quot;content_width&quot;:&quot;full&quot;}\">\n\t\t\t\t<div class=\"elementor-element elementor-element-20b198d elementor-position-top elementor-vertical-align-top elementor-widget elementor-widget-image-box\" data-id=\"20b198d\" data-element_type=\"widget\" data-widget_type=\"image-box.default\">\n\t\t\t\t<div class=\"elementor-widget-container\">\n\t\t\t<div class=\"elementor-image-box-wrapper\"><figure class=\"elementor-image-box-img\"><img decoding=\"async\" width=\"300\" height=\"300\" src=\"https:\/\/amnistia.org.mx\/contenido\/wp-content\/uploads\/2023\/11\/Vanessa.jpg\" class=\"attachment-full size-full wp-image-28853\" alt=\"\" loading=\"lazy\" \/><\/figure><div class=\"elementor-image-box-content\"><h3 class=\"elementor-image-box-title\">Vanessa Herrera<\/h3><p class=\"elementor-image-box-description\">Coordinadora de Di\u00e1logo Directo<\/p><\/div><\/div>\t\t<\/div>\n\t\t\t\t<\/div>\n\t\t\t\t<\/div>\n\t\t<div class=\"elementor-element elementor-element-fcb3102 e-con-full e-flex e-con\" data-id=\"fcb3102\" data-element_type=\"container\" data-settings=\"{&quot;content_width&quot;:&quot;full&quot;}\">\n\t\t\t\t<div class=\"elementor-element elementor-element-b43e02b elementor-position-top elementor-vertical-align-top elementor-widget elementor-widget-image-box\" data-id=\"b43e02b\" data-element_type=\"widget\" data-widget_type=\"image-box.default\">\n\t\t\t\t<div class=\"elementor-widget-container\">\n\t\t\t<div class=\"elementor-image-box-wrapper\"><figure class=\"elementor-image-box-img\"><img decoding=\"async\" width=\"300\" height=\"300\" src=\"https:\/\/amnistia.org.mx\/contenido\/wp-content\/uploads\/2023\/11\/Lucia.jpg\" class=\"attachment-full size-full wp-image-28854\" alt=\"\" loading=\"lazy\" \/><\/figure><div class=\"elementor-image-box-content\"><h3 class=\"elementor-image-box-title\">Luc\u00eda Guti\u00e9rrez<\/h3><p class=\"elementor-image-box-description\">Responsable de fidelizaci\u00f3n  y retenci\u00f3n<\/p><\/div><\/div>\t\t<\/div>\n\t\t\t\t<\/div>\n\t\t\t\t<\/div>\n\t\t<div class=\"elementor-element elementor-element-00a0468 e-con-full e-flex e-con\" data-id=\"00a0468\" data-element_type=\"container\" data-settings=\"{&quot;content_width&quot;:&quot;full&quot;}\">\n\t\t\t\t<div class=\"elementor-element elementor-element-3494474 elementor-position-top elementor-vertical-align-top elementor-widget elementor-widget-image-box\" data-id=\"3494474\" data-element_type=\"widget\" data-widget_type=\"image-box.default\">\n\t\t\t\t<div class=\"elementor-widget-container\">\n\t\t\t<div class=\"elementor-image-box-wrapper\"><figure class=\"elementor-image-box-img\"><img decoding=\"async\" width=\"150\" height=\"150\" src=\"https:\/\/amnistia.org.mx\/contenido\/wp-content\/uploads\/2020\/06\/ANA-KAREN.png\" class=\"attachment-full size-full wp-image-12293\" alt=\"\" loading=\"lazy\" \/><\/figure><div class=\"elementor-image-box-content\"><h3 class=\"elementor-image-box-title\">Ana Karen Montiel<\/h3><p class=\"elementor-image-box-description\">Responsable de RH para recaudaci\u00f3n de fondos<\/p><\/div><\/div>\t\t<\/div>\n\t\t\t\t<\/div>\n\t\t\t\t<\/div>\n\t\t<div class=\"elementor-element elementor-element-af510de e-con-full e-flex e-con\" data-id=\"af510de\" data-element_type=\"container\" data-settings=\"{&quot;content_width&quot;:&quot;full&quot;}\">\n\t\t\t\t<div class=\"elementor-element elementor-element-d44e1c3 elementor-position-top elementor-vertical-align-top elementor-widget elementor-widget-image-box\" data-id=\"d44e1c3\" data-element_type=\"widget\" data-widget_type=\"image-box.default\">\n\t\t\t\t<div class=\"elementor-widget-container\">\n\t\t\t<div class=\"elementor-image-box-wrapper\"><figure class=\"elementor-image-box-img\"><img decoding=\"async\" width=\"300\" height=\"300\" src=\"https:\/\/amnistia.org.mx\/contenido\/wp-content\/uploads\/2023\/11\/jhovana.jpg\" class=\"attachment-full size-full wp-image-28872\" alt=\"\" loading=\"lazy\" \/><\/figure><div class=\"elementor-image-box-content\"><h3 class=\"elementor-image-box-title\">Jhovana S\u00e1nchez<\/h3><p class=\"elementor-image-box-description\">Team Leader<\/p><\/div><\/div>\t\t<\/div>\n\t\t\t\t<\/div>\n\t\t\t\t<\/div>\n\t\t<div class=\"elementor-element elementor-element-d3c7c7c e-con-full e-flex e-con\" data-id=\"d3c7c7c\" data-element_type=\"container\" data-settings=\"{&quot;content_width&quot;:&quot;full&quot;}\">\n\t\t\t\t<div class=\"elementor-element elementor-element-0b8c636 elementor-position-top elementor-vertical-align-top elementor-widget elementor-widget-image-box\" data-id=\"0b8c636\" data-element_type=\"widget\" data-widget_type=\"image-box.default\">\n\t\t\t\t<div class=\"elementor-widget-container\">\n\t\t\t<div class=\"elementor-image-box-wrapper\"><figure class=\"elementor-image-box-img\"><img decoding=\"async\" width=\"900\" height=\"900\" src=\"https:\/\/amnistia.org.mx\/contenido\/wp-content\/uploads\/2020\/04\/LOGO.jpg\" class=\"attachment-full size-full wp-image-9914\" alt=\"\" loading=\"lazy\" \/><\/figure><div class=\"elementor-image-box-content\"><h3 class=\"elementor-image-box-title\">Vacante<\/h3><p class=\"elementor-image-box-description\">Team Leader<\/p><\/div><\/div>\t\t<\/div>\n\t\t\t\t<\/div>\n\t\t\t\t<\/div>\n\t\t<div class=\"elementor-element elementor-element-b6b0cf9 e-con-full e-flex e-con\" data-id=\"b6b0cf9\" data-element_type=\"container\" data-settings=\"{&quot;content_width&quot;:&quot;full&quot;}\">\n\t\t\t\t<div class=\"elementor-element elementor-element-5abd496 elementor-position-top elementor-vertical-align-top elementor-widget elementor-widget-image-box\" data-id=\"5abd496\" data-element_type=\"widget\" data-widget_type=\"image-box.default\">\n\t\t\t\t<div class=\"elementor-widget-container\">\n\t\t\t<div class=\"elementor-image-box-wrapper\"><figure class=\"elementor-image-box-img\"><img decoding=\"async\" width=\"150\" height=\"150\" src=\"https:\/\/amnistia.org.mx\/contenido\/wp-content\/uploads\/2020\/06\/franciscom.png\" class=\"attachment-full size-full wp-image-17454\" alt=\"\" loading=\"lazy\" \/><\/figure><div class=\"elementor-image-box-content\"><h3 class=\"elementor-image-box-title\">Francisco Mendiola<\/h3><p class=\"elementor-image-box-description\">Team Leader<\/p><\/div><\/div>\t\t<\/div>\n\t\t\t\t<\/div>\n\t\t\t\t<\/div>\n\t\t<div class=\"elementor-element elementor-element-7d15bb2 e-con-full e-flex e-con\" data-id=\"7d15bb2\" data-element_type=\"container\" data-settings=\"{&quot;content_width&quot;:&quot;full&quot;}\">\n\t\t\t\t<div class=\"elementor-element elementor-element-4813e81 elementor-position-top elementor-vertical-align-top elementor-widget elementor-widget-image-box\" data-id=\"4813e81\" data-element_type=\"widget\" data-widget_type=\"image-box.default\">\n\t\t\t\t<div class=\"elementor-widget-container\">\n\t\t\t<div class=\"elementor-image-box-wrapper\"><figure class=\"elementor-image-box-img\"><img decoding=\"async\" width=\"300\" height=\"300\" src=\"https:\/\/amnistia.org.mx\/contenido\/wp-content\/uploads\/2023\/11\/Daniel.jpg\" class=\"attachment-full size-full wp-image-28875\" alt=\"\" loading=\"lazy\" \/><\/figure><div class=\"elementor-image-box-content\"><h3 class=\"elementor-image-box-title\">Daniel Hern\u00e1ndez<\/h3><p class=\"elementor-image-box-description\">Promotor Di\u00e1logo Directo<\/p><\/div><\/div>\t\t<\/div>\n\t\t\t\t<\/div>\n\t\t\t\t<\/div>\n\t\t<div class=\"elementor-element elementor-element-cf44d4c e-con-full e-flex e-con\" data-id=\"cf44d4c\" data-element_type=\"container\" data-settings=\"{&quot;content_width&quot;:&quot;full&quot;}\">\n\t\t\t\t<div class=\"elementor-element elementor-element-635d6d5 elementor-position-top elementor-vertical-align-top elementor-widget elementor-widget-image-box\" data-id=\"635d6d5\" data-element_type=\"widget\" data-widget_type=\"image-box.default\">\n\t\t\t\t<div class=\"elementor-widget-container\">\n\t\t\t<div class=\"elementor-image-box-wrapper\"><figure class=\"elementor-image-box-img\"><img decoding=\"async\" width=\"885\" height=\"885\" src=\"https:\/\/amnistia.org.mx\/contenido\/wp-content\/uploads\/2024\/03\/mariana-aguilar.png\" class=\"attachment-full size-full wp-image-30469\" alt=\"\" loading=\"lazy\" \/><\/figure><div class=\"elementor-image-box-content\"><h3 class=\"elementor-image-box-title\">Mariana Aguilar<\/h3><p class=\"elementor-image-box-description\">Promotora Di\u00e1logo Directo<\/p><\/div><\/div>\t\t<\/div>\n\t\t\t\t<\/div>\n\t\t\t\t<\/div>\n\t\t<div class=\"elementor-element elementor-element-779aba1 e-con-full e-flex e-con\" data-id=\"779aba1\" data-element_type=\"container\" data-settings=\"{&quot;content_width&quot;:&quot;full&quot;}\">\n\t\t\t\t<div class=\"elementor-element elementor-element-e2891ef elementor-position-top elementor-vertical-align-top elementor-widget elementor-widget-image-box\" data-id=\"e2891ef\" data-element_type=\"widget\" data-widget_type=\"image-box.default\">\n\t\t\t\t<div class=\"elementor-widget-container\">\n\t\t\t<div class=\"elementor-image-box-wrapper\"><figure class=\"elementor-image-box-img\"><img decoding=\"async\" width=\"300\" height=\"300\" src=\"https:\/\/amnistia.org.mx\/contenido\/wp-content\/uploads\/2023\/11\/sasha.jpg\" class=\"attachment-full size-full wp-image-28876\" alt=\"\" loading=\"lazy\" \/><\/figure><div class=\"elementor-image-box-content\"><h3 class=\"elementor-image-box-title\">Sasha Cuenca<\/h3><p class=\"elementor-image-box-description\">Promotora Di\u00e1logo Directo<\/p><\/div><\/div>\t\t<\/div>\n\t\t\t\t<\/div>\n\t\t\t\t<\/div>\n\t\t<div class=\"elementor-element elementor-element-dc9256d e-con-full e-flex e-con\" data-id=\"dc9256d\" data-element_type=\"container\" data-settings=\"{&quot;content_width&quot;:&quot;full&quot;}\">\n\t\t\t\t<div class=\"elementor-element elementor-element-8ce8064 elementor-position-top elementor-vertical-align-top elementor-widget elementor-widget-image-box\" data-id=\"8ce8064\" data-element_type=\"widget\" data-widget_type=\"image-box.default\">\n\t\t\t\t<div class=\"elementor-widget-container\">\n\t\t\t<div class=\"elementor-image-box-wrapper\"><figure class=\"elementor-image-box-img\"><img decoding=\"async\" width=\"300\" height=\"300\" src=\"https:\/\/amnistia.org.mx\/contenido\/wp-content\/uploads\/2023\/12\/Dylan.jpg\" class=\"attachment-full size-full wp-image-28925\" alt=\"\" loading=\"lazy\" \/><\/figure><div class=\"elementor-image-box-content\"><h3 class=\"elementor-image-box-title\">Dylan Cano<\/h3><p class=\"elementor-image-box-description\">Promotor Di\u00e1logo Directo<\/p><\/div><\/div>\t\t<\/div>\n\t\t\t\t<\/div>\n\t\t\t\t<\/div>\n\t\t<div class=\"elementor-element elementor-element-be26fab e-con-full e-flex e-con\" data-id=\"be26fab\" data-element_type=\"container\" data-settings=\"{&quot;content_width&quot;:&quot;full&quot;}\">\n\t\t\t\t<div class=\"elementor-element elementor-element-365a8a3 elementor-position-top elementor-vertical-align-top elementor-widget elementor-widget-image-box\" data-id=\"365a8a3\" data-element_type=\"widget\" data-widget_type=\"image-box.default\">\n\t\t\t\t<div class=\"elementor-widget-container\">\n\t\t\t<div class=\"elementor-image-box-wrapper\"><figure class=\"elementor-image-box-img\"><img decoding=\"async\" width=\"300\" height=\"300\" src=\"https:\/\/amnistia.org.mx\/contenido\/wp-content\/uploads\/2023\/12\/Juan.jpg\" class=\"attachment-full size-full wp-image-28930\" alt=\"\" loading=\"lazy\" \/><\/figure><div class=\"elementor-image-box-content\"><h3 class=\"elementor-image-box-title\">Juan Montiel<\/h3><p class=\"elementor-image-box-description\">Promotor de Fidelizaci\u00f3n y Retenci\u00f3n<\/p><\/div><\/div>\t\t<\/div>\n\t\t\t\t<\/div>\n\t\t\t\t<\/div>\n\t\t<div class=\"elementor-element elementor-element-db04df7 e-con-full e-flex e-con\" data-id=\"db04df7\" data-element_type=\"container\" data-settings=\"{&quot;content_width&quot;:&quot;full&quot;}\">\n\t\t\t\t<div class=\"elementor-element elementor-element-970a360 elementor-position-top elementor-vertical-align-top elementor-widget elementor-widget-image-box\" data-id=\"970a360\" data-element_type=\"widget\" data-widget_type=\"image-box.default\">\n\t\t\t\t<div class=\"elementor-widget-container\">\n\t\t\t<div class=\"elementor-image-box-wrapper\"><figure class=\"elementor-image-box-img\"><img decoding=\"async\" width=\"300\" height=\"300\" src=\"https:\/\/amnistia.org.mx\/contenido\/wp-content\/uploads\/2023\/12\/Flor.jpg\" class=\"attachment-full size-full wp-image-28920\" alt=\"\" loading=\"lazy\" \/><\/figure><div class=\"elementor-image-box-content\"><h3 class=\"elementor-image-box-title\">Flor Fragoso<\/h3><p class=\"elementor-image-box-description\">Promotora de Fidelizaci\u00f3n y Retenci\u00f3n<\/p><\/div><\/div>\t\t<\/div>\n\t\t\t\t<\/div>\n\t\t\t\t<\/div>\n\t\t<div class=\"elementor-element elementor-element-74716b9 e-con-full e-flex e-con\" data-id=\"74716b9\" data-element_type=\"container\" data-settings=\"{&quot;content_width&quot;:&quot;full&quot;}\">\n\t\t\t\t<div class=\"elementor-element elementor-element-a7ce0c9 elementor-position-top elementor-vertical-align-top elementor-widget elementor-widget-image-box\" data-id=\"a7ce0c9\" data-element_type=\"widget\" data-widget_type=\"image-box.default\">\n\t\t\t\t<div class=\"elementor-widget-container\">\n\t\t\t<div class=\"elementor-image-box-wrapper\"><figure class=\"elementor-image-box-img\"><img decoding=\"async\" width=\"300\" height=\"300\" src=\"https:\/\/amnistia.org.mx\/contenido\/wp-content\/uploads\/2023\/12\/ElizabethM.jpg\" class=\"attachment-full size-full wp-image-28928\" alt=\"\" loading=\"lazy\" \/><\/figure><div class=\"elementor-image-box-content\"><h3 class=\"elementor-image-box-title\">Elizabeth Mart\u00ednez<\/h3><p class=\"elementor-image-box-description\">Promotora Di\u00e1logo Directo<\/p><\/div><\/div>\t\t<\/div>\n\t\t\t\t<\/div>\n\t\t\t\t<\/div>\n\t\t<div class=\"elementor-element elementor-element-99f63a9 e-con-full e-flex e-con\" data-id=\"99f63a9\" data-element_type=\"container\" data-settings=\"{&quot;content_width&quot;:&quot;full&quot;}\">\n\t\t\t\t<div class=\"elementor-element elementor-element-493ab89 elementor-position-top elementor-vertical-align-top elementor-widget elementor-widget-image-box\" data-id=\"493ab89\" data-element_type=\"widget\" data-widget_type=\"image-box.default\">\n\t\t\t\t<div class=\"elementor-widget-container\">\n\t\t\t<div class=\"elementor-image-box-wrapper\"><figure class=\"elementor-image-box-img\"><img decoding=\"async\" width=\"300\" height=\"300\" src=\"https:\/\/amnistia.org.mx\/contenido\/wp-content\/uploads\/2023\/12\/oliver.jpg\" class=\"attachment-full size-full wp-image-29207\" alt=\"\" loading=\"lazy\" \/><\/figure><div class=\"elementor-image-box-content\"><h3 class=\"elementor-image-box-title\">Oliver Gonz\u00e1lez<\/h3><p class=\"elementor-image-box-description\">Promotor Di\u00e1logo Directo<\/p><\/div><\/div>\t\t<\/div>\n\t\t\t\t<\/div>\n\t\t\t\t<\/div>\n\t\t<div class=\"elementor-element elementor-element-77267d5 e-con-full e-flex e-con\" data-id=\"77267d5\" data-element_type=\"container\" data-settings=\"{&quot;content_width&quot;:&quot;full&quot;}\">\n\t\t\t\t<div class=\"elementor-element elementor-element-55dfe64 elementor-position-top elementor-vertical-align-top elementor-widget elementor-widget-image-box\" data-id=\"55dfe64\" data-element_type=\"widget\" data-widget_type=\"image-box.default\">\n\t\t\t\t<div class=\"elementor-widget-container\">\n\t\t\t<div class=\"elementor-image-box-wrapper\"><figure class=\"elementor-image-box-img\"><img decoding=\"async\" width=\"300\" height=\"300\" src=\"https:\/\/amnistia.org.mx\/contenido\/wp-content\/uploads\/2023\/12\/araceli.jpg\" class=\"attachment-full size-full wp-image-29211\" alt=\"\" loading=\"lazy\" \/><\/figure><div class=\"elementor-image-box-content\"><h3 class=\"elementor-image-box-title\">Araceli Ruano<\/h3><p class=\"elementor-image-box-description\">Promotora Di\u00e1logo Directo<\/p><\/div><\/div>\t\t<\/div>\n\t\t\t\t<\/div>\n\t\t\t\t<\/div>\n\t\t<div class=\"elementor-element elementor-element-a985130 e-con-full e-flex e-con\" data-id=\"a985130\" data-element_type=\"container\" data-settings=\"{&quot;content_width&quot;:&quot;full&quot;}\">\n\t\t\t\t<div class=\"elementor-element elementor-element-4df424d elementor-position-top elementor-vertical-align-top elementor-widget elementor-widget-image-box\" data-id=\"4df424d\" data-element_type=\"widget\" data-widget_type=\"image-box.default\">\n\t\t\t\t<div class=\"elementor-widget-container\">\n\t\t\t<div class=\"elementor-image-box-wrapper\"><figure class=\"elementor-image-box-img\"><img decoding=\"async\" width=\"300\" height=\"300\" src=\"https:\/\/amnistia.org.mx\/contenido\/wp-content\/uploads\/2023\/12\/03A0838-Edit.jpg\" class=\"attachment-full size-full wp-image-28926\" alt=\"\" loading=\"lazy\" \/><\/figure><div class=\"elementor-image-box-content\"><h3 class=\"elementor-image-box-title\">Ricardo Zaragoza<\/h3><p class=\"elementor-image-box-description\">Promotor Di\u00e1logo Directo<\/p><\/div><\/div>\t\t<\/div>\n\t\t\t\t<\/div>\n\t\t\t\t<\/div>\n\t\t<div class=\"elementor-element elementor-element-e9b10b0 e-con-full e-flex e-con\" data-id=\"e9b10b0\" data-element_type=\"container\" data-settings=\"{&quot;content_width&quot;:&quot;full&quot;}\">\n\t\t\t\t<div class=\"elementor-element elementor-element-4ea50a3 elementor-position-top elementor-vertical-align-top elementor-widget elementor-widget-image-box\" data-id=\"4ea50a3\" data-element_type=\"widget\" data-widget_type=\"image-box.default\">\n\t\t\t\t<div class=\"elementor-widget-container\">\n\t\t\t<div class=\"elementor-image-box-wrapper\"><figure class=\"elementor-image-box-img\"><img decoding=\"async\" width=\"300\" height=\"300\" src=\"https:\/\/amnistia.org.mx\/contenido\/wp-content\/uploads\/2023\/12\/ana.jpg\" class=\"attachment-full size-full wp-image-29206\" alt=\"\" loading=\"lazy\" \/><\/figure><div class=\"elementor-image-box-content\"><h3 class=\"elementor-image-box-title\">Ana Laura Estrada <\/h3><p class=\"elementor-image-box-description\">Promotora de Fidelizaci\u00f3n y Retenci\u00f3n<\/p><\/div><\/div>\t\t<\/div>\n\t\t\t\t<\/div>\n\t\t\t\t<\/div>\n\t\t<div class=\"elementor-element elementor-element-c079829 e-con-full e-flex e-con\" data-id=\"c079829\" data-element_type=\"container\" data-settings=\"{&quot;content_width&quot;:&quot;full&quot;}\">\n\t\t\t\t<div class=\"elementor-element elementor-element-8ff0094 elementor-position-top elementor-vertical-align-top elementor-widget elementor-widget-image-box\" data-id=\"8ff0094\" data-element_type=\"widget\" data-widget_type=\"image-box.default\">\n\t\t\t\t<div class=\"elementor-widget-container\">\n\t\t\t<div class=\"elementor-image-box-wrapper\"><figure class=\"elementor-image-box-img\"><img decoding=\"async\" width=\"900\" height=\"900\" src=\"https:\/\/amnistia.org.mx\/contenido\/wp-content\/uploads\/2020\/04\/LOGO.jpg\" class=\"attachment-full size-full wp-image-9914\" alt=\"\" loading=\"lazy\" \/><\/figure><div class=\"elementor-image-box-content\"><h3 class=\"elementor-image-box-title\">Vacante<\/h3><p class=\"elementor-image-box-description\">Promotora de Fidelizaci\u00f3n y Retenci\u00f3n<\/p><\/div><\/div>\t\t<\/div>\n\t\t\t\t<\/div>\n\t\t\t\t<\/div>\n\t\t<div class=\"elementor-element elementor-element-71d3f72 e-con-full e-flex e-con\" data-id=\"71d3f72\" data-element_type=\"container\" data-settings=\"{&quot;content_width&quot;:&quot;full&quot;}\">\n\t\t\t\t<div class=\"elementor-element elementor-element-83aa0b3 elementor-position-top elementor-vertical-align-top elementor-widget elementor-widget-image-box\" data-id=\"83aa0b3\" data-element_type=\"widget\" data-widget_type=\"image-box.default\">\n\t\t\t\t<div class=\"elementor-widget-container\">\n\t\t\t<div class=\"elementor-image-box-wrapper\"><figure class=\"elementor-image-box-img\"><img decoding=\"async\" width=\"300\" height=\"300\" src=\"https:\/\/amnistia.org.mx\/contenido\/wp-content\/uploads\/2023\/12\/viri.jpg\" class=\"attachment-full size-full wp-image-29210\" alt=\"\" loading=\"lazy\" \/><\/figure><div class=\"elementor-image-box-content\"><h3 class=\"elementor-image-box-title\">Viridiana G\u00f3mez<\/h3><p class=\"elementor-image-box-description\">Responsable de Telemarketing<\/p><\/div><\/div>\t\t<\/div>\n\t\t\t\t<\/div>\n\t\t\t\t<\/div>\n\t\t<div class=\"elementor-element elementor-element-7ea027a e-con-full e-flex e-con\" data-id=\"7ea027a\" data-element_type=\"container\" data-settings=\"{&quot;content_width&quot;:&quot;full&quot;}\">\n\t\t\t\t<div class=\"elementor-element elementor-element-c81f674 elementor-position-top elementor-vertical-align-top elementor-widget elementor-widget-image-box\" data-id=\"c81f674\" data-element_type=\"widget\" data-widget_type=\"image-box.default\">\n\t\t\t\t<div class=\"elementor-widget-container\">\n\t\t\t<div class=\"elementor-image-box-wrapper\"><figure class=\"elementor-image-box-img\"><img decoding=\"async\" width=\"300\" height=\"300\" src=\"https:\/\/amnistia.org.mx\/contenido\/wp-content\/uploads\/2023\/12\/Rosalinda.jpg\" class=\"attachment-full size-full wp-image-28929\" alt=\"\" loading=\"lazy\" \/><\/figure><div class=\"elementor-image-box-content\"><h3 class=\"elementor-image-box-title\">Rosa Linda R\u00edos<\/h3><p class=\"elementor-image-box-description\">Promotora de Telemarketing<\/p><\/div><\/div>\t\t<\/div>\n\t\t\t\t<\/div>\n\t\t\t\t<\/div>\n\t\t<div class=\"elementor-element elementor-element-a19373f e-con-full e-flex e-con\" data-id=\"a19373f\" data-element_type=\"container\" data-settings=\"{&quot;content_width&quot;:&quot;full&quot;}\">\n\t\t\t\t<div class=\"elementor-element elementor-element-6bc0d0d elementor-position-top elementor-vertical-align-top elementor-widget elementor-widget-image-box\" data-id=\"6bc0d0d\" data-element_type=\"widget\" data-widget_type=\"image-box.default\">\n\t\t\t\t<div class=\"elementor-widget-container\">\n\t\t\t<div class=\"elementor-image-box-wrapper\"><figure class=\"elementor-image-box-img\"><img decoding=\"async\" width=\"300\" height=\"300\" src=\"https:\/\/amnistia.org.mx\/contenido\/wp-content\/uploads\/2023\/12\/claudia.jpg\" class=\"attachment-full size-full wp-image-29213\" alt=\"\" loading=\"lazy\" \/><\/figure><div class=\"elementor-image-box-content\"><h3 class=\"elementor-image-box-title\">Claudia L\u00f3pez <\/h3><p class=\"elementor-image-box-description\">Promotora de Telemarketing<\/p><\/div><\/div>\t\t<\/div>\n\t\t\t\t<\/div>\n\t\t\t\t<\/div>\n\t\t<div class=\"elementor-element elementor-element-45fb6a1 e-con-full e-flex e-con\" data-id=\"45fb6a1\" data-element_type=\"container\" data-settings=\"{&quot;content_width&quot;:&quot;full&quot;}\">\n\t\t\t\t<div class=\"elementor-element elementor-element-685e066 elementor-position-top elementor-vertical-align-top elementor-widget elementor-widget-image-box\" data-id=\"685e066\" data-element_type=\"widget\" data-widget_type=\"image-box.default\">\n\t\t\t\t<div class=\"elementor-widget-container\">\n\t\t\t<div class=\"elementor-image-box-wrapper\"><figure class=\"elementor-image-box-img\"><img decoding=\"async\" width=\"300\" height=\"300\" src=\"https:\/\/amnistia.org.mx\/contenido\/wp-content\/uploads\/2023\/12\/malena.jpg\" class=\"attachment-full size-full wp-image-29208\" alt=\"\" loading=\"lazy\" \/><\/figure><div class=\"elementor-image-box-content\"><h3 class=\"elementor-image-box-title\">Maria Elena Heredia<\/h3><p class=\"elementor-image-box-description\">Promotora de Telemarketing<\/p><\/div><\/div>\t\t<\/div>\n\t\t\t\t<\/div>\n\t\t\t\t<\/div>\n\t\t<div class=\"elementor-element elementor-element-745e8e1 e-con-full e-flex e-con\" data-id=\"745e8e1\" data-element_type=\"container\" data-settings=\"{&quot;content_width&quot;:&quot;full&quot;}\">\n\t\t\t\t<div class=\"elementor-element elementor-element-0581ded elementor-position-top elementor-vertical-align-top elementor-widget elementor-widget-image-box\" data-id=\"0581ded\" data-element_type=\"widget\" data-widget_type=\"image-box.default\">\n\t\t\t\t<div class=\"elementor-widget-container\">\n\t\t\t<div class=\"elementor-image-box-wrapper\"><figure class=\"elementor-image-box-img\"><img decoding=\"async\" width=\"300\" height=\"300\" src=\"https:\/\/amnistia.org.mx\/contenido\/wp-content\/uploads\/2023\/12\/tania.jpg\" class=\"attachment-full size-full wp-image-29212\" alt=\"\" loading=\"lazy\" \/><\/figure><div class=\"elementor-image-box-content\"><h3 class=\"elementor-image-box-title\">Tania Guti\u00e9rrez<\/h3><p class=\"elementor-image-box-description\">Responsable de Di\u00e1logo Directo para Agencias<\/p><\/div><\/div>\t\t<\/div>\n\t\t\t\t<\/div>\n\t\t\t\t<\/div>\n\t\t<div class=\"elementor-element elementor-element-0934de3 e-con-full e-flex e-con\" data-id=\"0934de3\" data-element_type=\"container\" data-settings=\"{&quot;content_width&quot;:&quot;full&quot;}\">\n\t\t\t\t<div class=\"elementor-element elementor-element-c5b1dcd elementor-position-top elementor-vertical-align-top elementor-widget elementor-widget-image-box\" data-id=\"c5b1dcd\" data-element_type=\"widget\" data-widget_type=\"image-box.default\">\n\t\t\t\t<div class=\"elementor-widget-container\">\n\t\t\t<div class=\"elementor-image-box-wrapper\"><figure class=\"elementor-image-box-img\"><img decoding=\"async\" width=\"546\" height=\"546\" src=\"https:\/\/amnistia.org.mx\/contenido\/wp-content\/uploads\/2023\/12\/graciela.jpg\" class=\"attachment-full size-full wp-image-29209\" alt=\"\" loading=\"lazy\" \/><\/figure><div class=\"elementor-image-box-content\"><h3 class=\"elementor-image-box-title\">Graciela Ruiz <\/h3><p class=\"elementor-image-box-description\">Promotora de Telemarketing <\/p><\/div><\/div>\t\t<\/div>\n\t\t\t\t<\/div>\n\t\t\t\t<\/div>\n\t\t<div class=\"elementor-element elementor-element-45e5423 e-con-full e-flex e-con\" data-id=\"45e5423\" data-element_type=\"container\" data-settings=\"{&quot;content_width&quot;:&quot;full&quot;}\">\n\t\t<div class=\"elementor-element elementor-element-0ef2dcd e-con-full e-flex e-con\" data-id=\"0ef2dcd\" data-element_type=\"container\" data-settings=\"{&quot;content_width&quot;:&quot;full&quot;}\">\n\t\t\t\t<div class=\"elementor-element elementor-element-fccab3e elementor-position-top elementor-vertical-align-top elementor-widget elementor-widget-image-box\" data-id=\"fccab3e\" data-element_type=\"widget\" data-widget_type=\"image-box.default\">\n\t\t\t\t<div class=\"elementor-widget-container\">\n\t\t\t<div class=\"elementor-image-box-wrapper\"><figure class=\"elementor-image-box-img\"><img decoding=\"async\" width=\"546\" height=\"546\" src=\"https:\/\/amnistia.org.mx\/contenido\/wp-content\/uploads\/2023\/12\/Javier.jpg\" class=\"attachment-full size-full wp-image-29204\" alt=\"\" loading=\"lazy\" \/><\/figure><div class=\"elementor-image-box-content\"><h3 class=\"elementor-image-box-title\">Javier Monjaraz<\/h3><p class=\"elementor-image-box-description\"> Especialista en Salesforce (CRM) y An\u00e1lisis de Datos<\/p><\/div><\/div>\t\t<\/div>\n\t\t\t\t<\/div>\n\t\t\t\t<\/div>\n\t\t\t\t<\/div>\n\t\t<div class=\"elementor-element elementor-element-97a83fa e-con-full e-flex e-con\" data-id=\"97a83fa\" data-element_type=\"container\" data-settings=\"{&quot;content_width&quot;:&quot;full&quot;}\">\n\t\t<div class=\"elementor-element elementor-element-c6d0293 e-con-full e-flex e-con\" data-id=\"c6d0293\" data-element_type=\"container\" data-settings=\"{&quot;content_width&quot;:&quot;full&quot;}\">\n\t\t\t\t<div class=\"elementor-element elementor-element-bc13d95 elementor-position-top elementor-vertical-align-top elementor-widget elementor-widget-image-box\" data-id=\"bc13d95\" data-element_type=\"widget\" data-widget_type=\"image-box.default\">\n\t\t\t\t<div class=\"elementor-widget-container\">\n\t\t\t<div class=\"elementor-image-box-wrapper\"><figure class=\"elementor-image-box-img\"><img decoding=\"async\" width=\"300\" height=\"300\" src=\"https:\/\/amnistia.org.mx\/contenido\/wp-content\/uploads\/2023\/12\/karina.jpg\" class=\"attachment-full size-full wp-image-29205\" alt=\"\" loading=\"lazy\" \/><\/figure><div class=\"elementor-image-box-content\"><h3 class=\"elementor-image-box-title\">Karina Jim\u00e9nez<\/h3><p class=\"elementor-image-box-description\">Promotora Di\u00e1logo Directo<\/p><\/div><\/div>\t\t<\/div>\n\t\t\t\t<\/div>\n\t\t\t\t<\/div>\n\t\t\t\t<\/div>\n\t\t<div class=\"elementor-element elementor-element-4de54f6 e-con-full e-flex e-con\" data-id=\"4de54f6\" data-element_type=\"container\" data-settings=\"{&quot;content_width&quot;:&quot;full&quot;}\">\n\t\t<div class=\"elementor-element elementor-element-a3e2f8d e-con-full e-flex e-con\" data-id=\"a3e2f8d\" data-element_type=\"container\" data-settings=\"{&quot;content_width&quot;:&quot;full&quot;}\">\n\t\t\t\t<div class=\"elementor-element elementor-element-9785c4d elementor-widget__width-initial elementor-position-top elementor-vertical-align-top elementor-widget elementor-widget-image-box\" data-id=\"9785c4d\" data-element_type=\"widget\" data-widget_type=\"image-box.default\">\n\t\t\t\t<div class=\"elementor-widget-container\">\n\t\t\t<div class=\"elementor-image-box-wrapper\"><figure class=\"elementor-image-box-img\"><img decoding=\"async\" width=\"300\" height=\"300\" src=\"https:\/\/amnistia.org.mx\/contenido\/wp-content\/uploads\/2023\/12\/Azucena.jpg\" class=\"attachment-full size-full wp-image-28921\" alt=\"\" loading=\"lazy\" \/><\/figure><div class=\"elementor-image-box-content\"><h3 class=\"elementor-image-box-title\">Azucena Rodr\u00edguez <\/h3><p class=\"elementor-image-box-description\">Promotora Di\u00e1logo Directo<\/p><\/div><\/div>\t\t<\/div>\n\t\t\t\t<\/div>\n\t\t\t\t<\/div>\n\t\t\t\t<\/div>\n\t\t<div class=\"elementor-element elementor-element-853e60b e-con-full e-flex e-con\" data-id=\"853e60b\" data-element_type=\"container\" data-settings=\"{&quot;content_width&quot;:&quot;full&quot;}\">\n\t\t<div class=\"elementor-element elementor-element-bd5ef93 e-con-full e-flex e-con\" data-id=\"bd5ef93\" data-element_type=\"container\" data-settings=\"{&quot;content_width&quot;:&quot;full&quot;}\">\n\t\t\t\t<div class=\"elementor-element elementor-element-2875e84 elementor-position-top elementor-vertical-align-top elementor-widget elementor-widget-image-box\" data-id=\"2875e84\" data-element_type=\"widget\" data-widget_type=\"image-box.default\">\n\t\t\t\t<div class=\"elementor-widget-container\">\n\t\t\t<div class=\"elementor-image-box-wrapper\"><figure class=\"elementor-image-box-img\"><img decoding=\"async\" width=\"300\" height=\"300\" src=\"https:\/\/amnistia.org.mx\/contenido\/wp-content\/uploads\/2023\/12\/Pamela.jpg\" class=\"attachment-full size-full wp-image-28922\" alt=\"\" loading=\"lazy\" \/><\/figure><div class=\"elementor-image-box-content\"><h3 class=\"elementor-image-box-title\">Pamela Valderrabano<\/h3><p class=\"elementor-image-box-description\">Promotora de soporte para DD<\/p><\/div><\/div>\t\t<\/div>\n\t\t\t\t<\/div>\n\t\t\t\t<\/div>\n\t\t\t\t<\/div>\n\t\t<div class=\"elementor-element elementor-element-7eb2b70 e-con-full e-flex e-con\" data-id=\"7eb2b70\" data-element_type=\"container\" data-settings=\"{&quot;content_width&quot;:&quot;full&quot;}\">\n\t\t<div class=\"elementor-element elementor-element-3b5f0d7 e-con-full e-flex e-con\" data-id=\"3b5f0d7\" data-element_type=\"container\" data-settings=\"{&quot;content_width&quot;:&quot;full&quot;}\">\n\t\t<div class=\"elementor-element elementor-element-464e532 e-con-full e-flex e-con\" data-id=\"464e532\" data-element_type=\"container\" data-settings=\"{&quot;content_width&quot;:&quot;full&quot;}\">\n\t\t\t\t<div class=\"elementor-element elementor-element-c39edf7 elementor-position-top elementor-vertical-align-top elementor-widget elementor-widget-image-box\" data-id=\"c39edf7\" data-element_type=\"widget\" data-widget_type=\"image-box.default\">\n\t\t\t\t<div class=\"elementor-widget-container\">\n\t\t\t<div class=\"elementor-image-box-wrapper\"><figure class=\"elementor-image-box-img\"><img decoding=\"async\" width=\"300\" height=\"300\" src=\"https:\/\/amnistia.org.mx\/contenido\/wp-content\/uploads\/2023\/12\/Abril.jpg\" class=\"attachment-full size-full wp-image-28924\" alt=\"\" loading=\"lazy\" \/><\/figure><div class=\"elementor-image-box-content\"><h3 class=\"elementor-image-box-title\">Yoatzin Abril Salgado<\/h3><p class=\"elementor-image-box-description\">Promotora Di\u00e1logo Directo<\/p><\/div><\/div>\t\t<\/div>\n\t\t\t\t<\/div>\n\t\t\t\t<\/div>\n\t\t\t\t<\/div>\n\t\t\t\t<\/div>\n\t\t<div class=\"elementor-element elementor-element-8fbef48 e-con-full e-flex e-con\" data-id=\"8fbef48\" data-element_type=\"container\" data-settings=\"{&quot;content_width&quot;:&quot;full&quot;}\">\n\t\t<div class=\"elementor-element elementor-element-749315b e-con-full e-flex e-con\" data-id=\"749315b\" data-element_type=\"container\" data-settings=\"{&quot;content_width&quot;:&quot;full&quot;}\">\n\t\t\t\t<div class=\"elementor-element elementor-element-e1bbae0 elementor-position-top elementor-vertical-align-top elementor-widget elementor-widget-image-box\" data-id=\"e1bbae0\" data-element_type=\"widget\" data-widget_type=\"image-box.default\">\n\t\t\t\t<div class=\"elementor-widget-container\">\n\t\t\t<div class=\"elementor-image-box-wrapper\"><figure class=\"elementor-image-box-img\"><img decoding=\"async\" width=\"900\" height=\"900\" src=\"https:\/\/amnistia.org.mx\/contenido\/wp-content\/uploads\/2020\/04\/LOGO.jpg\" class=\"attachment-full size-full wp-image-9914\" alt=\"\" loading=\"lazy\" \/><\/figure><div class=\"elementor-image-box-content\"><h3 class=\"elementor-image-box-title\">Vacante<\/h3><p class=\"elementor-image-box-description\">Promotora de recaptaci\u00f3n para DD<\/p><\/div><\/div>\t\t<\/div>\n\t\t\t\t<\/div>\n\t\t\t\t<\/div>\n\t\t\t\t<\/div>\n\t\t<div class=\"elementor-element elementor-element-9eb10b1 e-con-full e-flex e-con\" data-id=\"9eb10b1\" data-element_type=\"container\" data-settings=\"{&quot;content_width&quot;:&quot;full&quot;}\">\n\t\t\t\t<\/div>\n\t\t<div class=\"elementor-element elementor-element-3a7d468 e-con-full e-flex e-con\" data-id=\"3a7d468\" data-element_type=\"container\" data-settings=\"{&quot;content_width&quot;:&quot;full&quot;}\">\n\t\t\t\t<\/div>\n\t\t<div class=\"elementor-element elementor-element-58b22ca e-con-full e-flex e-con\" data-id=\"58b22ca\" data-element_type=\"container\" data-settings=\"{&quot;content_width&quot;:&quot;full&quot;}\">\n\t\t\t\t<\/div>\n\t\t\t\t<\/div>\n\t\t<div class=\"e-n-tab-title e-collapse\" aria-selected=\"false\" data-tab=\"4\" role=\"tab\" tabindex=\"-1\" aria-controls=\"e-n-tab-content-1624\" aria-expanded=\"false\" id=\"e-n-tabs-title-1624-accordion\">\t<span class=\"e-n-tab-icon\"><\/span>\t<span class=\"e-n-tab-title-text\">DERECHOS HUMANOS<\/span><\/div><div class=\"elementor-element elementor-element-3b6186f e-con-boxed e-flex e-con\" data-id=\"3b6186f\" data-element_type=\"container\" data-settings=\"{&quot;content_width&quot;:&quot;boxed&quot;}\">\n\t\t\t\t\t<div class=\"e-con-inner\">\n\t\t<div class=\"elementor-element elementor-element-b7b5997 e-con-full e-flex e-con\" data-id=\"b7b5997\" data-element_type=\"container\" data-settings=\"{&quot;content_width&quot;:&quot;full&quot;}\">\n\t\t<div class=\"elementor-element elementor-element-7c0d3dc e-con-boxed e-flex e-con\" data-id=\"7c0d3dc\" data-element_type=\"container\" data-settings=\"{&quot;content_width&quot;:&quot;boxed&quot;}\">\n\t\t\t\t\t<div class=\"e-con-inner\">\n\t\t\t\t<div class=\"elementor-element elementor-element-8a25b7c elementor-invisible elementor-widget elementor-widget-premium-addon-modal-box\" data-id=\"8a25b7c\" data-element_type=\"widget\" data-settings=\"{&quot;_animation&quot;:&quot;fadeIn&quot;,&quot;premium_modal_box_animation&quot;:&quot;fadeInDown&quot;}\" data-widget_type=\"premium-addon-modal-box.default\">\n\t\t\t\t<div class=\"elementor-widget-container\">\n\t\t\t\r\n\t\t<div class=\"premium-modal-box-container\" data-settings=\"{&quot;trigger&quot;:&quot;image&quot;}\">\r\n\t\t\t<div class=\"premium-modal-trigger-container\">\r\n\t\t\t\t\t\t\t\t\t<img decoding=\"async\" data-toggle=\"premium-modal\" data-target=\"#premium-modal-8a25b7c\" class=\"premium-modal-trigger-img\" src=\" https:\/\/amnistia.org.mx\/contenido\/wp-content\/uploads\/2020\/04\/LOGO.jpg\" alt=\"LOGO\">\r\n\t\t\t\t\t\t\t<\/div>\r\n\r\n\t\t\t<div id=\"premium-modal-8a25b7c\" class=\"premium-modal-box-modal\" role=\"dialog\" style=\"display: none\">\r\n\t\t\t\t<div class=\"premium-modal-box-modal-dialog\" data-delay-animation=\"\" data-modal-animation=\"fadeInDown animated-fast\">\r\n\t\t\t\t\t\t\t\t\t\t\t<div class=\"premium-modal-box-modal-header\">\r\n\t\t\t\t\t\t\t\t\t\t\t\t\t\t\t<h3 class=\"premium-modal-box-modal-title\">\r\n\t\t\t\t\t\t\t\t\t\t\t\t<img decoding=\"async\" src=\" https:\/\/amnistia.org.mx\/contenido\/wp-content\/uploads\/2020\/04\/LOGO.jpg\" alt=\"LOGO\">\r\n\t\t\tVacante\t\t\t\t\t\t\t\t<\/h3>\r\n\t\t\t\t\t\t\t\t\t\t\t\t\t\t\t\t\t\t\t\t\t\t<div class=\"premium-modal-box-close-button-container\">\r\n\t\t\t\t\t\t\t\t\t<button type=\"button\" class=\"premium-modal-box-modal-close\" data-dismiss=\"premium-modal\">&times;<\/button>\r\n\t\t\t\t\t\t\t\t<\/div>\r\n\t\t\t\t\t\t\t\t\t\t\t\t\t<\/div>\r\n\t\t\t\t\t\t\t\t\t\t<div class=\"premium-modal-box-modal-body\">\r\n\t\t\t\t\t\t<p><strong>Subdirector de Derechos Humanos<\/strong><\/p><div dir=\"auto\">\u00a0<\/div>\t\t\t\t\t<\/div>\r\n\t\t\t\t\t\t\t\t\t\t\t<div class=\"premium-modal-box-modal-footer\">\r\n\t\t\t\t\t\t\t<button type=\"button\" class=\"premium-modal-box-modal-lower-close\" data-dismiss=\"premium-modal\">\r\n\t\t\t\t\t\t\t\tCerrar\t\t\t\t\t\t\t<\/button>\r\n\t\t\t\t\t\t<\/div>\r\n\t\t\t\t\t\t\t\t\t<\/div>\r\n\t\t\t<\/div>\r\n\t\t<\/div>\r\n\r\n\t\t\t\t<\/div>\n\t\t\t\t<\/div>\n\t\t\t\t<div class=\"elementor-element elementor-element-fb2c361 elementor-widget elementor-widget-heading\" data-id=\"fb2c361\" data-element_type=\"widget\" data-widget_type=\"heading.default\">\n\t\t\t\t<div class=\"elementor-widget-container\">\n\t\t\t<h2 class=\"elementor-heading-title elementor-size-default\">Vacante<\/h2>\t\t<\/div>\n\t\t\t\t<\/div>\n\t\t\t\t<div class=\"elementor-element elementor-element-eec4f13 elementor-widget elementor-widget-heading\" data-id=\"eec4f13\" data-element_type=\"widget\" data-widget_type=\"heading.default\">\n\t\t\t\t<div class=\"elementor-widget-container\">\n\t\t\t<h2 class=\"elementor-heading-title elementor-size-default\">Subdirector de Derechos Humanos<\/h2>\t\t<\/div>\n\t\t\t\t<\/div>\n\t\t\t\t\t<\/div>\n\t\t\t\t<\/div>\n\t\t\t\t<\/div>\n\t\t<div class=\"elementor-element elementor-element-3c9d2f3 e-con-full e-flex e-con\" data-id=\"3c9d2f3\" data-element_type=\"container\" data-settings=\"{&quot;content_width&quot;:&quot;full&quot;}\">\n\t\t\t\t<div class=\"elementor-element elementor-element-7fa91c1 elementor-position-top elementor-vertical-align-top elementor-widget elementor-widget-image-box\" data-id=\"7fa91c1\" data-element_type=\"widget\" data-widget_type=\"image-box.default\">\n\t\t\t\t<div class=\"elementor-widget-container\">\n\t\t\t<div class=\"elementor-image-box-wrapper\"><figure class=\"elementor-image-box-img\"><img decoding=\"async\" width=\"300\" height=\"300\" src=\"https:\/\/amnistia.org.mx\/contenido\/wp-content\/uploads\/2023\/12\/fer.jpg\" class=\"attachment-full size-full wp-image-29225\" alt=\"\" loading=\"lazy\" \/><\/figure><div class=\"elementor-image-box-content\"><h3 class=\"elementor-image-box-title\">Fernanda Rivero<\/h3><p class=\"elementor-image-box-description\">Jefa de Fortalecimiento del Movimiento<\/p><\/div><\/div>\t\t<\/div>\n\t\t\t\t<\/div>\n\t\t\t\t<\/div>\n\t\t<div class=\"elementor-element elementor-element-db49fd8 e-con-full e-flex e-con\" data-id=\"db49fd8\" data-element_type=\"container\" data-settings=\"{&quot;content_width&quot;:&quot;full&quot;}\">\n\t\t\t\t<div class=\"elementor-element elementor-element-c065b9e elementor-position-top elementor-vertical-align-top elementor-widget elementor-widget-image-box\" data-id=\"c065b9e\" data-element_type=\"widget\" data-widget_type=\"image-box.default\">\n\t\t\t\t<div class=\"elementor-widget-container\">\n\t\t\t<div class=\"elementor-image-box-wrapper\"><figure class=\"elementor-image-box-img\"><img decoding=\"async\" width=\"300\" height=\"300\" src=\"https:\/\/amnistia.org.mx\/contenido\/wp-content\/uploads\/2023\/12\/cris.jpg\" class=\"attachment-full size-full wp-image-29226\" alt=\"\" loading=\"lazy\" \/><\/figure><div class=\"elementor-image-box-content\"><h3 class=\"elementor-image-box-title\">Christopher Isai Cruz<\/h3><p class=\"elementor-image-box-description\">Jefe de Campa\u00f1as y Comunicaci\u00f3n<\/p><\/div><\/div>\t\t<\/div>\n\t\t\t\t<\/div>\n\t\t\t\t<\/div>\n\t\t<div class=\"elementor-element elementor-element-f9f22ff e-con-full e-flex e-con\" data-id=\"f9f22ff\" data-element_type=\"container\" data-settings=\"{&quot;content_width&quot;:&quot;full&quot;}\">\n\t\t\t\t<div class=\"elementor-element elementor-element-d47adb6 elementor-position-top elementor-vertical-align-top elementor-widget elementor-widget-image-box\" data-id=\"d47adb6\" data-element_type=\"widget\" data-widget_type=\"image-box.default\">\n\t\t\t\t<div class=\"elementor-widget-container\">\n\t\t\t<div class=\"elementor-image-box-wrapper\"><figure class=\"elementor-image-box-img\"><img decoding=\"async\" width=\"300\" height=\"300\" src=\"https:\/\/amnistia.org.mx\/contenido\/wp-content\/uploads\/2023\/12\/norma.jpg\" class=\"attachment-full size-full wp-image-29227\" alt=\"\" loading=\"lazy\" \/><\/figure><div class=\"elementor-image-box-content\"><h3 class=\"elementor-image-box-title\">Norma Gonz\u00e1lez <\/h3><p class=\"elementor-image-box-description\">Jefa de An\u00e1lisis e Incidencia\u200b<\/p><\/div><\/div>\t\t<\/div>\n\t\t\t\t<\/div>\n\t\t\t\t<\/div>\n\t\t<div class=\"elementor-element elementor-element-096cf0b e-con-full e-flex e-con\" data-id=\"096cf0b\" data-element_type=\"container\" data-settings=\"{&quot;content_width&quot;:&quot;full&quot;}\">\n\t\t\t\t<div class=\"elementor-element elementor-element-5e4f94a elementor-position-top elementor-vertical-align-top elementor-widget elementor-widget-image-box\" data-id=\"5e4f94a\" data-element_type=\"widget\" data-widget_type=\"image-box.default\">\n\t\t\t\t<div class=\"elementor-widget-container\">\n\t\t\t<div class=\"elementor-image-box-wrapper\"><figure class=\"elementor-image-box-img\"><img decoding=\"async\" width=\"300\" height=\"300\" src=\"https:\/\/amnistia.org.mx\/contenido\/wp-content\/uploads\/2023\/12\/belem.jpg\" class=\"attachment-full size-full wp-image-29231\" alt=\"\" loading=\"lazy\" \/><\/figure><div class=\"elementor-image-box-content\"><h3 class=\"elementor-image-box-title\">Belem Barrera <\/h3><p class=\"elementor-image-box-description\">Jefa de Investigaci\u00f3n<\/p><\/div><\/div>\t\t<\/div>\n\t\t\t\t<\/div>\n\t\t\t\t<\/div>\n\t\t<div class=\"elementor-element elementor-element-68dcc6b e-con-full e-flex e-con\" data-id=\"68dcc6b\" data-element_type=\"container\" data-settings=\"{&quot;content_width&quot;:&quot;full&quot;}\">\n\t\t\t\t<div class=\"elementor-element elementor-element-d1786f4 elementor-position-top elementor-vertical-align-top elementor-widget elementor-widget-image-box\" data-id=\"d1786f4\" data-element_type=\"widget\" data-widget_type=\"image-box.default\">\n\t\t\t\t<div class=\"elementor-widget-container\">\n\t\t\t<div class=\"elementor-image-box-wrapper\"><figure class=\"elementor-image-box-img\"><img decoding=\"async\" width=\"300\" height=\"300\" src=\"https:\/\/amnistia.org.mx\/contenido\/wp-content\/uploads\/2023\/12\/alexis.jpg\" class=\"attachment-full size-full wp-image-29229\" alt=\"\" loading=\"lazy\" \/><\/figure><div class=\"elementor-image-box-content\"><h3 class=\"elementor-image-box-title\">Alexis Espejel <\/h3><p class=\"elementor-image-box-description\">Coordinaci\u00f3n de Campa\u00f1as\u200b<\/p><\/div><\/div>\t\t<\/div>\n\t\t\t\t<\/div>\n\t\t\t\t<\/div>\n\t\t<div class=\"elementor-element elementor-element-dc820b1 e-con-full e-flex e-con\" data-id=\"dc820b1\" data-element_type=\"container\" data-settings=\"{&quot;content_width&quot;:&quot;full&quot;}\">\n\t\t\t\t<div class=\"elementor-element elementor-element-8cfd387 elementor-position-top elementor-vertical-align-top elementor-widget elementor-widget-image-box\" data-id=\"8cfd387\" data-element_type=\"widget\" data-widget_type=\"image-box.default\">\n\t\t\t\t<div class=\"elementor-widget-container\">\n\t\t\t<div class=\"elementor-image-box-wrapper\"><figure class=\"elementor-image-box-img\"><img decoding=\"async\" width=\"150\" height=\"150\" src=\"https:\/\/amnistia.org.mx\/contenido\/wp-content\/uploads\/2020\/02\/angie.png\" class=\"attachment-full size-full wp-image-10757\" alt=\"\" loading=\"lazy\" \/><\/figure><div class=\"elementor-image-box-content\"><h3 class=\"elementor-image-box-title\">Ver\u00f3nica de Anda <\/h3><p class=\"elementor-image-box-description\">Especialista en An\u00e1lisis e Incidencia<\/p><\/div><\/div>\t\t<\/div>\n\t\t\t\t<\/div>\n\t\t\t\t<\/div>\n\t\t<div class=\"elementor-element elementor-element-759fbdf e-con-full e-flex e-con\" data-id=\"759fbdf\" data-element_type=\"container\" data-settings=\"{&quot;content_width&quot;:&quot;full&quot;}\">\n\t\t\t\t<div class=\"elementor-element elementor-element-172f781 elementor-position-top elementor-vertical-align-top elementor-widget elementor-widget-image-box\" data-id=\"172f781\" data-element_type=\"widget\" data-widget_type=\"image-box.default\">\n\t\t\t\t<div class=\"elementor-widget-container\">\n\t\t\t<div class=\"elementor-image-box-wrapper\"><figure class=\"elementor-image-box-img\"><img decoding=\"async\" width=\"300\" height=\"300\" src=\"https:\/\/amnistia.org.mx\/contenido\/wp-content\/uploads\/2023\/12\/alexia.jpg\" class=\"attachment-full size-full wp-image-29228\" alt=\"\" loading=\"lazy\" \/><\/figure><div class=\"elementor-image-box-content\"><h3 class=\"elementor-image-box-title\">Alexia Campos<\/h3><p class=\"elementor-image-box-description\">Especialista en Incidencia<\/p><\/div><\/div>\t\t<\/div>\n\t\t\t\t<\/div>\n\t\t\t\t<\/div>\n\t\t<div class=\"elementor-element elementor-element-db006c0 e-con-full e-flex e-con\" data-id=\"db006c0\" data-element_type=\"container\" data-settings=\"{&quot;content_width&quot;:&quot;full&quot;}\">\n\t\t<div class=\"elementor-element elementor-element-0e3568d e-con-full e-flex e-con\" data-id=\"0e3568d\" data-element_type=\"container\" data-settings=\"{&quot;content_width&quot;:&quot;full&quot;}\">\n\t\t\t\t<div class=\"elementor-element elementor-element-39034f1 elementor-position-top elementor-vertical-align-top elementor-widget elementor-widget-image-box\" data-id=\"39034f1\" data-element_type=\"widget\" data-widget_type=\"image-box.default\">\n\t\t\t\t<div class=\"elementor-widget-container\">\n\t\t\t<div class=\"elementor-image-box-wrapper\"><figure class=\"elementor-image-box-img\"><img decoding=\"async\" width=\"150\" height=\"150\" src=\"https:\/\/amnistia.org.mx\/contenido\/wp-content\/uploads\/2020\/02\/alejandro.png\" class=\"attachment-full size-full wp-image-10753\" alt=\"\" loading=\"lazy\" \/><\/figure><div class=\"elementor-image-box-content\"><h3 class=\"elementor-image-box-title\">Alejandro Ju\u00e1rez <\/h3><p class=\"elementor-image-box-description\">Especialista en Prensa y  Relaciones P\u00fablicas<\/p><\/div><\/div>\t\t<\/div>\n\t\t\t\t<\/div>\n\t\t\t\t<\/div>\n\t\t\t\t<\/div>\n\t\t<div class=\"elementor-element elementor-element-3d4e2dc e-con-full e-flex e-con\" data-id=\"3d4e2dc\" data-element_type=\"container\" data-settings=\"{&quot;content_width&quot;:&quot;full&quot;}\">\n\t\t\t\t<div class=\"elementor-element elementor-element-e7a75a8 elementor-position-top elementor-vertical-align-top elementor-widget elementor-widget-image-box\" data-id=\"e7a75a8\" data-element_type=\"widget\" data-widget_type=\"image-box.default\">\n\t\t\t\t<div class=\"elementor-widget-container\">\n\t\t\t<div class=\"elementor-image-box-wrapper\"><figure class=\"elementor-image-box-img\"><img decoding=\"async\" width=\"1080\" height=\"1080\" src=\"https:\/\/amnistia.org.mx\/contenido\/wp-content\/uploads\/2020\/06\/ALFONSO.png\" class=\"attachment-full size-full wp-image-18852\" alt=\"\" loading=\"lazy\" \/><\/figure><div class=\"elementor-image-box-content\"><h3 class=\"elementor-image-box-title\">Alfonso Ochoa<\/h3><p class=\"elementor-image-box-description\">Responsable de Educaci\u00f3n en Derechos Humanos<\/p><\/div><\/div>\t\t<\/div>\n\t\t\t\t<\/div>\n\t\t\t\t<\/div>\n\t\t<div class=\"elementor-element elementor-element-d6ab8fb e-con-full e-flex e-con\" data-id=\"d6ab8fb\" data-element_type=\"container\" data-settings=\"{&quot;content_width&quot;:&quot;full&quot;}\">\n\t\t<div class=\"elementor-element elementor-element-20687a9 e-con-full e-flex e-con\" data-id=\"20687a9\" data-element_type=\"container\" data-settings=\"{&quot;content_width&quot;:&quot;full&quot;}\">\n\t\t\t\t<div class=\"elementor-element elementor-element-4061ceb elementor-position-top elementor-vertical-align-top elementor-widget elementor-widget-image-box\" data-id=\"4061ceb\" data-element_type=\"widget\" data-widget_type=\"image-box.default\">\n\t\t\t\t<div class=\"elementor-widget-container\">\n\t\t\t<div class=\"elementor-image-box-wrapper\"><figure class=\"elementor-image-box-img\"><img decoding=\"async\" width=\"3620\" height=\"3620\" src=\"https:\/\/amnistia.org.mx\/contenido\/wp-content\/uploads\/2023\/12\/circle-cropped.png\" class=\"attachment-full size-full wp-image-28958\" alt=\"\" loading=\"lazy\" \/><\/figure><div class=\"elementor-image-box-content\"><h3 class=\"elementor-image-box-title\">Vacante<\/h3><p class=\"elementor-image-box-description\">Responsable de Comunicaci\u00f3n Digital\u200b<\/p><\/div><\/div>\t\t<\/div>\n\t\t\t\t<\/div>\n\t\t\t\t<\/div>\n\t\t\t\t<\/div>\n\t\t<div class=\"elementor-element elementor-element-8f63d19 e-con-full e-flex e-con\" data-id=\"8f63d19\" data-element_type=\"container\" data-settings=\"{&quot;content_width&quot;:&quot;full&quot;}\">\n\t\t<div class=\"elementor-element elementor-element-9ec06c0 e-con-full e-flex e-con\" data-id=\"9ec06c0\" data-element_type=\"container\" data-settings=\"{&quot;content_width&quot;:&quot;full&quot;}\">\n\t\t\t\t<div class=\"elementor-element elementor-element-ab5f3e4 elementor-position-top elementor-vertical-align-top elementor-widget elementor-widget-image-box\" data-id=\"ab5f3e4\" data-element_type=\"widget\" data-widget_type=\"image-box.default\">\n\t\t\t\t<div class=\"elementor-widget-container\">\n\t\t\t<div class=\"elementor-image-box-wrapper\"><figure class=\"elementor-image-box-img\"><img decoding=\"async\" width=\"3620\" height=\"3620\" src=\"https:\/\/amnistia.org.mx\/contenido\/wp-content\/uploads\/2023\/04\/circle-cropped.png\" class=\"attachment-full size-full wp-image-23304\" alt=\"\" loading=\"lazy\" \/><\/figure><div class=\"elementor-image-box-content\"><h3 class=\"elementor-image-box-title\">Vacante<\/h3><p class=\"elementor-image-box-description\">Responsable de Activismo<\/p><\/div><\/div>\t\t<\/div>\n\t\t\t\t<\/div>\n\t\t\t\t<\/div>\n\t\t\t\t<\/div>\n\t\t<div class=\"elementor-element elementor-element-136312c e-con-full e-flex e-con\" data-id=\"136312c\" data-element_type=\"container\" data-settings=\"{&quot;content_width&quot;:&quot;full&quot;}\">\n\t\t\t\t<div class=\"elementor-element elementor-element-4d8263a elementor-position-top elementor-vertical-align-top elementor-widget elementor-widget-image-box\" data-id=\"4d8263a\" data-element_type=\"widget\" data-widget_type=\"image-box.default\">\n\t\t\t\t<div class=\"elementor-widget-container\">\n\t\t\t<div class=\"elementor-image-box-wrapper\"><figure class=\"elementor-image-box-img\"><img decoding=\"async\" width=\"300\" height=\"300\" src=\"https:\/\/amnistia.org.mx\/contenido\/wp-content\/uploads\/2023\/12\/Carla.jpg\" class=\"attachment-full size-full wp-image-29230\" alt=\"\" loading=\"lazy\" \/><\/figure><div class=\"elementor-image-box-content\"><h3 class=\"elementor-image-box-title\">Carla Ram\u00edrez<\/h3><p class=\"elementor-image-box-description\">Asistente de Prensa y Relaciones P\u00fablicas <\/p><\/div><\/div>\t\t<\/div>\n\t\t\t\t<\/div>\n\t\t\t\t<\/div>\n\t\t<div class=\"elementor-element elementor-element-5aad0b1 e-con-full e-flex e-con\" data-id=\"5aad0b1\" data-element_type=\"container\" data-settings=\"{&quot;content_width&quot;:&quot;full&quot;}\">\n\t\t\t\t<\/div>\n\t\t<div class=\"elementor-element elementor-element-444a02f e-con-full e-flex e-con\" data-id=\"444a02f\" data-element_type=\"container\" data-settings=\"{&quot;content_width&quot;:&quot;full&quot;}\">\n\t\t<div class=\"elementor-element elementor-element-fa276b3 e-con-full e-flex e-con\" data-id=\"fa276b3\" data-element_type=\"container\" data-settings=\"{&quot;content_width&quot;:&quot;full&quot;}\">\n\t\t\t\t<\/div>\n\t\t\t\t<\/div>\n\t\t<div class=\"elementor-element elementor-element-edd1023 e-con-full e-flex e-con\" data-id=\"edd1023\" data-element_type=\"container\" data-settings=\"{&quot;content_width&quot;:&quot;full&quot;}\">\n\t\t\t\t<\/div>\n\t\t<div class=\"elementor-element elementor-element-6961ab8 e-con-full e-flex e-con\" data-id=\"6961ab8\" data-element_type=\"container\" data-settings=\"{&quot;content_width&quot;:&quot;full&quot;}\">\n\t\t\t\t<\/div>\n\t\t<div class=\"elementor-element elementor-element-c2093e8 e-con-full e-flex e-con\" data-id=\"c2093e8\" data-element_type=\"container\" data-settings=\"{&quot;content_width&quot;:&quot;full&quot;}\">\n\t\t\t\t<\/div>\n\t\t<div class=\"elementor-element elementor-element-6b876f8 e-con-full e-flex e-con\" data-id=\"6b876f8\" data-element_type=\"container\" data-settings=\"{&quot;content_width&quot;:&quot;full&quot;}\">\n\t\t\t\t<\/div>\n\t\t<div class=\"elementor-element elementor-element-f1ebfdc e-con-full e-flex e-con\" data-id=\"f1ebfdc\" data-element_type=\"container\" data-settings=\"{&quot;content_width&quot;:&quot;full&quot;}\">\n\t\t\t\t<\/div>\n\t\t<div class=\"elementor-element elementor-element-1df42aa e-con-full e-flex e-con\" data-id=\"1df42aa\" data-element_type=\"container\" data-settings=\"{&quot;content_width&quot;:&quot;full&quot;}\">\n\t\t\t\t<\/div>\n\t\t<div class=\"elementor-element elementor-element-887ad7a e-con-full e-flex e-con\" data-id=\"887ad7a\" data-element_type=\"container\" data-settings=\"{&quot;content_width&quot;:&quot;full&quot;}\">\n\t\t\t\t<\/div>\n\t\t<div class=\"elementor-element elementor-element-0cb88be e-con-full e-flex e-con\" data-id=\"0cb88be\" data-element_type=\"container\" data-settings=\"{&quot;content_width&quot;:&quot;full&quot;}\">\n\t\t<div class=\"elementor-element elementor-element-4c58a79 e-con-full e-flex e-con\" data-id=\"4c58a79\" data-element_type=\"container\" data-settings=\"{&quot;content_width&quot;:&quot;full&quot;}\">\n\t\t\t\t<\/div>\n\t\t<div class=\"elementor-element elementor-element-f020b2f e-con-full e-flex e-con\" data-id=\"f020b2f\" data-element_type=\"container\" data-settings=\"{&quot;content_width&quot;:&quot;full&quot;}\">\n\t\t\t\t<\/div>\n\t\t\t\t<\/div>\n\t\t\t\t\t<\/div>\n\t\t\t\t<\/div>\n\t\t<div class=\"e-n-tab-title e-collapse\" aria-selected=\"false\" data-tab=\"5\" role=\"tab\" tabindex=\"-1\" aria-controls=\"e-n-tab-content-1625\" aria-expanded=\"false\" id=\"e-n-tabs-title-1625-accordion\">\t<span class=\"e-n-tab-icon\"><\/span>\t<span class=\"e-n-tab-title-text\">ADMINISTRACI\u00d3N<\/span><\/div><div class=\"elementor-element elementor-element-5cfce92 e-con-boxed e-flex e-con\" data-id=\"5cfce92\" data-element_type=\"container\" data-settings=\"{&quot;content_width&quot;:&quot;boxed&quot;}\">\n\t\t\t\t\t<div class=\"e-con-inner\">\n\t\t<div class=\"elementor-element elementor-element-ad6a660 e-con-full e-flex e-con\" data-id=\"ad6a660\" data-element_type=\"container\" data-settings=\"{&quot;content_width&quot;:&quot;full&quot;}\">\n\t\t<div class=\"elementor-element elementor-element-7bf86c6 e-con-boxed e-flex e-con\" data-id=\"7bf86c6\" data-element_type=\"container\" data-settings=\"{&quot;content_width&quot;:&quot;boxed&quot;}\">\n\t\t\t\t\t<div class=\"e-con-inner\">\n\t\t\t\t<div class=\"elementor-element elementor-element-135ba4e elementor-invisible elementor-widget elementor-widget-premium-addon-modal-box\" data-id=\"135ba4e\" data-element_type=\"widget\" data-settings=\"{&quot;_animation&quot;:&quot;fadeIn&quot;,&quot;premium_modal_box_animation&quot;:&quot;fadeInDown&quot;}\" data-widget_type=\"premium-addon-modal-box.default\">\n\t\t\t\t<div class=\"elementor-widget-container\">\n\t\t\t\r\n\t\t<div class=\"premium-modal-box-container\" data-settings=\"{&quot;trigger&quot;:&quot;image&quot;}\">\r\n\t\t\t<div class=\"premium-modal-trigger-container\">\r\n\t\t\t\t\t\t\t\t\t<img decoding=\"async\" data-toggle=\"premium-modal\" data-target=\"#premium-modal-135ba4e\" class=\"premium-modal-trigger-img\" src=\" https:\/\/amnistia.org.mx\/contenido\/wp-content\/uploads\/2023\/06\/Bety.jpg\" alt=\"Bety\">\r\n\t\t\t\t\t\t\t<\/div>\r\n\r\n\t\t\t<div id=\"premium-modal-135ba4e\" class=\"premium-modal-box-modal\" role=\"dialog\" style=\"display: none\">\r\n\t\t\t\t<div class=\"premium-modal-box-modal-dialog\" data-delay-animation=\"\" data-modal-animation=\"fadeInDown animated-fast\">\r\n\t\t\t\t\t\t\t\t\t\t\t<div class=\"premium-modal-box-modal-header\">\r\n\t\t\t\t\t\t\t\t\t\t\t\t\t\t\t<h3 class=\"premium-modal-box-modal-title\">\r\n\t\t\t\t\t\t\t\t\t\t\t\t<img decoding=\"async\" src=\" https:\/\/amnistia.org.mx\/contenido\/wp-content\/uploads\/2023\/06\/Bety.jpg\" alt=\"Bety\">\r\n\t\t\tBeatriz Talavera\t\t\t\t\t\t\t\t<\/h3>\r\n\t\t\t\t\t\t\t\t\t\t\t\t\t\t\t\t\t\t\t\t\t\t<div class=\"premium-modal-box-close-button-container\">\r\n\t\t\t\t\t\t\t\t\t<button type=\"button\" class=\"premium-modal-box-modal-close\" data-dismiss=\"premium-modal\">&times;<\/button>\r\n\t\t\t\t\t\t\t\t<\/div>\r\n\t\t\t\t\t\t\t\t\t\t\t\t\t<\/div>\r\n\t\t\t\t\t\t\t\t\t\t<div class=\"premium-modal-box-modal-body\">\r\n\t\t\t\t\t\t<p><strong>Subdirectora de Administraci\u00f3n<\/strong><\/p><div dir=\"auto\">\u00a0<\/div>\t\t\t\t\t<\/div>\r\n\t\t\t\t\t\t\t\t\t\t\t<div class=\"premium-modal-box-modal-footer\">\r\n\t\t\t\t\t\t\t<button type=\"button\" class=\"premium-modal-box-modal-lower-close\" data-dismiss=\"premium-modal\">\r\n\t\t\t\t\t\t\t\tCerrar\t\t\t\t\t\t\t<\/button>\r\n\t\t\t\t\t\t<\/div>\r\n\t\t\t\t\t\t\t\t\t<\/div>\r\n\t\t\t<\/div>\r\n\t\t<\/div>\r\n\r\n\t\t\t\t<\/div>\n\t\t\t\t<\/div>\n\t\t\t\t<div class=\"elementor-element elementor-element-c9ee7d4 elementor-widget elementor-widget-heading\" data-id=\"c9ee7d4\" data-element_type=\"widget\" data-widget_type=\"heading.default\">\n\t\t\t\t<div class=\"elementor-widget-container\">\n\t\t\t<h2 class=\"elementor-heading-title elementor-size-default\">Beatriz Talavera<\/h2>\t\t<\/div>\n\t\t\t\t<\/div>\n\t\t\t\t<div class=\"elementor-element elementor-element-917b6e9 elementor-widget elementor-widget-heading\" data-id=\"917b6e9\" data-element_type=\"widget\" data-widget_type=\"heading.default\">\n\t\t\t\t<div class=\"elementor-widget-container\">\n\t\t\t<h2 class=\"elementor-heading-title elementor-size-default\">Subdirectora de Administraci\u00f3n<\/h2>\t\t<\/div>\n\t\t\t\t<\/div>\n\t\t\t\t\t<\/div>\n\t\t\t\t<\/div>\n\t\t\t\t<\/div>\n\t\t<div class=\"elementor-element elementor-element-2e372ad e-con-full e-flex e-con\" data-id=\"2e372ad\" data-element_type=\"container\" data-settings=\"{&quot;content_width&quot;:&quot;full&quot;}\">\n\t\t\t\t<div class=\"elementor-element elementor-element-3be335a elementor-position-top elementor-vertical-align-top elementor-widget elementor-widget-image-box\" data-id=\"3be335a\" data-element_type=\"widget\" data-widget_type=\"image-box.default\">\n\t\t\t\t<div class=\"elementor-widget-container\">\n\t\t\t<div class=\"elementor-image-box-wrapper\"><figure class=\"elementor-image-box-img\"><img decoding=\"async\" width=\"900\" height=\"900\" src=\"https:\/\/amnistia.org.mx\/contenido\/wp-content\/uploads\/2020\/04\/LOGO.jpg\" class=\"attachment-full size-full wp-image-9914\" alt=\"\" loading=\"lazy\" \/><\/figure><div class=\"elementor-image-box-content\"><h3 class=\"elementor-image-box-title\">Vacante<\/h3><p class=\"elementor-image-box-description\">Jefe de Administraci\u00f3n y Finanzas<\/p><\/div><\/div>\t\t<\/div>\n\t\t\t\t<\/div>\n\t\t\t\t<\/div>\n\t\t<div class=\"elementor-element elementor-element-efd16c0 e-con-full e-flex e-con\" data-id=\"efd16c0\" data-element_type=\"container\" data-settings=\"{&quot;content_width&quot;:&quot;full&quot;}\">\n\t\t\t\t<div class=\"elementor-element elementor-element-dcb439c elementor-position-top elementor-vertical-align-top elementor-widget elementor-widget-image-box\" data-id=\"dcb439c\" data-element_type=\"widget\" data-widget_type=\"image-box.default\">\n\t\t\t\t<div class=\"elementor-widget-container\">\n\t\t\t<div class=\"elementor-image-box-wrapper\"><figure class=\"elementor-image-box-img\"><img decoding=\"async\" width=\"546\" height=\"546\" src=\"https:\/\/amnistia.org.mx\/contenido\/wp-content\/uploads\/2023\/12\/Pablo.jpg\" class=\"attachment-full size-full wp-image-28936\" alt=\"\" loading=\"lazy\" \/><\/figure><div class=\"elementor-image-box-content\"><h3 class=\"elementor-image-box-title\">Pablo Vera<\/h3><p class=\"elementor-image-box-description\">Jefe de Tecnolog\u00edas de la Informaci\u00f3n y Comunicaci\u00f3n<\/p><\/div><\/div>\t\t<\/div>\n\t\t\t\t<\/div>\n\t\t\t\t<\/div>\n\t\t<div class=\"elementor-element elementor-element-5b6c487 e-con-full e-flex e-con\" data-id=\"5b6c487\" data-element_type=\"container\" data-settings=\"{&quot;content_width&quot;:&quot;full&quot;}\">\n\t\t\t\t<div class=\"elementor-element elementor-element-7bc4a42 elementor-position-top elementor-vertical-align-top elementor-widget elementor-widget-image-box\" data-id=\"7bc4a42\" data-element_type=\"widget\" data-widget_type=\"image-box.default\">\n\t\t\t\t<div class=\"elementor-widget-container\">\n\t\t\t<div class=\"elementor-image-box-wrapper\"><figure class=\"elementor-image-box-img\"><img decoding=\"async\" width=\"300\" height=\"300\" src=\"https:\/\/amnistia.org.mx\/contenido\/wp-content\/uploads\/2023\/12\/Carlos.jpg\" class=\"attachment-full size-full wp-image-28942\" alt=\"\" loading=\"lazy\" \/><\/figure><div class=\"elementor-image-box-content\"><h3 class=\"elementor-image-box-title\">Carlos Guzm\u00e1n<\/h3><p class=\"elementor-image-box-description\">Especialista en Tecnolog\u00edas de la Informaci\u00f3n y Comunicaci\u00f3n<\/p><\/div><\/div>\t\t<\/div>\n\t\t\t\t<\/div>\n\t\t\t\t<\/div>\n\t\t<div class=\"elementor-element elementor-element-35dbbbe e-con-full e-flex e-con\" data-id=\"35dbbbe\" data-element_type=\"container\" data-settings=\"{&quot;content_width&quot;:&quot;full&quot;}\">\n\t\t\t\t<div class=\"elementor-element elementor-element-14645c8 elementor-position-top elementor-vertical-align-top elementor-widget elementor-widget-image-box\" data-id=\"14645c8\" data-element_type=\"widget\" data-widget_type=\"image-box.default\">\n\t\t\t\t<div class=\"elementor-widget-container\">\n\t\t\t<div class=\"elementor-image-box-wrapper\"><figure class=\"elementor-image-box-img\"><img decoding=\"async\" width=\"300\" height=\"300\" src=\"https:\/\/amnistia.org.mx\/contenido\/wp-content\/uploads\/2023\/12\/Ari.jpg\" class=\"attachment-full size-full wp-image-28935\" alt=\"\" loading=\"lazy\" \/><\/figure><div class=\"elementor-image-box-content\"><h3 class=\"elementor-image-box-title\">Ariadna S\u00e1nchez<\/h3><p class=\"elementor-image-box-description\">Especialista de Administraci\u00f3n<\/p><\/div><\/div>\t\t<\/div>\n\t\t\t\t<\/div>\n\t\t\t\t<\/div>\n\t\t<div class=\"elementor-element elementor-element-d40652f e-con-full e-flex e-con\" data-id=\"d40652f\" data-element_type=\"container\" data-settings=\"{&quot;content_width&quot;:&quot;full&quot;}\">\n\t\t<div class=\"elementor-element elementor-element-e0d8f0e e-con-full e-flex e-con\" data-id=\"e0d8f0e\" data-element_type=\"container\" data-settings=\"{&quot;content_width&quot;:&quot;full&quot;}\">\n\t\t\t\t<div class=\"elementor-element elementor-element-081eb00 elementor-position-top elementor-vertical-align-top elementor-widget elementor-widget-image-box\" data-id=\"081eb00\" data-element_type=\"widget\" data-widget_type=\"image-box.default\">\n\t\t\t\t<div class=\"elementor-widget-container\">\n\t\t\t<div class=\"elementor-image-box-wrapper\"><figure class=\"elementor-image-box-img\"><img decoding=\"async\" width=\"900\" height=\"900\" src=\"https:\/\/amnistia.org.mx\/contenido\/wp-content\/uploads\/2020\/04\/LOGO.jpg\" class=\"attachment-full size-full wp-image-9914\" alt=\"\" loading=\"lazy\" \/><\/figure><div class=\"elementor-image-box-content\"><h3 class=\"elementor-image-box-title\">Nuria  Rodr\u00edguez<\/h3><p class=\"elementor-image-box-description\">Responsable en Administraci\u00f3n y Log\u00edstica<\/p><\/div><\/div>\t\t<\/div>\n\t\t\t\t<\/div>\n\t\t\t\t<\/div>\n\t\t\t\t<\/div>\n\t\t<div class=\"elementor-element elementor-element-58076f9 e-con-full e-flex e-con\" data-id=\"58076f9\" data-element_type=\"container\" data-settings=\"{&quot;content_width&quot;:&quot;full&quot;}\">\n\t\t<div class=\"elementor-element elementor-element-5134e95 e-con-full e-flex e-con\" data-id=\"5134e95\" data-element_type=\"container\" data-settings=\"{&quot;content_width&quot;:&quot;full&quot;}\">\n\t\t<div class=\"elementor-element elementor-element-c69919e e-con-full e-flex e-con\" data-id=\"c69919e\" data-element_type=\"container\" data-settings=\"{&quot;content_width&quot;:&quot;full&quot;}\">\n\t\t\t\t<div class=\"elementor-element elementor-element-c7a4d70 elementor-position-top elementor-vertical-align-top elementor-widget elementor-widget-image-box\" data-id=\"c7a4d70\" data-element_type=\"widget\" data-widget_type=\"image-box.default\">\n\t\t\t\t<div class=\"elementor-widget-container\">\n\t\t\t<div class=\"elementor-image-box-wrapper\"><figure class=\"elementor-image-box-img\"><img decoding=\"async\" width=\"300\" height=\"300\" src=\"https:\/\/amnistia.org.mx\/contenido\/wp-content\/uploads\/2023\/12\/Eu.jpg\" class=\"attachment-full size-full wp-image-28941\" alt=\"\" loading=\"lazy\" \/><\/figure><div class=\"elementor-image-box-content\"><h3 class=\"elementor-image-box-title\">Eufracia Quiroz <\/h3><p class=\"elementor-image-box-description\">Auxiliar de limpieza<\/p><\/div><\/div>\t\t<\/div>\n\t\t\t\t<\/div>\n\t\t\t\t<\/div>\n\t\t\t\t<\/div>\n\t\t\t\t<\/div>\n\t\t<div class=\"elementor-element elementor-element-1b1e9fb e-con-full e-flex e-con\" data-id=\"1b1e9fb\" data-element_type=\"container\" data-settings=\"{&quot;content_width&quot;:&quot;full&quot;}\">\n\t\t\t\t<\/div>\n\t\t<div class=\"elementor-element elementor-element-86e3c46 e-con-full e-flex e-con\" data-id=\"86e3c46\" data-element_type=\"container\" data-settings=\"{&quot;content_width&quot;:&quot;full&quot;}\">\n\t\t\t\t<\/div>\n\t\t<div class=\"elementor-element elementor-element-26bcbf7 e-con-full e-flex e-con\" data-id=\"26bcbf7\" data-element_type=\"container\" data-settings=\"{&quot;content_width&quot;:&quot;full&quot;}\">\n\t\t\t\t<\/div>\n\t\t<div class=\"elementor-element elementor-element-b36efc2 e-con-full e-flex e-con\" data-id=\"b36efc2\" data-element_type=\"container\" data-settings=\"{&quot;content_width&quot;:&quot;full&quot;}\">\n\t\t\t\t<\/div>\n\t\t<div class=\"elementor-element elementor-element-889c4e3 e-con-full e-flex e-con\" data-id=\"889c4e3\" data-element_type=\"container\" data-settings=\"{&quot;content_width&quot;:&quot;full&quot;}\">\n\t\t\t\t<\/div>\n\t\t\t\t\t<\/div>\n\t\t\t\t<\/div>\n\t\t\t\t\t<\/div>\n\t\t<\/div>\n\t\t\t\t<\/div>\n\t\t\t\t<\/div>\n\t\t\t\t\t<\/div>\n\t\t\t\t<\/div>\n\t\t<div class=\"elementor-element elementor-element-d4c85c2 e-con-boxed e-flex e-con\" data-id=\"d4c85c2\" data-element_type=\"container\" data-settings=\"{&quot;content_width&quot;:&quot;boxed&quot;}\">\n\t\t\t\t\t<div class=\"e-con-inner\">\n\t\t\t\t<div class=\"elementor-element elementor-element-4f368b9 e-n-tabs-mobile elementor-widget elementor-widget-n-tabs\" data-id=\"4f368b9\" data-element_type=\"widget\" data-widget_type=\"nested-tabs.default\">\n\t\t\t\t<div class=\"elementor-widget-container\">\n\t\t\t\t\t<div class=\"e-n-tabs\">\n\t\t\t<div class=\"e-n-tabs-heading\" role=\"tablist\">\n\t\t\t\t<div id=\"e-n-tabs-title-8301\" class=\"e-n-tab-title e-normal\" aria-selected=\"true\" data-tab=\"1\" role=\"tab\" tabindex=\"0\" aria-controls=\"e-n-tab-content-8301\" aria-expanded=\"false\">\t<span class=\"e-n-tab-icon\"><\/span>\t<span class=\"e-n-tab-title-text\">Comit\u00e9 Directivo<\/span><\/div><div id=\"e-n-tabs-title-8302\" class=\"e-n-tab-title e-normal\" aria-selected=\"false\" data-tab=\"2\" role=\"tab\" tabindex=\"-1\" aria-controls=\"e-n-tab-content-8302\" aria-expanded=\"false\">\t<span class=\"e-n-tab-icon\"><\/span>\t<span class=\"e-n-tab-title-text\">Direcci\u00f3n ejecutiva<\/span><\/div><div id=\"e-n-tabs-title-8303\" class=\"e-n-tab-title e-normal\" aria-selected=\"false\" data-tab=\"3\" role=\"tab\" tabindex=\"-1\" aria-controls=\"e-n-tab-content-8303\" aria-expanded=\"false\">\t<span class=\"e-n-tab-icon\"><\/span>\t<span class=\"e-n-tab-title-text\">PROCURACI\u00d3N DE FONDOS<\/span><\/div><div id=\"e-n-tabs-title-8304\" class=\"e-n-tab-title e-normal\" aria-selected=\"false\" data-tab=\"4\" role=\"tab\" tabindex=\"-1\" aria-controls=\"e-n-tab-content-8304\" aria-expanded=\"false\">\t<span class=\"e-n-tab-icon\"><\/span>\t<span class=\"e-n-tab-title-text\">PROGRAMAS<\/span><\/div>\t\t\t<\/div>\n\t\t\t<div class=\"e-n-tabs-content\" role=\"tablist\" aria-orientation=\"vertical\">\n\t\t\t\t<div class=\"e-n-tab-title e-collapse\" aria-selected=\"true\" data-tab=\"1\" role=\"tab\" tabindex=\"0\" aria-controls=\"e-n-tab-content-8301\" aria-expanded=\"false\" id=\"e-n-tabs-title-8301-accordion\">\t<span class=\"e-n-tab-icon\"><\/span>\t<span class=\"e-n-tab-title-text\">Comit\u00e9 Directivo<\/span><\/div><div class=\"elementor-element elementor-element-a5f0ea7 e-con-full e-flex e-con\" data-id=\"a5f0ea7\" data-element_type=\"container\" data-settings=\"{&quot;content_width&quot;:&quot;full&quot;}\">\n\t\t<div class=\"elementor-element elementor-element-39a3a5a e-con-full e-flex e-con\" data-id=\"39a3a5a\" data-element_type=\"container\" data-settings=\"{&quot;content_width&quot;:&quot;full&quot;}\">\n\t\t<div class=\"elementor-element elementor-element-08fe8b2 e-con-boxed e-flex e-con\" data-id=\"08fe8b2\" data-element_type=\"container\" data-settings=\"{&quot;content_width&quot;:&quot;boxed&quot;}\">\n\t\t\t\t\t<div class=\"e-con-inner\">\n\t\t\t\t<div class=\"elementor-element elementor-element-19a0545 elementor-invisible elementor-widget elementor-widget-premium-addon-modal-box\" data-id=\"19a0545\" data-element_type=\"widget\" data-settings=\"{&quot;_animation&quot;:&quot;fadeIn&quot;,&quot;premium_modal_box_animation&quot;:&quot;fadeInDown&quot;}\" data-widget_type=\"premium-addon-modal-box.default\">\n\t\t\t\t<div class=\"elementor-widget-container\">\n\t\t\t\r\n\t\t<div class=\"premium-modal-box-container\" data-settings=\"{&quot;trigger&quot;:&quot;image&quot;}\">\r\n\t\t\t<div class=\"premium-modal-trigger-container\">\r\n\t\t\t\t\t\t\t\t\t<img decoding=\"async\" data-toggle=\"premium-modal\" data-target=\"#premium-modal-19a0545\" class=\"premium-modal-trigger-img\" src=\" https:\/\/amnistia.org.mx\/contenido\/wp-content\/uploads\/2023\/12\/DAVID.jpg\" alt=\"rpt\">\r\n\t\t\t\t\t\t\t<\/div>\r\n\r\n\t\t\t<div id=\"premium-modal-19a0545\" class=\"premium-modal-box-modal\" role=\"dialog\" style=\"display: none\">\r\n\t\t\t\t<div class=\"premium-modal-box-modal-dialog\" data-delay-animation=\"\" data-modal-animation=\"fadeInDown animated-fast\">\r\n\t\t\t\t\t\t\t\t\t\t\t<div class=\"premium-modal-box-modal-header\">\r\n\t\t\t\t\t\t\t\t\t\t\t\t\t\t\t<h3 class=\"premium-modal-box-modal-title\">\r\n\t\t\t\t\t\t\t\t\t\t\t\t<img decoding=\"async\" src=\" https:\/\/amnistia.org.mx\/contenido\/wp-content\/uploads\/2023\/12\/DAVID.jpg\" alt=\"rpt\">\r\n\t\t\tDavid Montoya L\u00f3pez\t\t\t\t\t\t\t\t<\/h3>\r\n\t\t\t\t\t\t\t\t\t\t\t\t\t\t\t\t\t\t\t\t\t\t<div class=\"premium-modal-box-close-button-container\">\r\n\t\t\t\t\t\t\t\t\t<button type=\"button\" class=\"premium-modal-box-modal-close\" data-dismiss=\"premium-modal\">&times;<\/button>\r\n\t\t\t\t\t\t\t\t<\/div>\r\n\t\t\t\t\t\t\t\t\t\t\t\t\t<\/div>\r\n\t\t\t\t\t\t\t\t\t\t<div class=\"premium-modal-box-modal-body\">\r\n\t\t\t\t\t\t<p><strong>Presidente<\/strong><\/p><p>David Montoya L\u00f3pez es miembro de Amnist\u00eda desde el 2013. Ha participado en diferentes \u00f3rganos y comisiones de gobernanza de la organizaci\u00f3n, interactuando con membres\u00eda y activistas tanto a nivel local como internacional. A lo largo de estos 10 a\u00f1os ha formado parte de los grupos de activismo por derechos de pueblos originarios, y de personas en movimiento.<\/p>\t\t\t\t\t<\/div>\r\n\t\t\t\t\t\t\t\t\t\t\t<div class=\"premium-modal-box-modal-footer\">\r\n\t\t\t\t\t\t\t<button type=\"button\" class=\"premium-modal-box-modal-lower-close\" data-dismiss=\"premium-modal\">\r\n\t\t\t\t\t\t\t\tCerrar\t\t\t\t\t\t\t<\/button>\r\n\t\t\t\t\t\t<\/div>\r\n\t\t\t\t\t\t\t\t\t<\/div>\r\n\t\t\t<\/div>\r\n\t\t<\/div>\r\n\r\n\t\t\t\t<\/div>\n\t\t\t\t<\/div>\n\t\t\t\t<div class=\"elementor-element elementor-element-db80819 elementor-widget elementor-widget-heading\" data-id=\"db80819\" data-element_type=\"widget\" data-widget_type=\"heading.default\">\n\t\t\t\t<div class=\"elementor-widget-container\">\n\t\t\t<h2 class=\"elementor-heading-title elementor-size-default\">David Montoya<\/h2>\t\t<\/div>\n\t\t\t\t<\/div>\n\t\t\t\t<div class=\"elementor-element elementor-element-eeea285 elementor-widget elementor-widget-heading\" data-id=\"eeea285\" data-element_type=\"widget\" data-widget_type=\"heading.default\">\n\t\t\t\t<div class=\"elementor-widget-container\">\n\t\t\t<h2 class=\"elementor-heading-title elementor-size-default\">Presidente<\/h2>\t\t<\/div>\n\t\t\t\t<\/div>\n\t\t\t\t\t<\/div>\n\t\t\t\t<\/div>\n\t\t<div class=\"elementor-element elementor-element-377aac0 e-con-boxed e-flex e-con\" data-id=\"377aac0\" data-element_type=\"container\" data-settings=\"{&quot;content_width&quot;:&quot;boxed&quot;}\">\n\t\t\t\t\t<div class=\"e-con-inner\">\n\t\t\t\t<div class=\"elementor-element elementor-element-a8e0d8e elementor-widget elementor-widget-premium-addon-modal-box\" data-id=\"a8e0d8e\" data-element_type=\"widget\" data-settings=\"{&quot;premium_modal_box_animation&quot;:&quot;fadeInDown&quot;}\" data-widget_type=\"premium-addon-modal-box.default\">\n\t\t\t\t<div class=\"elementor-widget-container\">\n\t\t\t\r\n\t\t<div class=\"premium-modal-box-container\" data-settings=\"{&quot;trigger&quot;:&quot;image&quot;}\">\r\n\t\t\t<div class=\"premium-modal-trigger-container\">\r\n\t\t\t\t\t\t\t\t\t<img decoding=\"async\" data-toggle=\"premium-modal\" data-target=\"#premium-modal-a8e0d8e\" class=\"premium-modal-trigger-img\" src=\" https:\/\/amnistia.org.mx\/contenido\/wp-content\/uploads\/2024\/08\/paulina.jpg\" alt=\"paulina\">\r\n\t\t\t\t\t\t\t<\/div>\r\n\r\n\t\t\t<div id=\"premium-modal-a8e0d8e\" class=\"premium-modal-box-modal\" role=\"dialog\" style=\"display: none\">\r\n\t\t\t\t<div class=\"premium-modal-box-modal-dialog\" data-delay-animation=\"\" data-modal-animation=\"fadeInDown animated-fast\">\r\n\t\t\t\t\t\t\t\t\t\t\t<div class=\"premium-modal-box-modal-header\">\r\n\t\t\t\t\t\t\t\t\t\t\t\t\t\t\t<h3 class=\"premium-modal-box-modal-title\">\r\n\t\t\t\t\t\t\t\t\t\t\t\t<img decoding=\"async\" src=\" https:\/\/amnistia.org.mx\/contenido\/wp-content\/uploads\/2024\/08\/paulina.jpg\" alt=\"paulina\">\r\n\t\t\tMichel Paulina Coronado \t\t\t\t\t\t\t\t<\/h3>\r\n\t\t\t\t\t\t\t\t\t\t\t\t\t\t\t\t\t\t\t\t\t\t<div class=\"premium-modal-box-close-button-container\">\r\n\t\t\t\t\t\t\t\t\t<button type=\"button\" class=\"premium-modal-box-modal-close\" data-dismiss=\"premium-modal\">&times;<\/button>\r\n\t\t\t\t\t\t\t\t<\/div>\r\n\t\t\t\t\t\t\t\t\t\t\t\t\t<\/div>\r\n\t\t\t\t\t\t\t\t\t\t<div class=\"premium-modal-box-modal-body\">\r\n\t\t\t\t\t\t<p>Ingeniera Civil por el IPN, Especialidad en Sicolog\u00eda por la UNAM. Integrante de la Red Vivan las Mujeres de Amnist\u00eda Internacional M\u00e9xico.\u00a0<\/p><p>Es Conferencista y Facilitadora en cursos de DDHH, tiene Diplomado en DDHH por la Suprema Corte de Justicia de la Naci\u00f3n<\/p>\t\t\t\t\t<\/div>\r\n\t\t\t\t\t\t\t\t\t\t\t<div class=\"premium-modal-box-modal-footer\">\r\n\t\t\t\t\t\t\t<button type=\"button\" class=\"premium-modal-box-modal-lower-close\" data-dismiss=\"premium-modal\">\r\n\t\t\t\t\t\t\t\tCerrar\t\t\t\t\t\t\t<\/button>\r\n\t\t\t\t\t\t<\/div>\r\n\t\t\t\t\t\t\t\t\t<\/div>\r\n\t\t\t<\/div>\r\n\t\t<\/div>\r\n\r\n\t\t\t\t<\/div>\n\t\t\t\t<\/div>\n\t\t\t\t<div class=\"elementor-element elementor-element-33f14f5 elementor-widget elementor-widget-heading\" data-id=\"33f14f5\" data-element_type=\"widget\" data-widget_type=\"heading.default\">\n\t\t\t\t<div class=\"elementor-widget-container\">\n\t\t\t<h2 class=\"elementor-heading-title elementor-size-default\">Michel Paulina Coronado <\/h2>\t\t<\/div>\n\t\t\t\t<\/div>\n\t\t\t\t<div class=\"elementor-element elementor-element-a491b87 elementor-widget elementor-widget-heading\" data-id=\"a491b87\" data-element_type=\"widget\" data-widget_type=\"heading.default\">\n\t\t\t\t<div class=\"elementor-widget-container\">\n\t\t\t<h2 class=\"elementor-heading-title elementor-size-default\">Vocal<\/h2>\t\t<\/div>\n\t\t\t\t<\/div>\n\t\t\t\t\t<\/div>\n\t\t\t\t<\/div>\n\t\t<div class=\"elementor-element elementor-element-cb77ea9 e-con-boxed e-flex e-con\" data-id=\"cb77ea9\" data-element_type=\"container\" data-settings=\"{&quot;content_width&quot;:&quot;boxed&quot;}\">\n\t\t\t\t\t<div class=\"e-con-inner\">\n\t\t\t\t<div class=\"elementor-element elementor-element-4df5c00 elementor-widget elementor-widget-premium-addon-modal-box\" data-id=\"4df5c00\" data-element_type=\"widget\" data-settings=\"{&quot;premium_modal_box_animation&quot;:&quot;fadeInDown&quot;}\" data-widget_type=\"premium-addon-modal-box.default\">\n\t\t\t\t<div class=\"elementor-widget-container\">\n\t\t\t\r\n\t\t<div class=\"premium-modal-box-container\" data-settings=\"{&quot;trigger&quot;:&quot;image&quot;}\">\r\n\t\t\t<div class=\"premium-modal-trigger-container\">\r\n\t\t\t\t\t\t\t\t\t<img decoding=\"async\" data-toggle=\"premium-modal\" data-target=\"#premium-modal-4df5c00\" class=\"premium-modal-trigger-img\" src=\" https:\/\/amnistia.org.mx\/contenido\/wp-content\/uploads\/2025\/06\/OrianaT.jpg\" alt=\"OrianaT\">\r\n\t\t\t\t\t\t\t<\/div>\r\n\r\n\t\t\t<div id=\"premium-modal-4df5c00\" class=\"premium-modal-box-modal\" role=\"dialog\" style=\"display: none\">\r\n\t\t\t\t<div class=\"premium-modal-box-modal-dialog\" data-delay-animation=\"\" data-modal-animation=\"fadeInDown animated-fast\">\r\n\t\t\t\t\t\t\t\t\t\t\t<div class=\"premium-modal-box-modal-header\">\r\n\t\t\t\t\t\t\t\t\t\t\t\t\t\t\t<h3 class=\"premium-modal-box-modal-title\">\r\n\t\t\t\t\t\t\t\t\t\t\t\t<img decoding=\"async\" src=\" https:\/\/amnistia.org.mx\/contenido\/wp-content\/uploads\/2025\/06\/OrianaT.jpg\" alt=\"OrianaT\">\r\n\t\t\tOriana Trejo\t\t\t\t\t\t\t\t<\/h3>\r\n\t\t\t\t\t\t\t\t\t\t\t\t\t\t\t\t\t\t\t\t\t\t<div class=\"premium-modal-box-close-button-container\">\r\n\t\t\t\t\t\t\t\t\t<button type=\"button\" class=\"premium-modal-box-modal-close\" data-dismiss=\"premium-modal\">&times;<\/button>\r\n\t\t\t\t\t\t\t\t<\/div>\r\n\t\t\t\t\t\t\t\t\t\t\t\t\t<\/div>\r\n\t\t\t\t\t\t\t\t\t\t<div class=\"premium-modal-box-modal-body\">\r\n\t\t\t\t\t\t<p>Vocal de Comit\u00e9 Directivo<\/p><p>Es una astr\u00f3noma mexicana y divulgadora de la ciencia con una s\u00f3lida trayectoria de m\u00e1s de quince a\u00f1os, dedicada apasionadamente a la comunicaci\u00f3n de las ciencias. Su formaci\u00f3n acad\u00e9mica incluye una licenciatura en F\u00edsica y una maestr\u00eda en Astrof\u00edsica por la UNAM, as\u00ed como una segunda maestr\u00eda en Comunicaci\u00f3n Cient\u00edfica por la Universidad de Sheffield.<\/p><p>Su labor se centra en hacer la ciencia accesible y atractiva para todas, convencida de que cada persona posee un &#8220;alma cient\u00edfica&#8221;. Actualmente, es Jefa de Departamento en la Direcci\u00f3n de Comunicaci\u00f3n del Conocimiento de la UAM, d\u00f3nde es responsable del programa de vinculaci\u00f3n con escuelas, el Sistema Nacional DIF y El Sistema de Transporte Colectivo Metro. Adicionalmente participa como mentora en programas como Mujeres en STEAM y Mujeres hacia el espacio.<\/p><p>Es fundadora del proyecto de divulgaci\u00f3n &#8220;Oriastro&#8221; cuyo objetivo es acercar y facilitar el conocimiento astron\u00f3mico a los diversos sectores de nuestra sociedad, con \u00e9nfasis en ni\u00f1as y j\u00f3venes, mediante actividades de divulgaci\u00f3n tales como videos, podcasts, art\u00edculos y talleres.<\/p><p>En 2024, junto con la Direcci\u00f3n de Comunicaci\u00f3n del conocimiento, recibi\u00f3 el reconocimiento \u201cFalling Walls Engage\u201d, uno de los premios m\u00e1s destacados en el \u00e1mbito de la comunicaci\u00f3n cient\u00edfica.<\/p><p>Su compromiso social se extiende al activismo y voluntariado, colaborando con organizaciones como Make a Wish M\u00e9xico, Amnist\u00eda Internacional y el movimiento Scout mundial.<\/p>\t\t\t\t\t<\/div>\r\n\t\t\t\t\t\t\t\t\t\t\t<div class=\"premium-modal-box-modal-footer\">\r\n\t\t\t\t\t\t\t<button type=\"button\" class=\"premium-modal-box-modal-lower-close\" data-dismiss=\"premium-modal\">\r\n\t\t\t\t\t\t\t\tCerrar\t\t\t\t\t\t\t<\/button>\r\n\t\t\t\t\t\t<\/div>\r\n\t\t\t\t\t\t\t\t\t<\/div>\r\n\t\t\t<\/div>\r\n\t\t<\/div>\r\n\r\n\t\t\t\t<\/div>\n\t\t\t\t<\/div>\n\t\t\t\t<div class=\"elementor-element elementor-element-42372d8 elementor-widget elementor-widget-heading\" data-id=\"42372d8\" data-element_type=\"widget\" data-widget_type=\"heading.default\">\n\t\t\t\t<div class=\"elementor-widget-container\">\n\t\t\t<h2 class=\"elementor-heading-title elementor-size-default\">Oriana Trejo<\/h2>\t\t<\/div>\n\t\t\t\t<\/div>\n\t\t\t\t<div class=\"elementor-element elementor-element-a26cef5 elementor-widget elementor-widget-heading\" data-id=\"a26cef5\" data-element_type=\"widget\" data-widget_type=\"heading.default\">\n\t\t\t\t<div class=\"elementor-widget-container\">\n\t\t\t<h2 class=\"elementor-heading-title elementor-size-default\">Vocal<\/h2>\t\t<\/div>\n\t\t\t\t<\/div>\n\t\t\t\t\t<\/div>\n\t\t\t\t<\/div>\n\t\t\t\t<\/div>\n\t\t<div class=\"elementor-element elementor-element-964f320 e-con-full e-flex e-con\" data-id=\"964f320\" data-element_type=\"container\" data-settings=\"{&quot;content_width&quot;:&quot;full&quot;}\">\n\t\t<div class=\"elementor-element elementor-element-0762546 e-con-boxed e-flex e-con\" data-id=\"0762546\" data-element_type=\"container\" data-settings=\"{&quot;content_width&quot;:&quot;boxed&quot;}\">\n\t\t\t\t\t<div class=\"e-con-inner\">\n\t\t\t\t<div class=\"elementor-element elementor-element-9586920 elementor-invisible elementor-widget elementor-widget-premium-addon-modal-box\" data-id=\"9586920\" data-element_type=\"widget\" data-settings=\"{&quot;_animation&quot;:&quot;fadeIn&quot;,&quot;premium_modal_box_animation&quot;:&quot;fadeInDown&quot;}\" data-widget_type=\"premium-addon-modal-box.default\">\n\t\t\t\t<div class=\"elementor-widget-container\">\n\t\t\t\r\n\t\t<div class=\"premium-modal-box-container\" data-settings=\"{&quot;trigger&quot;:&quot;image&quot;}\">\r\n\t\t\t<div class=\"premium-modal-trigger-container\">\r\n\t\t\t\t\t\t\t\t\t<img decoding=\"async\" data-toggle=\"premium-modal\" data-target=\"#premium-modal-9586920\" class=\"premium-modal-trigger-img\" src=\" https:\/\/amnistia.org.mx\/contenido\/wp-content\/uploads\/2023\/12\/NORA.jpg\" alt=\"rpt\">\r\n\t\t\t\t\t\t\t<\/div>\r\n\r\n\t\t\t<div id=\"premium-modal-9586920\" class=\"premium-modal-box-modal\" role=\"dialog\" style=\"display: none\">\r\n\t\t\t\t<div class=\"premium-modal-box-modal-dialog\" data-delay-animation=\"\" data-modal-animation=\"fadeInDown animated-fast\">\r\n\t\t\t\t\t\t\t\t\t\t\t<div class=\"premium-modal-box-modal-header\">\r\n\t\t\t\t\t\t\t\t\t\t\t\t\t\t\t<h3 class=\"premium-modal-box-modal-title\">\r\n\t\t\t\t\t\t\t\t\t\t\t\t<img decoding=\"async\" src=\" https:\/\/amnistia.org.mx\/contenido\/wp-content\/uploads\/2023\/12\/NORA.jpg\" alt=\"rpt\">\r\n\t\t\tNora Ruth Ch\u00e1vez\t\t\t\t\t\t\t\t<\/h3>\r\n\t\t\t\t\t\t\t\t\t\t\t\t\t\t\t\t\t\t\t\t\t\t<div class=\"premium-modal-box-close-button-container\">\r\n\t\t\t\t\t\t\t\t\t<button type=\"button\" class=\"premium-modal-box-modal-close\" data-dismiss=\"premium-modal\">&times;<\/button>\r\n\t\t\t\t\t\t\t\t<\/div>\r\n\t\t\t\t\t\t\t\t\t\t\t\t\t<\/div>\r\n\t\t\t\t\t\t\t\t\t\t<div class=\"premium-modal-box-modal-body\">\r\n\t\t\t\t\t\t<p>Secretaria del CD<\/p>\t\t\t\t\t<\/div>\r\n\t\t\t\t\t\t\t\t\t\t\t<div class=\"premium-modal-box-modal-footer\">\r\n\t\t\t\t\t\t\t<button type=\"button\" class=\"premium-modal-box-modal-lower-close\" data-dismiss=\"premium-modal\">\r\n\t\t\t\t\t\t\t\tCerrar\t\t\t\t\t\t\t<\/button>\r\n\t\t\t\t\t\t<\/div>\r\n\t\t\t\t\t\t\t\t\t<\/div>\r\n\t\t\t<\/div>\r\n\t\t<\/div>\r\n\r\n\t\t\t\t<\/div>\n\t\t\t\t<\/div>\n\t\t\t\t<div class=\"elementor-element elementor-element-5c0dab9 elementor-widget elementor-widget-heading\" data-id=\"5c0dab9\" data-element_type=\"widget\" data-widget_type=\"heading.default\">\n\t\t\t\t<div class=\"elementor-widget-container\">\n\t\t\t<h2 class=\"elementor-heading-title elementor-size-default\">Nora Ruth Ch\u00e1vez<\/h2>\t\t<\/div>\n\t\t\t\t<\/div>\n\t\t\t\t<div class=\"elementor-element elementor-element-39af61e elementor-widget elementor-widget-heading\" data-id=\"39af61e\" data-element_type=\"widget\" data-widget_type=\"heading.default\">\n\t\t\t\t<div class=\"elementor-widget-container\">\n\t\t\t<h2 class=\"elementor-heading-title elementor-size-default\">Secretaria del CD<\/h2>\t\t<\/div>\n\t\t\t\t<\/div>\n\t\t\t\t<div class=\"elementor-element elementor-element-7c0aa43 elementor-widget elementor-widget-premium-addon-modal-box\" data-id=\"7c0aa43\" data-element_type=\"widget\" data-settings=\"{&quot;premium_modal_box_animation&quot;:&quot;fadeInDown&quot;}\" data-widget_type=\"premium-addon-modal-box.default\">\n\t\t\t\t<div class=\"elementor-widget-container\">\n\t\t\t\r\n\t\t<div class=\"premium-modal-box-container\" data-settings=\"{&quot;trigger&quot;:&quot;image&quot;}\">\r\n\t\t\t<div class=\"premium-modal-trigger-container\">\r\n\t\t\t\t\t\t\t\t\t<img decoding=\"async\" data-toggle=\"premium-modal\" data-target=\"#premium-modal-7c0aa43\" class=\"premium-modal-trigger-img\" src=\" https:\/\/amnistia.org.mx\/contenido\/wp-content\/uploads\/2024\/08\/mjose-rotated.jpg\" alt=\"mjose\">\r\n\t\t\t\t\t\t\t<\/div>\r\n\r\n\t\t\t<div id=\"premium-modal-7c0aa43\" class=\"premium-modal-box-modal\" role=\"dialog\" style=\"display: none\">\r\n\t\t\t\t<div class=\"premium-modal-box-modal-dialog\" data-delay-animation=\"\" data-modal-animation=\"fadeInDown animated-fast\">\r\n\t\t\t\t\t\t\t\t\t\t\t<div class=\"premium-modal-box-modal-header\">\r\n\t\t\t\t\t\t\t\t\t\t\t\t\t\t\t<h3 class=\"premium-modal-box-modal-title\">\r\n\t\t\t\t\t\t\t\t\t\t\t\t<img decoding=\"async\" src=\" https:\/\/amnistia.org.mx\/contenido\/wp-content\/uploads\/2024\/08\/mjose-rotated.jpg\" alt=\"mjose\">\r\n\t\t\tMar\u00eda Jos\u00e9 Trejo \t\t\t\t\t\t\t\t<\/h3>\r\n\t\t\t\t\t\t\t\t\t\t\t\t\t\t\t\t\t\t\t\t\t\t<div class=\"premium-modal-box-close-button-container\">\r\n\t\t\t\t\t\t\t\t\t<button type=\"button\" class=\"premium-modal-box-modal-close\" data-dismiss=\"premium-modal\">&times;<\/button>\r\n\t\t\t\t\t\t\t\t<\/div>\r\n\t\t\t\t\t\t\t\t\t\t\t\t\t<\/div>\r\n\t\t\t\t\t\t\t\t\t\t<div class=\"premium-modal-box-modal-body\">\r\n\t\t\t\t\t\t<p>Mar\u00eda Jos\u00e9 Trejo Rosales, nacida en Chetumal Quintana Roo el 20 de diciembre de 1999. Actualmente pasante de la Licenciatura de Relaciones Internacionales en la Universidad Aut\u00f3noma de Quintana Roo. Con 24 a\u00f1os, interesada por la inclusi\u00f3n de las personas con discapacidad en la sociedad mexicana ha incentivado a crear proyectos para la mejora de su calidad de vida e integraci\u00f3n en la sociedad, as\u00ed como tambi\u00e9n ha organizado y participado como panelista en varios espacios para crear y promover la difusi\u00f3n de temas entorno a la discapacidad, perspectivas de g\u00e9nero, salud sexual y derechos sexuales y reproductivos tal como el Foro de Generaci\u00f3n de Igualdad de Par\u00eds 2021 y en Phi Delta Phi sobre el tema del aborto as\u00ed como en el Encuentro Regional de Adolescentes y J\u00f3venes por la Prevenci\u00f3n del Embarazo en ni\u00f1as adolescentes menores de 15 a\u00f1os en Am\u00e9rica Latina y el Caribe y en el Campamento #Juventudes Ya organizado por UNFPA M\u00e9xico y UNFPALACRO, adem\u00e1s de ser ponente en el X Congreso Peruano y II Congreso Andino de Derechos Humanos y en el Congreso Juvenil &#8221; J\u00f3venes Constructores de Paz&#8221; y se ha reunido con la Senadora Alejandra Lagunes para proponer reformas en cuanto infraestructura accesible, parlamentaria del distrito XIV en el 2do Parlamento de Mujeres de Quintana Roo 2022, donde propuso el tema Derechos Sexuales y Reproductivos de las mujeres con discapacidad para la prevenci\u00f3n de violencia de g\u00e9nero, participante de Juventud Act\u00faa Mx impulsado por Alternativas y Capacidades A.C y el INE, participante de la 2da generaci\u00f3n de Resuena y ganadora del reconocimiento al valor de las personas con discapacidad 2022 del municipio de Oth\u00f3n P. Blanco por su trabajo en pro de los derechos de las personas con discapacidad, y Premio Estatal de la Juventud 2023 en la categor\u00eda de inclusi\u00f3n, finalmente ha tomado algunos talleres y diplomados en la comisi\u00f3n de Derechos Humanos del Estado de Quintana Roo y en Facultad Latinoamericana de Ciencias Sociales Sede Argentina sobre discapacidad y violencia de g\u00e9nero respectivamente, adem\u00e1s de ser parte de la escuela de Nuevos Liderazgos de REDefine M\u00e9xico y el Instituto de Liderazgo Simone de Beauvoir. Vocera estatal en REDefine Quintana Roo, miembro fundador y vocera estatal del C\u00edrculo de Experiencias PCD Quintana Roo, miembro de la Secretarfa de Asuntos Internacionales del Consejo Nacional de Ciencias y Humanidades como equipo de alianzas estrat\u00e9gicas, miembro del Grupo Asesor de J\u00f3venes de UNFPA M\u00e9xico, parte de la Red Vivan las Mujeres de Amnist\u00eda Internacional M\u00e9xico, embajadora de Quintana Roo para Mexicanas con Discapacidad y activista feminista por los derechos e humanos y derechos sexuales\u00a0 y reproductivos de las personas con discapacidad.<\/p>\t\t\t\t\t<\/div>\r\n\t\t\t\t\t\t\t\t\t\t\t<div class=\"premium-modal-box-modal-footer\">\r\n\t\t\t\t\t\t\t<button type=\"button\" class=\"premium-modal-box-modal-lower-close\" data-dismiss=\"premium-modal\">\r\n\t\t\t\t\t\t\t\tCerrar\t\t\t\t\t\t\t<\/button>\r\n\t\t\t\t\t\t<\/div>\r\n\t\t\t\t\t\t\t\t\t<\/div>\r\n\t\t\t<\/div>\r\n\t\t<\/div>\r\n\r\n\t\t\t\t<\/div>\n\t\t\t\t<\/div>\n\t\t\t\t<div class=\"elementor-element elementor-element-4f06141 elementor-widget elementor-widget-heading\" data-id=\"4f06141\" data-element_type=\"widget\" data-widget_type=\"heading.default\">\n\t\t\t\t<div class=\"elementor-widget-container\">\n\t\t\t<h2 class=\"elementor-heading-title elementor-size-default\">Mar\u00eda Jos\u00e9 Trejo <\/h2>\t\t<\/div>\n\t\t\t\t<\/div>\n\t\t\t\t<div class=\"elementor-element elementor-element-16e0284 elementor-widget elementor-widget-heading\" data-id=\"16e0284\" data-element_type=\"widget\" data-widget_type=\"heading.default\">\n\t\t\t\t<div class=\"elementor-widget-container\">\n\t\t\t<h2 class=\"elementor-heading-title elementor-size-default\">Vocal<\/h2>\t\t<\/div>\n\t\t\t\t<\/div>\n\t\t<div class=\"elementor-element elementor-element-b74aad8 e-con-boxed e-flex e-con\" data-id=\"b74aad8\" data-element_type=\"container\" data-settings=\"{&quot;content_width&quot;:&quot;boxed&quot;}\">\n\t\t\t\t\t<div class=\"e-con-inner\">\n\t\t\t\t<div class=\"elementor-element elementor-element-fb2124e elementor-widget elementor-widget-premium-addon-modal-box\" data-id=\"fb2124e\" data-element_type=\"widget\" data-settings=\"{&quot;premium_modal_box_animation&quot;:&quot;fadeInDown&quot;}\" data-widget_type=\"premium-addon-modal-box.default\">\n\t\t\t\t<div class=\"elementor-widget-container\">\n\t\t\t\r\n\t\t<div class=\"premium-modal-box-container\" data-settings=\"{&quot;trigger&quot;:&quot;image&quot;}\">\r\n\t\t\t<div class=\"premium-modal-trigger-container\">\r\n\t\t\t\t\t\t\t\t\t<img decoding=\"async\" data-toggle=\"premium-modal\" data-target=\"#premium-modal-fb2124e\" class=\"premium-modal-trigger-img\" src=\" https:\/\/amnistia.org.mx\/contenido\/wp-content\/uploads\/2024\/09\/JosePerez.jpg\" alt=\"JosePerez\">\r\n\t\t\t\t\t\t\t<\/div>\r\n\r\n\t\t\t<div id=\"premium-modal-fb2124e\" class=\"premium-modal-box-modal\" role=\"dialog\" style=\"display: none\">\r\n\t\t\t\t<div class=\"premium-modal-box-modal-dialog\" data-delay-animation=\"\" data-modal-animation=\"fadeInDown animated-fast\">\r\n\t\t\t\t\t\t\t\t\t\t\t<div class=\"premium-modal-box-modal-header\">\r\n\t\t\t\t\t\t\t\t\t\t\t\t\t\t\t<h3 class=\"premium-modal-box-modal-title\">\r\n\t\t\t\t\t\t\t\t\t\t\t\t<img decoding=\"async\" src=\"\" alt=\"\">\r\n\t\t\tJos\u00e9 P\u00e9rez\t\t\t\t\t\t\t\t<\/h3>\r\n\t\t\t\t\t\t\t\t\t\t\t\t\t\t\t\t\t\t\t\t\t\t<div class=\"premium-modal-box-close-button-container\">\r\n\t\t\t\t\t\t\t\t\t<button type=\"button\" class=\"premium-modal-box-modal-close\" data-dismiss=\"premium-modal\">&times;<\/button>\r\n\t\t\t\t\t\t\t\t<\/div>\r\n\t\t\t\t\t\t\t\t\t\t\t\t\t<\/div>\r\n\t\t\t\t\t\t\t\t\t\t<div class=\"premium-modal-box-modal-body\">\r\n\t\t\t\t\t\t<p>Abogado por la Universidad de Guanajuato. Estudi\u00f3 la Maestr\u00eda en Justicia Constitucional.\u00a0 Es miembro de Amnist\u00eda Internacional M\u00e9xico desde 2014 y se ha desempe\u00f1ado en diversos cargos de la gobernanza dentro de este movimiento como parte del Comit\u00e9 de Nominaci\u00f3n (hoy Comit\u00e9 de Candidaturas) y la Vocal\u00eda del Comit\u00e9 Directivo. Cuenta con diversos diplomados en derechos humanos por el Instituto Interamericano de Derechos Humanos, Comisi\u00f3n Interamericana de Derechos Humanos y el Instituto de Investigaciones Jur\u00eddicas de la UNAM. Su experiencia profesional transita en la atenci\u00f3n a mujeres v\u00edctimas de violencia, asesor\u00eda con colectivos locales en Guanajuato y la docencia.<\/p>\t\t\t\t\t<\/div>\r\n\t\t\t\t\t\t\t\t\t\t\t<div class=\"premium-modal-box-modal-footer\">\r\n\t\t\t\t\t\t\t<button type=\"button\" class=\"premium-modal-box-modal-lower-close\" data-dismiss=\"premium-modal\">\r\n\t\t\t\t\t\t\t\tCerrar\t\t\t\t\t\t\t<\/button>\r\n\t\t\t\t\t\t<\/div>\r\n\t\t\t\t\t\t\t\t\t<\/div>\r\n\t\t\t<\/div>\r\n\t\t<\/div>\r\n\r\n\t\t\t\t<\/div>\n\t\t\t\t<\/div>\n\t\t\t\t<div class=\"elementor-element elementor-element-7c17e46 elementor-widget elementor-widget-heading\" data-id=\"7c17e46\" data-element_type=\"widget\" data-widget_type=\"heading.default\">\n\t\t\t\t<div class=\"elementor-widget-container\">\n\t\t\t<h2 class=\"elementor-heading-title elementor-size-default\">Jos\u00e9 P\u00e9rez\u200b<\/h2>\t\t<\/div>\n\t\t\t\t<\/div>\n\t\t\t\t<div class=\"elementor-element elementor-element-6b0b3bd elementor-widget elementor-widget-heading\" data-id=\"6b0b3bd\" data-element_type=\"widget\" data-widget_type=\"heading.default\">\n\t\t\t\t<div class=\"elementor-widget-container\">\n\t\t\t<h2 class=\"elementor-heading-title elementor-size-default\">Suplente Secretaria del CD<\/h2>\t\t<\/div>\n\t\t\t\t<\/div>\n\t\t\t\t\t<\/div>\n\t\t\t\t<\/div>\n\t\t\t\t\t<\/div>\n\t\t\t\t<\/div>\n\t\t\t\t<\/div>\n\t\t<div class=\"elementor-element elementor-element-f5610d5 e-con-full e-flex e-con\" data-id=\"f5610d5\" data-element_type=\"container\" data-settings=\"{&quot;content_width&quot;:&quot;full&quot;}\">\n\t\t<div class=\"elementor-element elementor-element-a19f528 e-con-boxed e-flex e-con\" data-id=\"a19f528\" data-element_type=\"container\" data-settings=\"{&quot;content_width&quot;:&quot;boxed&quot;}\">\n\t\t\t\t\t<div class=\"e-con-inner\">\n\t\t\t\t<div class=\"elementor-element elementor-element-397226d elementor-widget elementor-widget-premium-addon-modal-box\" data-id=\"397226d\" data-element_type=\"widget\" data-settings=\"{&quot;premium_modal_box_animation&quot;:&quot;fadeInDown&quot;}\" data-widget_type=\"premium-addon-modal-box.default\">\n\t\t\t\t<div class=\"elementor-widget-container\">\n\t\t\t\r\n\t\t<div class=\"premium-modal-box-container\" data-settings=\"{&quot;trigger&quot;:&quot;image&quot;}\">\r\n\t\t\t<div class=\"premium-modal-trigger-container\">\r\n\t\t\t\t\t\t\t\t\t<img decoding=\"async\" data-toggle=\"premium-modal\" data-target=\"#premium-modal-397226d\" class=\"premium-modal-trigger-img\" src=\" https:\/\/amnistia.org.mx\/contenido\/wp-content\/uploads\/2025\/06\/StephanieV.jpg\" alt=\"StephanieV\">\r\n\t\t\t\t\t\t\t<\/div>\r\n\r\n\t\t\t<div id=\"premium-modal-397226d\" class=\"premium-modal-box-modal\" role=\"dialog\" style=\"display: none\">\r\n\t\t\t\t<div class=\"premium-modal-box-modal-dialog\" data-delay-animation=\"\" data-modal-animation=\"fadeInDown animated-fast\">\r\n\t\t\t\t\t\t\t\t\t\t\t<div class=\"premium-modal-box-modal-header\">\r\n\t\t\t\t\t\t\t\t\t\t\t\t\t\t\t<h3 class=\"premium-modal-box-modal-title\">\r\n\t\t\t\t\t\t\t\t\t\t\t\t<img decoding=\"async\" src=\" https:\/\/amnistia.org.mx\/contenido\/wp-content\/uploads\/2025\/06\/StephanieV.jpg\" alt=\"StephanieV\">\r\n\t\t\tStephanie Enr\u00edquez\t\t\t\t\t\t\t\t<\/h3>\r\n\t\t\t\t\t\t\t\t\t\t\t\t\t\t\t\t\t\t\t\t\t\t<div class=\"premium-modal-box-close-button-container\">\r\n\t\t\t\t\t\t\t\t\t<button type=\"button\" class=\"premium-modal-box-modal-close\" data-dismiss=\"premium-modal\">&times;<\/button>\r\n\t\t\t\t\t\t\t\t<\/div>\r\n\t\t\t\t\t\t\t\t\t\t\t\t\t<\/div>\r\n\t\t\t\t\t\t\t\t\t\t<div class=\"premium-modal-box-modal-body\">\r\n\t\t\t\t\t\t<p><strong>Tesorera<\/strong><\/p><p><span data-olk-copy-source=\"MessageBody\">\u00a0<\/span><\/p>\t\t\t\t\t<\/div>\r\n\t\t\t\t\t\t\t\t\t\t\t<div class=\"premium-modal-box-modal-footer\">\r\n\t\t\t\t\t\t\t<button type=\"button\" class=\"premium-modal-box-modal-lower-close\" data-dismiss=\"premium-modal\">\r\n\t\t\t\t\t\t\t\tCerrar\t\t\t\t\t\t\t<\/button>\r\n\t\t\t\t\t\t<\/div>\r\n\t\t\t\t\t\t\t\t\t<\/div>\r\n\t\t\t<\/div>\r\n\t\t<\/div>\r\n\r\n\t\t\t\t<\/div>\n\t\t\t\t<\/div>\n\t\t\t\t<div class=\"elementor-element elementor-element-871fe03 elementor-widget elementor-widget-heading\" data-id=\"871fe03\" data-element_type=\"widget\" data-widget_type=\"heading.default\">\n\t\t\t\t<div class=\"elementor-widget-container\">\n\t\t\t<h2 class=\"elementor-heading-title elementor-size-default\">Stephanie Enr\u00edquez<\/h2>\t\t<\/div>\n\t\t\t\t<\/div>\n\t\t\t\t<div class=\"elementor-element elementor-element-9e11124 elementor-widget elementor-widget-heading\" data-id=\"9e11124\" data-element_type=\"widget\" data-widget_type=\"heading.default\">\n\t\t\t\t<div class=\"elementor-widget-container\">\n\t\t\t<h2 class=\"elementor-heading-title elementor-size-default\">Tesorera<\/h2>\t\t<\/div>\n\t\t\t\t<\/div>\n\t\t\t\t\t<\/div>\n\t\t\t\t<\/div>\n\t\t<div class=\"elementor-element elementor-element-ec1651e e-con-full e-flex e-con\" data-id=\"ec1651e\" data-element_type=\"container\" data-settings=\"{&quot;content_width&quot;:&quot;full&quot;}\">\n\t\t<div class=\"elementor-element elementor-element-f7b97fa e-con-full e-flex e-con\" data-id=\"f7b97fa\" data-element_type=\"container\" data-settings=\"{&quot;content_width&quot;:&quot;full&quot;}\">\n\t\t\t\t<div class=\"elementor-element elementor-element-48c26ca elementor-widget__width-initial elementor-widget elementor-widget-premium-addon-modal-box\" data-id=\"48c26ca\" data-element_type=\"widget\" data-settings=\"{&quot;premium_modal_box_animation&quot;:&quot;fadeInDown&quot;}\" data-widget_type=\"premium-addon-modal-box.default\">\n\t\t\t\t<div class=\"elementor-widget-container\">\n\t\t\t\r\n\t\t<div class=\"premium-modal-box-container\" data-settings=\"{&quot;trigger&quot;:&quot;image&quot;}\">\r\n\t\t\t<div class=\"premium-modal-trigger-container\">\r\n\t\t\t\t\t\t\t\t\t<img decoding=\"async\" data-toggle=\"premium-modal\" data-target=\"#premium-modal-48c26ca\" class=\"premium-modal-trigger-img\" src=\" https:\/\/amnistia.org.mx\/contenido\/wp-content\/uploads\/2024\/02\/Alejandra_Torres_Vocal.png\" alt=\"Alejandra_Torres_Vocal\">\r\n\t\t\t\t\t\t\t<\/div>\r\n\r\n\t\t\t<div id=\"premium-modal-48c26ca\" class=\"premium-modal-box-modal\" role=\"dialog\" style=\"display: none\">\r\n\t\t\t\t<div class=\"premium-modal-box-modal-dialog\" data-delay-animation=\"\" data-modal-animation=\"fadeInDown animated-fast\">\r\n\t\t\t\t\t\t\t\t\t\t\t<div class=\"premium-modal-box-modal-header\">\r\n\t\t\t\t\t\t\t\t\t\t\t\t\t\t\t<h3 class=\"premium-modal-box-modal-title\">\r\n\t\t\t\t\t\t\t\t\t\t\t\t<img decoding=\"async\" src=\" https:\/\/amnistia.org.mx\/contenido\/wp-content\/uploads\/2024\/02\/Alejandra_Torres_Vocal.png\" alt=\"Alejandra_Torres_Vocal\">\r\n\t\t\tSoledad Torres\t\t\t\t\t\t\t\t<\/h3>\r\n\t\t\t\t\t\t\t\t\t\t\t\t\t\t\t\t\t\t\t\t\t\t<div class=\"premium-modal-box-close-button-container\">\r\n\t\t\t\t\t\t\t\t\t<button type=\"button\" class=\"premium-modal-box-modal-close\" data-dismiss=\"premium-modal\">&times;<\/button>\r\n\t\t\t\t\t\t\t\t<\/div>\r\n\t\t\t\t\t\t\t\t\t\t\t\t\t<\/div>\r\n\t\t\t\t\t\t\t\t\t\t<div class=\"premium-modal-box-modal-body\">\r\n\t\t\t\t\t\t<p>Vocal del Comit\u00e9 Directivo<\/p><p>Es licenciada en Psicolog\u00eda por la Universidad de Guanajuato y Maestra en Derechos Humanos por la Universidad Aut\u00f3noma de San Luis Potos\u00ed.<\/p><p>Se ha certificado y diplomado en acompa\u00f1amiento psicol\u00f3gico con perspectiva de g\u00e9nero, diversidad y derechos humanos.<\/p><p>Ha trabajado en Organizaciones de la Sociedad Civil en San Luis Potos\u00ed con temas de g\u00e9nero, derechos humanos, prevenci\u00f3n de riesgos psicosociales, derechos sexuales y reproductivos; ha sido acompa\u00f1ante de mujeres en situaci\u00f3n de violencia, sus hijas e hijos en el Instituto para las Mujeres Guanajuatenses.<\/p><p>Es ex-coordinadora del Punto de Atenci\u00f3n del CRDH en el Tecnol\u00f3gico de Monterrey. Actualmente se encuentra colaborando como Asesora de capacitaci\u00f3n y promoci\u00f3n en la Defensor\u00eda de los Derechos Humanos en el entorno universitario, en la Universidad de Guanajuato.<\/p><p>Feminista y activista de Amnist\u00eda Internacional secci\u00f3n Mexicana, donde contribuye en la promoci\u00f3n y defensa de Derechos\u00a0Humanos.<\/p>\t\t\t\t\t<\/div>\r\n\t\t\t\t\t\t\t\t\t\t\t<div class=\"premium-modal-box-modal-footer\">\r\n\t\t\t\t\t\t\t<button type=\"button\" class=\"premium-modal-box-modal-lower-close\" data-dismiss=\"premium-modal\">\r\n\t\t\t\t\t\t\t\tCerrar\t\t\t\t\t\t\t<\/button>\r\n\t\t\t\t\t\t<\/div>\r\n\t\t\t\t\t\t\t\t\t<\/div>\r\n\t\t\t<\/div>\r\n\t\t<\/div>\r\n\r\n\t\t\t\t<\/div>\n\t\t\t\t<\/div>\n\t\t\t\t<div class=\"elementor-element elementor-element-e79534b elementor-widget elementor-widget-heading\" data-id=\"e79534b\" data-element_type=\"widget\" data-widget_type=\"heading.default\">\n\t\t\t\t<div class=\"elementor-widget-container\">\n\t\t\t<h2 class=\"elementor-heading-title elementor-size-default\">Soledad Torres\n<\/h2>\t\t<\/div>\n\t\t\t\t<\/div>\n\t\t\t\t<div class=\"elementor-element elementor-element-06eabf5 elementor-widget elementor-widget-heading\" data-id=\"06eabf5\" data-element_type=\"widget\" data-widget_type=\"heading.default\">\n\t\t\t\t<div class=\"elementor-widget-container\">\n\t\t\t<h2 class=\"elementor-heading-title elementor-size-default\">      Vocal<\/h2>\t\t<\/div>\n\t\t\t\t<\/div>\n\t\t\t\t<\/div>\n\t\t\t\t<\/div>\n\t\t\t\t<\/div>\n\t\t\t\t<\/div>\n\t\t<div class=\"e-n-tab-title e-collapse\" aria-selected=\"false\" data-tab=\"2\" role=\"tab\" tabindex=\"-1\" aria-controls=\"e-n-tab-content-8302\" aria-expanded=\"false\" id=\"e-n-tabs-title-8302-accordion\">\t<span class=\"e-n-tab-icon\"><\/span>\t<span class=\"e-n-tab-title-text\">Direcci\u00f3n ejecutiva<\/span><\/div><div class=\"elementor-element elementor-element-4410734 e-con-full e-flex e-con\" data-id=\"4410734\" data-element_type=\"container\" data-settings=\"{&quot;content_width&quot;:&quot;full&quot;}\">\n\t\t<div class=\"elementor-element elementor-element-167686a e-con-full e-flex e-con\" data-id=\"167686a\" data-element_type=\"container\" data-settings=\"{&quot;content_width&quot;:&quot;full&quot;}\">\n\t\t<div class=\"elementor-element elementor-element-11941a8 e-con-boxed e-flex e-con\" data-id=\"11941a8\" data-element_type=\"container\" data-settings=\"{&quot;content_width&quot;:&quot;boxed&quot;}\">\n\t\t\t\t\t<div class=\"e-con-inner\">\n\t\t\t\t<div class=\"elementor-element elementor-element-ff8ec7f elementor-invisible elementor-widget elementor-widget-premium-addon-modal-box\" data-id=\"ff8ec7f\" data-element_type=\"widget\" data-settings=\"{&quot;_animation&quot;:&quot;fadeIn&quot;,&quot;premium_modal_box_animation&quot;:&quot;fadeInDown&quot;}\" data-widget_type=\"premium-addon-modal-box.default\">\n\t\t\t\t<div class=\"elementor-widget-container\">\n\t\t\t\r\n\t\t<div class=\"premium-modal-box-container\" data-settings=\"{&quot;trigger&quot;:&quot;image&quot;}\">\r\n\t\t\t<div class=\"premium-modal-trigger-container\">\r\n\t\t\t\t\t\t\t\t\t<img decoding=\"async\" data-toggle=\"premium-modal\" data-target=\"#premium-modal-ff8ec7f\" class=\"premium-modal-trigger-img\" src=\" https:\/\/amnistia.org.mx\/contenido\/wp-content\/uploads\/2023\/11\/edith.jpg\" alt=\"edith\">\r\n\t\t\t\t\t\t\t<\/div>\r\n\r\n\t\t\t<div id=\"premium-modal-ff8ec7f\" class=\"premium-modal-box-modal\" role=\"dialog\" style=\"display: none\">\r\n\t\t\t\t<div class=\"premium-modal-box-modal-dialog\" data-delay-animation=\"\" data-modal-animation=\"fadeInDown animated-fast\">\r\n\t\t\t\t\t\t\t\t\t\t\t<div class=\"premium-modal-box-modal-header\">\r\n\t\t\t\t\t\t\t\t\t\t\t\t\t\t\t<h3 class=\"premium-modal-box-modal-title\">\r\n\t\t\t\t\t\t\t\t\t\t\t\t<img decoding=\"async\" src=\" https:\/\/amnistia.org.mx\/contenido\/wp-content\/uploads\/2023\/11\/edith.jpg\" alt=\"edith\">\r\n\t\t\tEdith Olivares\t\t\t\t\t\t\t\t<\/h3>\r\n\t\t\t\t\t\t\t\t\t\t\t\t\t\t\t\t\t\t\t\t\t\t<div class=\"premium-modal-box-close-button-container\">\r\n\t\t\t\t\t\t\t\t\t<button type=\"button\" class=\"premium-modal-box-modal-close\" data-dismiss=\"premium-modal\">&times;<\/button>\r\n\t\t\t\t\t\t\t\t<\/div>\r\n\t\t\t\t\t\t\t\t\t\t\t\t\t<\/div>\r\n\t\t\t\t\t\t\t\t\t\t<div class=\"premium-modal-box-modal-body\">\r\n\t\t\t\t\t\t<p><strong>Directora Ejecutiva<\/strong><\/p><p>Licenciada en Sociolog\u00eda por la Universidad de Costa Rica, Maestra en Estudios Urbanos por el Colegio de M\u00e9xico, con estudios doctorales en Antropolog\u00eda Social en la Universidad Iberoamericana.<\/p><p>De 2004 a 2006 fue Coordinadora T\u00e9cnica de una serie de diplomados en temas de g\u00e9nero, pol\u00edticas p\u00fablicas y violencia contra las mujeres, que imparti\u00f3 la Facultad Latinoamericana de Ciencias Sociales a servidores y servidoras p\u00fablicas de instancias estatales de la mujer y de la Secretar\u00eda de Desarrollo Social.\u00a0 Durante 2007 fue asesora del Centro de Estudios para el Adelanto de las Mujeres y la Equidad de G\u00e9nero de la C\u00e1mara de Diputados.\u00a0<\/p><p>Entre 2008 y 2018 se desempe\u00f1\u00f3 como consultora independiente en investigaci\u00f3n aplicada y asesor\u00eda en el dise\u00f1o de pol\u00edticas p\u00fablicas para la igualdad y la vida libre de violencia. Realiz\u00f3 consultor\u00edas para organismos internacionales como el Programa de Naciones Unidas para el Desarrollo y ONU Mujeres; para dependencias de la Administraci\u00f3n P\u00fablica Federal como el Instituto Nacional de las Mujeres, la Comisi\u00f3n Nacional para Combatir y Erradicar la Violencia contra las Mujeres, el Instituto Nacional de Desarrollo Social, la Secretar\u00eda de Relaciones Exteriores y la Comisi\u00f3n Ejecutiva de Atenci\u00f3n a V\u00edctimas, as\u00ed como para Institutos Estatales y Municipales de las Mujeres.<\/p><p>Desde 2019 se incorpor\u00f3 al equipo de Amnist\u00eda Internacional M\u00e9xico, en donde ocup\u00f3 la Coordinaci\u00f3n de An\u00e1lisis e Incidencia y luego la Jefatura de la Unidad de Derechos Humanos. Actualmente es Directora Ejecutiva de Amnist\u00eda Internacional M\u00e9xico.<\/p>\t\t\t\t\t<\/div>\r\n\t\t\t\t\t\t\t\t\t\t\t<div class=\"premium-modal-box-modal-footer\">\r\n\t\t\t\t\t\t\t<button type=\"button\" class=\"premium-modal-box-modal-lower-close\" data-dismiss=\"premium-modal\">\r\n\t\t\t\t\t\t\t\tCerrar\t\t\t\t\t\t\t<\/button>\r\n\t\t\t\t\t\t<\/div>\r\n\t\t\t\t\t\t\t\t\t<\/div>\r\n\t\t\t<\/div>\r\n\t\t<\/div>\r\n\r\n\t\t\t\t<\/div>\n\t\t\t\t<\/div>\n\t\t\t\t<div class=\"elementor-element elementor-element-3e487da elementor-widget elementor-widget-heading\" data-id=\"3e487da\" data-element_type=\"widget\" data-widget_type=\"heading.default\">\n\t\t\t\t<div class=\"elementor-widget-container\">\n\t\t\t<h2 class=\"elementor-heading-title elementor-size-default\">Edith Olivares<\/h2>\t\t<\/div>\n\t\t\t\t<\/div>\n\t\t\t\t<div class=\"elementor-element elementor-element-32d6f5e elementor-widget elementor-widget-heading\" data-id=\"32d6f5e\" data-element_type=\"widget\" data-widget_type=\"heading.default\">\n\t\t\t\t<div class=\"elementor-widget-container\">\n\t\t\t<h2 class=\"elementor-heading-title elementor-size-default\">Directora Ejecutiva<\/h2>\t\t<\/div>\n\t\t\t\t<\/div>\n\t\t\t\t\t<\/div>\n\t\t\t\t<\/div>\n\t\t\t\t<\/div>\n\t\t<div class=\"elementor-element elementor-element-091e1cb e-con-full e-flex e-con\" data-id=\"091e1cb\" data-element_type=\"container\" data-settings=\"{&quot;content_width&quot;:&quot;full&quot;}\">\n\t\t<div class=\"elementor-element elementor-element-afc2e85 e-con-full e-flex e-con\" data-id=\"afc2e85\" data-element_type=\"container\" data-settings=\"{&quot;content_width&quot;:&quot;full&quot;}\">\n\t\t\t\t<div class=\"elementor-element elementor-element-ccc3452 elementor-position-top elementor-vertical-align-top elementor-widget elementor-widget-image-box\" data-id=\"ccc3452\" data-element_type=\"widget\" data-widget_type=\"image-box.default\">\n\t\t\t\t<div class=\"elementor-widget-container\">\n\t\t\t<div class=\"elementor-image-box-wrapper\"><figure class=\"elementor-image-box-img\"><img decoding=\"async\" width=\"150\" height=\"150\" src=\"https:\/\/amnistia.org.mx\/contenido\/wp-content\/uploads\/2025\/07\/Xitlalli-150x150.jpg\" class=\"attachment-thumbnail size-thumbnail wp-image-39378\" alt=\"\" loading=\"lazy\" \/><\/figure><\/div>\t\t<\/div>\n\t\t\t\t<\/div>\n\t\t\t\t<div class=\"elementor-element elementor-element-a624865 elementor-widget elementor-widget-heading\" data-id=\"a624865\" data-element_type=\"widget\" data-widget_type=\"heading.default\">\n\t\t\t\t<div class=\"elementor-widget-container\">\n\t\t\t<h2 class=\"elementor-heading-title elementor-size-default\">Xitlalli Villanueva<\/h2>\t\t<\/div>\n\t\t\t\t<\/div>\n\t\t\t\t<div class=\"elementor-element elementor-element-75f32e4 elementor-widget elementor-widget-heading\" data-id=\"75f32e4\" data-element_type=\"widget\" data-widget_type=\"heading.default\">\n\t\t\t\t<div class=\"elementor-widget-container\">\n\t\t\t<h2 class=\"elementor-heading-title elementor-size-default\">Asistente de la Direcci\u00f3n Ejecutiva y del Comit\u00e9 Directivo<\/h2>\t\t<\/div>\n\t\t\t\t<\/div>\n\t\t\t\t<\/div>\n\t\t\t\t<\/div>\n\t\t<div class=\"elementor-element elementor-element-b6157da e-con-full e-flex e-con\" data-id=\"b6157da\" data-element_type=\"container\" data-settings=\"{&quot;content_width&quot;:&quot;full&quot;}\">\n\t\t<div class=\"elementor-element elementor-element-fb36802 e-con-full e-flex e-con\" data-id=\"fb36802\" data-element_type=\"container\" data-settings=\"{&quot;content_width&quot;:&quot;full&quot;}\">\n\t\t<div class=\"elementor-element elementor-element-bf44d9e e-con-full e-flex e-con\" data-id=\"bf44d9e\" data-element_type=\"container\" data-settings=\"{&quot;content_width&quot;:&quot;full&quot;}\">\n\t\t\t\t<\/div>\n\t\t\t\t<\/div>\n\t\t\t\t<\/div>\n\t\t<div class=\"elementor-element elementor-element-639a504 e-con-full e-flex e-con\" data-id=\"639a504\" data-element_type=\"container\" data-settings=\"{&quot;content_width&quot;:&quot;full&quot;}\">\n\t\t\t\t<\/div>\n\t\t<div class=\"elementor-element elementor-element-0bfeb3a e-con-full e-flex e-con\" data-id=\"0bfeb3a\" data-element_type=\"container\" data-settings=\"{&quot;content_width&quot;:&quot;full&quot;}\">\n\t\t\t\t<\/div>\n\t\t<div class=\"elementor-element elementor-element-6f8a8a0 e-con-full e-flex e-con\" data-id=\"6f8a8a0\" data-element_type=\"container\" data-settings=\"{&quot;content_width&quot;:&quot;full&quot;}\">\n\t\t\t\t<\/div>\n\t\t\t\t<\/div>\n\t\t<div class=\"e-n-tab-title e-collapse\" aria-selected=\"false\" data-tab=\"3\" role=\"tab\" tabindex=\"-1\" aria-controls=\"e-n-tab-content-8303\" aria-expanded=\"false\" id=\"e-n-tabs-title-8303-accordion\">\t<span class=\"e-n-tab-icon\"><\/span>\t<span class=\"e-n-tab-title-text\">PROCURACI\u00d3N DE FONDOS<\/span><\/div><div class=\"elementor-element elementor-element-38e169c e-con-full e-flex e-con\" data-id=\"38e169c\" data-element_type=\"container\" data-settings=\"{&quot;content_width&quot;:&quot;full&quot;}\">\n\t\t<div class=\"elementor-element elementor-element-cefd04a e-con-full e-flex e-con\" data-id=\"cefd04a\" data-element_type=\"container\" data-settings=\"{&quot;content_width&quot;:&quot;full&quot;}\">\n\t\t<div class=\"elementor-element elementor-element-c308da6 e-con-boxed e-flex e-con\" data-id=\"c308da6\" data-element_type=\"container\" data-settings=\"{&quot;content_width&quot;:&quot;boxed&quot;}\">\n\t\t\t\t\t<div class=\"e-con-inner\">\n\t\t\t\t<div class=\"elementor-element elementor-element-2bd2244 elementor-invisible elementor-widget elementor-widget-premium-addon-modal-box\" data-id=\"2bd2244\" data-element_type=\"widget\" data-settings=\"{&quot;_animation&quot;:&quot;fadeIn&quot;,&quot;premium_modal_box_animation&quot;:&quot;fadeInDown&quot;}\" data-widget_type=\"premium-addon-modal-box.default\">\n\t\t\t\t<div class=\"elementor-widget-container\">\n\t\t\t\r\n\t\t<div class=\"premium-modal-box-container\" data-settings=\"{&quot;trigger&quot;:&quot;image&quot;}\">\r\n\t\t\t<div class=\"premium-modal-trigger-container\">\r\n\t\t\t\t\t\t\t\t\t<img decoding=\"async\" data-toggle=\"premium-modal\" data-target=\"#premium-modal-2bd2244\" class=\"premium-modal-trigger-img\" src=\" https:\/\/amnistia.org.mx\/contenido\/wp-content\/uploads\/2023\/11\/mariana.jpg\" alt=\"mariana\">\r\n\t\t\t\t\t\t\t<\/div>\r\n\r\n\t\t\t<div id=\"premium-modal-2bd2244\" class=\"premium-modal-box-modal\" role=\"dialog\" style=\"display: none\">\r\n\t\t\t\t<div class=\"premium-modal-box-modal-dialog\" data-delay-animation=\"\" data-modal-animation=\"fadeInDown animated-fast\">\r\n\t\t\t\t\t\t\t\t\t\t\t<div class=\"premium-modal-box-modal-header\">\r\n\t\t\t\t\t\t\t\t\t\t\t\t\t\t\t<h3 class=\"premium-modal-box-modal-title\">\r\n\t\t\t\t\t\t\t\t\t\t\t\t<img decoding=\"async\" src=\" https:\/\/amnistia.org.mx\/contenido\/wp-content\/uploads\/2023\/11\/mariana.jpg\" alt=\"mariana\">\r\n\t\t\tMariana Casta\u00f1eda\t\t\t\t\t\t\t\t<\/h3>\r\n\t\t\t\t\t\t\t\t\t\t\t\t\t\t\t\t\t\t\t\t\t\t<div class=\"premium-modal-box-close-button-container\">\r\n\t\t\t\t\t\t\t\t\t<button type=\"button\" class=\"premium-modal-box-modal-close\" data-dismiss=\"premium-modal\">&times;<\/button>\r\n\t\t\t\t\t\t\t\t<\/div>\r\n\t\t\t\t\t\t\t\t\t\t\t\t\t<\/div>\r\n\t\t\t\t\t\t\t\t\t\t<div class=\"premium-modal-box-modal-body\">\r\n\t\t\t\t\t\t<p><strong>Subdirectora de Recaudaci\u00f3n de fondos<\/strong><\/p><p dir=\"ltr\">Mariana Casta\u00f1eda Gonz\u00e1lez es una profesional con m\u00e1s de 14 a\u00f1os de experiencia trabajando en organizaciones de la sociedad civil para generar cambios sostenibles en la sociedad. Tiene una certificaci\u00f3n en Gesti\u00f3n de Proyectos de Desarrollo del BID, un Diplomado en Marketing Digital del ITESM, una Maestr\u00eda en Responsabilidad Social de la Universidad Anahuac Norte y una Licenciatura en Antropolog\u00eda Social de la Universidad Aut\u00f3noma Metropolitana. Entre sus habilidades destacan el pensamiento estrat\u00e9gico, la gesti\u00f3n de equipos orientada a resultados, las habilidades de liderazgo y el rendimiento bajo presi\u00f3n.<\/p><p dir=\"ltr\">En su experiencia laboral m\u00e1s reciente, Mariana es Subdirectora de Procuraci\u00f3n de Fondos en Amnist\u00eda Internacional M\u00e9xico, donde desarrolla la estrategia de procuraci\u00f3n de fondos a trav\u00e9s de donantes individuales y donantes institucionales. Antes de esto, Mariana fue Directora de Desarrollo de Recursos y Gerente de Corporativos Mexicanos en H\u00e1bitat para la Humanidad M\u00e9xico, donde desarroll\u00f3 estrategias para procurar fondos a trav\u00e9s de corporativos, fundaciones y organismos internacionales. Previamente, Mariana trabaj\u00f3 como Directora de Procuraci\u00f3n de Fondos P\u00fablicos en OXFAM M\u00e9xico, donde dirigi\u00f3 el departamento encargado de movilizar recursos con donantes corporativos y donantes individuales para aumentar los fondos no etiquetados. Adem\u00e1s, ha sido responsable de diferentes fuentes de financiamiento como &#8220;face-to-face&#8221;, campa\u00f1as de emailing, telemarketing, proyectos de productos con causa y crowdfunding.<\/p>\t\t\t\t\t<\/div>\r\n\t\t\t\t\t\t\t\t\t\t\t<div class=\"premium-modal-box-modal-footer\">\r\n\t\t\t\t\t\t\t<button type=\"button\" class=\"premium-modal-box-modal-lower-close\" data-dismiss=\"premium-modal\">\r\n\t\t\t\t\t\t\t\tCerrar\t\t\t\t\t\t\t<\/button>\r\n\t\t\t\t\t\t<\/div>\r\n\t\t\t\t\t\t\t\t\t<\/div>\r\n\t\t\t<\/div>\r\n\t\t<\/div>\r\n\r\n\t\t\t\t<\/div>\n\t\t\t\t<\/div>\n\t\t\t\t<div class=\"elementor-element elementor-element-8a1eeec elementor-widget elementor-widget-heading\" data-id=\"8a1eeec\" data-element_type=\"widget\" data-widget_type=\"heading.default\">\n\t\t\t\t<div class=\"elementor-widget-container\">\n\t\t\t<h2 class=\"elementor-heading-title elementor-size-default\">Mariana Casta\u00f1eda<\/h2>\t\t<\/div>\n\t\t\t\t<\/div>\n\t\t\t\t<div class=\"elementor-element elementor-element-ab01cc1 elementor-widget elementor-widget-heading\" data-id=\"ab01cc1\" data-element_type=\"widget\" data-widget_type=\"heading.default\">\n\t\t\t\t<div class=\"elementor-widget-container\">\n\t\t\t<h2 class=\"elementor-heading-title elementor-size-default\">Subdirectora<\/h2>\t\t<\/div>\n\t\t\t\t<\/div>\n\t\t\t\t\t<\/div>\n\t\t\t\t<\/div>\n\t\t\t\t<\/div>\n\t\t<div class=\"elementor-element elementor-element-2d63ae3 e-con-full e-flex e-con\" data-id=\"2d63ae3\" data-element_type=\"container\" data-settings=\"{&quot;content_width&quot;:&quot;full&quot;}\">\n\t\t\t\t<div class=\"elementor-element elementor-element-50cdfee elementor-position-top elementor-vertical-align-top elementor-widget elementor-widget-image-box\" data-id=\"50cdfee\" data-element_type=\"widget\" data-widget_type=\"image-box.default\">\n\t\t\t\t<div class=\"elementor-widget-container\">\n\t\t\t<div class=\"elementor-image-box-wrapper\"><figure class=\"elementor-image-box-img\"><img decoding=\"async\" width=\"300\" height=\"300\" src=\"https:\/\/amnistia.org.mx\/contenido\/wp-content\/uploads\/2025\/07\/Eli.jpg\" class=\"attachment-full size-full wp-image-39373\" alt=\"\" loading=\"lazy\" \/><\/figure><div class=\"elementor-image-box-content\"><h3 class=\"elementor-image-box-title\">Eli Rodr\u00edguez<\/h3><p class=\"elementor-image-box-description\">Coordinador de Crecimiento Digital<\/p><\/div><\/div>\t\t<\/div>\n\t\t\t\t<\/div>\n\t\t\t\t<\/div>\n\t\t<div class=\"elementor-element elementor-element-dfe6524 e-con-full e-flex e-con\" data-id=\"dfe6524\" data-element_type=\"container\" data-settings=\"{&quot;content_width&quot;:&quot;full&quot;}\">\n\t\t\t\t<div class=\"elementor-element elementor-element-0dbcc59 elementor-position-top elementor-vertical-align-top elementor-widget elementor-widget-image-box\" data-id=\"0dbcc59\" data-element_type=\"widget\" data-widget_type=\"image-box.default\">\n\t\t\t\t<div class=\"elementor-widget-container\">\n\t\t\t<div class=\"elementor-image-box-wrapper\"><figure class=\"elementor-image-box-img\"><img decoding=\"async\" width=\"300\" height=\"300\" src=\"https:\/\/amnistia.org.mx\/contenido\/wp-content\/uploads\/2023\/11\/Vanessa.jpg\" class=\"attachment-full size-full wp-image-28853\" alt=\"\" loading=\"lazy\" \/><\/figure><div class=\"elementor-image-box-content\"><h3 class=\"elementor-image-box-title\">Vanessa Herrera<\/h3><p class=\"elementor-image-box-description\">Coordinadora de Di\u00e1logo Directo<\/p><\/div><\/div>\t\t<\/div>\n\t\t\t\t<\/div>\n\t\t\t\t<\/div>\n\t\t<div class=\"elementor-element elementor-element-8c950cb e-con-full e-flex e-con\" data-id=\"8c950cb\" data-element_type=\"container\" data-settings=\"{&quot;content_width&quot;:&quot;full&quot;}\">\n\t\t\t\t<div class=\"elementor-element elementor-element-89daca1 elementor-position-top elementor-vertical-align-top elementor-widget elementor-widget-image-box\" data-id=\"89daca1\" data-element_type=\"widget\" data-widget_type=\"image-box.default\">\n\t\t\t\t<div class=\"elementor-widget-container\">\n\t\t\t<div class=\"elementor-image-box-wrapper\"><figure class=\"elementor-image-box-img\"><img decoding=\"async\" width=\"300\" height=\"300\" src=\"https:\/\/amnistia.org.mx\/contenido\/wp-content\/uploads\/2023\/11\/Lucia.jpg\" class=\"attachment-full size-full wp-image-28854\" alt=\"\" loading=\"lazy\" \/><\/figure><div class=\"elementor-image-box-content\"><h3 class=\"elementor-image-box-title\">Luc\u00eda Guti\u00e9rrez<\/h3><p class=\"elementor-image-box-description\">Responsable de fidelizaci\u00f3n  y retenci\u00f3n<\/p><\/div><\/div>\t\t<\/div>\n\t\t\t\t<\/div>\n\t\t\t\t<\/div>\n\t\t<div class=\"elementor-element elementor-element-3a57e9d e-con-full e-flex e-con\" data-id=\"3a57e9d\" data-element_type=\"container\" data-settings=\"{&quot;content_width&quot;:&quot;full&quot;}\">\n\t\t\t\t<div class=\"elementor-element elementor-element-4f79ed9 elementor-position-top elementor-vertical-align-top elementor-widget elementor-widget-image-box\" data-id=\"4f79ed9\" data-element_type=\"widget\" data-widget_type=\"image-box.default\">\n\t\t\t\t<div class=\"elementor-widget-container\">\n\t\t\t<div class=\"elementor-image-box-wrapper\"><figure class=\"elementor-image-box-img\"><img decoding=\"async\" width=\"300\" height=\"300\" src=\"https:\/\/amnistia.org.mx\/contenido\/wp-content\/uploads\/2023\/11\/jhovana.jpg\" class=\"attachment-full size-full wp-image-28872\" alt=\"\" loading=\"lazy\" \/><\/figure><div class=\"elementor-image-box-content\"><h3 class=\"elementor-image-box-title\">Jhovana S\u00e1nchez<\/h3><p class=\"elementor-image-box-description\">Team Leader<\/p><\/div><\/div>\t\t<\/div>\n\t\t\t\t<\/div>\n\t\t\t\t<\/div>\n\t\t<div class=\"elementor-element elementor-element-afd0d3b e-con-full e-flex e-con\" data-id=\"afd0d3b\" data-element_type=\"container\" data-settings=\"{&quot;content_width&quot;:&quot;full&quot;}\">\n\t\t<div class=\"elementor-element elementor-element-e60d797 e-con-full e-flex e-con\" data-id=\"e60d797\" data-element_type=\"container\" data-settings=\"{&quot;content_width&quot;:&quot;full&quot;}\">\n\t\t\t\t<div class=\"elementor-element elementor-element-dac2405 elementor-widget__width-initial elementor-position-top elementor-vertical-align-top elementor-widget elementor-widget-image-box\" data-id=\"dac2405\" data-element_type=\"widget\" data-widget_type=\"image-box.default\">\n\t\t\t\t<div class=\"elementor-widget-container\">\n\t\t\t<div class=\"elementor-image-box-wrapper\"><figure class=\"elementor-image-box-img\"><img decoding=\"async\" width=\"300\" height=\"300\" src=\"https:\/\/amnistia.org.mx\/contenido\/wp-content\/uploads\/2025\/07\/Leonardo.jpg\" class=\"attachment-full size-full wp-image-39374\" alt=\"\" loading=\"lazy\" \/><\/figure><div class=\"elementor-image-box-content\"><h3 class=\"elementor-image-box-title\">Leonardo Casillas<\/h3><p class=\"elementor-image-box-description\">Team Leader<\/p><\/div><\/div>\t\t<\/div>\n\t\t\t\t<\/div>\n\t\t\t\t<\/div>\n\t\t\t\t<\/div>\n\t\t<div class=\"elementor-element elementor-element-c13cc3a e-con-full e-flex e-con\" data-id=\"c13cc3a\" data-element_type=\"container\" data-settings=\"{&quot;content_width&quot;:&quot;full&quot;}\">\n\t\t\t\t<div class=\"elementor-element elementor-element-0346ccf elementor-position-top elementor-vertical-align-top elementor-widget elementor-widget-image-box\" data-id=\"0346ccf\" data-element_type=\"widget\" data-widget_type=\"image-box.default\">\n\t\t\t\t<div class=\"elementor-widget-container\">\n\t\t\t<div class=\"elementor-image-box-wrapper\"><figure class=\"elementor-image-box-img\"><img decoding=\"async\" width=\"300\" height=\"300\" src=\"https:\/\/amnistia.org.mx\/contenido\/wp-content\/uploads\/2023\/12\/Azucena.jpg\" class=\"attachment-full size-full wp-image-28921\" alt=\"\" loading=\"lazy\" \/><\/figure><div class=\"elementor-image-box-content\"><h3 class=\"elementor-image-box-title\">Azucena Rodr\u00edoguez<\/h3><p class=\"elementor-image-box-description\">Team Leader<\/p><\/div><\/div>\t\t<\/div>\n\t\t\t\t<\/div>\n\t\t\t\t<\/div>\n\t\t<div class=\"elementor-element elementor-element-b22006e e-con-full e-flex e-con\" data-id=\"b22006e\" data-element_type=\"container\" data-settings=\"{&quot;content_width&quot;:&quot;full&quot;}\">\n\t\t\t\t<div class=\"elementor-element elementor-element-0b8b697 elementor-position-top elementor-vertical-align-top elementor-widget elementor-widget-image-box\" data-id=\"0b8b697\" data-element_type=\"widget\" data-widget_type=\"image-box.default\">\n\t\t\t\t<div class=\"elementor-widget-container\">\n\t\t\t<div class=\"elementor-image-box-wrapper\"><figure class=\"elementor-image-box-img\"><img decoding=\"async\" width=\"300\" height=\"300\" src=\"https:\/\/amnistia.org.mx\/contenido\/wp-content\/uploads\/2023\/11\/Daniel.jpg\" class=\"attachment-full size-full wp-image-28875\" alt=\"\" loading=\"lazy\" \/><\/figure><div class=\"elementor-image-box-content\"><h3 class=\"elementor-image-box-title\">Daniel Hern\u00e1ndez<\/h3><p class=\"elementor-image-box-description\">Promotor de Fidelizaci\u00f3n y Retenci\u00f3n<\/p><\/div><\/div>\t\t<\/div>\n\t\t\t\t<\/div>\n\t\t\t\t<\/div>\n\t\t<div class=\"elementor-element elementor-element-70e5dd9 e-con-full e-flex e-con\" data-id=\"70e5dd9\" data-element_type=\"container\" data-settings=\"{&quot;content_width&quot;:&quot;full&quot;}\">\n\t\t\t\t<div class=\"elementor-element elementor-element-14ccf4d elementor-position-top elementor-vertical-align-top elementor-widget elementor-widget-image-box\" data-id=\"14ccf4d\" data-element_type=\"widget\" data-widget_type=\"image-box.default\">\n\t\t\t\t<div class=\"elementor-widget-container\">\n\t\t\t<div class=\"elementor-image-box-wrapper\"><figure class=\"elementor-image-box-img\"><img decoding=\"async\" width=\"150\" height=\"151\" src=\"https:\/\/amnistia.org.mx\/contenido\/wp-content\/uploads\/2025\/06\/marianaa.jpg\" class=\"attachment-full size-full wp-image-38491\" alt=\"\" loading=\"lazy\" \/><\/figure><div class=\"elementor-image-box-content\"><h3 class=\"elementor-image-box-title\">Mariana Aguilar<\/h3><p class=\"elementor-image-box-description\">Promotora de recaptaci\u00f3n para DD<\/p><\/div><\/div>\t\t<\/div>\n\t\t\t\t<\/div>\n\t\t\t\t<\/div>\n\t\t<div class=\"elementor-element elementor-element-aae3419 e-con-full e-flex e-con\" data-id=\"aae3419\" data-element_type=\"container\" data-settings=\"{&quot;content_width&quot;:&quot;full&quot;}\">\n\t\t\t\t<div class=\"elementor-element elementor-element-c2ca7af elementor-position-top elementor-vertical-align-top elementor-widget elementor-widget-image-box\" data-id=\"c2ca7af\" data-element_type=\"widget\" data-widget_type=\"image-box.default\">\n\t\t\t\t<div class=\"elementor-widget-container\">\n\t\t\t<div class=\"elementor-image-box-wrapper\"><figure class=\"elementor-image-box-img\"><img decoding=\"async\" width=\"300\" height=\"300\" src=\"https:\/\/amnistia.org.mx\/contenido\/wp-content\/uploads\/2023\/11\/sasha.jpg\" class=\"attachment-full size-full wp-image-28876\" alt=\"\" loading=\"lazy\" \/><\/figure><div class=\"elementor-image-box-content\"><h3 class=\"elementor-image-box-title\">Sasha Cuenca<\/h3><p class=\"elementor-image-box-description\">Promotora Di\u00e1logo Directo<\/p><\/div><\/div>\t\t<\/div>\n\t\t\t\t<\/div>\n\t\t\t\t<\/div>\n\t\t<div class=\"elementor-element elementor-element-49075a4 e-con-full e-flex e-con\" data-id=\"49075a4\" data-element_type=\"container\" data-settings=\"{&quot;content_width&quot;:&quot;full&quot;}\">\n\t\t\t\t<div class=\"elementor-element elementor-element-a6f5d85 elementor-position-top elementor-vertical-align-top elementor-widget elementor-widget-image-box\" data-id=\"a6f5d85\" data-element_type=\"widget\" data-widget_type=\"image-box.default\">\n\t\t\t\t<div class=\"elementor-widget-container\">\n\t\t\t<div class=\"elementor-image-box-wrapper\"><figure class=\"elementor-image-box-img\"><img decoding=\"async\" width=\"300\" height=\"300\" src=\"https:\/\/amnistia.org.mx\/contenido\/wp-content\/uploads\/2023\/12\/Dylan.jpg\" class=\"attachment-full size-full wp-image-28925\" alt=\"\" loading=\"lazy\" \/><\/figure><div class=\"elementor-image-box-content\"><h3 class=\"elementor-image-box-title\">Dylan Cano<\/h3><p class=\"elementor-image-box-description\">Promotor Di\u00e1logo Directo<\/p><\/div><\/div>\t\t<\/div>\n\t\t\t\t<\/div>\n\t\t\t\t<\/div>\n\t\t<div class=\"elementor-element elementor-element-98f954e e-con-full e-flex e-con\" data-id=\"98f954e\" data-element_type=\"container\" data-settings=\"{&quot;content_width&quot;:&quot;full&quot;}\">\n\t\t\t\t<div class=\"elementor-element elementor-element-2125803 elementor-position-top elementor-vertical-align-top elementor-widget elementor-widget-image-box\" data-id=\"2125803\" data-element_type=\"widget\" data-widget_type=\"image-box.default\">\n\t\t\t\t<div class=\"elementor-widget-container\">\n\t\t\t<div class=\"elementor-image-box-wrapper\"><figure class=\"elementor-image-box-img\"><img decoding=\"async\" width=\"900\" height=\"900\" src=\"https:\/\/amnistia.org.mx\/contenido\/wp-content\/uploads\/2020\/04\/LOGO.jpg\" class=\"attachment-full size-full wp-image-9914\" alt=\"\" loading=\"lazy\" \/><\/figure><div class=\"elementor-image-box-content\"><h3 class=\"elementor-image-box-title\">Vacante<\/h3><p class=\"elementor-image-box-description\">Promotor de Fidelizaci\u00f3n y Retenci\u00f3n<\/p><\/div><\/div>\t\t<\/div>\n\t\t\t\t<\/div>\n\t\t\t\t<\/div>\n\t\t<div class=\"elementor-element elementor-element-2e41072 e-con-full e-flex e-con\" data-id=\"2e41072\" data-element_type=\"container\" data-settings=\"{&quot;content_width&quot;:&quot;full&quot;}\">\n\t\t\t\t<div class=\"elementor-element elementor-element-677656d elementor-position-top elementor-vertical-align-top elementor-widget elementor-widget-image-box\" data-id=\"677656d\" data-element_type=\"widget\" data-widget_type=\"image-box.default\">\n\t\t\t\t<div class=\"elementor-widget-container\">\n\t\t\t<div class=\"elementor-image-box-wrapper\"><figure class=\"elementor-image-box-img\"><img decoding=\"async\" width=\"300\" height=\"300\" src=\"https:\/\/amnistia.org.mx\/contenido\/wp-content\/uploads\/2023\/12\/Flor.jpg\" class=\"attachment-full size-full wp-image-28920\" alt=\"\" loading=\"lazy\" \/><\/figure><div class=\"elementor-image-box-content\"><h3 class=\"elementor-image-box-title\">Flor Fragoso<\/h3><p class=\"elementor-image-box-description\">Promotora de Fidelizaci\u00f3n y Retenci\u00f3n<\/p><\/div><\/div>\t\t<\/div>\n\t\t\t\t<\/div>\n\t\t\t\t<\/div>\n\t\t<div class=\"elementor-element elementor-element-854d399 e-con-full e-flex e-con\" data-id=\"854d399\" data-element_type=\"container\" data-settings=\"{&quot;content_width&quot;:&quot;full&quot;}\">\n\t\t\t\t<div class=\"elementor-element elementor-element-8e923ed elementor-position-top elementor-vertical-align-top elementor-widget elementor-widget-image-box\" data-id=\"8e923ed\" data-element_type=\"widget\" data-widget_type=\"image-box.default\">\n\t\t\t\t<div class=\"elementor-widget-container\">\n\t\t\t<div class=\"elementor-image-box-wrapper\"><figure class=\"elementor-image-box-img\"><img decoding=\"async\" width=\"300\" height=\"300\" src=\"https:\/\/amnistia.org.mx\/contenido\/wp-content\/uploads\/2023\/12\/ElizabethM.jpg\" class=\"attachment-full size-full wp-image-28928\" alt=\"\" loading=\"lazy\" \/><\/figure><div class=\"elementor-image-box-content\"><h3 class=\"elementor-image-box-title\">Elizabeth Mart\u00ednez<\/h3><p class=\"elementor-image-box-description\">Promotora Di\u00e1logo Directo<\/p><\/div><\/div>\t\t<\/div>\n\t\t\t\t<\/div>\n\t\t\t\t<\/div>\n\t\t<div class=\"elementor-element elementor-element-7cb5a9b e-con-full e-flex e-con\" data-id=\"7cb5a9b\" data-element_type=\"container\" data-settings=\"{&quot;content_width&quot;:&quot;full&quot;}\">\n\t\t\t\t<div class=\"elementor-element elementor-element-91e566f elementor-position-top elementor-vertical-align-top elementor-widget elementor-widget-image-box\" data-id=\"91e566f\" data-element_type=\"widget\" data-widget_type=\"image-box.default\">\n\t\t\t\t<div class=\"elementor-widget-container\">\n\t\t\t<div class=\"elementor-image-box-wrapper\"><figure class=\"elementor-image-box-img\"><img decoding=\"async\" width=\"300\" height=\"300\" src=\"https:\/\/amnistia.org.mx\/contenido\/wp-content\/uploads\/2023\/12\/araceli.jpg\" class=\"attachment-full size-full wp-image-29211\" alt=\"\" loading=\"lazy\" \/><\/figure><div class=\"elementor-image-box-content\"><h3 class=\"elementor-image-box-title\">Araceli Ruano<\/h3><p class=\"elementor-image-box-description\">Promotora Di\u00e1logo Directo<\/p><\/div><\/div>\t\t<\/div>\n\t\t\t\t<\/div>\n\t\t\t\t<\/div>\n\t\t<div class=\"elementor-element elementor-element-bca66d6 e-con-full e-flex e-con\" data-id=\"bca66d6\" data-element_type=\"container\" data-settings=\"{&quot;content_width&quot;:&quot;full&quot;}\">\n\t\t\t\t<div class=\"elementor-element elementor-element-494e062 elementor-position-top elementor-vertical-align-top elementor-widget elementor-widget-image-box\" data-id=\"494e062\" data-element_type=\"widget\" data-widget_type=\"image-box.default\">\n\t\t\t\t<div class=\"elementor-widget-container\">\n\t\t\t<div class=\"elementor-image-box-wrapper\"><figure class=\"elementor-image-box-img\"><img decoding=\"async\" width=\"300\" height=\"300\" src=\"https:\/\/amnistia.org.mx\/contenido\/wp-content\/uploads\/2023\/12\/ana.jpg\" class=\"attachment-full size-full wp-image-29206\" alt=\"\" loading=\"lazy\" \/><\/figure><div class=\"elementor-image-box-content\"><h3 class=\"elementor-image-box-title\">Ana Laura Estrada <\/h3><p class=\"elementor-image-box-description\">Promotora de Fidelizaci\u00f3n y Retenci\u00f3n<\/p><\/div><\/div>\t\t<\/div>\n\t\t\t\t<\/div>\n\t\t\t\t<\/div>\n\t\t<div class=\"elementor-element elementor-element-d024965 e-con-full e-flex e-con\" data-id=\"d024965\" data-element_type=\"container\" data-settings=\"{&quot;content_width&quot;:&quot;full&quot;}\">\n\t\t\t\t<div class=\"elementor-element elementor-element-7c01957 elementor-position-top elementor-vertical-align-top elementor-widget elementor-widget-image-box\" data-id=\"7c01957\" data-element_type=\"widget\" data-widget_type=\"image-box.default\">\n\t\t\t\t<div class=\"elementor-widget-container\">\n\t\t\t<div class=\"elementor-image-box-wrapper\"><figure class=\"elementor-image-box-img\"><img decoding=\"async\" width=\"300\" height=\"300\" src=\"https:\/\/amnistia.org.mx\/contenido\/wp-content\/uploads\/2023\/12\/viri.jpg\" class=\"attachment-full size-full wp-image-29210\" alt=\"\" loading=\"lazy\" \/><\/figure><div class=\"elementor-image-box-content\"><h3 class=\"elementor-image-box-title\">Viridiana G\u00f3mez<\/h3><p class=\"elementor-image-box-description\">Responsable de Telemarketing<\/p><\/div><\/div>\t\t<\/div>\n\t\t\t\t<\/div>\n\t\t\t\t<\/div>\n\t\t<div class=\"elementor-element elementor-element-989bd19 e-con-full e-flex e-con\" data-id=\"989bd19\" data-element_type=\"container\" data-settings=\"{&quot;content_width&quot;:&quot;full&quot;}\">\n\t\t\t\t<div class=\"elementor-element elementor-element-5fa1b1f elementor-position-top elementor-vertical-align-top elementor-widget elementor-widget-image-box\" data-id=\"5fa1b1f\" data-element_type=\"widget\" data-widget_type=\"image-box.default\">\n\t\t\t\t<div class=\"elementor-widget-container\">\n\t\t\t<div class=\"elementor-image-box-wrapper\"><figure class=\"elementor-image-box-img\"><img decoding=\"async\" width=\"900\" height=\"900\" src=\"https:\/\/amnistia.org.mx\/contenido\/wp-content\/uploads\/2020\/04\/LOGO.jpg\" class=\"attachment-full size-full wp-image-9914\" alt=\"\" loading=\"lazy\" \/><\/figure><div class=\"elementor-image-box-content\"><h3 class=\"elementor-image-box-title\">Vacante<\/h3><p class=\"elementor-image-box-description\">Promotor(a) de Telemarketing<\/p><\/div><\/div>\t\t<\/div>\n\t\t\t\t<\/div>\n\t\t\t\t<\/div>\n\t\t<div class=\"elementor-element elementor-element-932edaa e-con-full e-flex e-con\" data-id=\"932edaa\" data-element_type=\"container\" data-settings=\"{&quot;content_width&quot;:&quot;full&quot;}\">\n\t\t\t\t<div class=\"elementor-element elementor-element-d621c63 elementor-position-top elementor-vertical-align-top elementor-widget elementor-widget-image-box\" data-id=\"d621c63\" data-element_type=\"widget\" data-widget_type=\"image-box.default\">\n\t\t\t\t<div class=\"elementor-widget-container\">\n\t\t\t<div class=\"elementor-image-box-wrapper\"><figure class=\"elementor-image-box-img\"><img decoding=\"async\" width=\"900\" height=\"900\" src=\"https:\/\/amnistia.org.mx\/contenido\/wp-content\/uploads\/2020\/04\/LOGO.jpg\" class=\"attachment-full size-full wp-image-9914\" alt=\"\" loading=\"lazy\" \/><\/figure><div class=\"elementor-image-box-content\"><h3 class=\"elementor-image-box-title\">Vacante<\/h3><p class=\"elementor-image-box-description\">Promotor(a) de Telemarketing<\/p><\/div><\/div>\t\t<\/div>\n\t\t\t\t<\/div>\n\t\t\t\t<\/div>\n\t\t<div class=\"elementor-element elementor-element-feccdf7 e-con-full e-flex e-con\" data-id=\"feccdf7\" data-element_type=\"container\" data-settings=\"{&quot;content_width&quot;:&quot;full&quot;}\">\n\t\t\t\t<div class=\"elementor-element elementor-element-0e4bfe4 elementor-position-top elementor-vertical-align-top elementor-widget elementor-widget-image-box\" data-id=\"0e4bfe4\" data-element_type=\"widget\" data-widget_type=\"image-box.default\">\n\t\t\t\t<div class=\"elementor-widget-container\">\n\t\t\t<div class=\"elementor-image-box-wrapper\"><figure class=\"elementor-image-box-img\"><img decoding=\"async\" width=\"300\" height=\"300\" src=\"https:\/\/amnistia.org.mx\/contenido\/wp-content\/uploads\/2023\/12\/tania.jpg\" class=\"attachment-full size-full wp-image-29212\" alt=\"\" loading=\"lazy\" \/><\/figure><div class=\"elementor-image-box-content\"><h3 class=\"elementor-image-box-title\">Tania Guti\u00e9rrez<\/h3><p class=\"elementor-image-box-description\">Responsable de Di\u00e1logo Directo para Agencias<\/p><\/div><\/div>\t\t<\/div>\n\t\t\t\t<\/div>\n\t\t\t\t<\/div>\n\t\t<div class=\"elementor-element elementor-element-f8862a1 e-con-full e-flex e-con\" data-id=\"f8862a1\" data-element_type=\"container\" data-settings=\"{&quot;content_width&quot;:&quot;full&quot;}\">\n\t\t\t\t<div class=\"elementor-element elementor-element-741a6b0 elementor-position-top elementor-vertical-align-top elementor-widget elementor-widget-image-box\" data-id=\"741a6b0\" data-element_type=\"widget\" data-widget_type=\"image-box.default\">\n\t\t\t\t<div class=\"elementor-widget-container\">\n\t\t\t<div class=\"elementor-image-box-wrapper\"><figure class=\"elementor-image-box-img\"><img decoding=\"async\" width=\"546\" height=\"546\" src=\"https:\/\/amnistia.org.mx\/contenido\/wp-content\/uploads\/2023\/12\/graciela.jpg\" class=\"attachment-full size-full wp-image-29209\" alt=\"\" loading=\"lazy\" \/><\/figure><div class=\"elementor-image-box-content\"><h3 class=\"elementor-image-box-title\">Graciela Ruiz <\/h3><p class=\"elementor-image-box-description\">Promotora de Telemarketing <\/p><\/div><\/div>\t\t<\/div>\n\t\t\t\t<\/div>\n\t\t\t\t<\/div>\n\t\t<div class=\"elementor-element elementor-element-ffe82ce e-con-full e-flex e-con\" data-id=\"ffe82ce\" data-element_type=\"container\" data-settings=\"{&quot;content_width&quot;:&quot;full&quot;}\">\n\t\t<div class=\"elementor-element elementor-element-30f1617 e-con-full e-flex e-con\" data-id=\"30f1617\" data-element_type=\"container\" data-settings=\"{&quot;content_width&quot;:&quot;full&quot;}\">\n\t\t\t\t<div class=\"elementor-element elementor-element-a15f8ad elementor-position-top elementor-vertical-align-top elementor-widget elementor-widget-image-box\" data-id=\"a15f8ad\" data-element_type=\"widget\" data-widget_type=\"image-box.default\">\n\t\t\t\t<div class=\"elementor-widget-container\">\n\t\t\t<div class=\"elementor-image-box-wrapper\"><figure class=\"elementor-image-box-img\"><img decoding=\"async\" width=\"546\" height=\"546\" src=\"https:\/\/amnistia.org.mx\/contenido\/wp-content\/uploads\/2023\/12\/Javier.jpg\" class=\"attachment-full size-full wp-image-29204\" alt=\"\" loading=\"lazy\" \/><\/figure><div class=\"elementor-image-box-content\"><h3 class=\"elementor-image-box-title\">Javier Monjaraz<\/h3><p class=\"elementor-image-box-description\"> Especialista en Salesforce (CRM) y An\u00e1lisis de Datos<\/p><\/div><\/div>\t\t<\/div>\n\t\t\t\t<\/div>\n\t\t\t\t<\/div>\n\t\t\t\t<\/div>\n\t\t<div class=\"elementor-element elementor-element-e8a104f e-con-full e-flex e-con\" data-id=\"e8a104f\" data-element_type=\"container\" data-settings=\"{&quot;content_width&quot;:&quot;full&quot;}\">\n\t\t<div class=\"elementor-element elementor-element-bb63b7e e-con-full e-flex e-con\" data-id=\"bb63b7e\" data-element_type=\"container\" data-settings=\"{&quot;content_width&quot;:&quot;full&quot;}\">\n\t\t\t\t<div class=\"elementor-element elementor-element-037420a elementor-position-top elementor-vertical-align-top elementor-widget elementor-widget-image-box\" data-id=\"037420a\" data-element_type=\"widget\" data-widget_type=\"image-box.default\">\n\t\t\t\t<div class=\"elementor-widget-container\">\n\t\t\t<div class=\"elementor-image-box-wrapper\"><figure class=\"elementor-image-box-img\"><img decoding=\"async\" width=\"299\" height=\"300\" src=\"https:\/\/amnistia.org.mx\/contenido\/wp-content\/uploads\/2025\/09\/Lorena.jpg\" class=\"attachment-full size-full wp-image-40030\" alt=\"\" loading=\"lazy\" \/><\/figure><div class=\"elementor-image-box-content\"><h3 class=\"elementor-image-box-title\">Lorena Lorea<\/h3><p class=\"elementor-image-box-description\">Promotora Di\u00e1logo Directo<\/p><\/div><\/div>\t\t<\/div>\n\t\t\t\t<\/div>\n\t\t\t\t<\/div>\n\t\t\t\t<\/div>\n\t\t<div class=\"elementor-element elementor-element-f937aec e-con-full e-flex e-con\" data-id=\"f937aec\" data-element_type=\"container\" data-settings=\"{&quot;content_width&quot;:&quot;full&quot;}\">\n\t\t<div class=\"elementor-element elementor-element-f9b0f4c e-con-full e-flex e-con\" data-id=\"f9b0f4c\" data-element_type=\"container\" data-settings=\"{&quot;content_width&quot;:&quot;full&quot;}\">\n\t\t\t\t<div class=\"elementor-element elementor-element-5b8c56b elementor-widget__width-initial elementor-position-top elementor-vertical-align-top elementor-widget elementor-widget-image-box\" data-id=\"5b8c56b\" data-element_type=\"widget\" data-widget_type=\"image-box.default\">\n\t\t\t\t<div class=\"elementor-widget-container\">\n\t\t\t<div class=\"elementor-image-box-wrapper\"><figure class=\"elementor-image-box-img\"><img decoding=\"async\" width=\"302\" height=\"302\" src=\"https:\/\/amnistia.org.mx\/contenido\/wp-content\/uploads\/2025\/11\/alejandra.jpg\" class=\"attachment-full size-full wp-image-40877\" alt=\"\" loading=\"lazy\" \/><\/figure><div class=\"elementor-image-box-content\"><h3 class=\"elementor-image-box-title\">Alejandra Manzanos<\/h3><p class=\"elementor-image-box-description\">Promotora de Di\u00e1logo Directo<\/p><\/div><\/div>\t\t<\/div>\n\t\t\t\t<\/div>\n\t\t\t\t<\/div>\n\t\t\t\t<\/div>\n\t\t<div class=\"elementor-element elementor-element-a328440 e-con-full e-flex e-con\" data-id=\"a328440\" data-element_type=\"container\" data-settings=\"{&quot;content_width&quot;:&quot;full&quot;}\">\n\t\t<div class=\"elementor-element elementor-element-d9d16e4 e-con-full e-flex e-con\" data-id=\"d9d16e4\" data-element_type=\"container\" data-settings=\"{&quot;content_width&quot;:&quot;full&quot;}\">\n\t\t\t\t<div class=\"elementor-element elementor-element-a4080fb elementor-position-top elementor-vertical-align-top elementor-widget elementor-widget-image-box\" data-id=\"a4080fb\" data-element_type=\"widget\" data-widget_type=\"image-box.default\">\n\t\t\t\t<div class=\"elementor-widget-container\">\n\t\t\t<div class=\"elementor-image-box-wrapper\"><figure class=\"elementor-image-box-img\"><img decoding=\"async\" width=\"300\" height=\"300\" src=\"https:\/\/amnistia.org.mx\/contenido\/wp-content\/uploads\/2023\/12\/Pamela.jpg\" class=\"attachment-full size-full wp-image-28922\" alt=\"\" loading=\"lazy\" \/><\/figure><div class=\"elementor-image-box-content\"><h3 class=\"elementor-image-box-title\">Pamela Valderrabano<\/h3><p class=\"elementor-image-box-description\">Promotora de soporte para DD<\/p><\/div><\/div>\t\t<\/div>\n\t\t\t\t<\/div>\n\t\t\t\t<\/div>\n\t\t\t\t<\/div>\n\t\t<div class=\"elementor-element elementor-element-521b085 e-con-full e-flex e-con\" data-id=\"521b085\" data-element_type=\"container\" data-settings=\"{&quot;content_width&quot;:&quot;full&quot;}\">\n\t\t<div class=\"elementor-element elementor-element-0effadf e-con-full e-flex e-con\" data-id=\"0effadf\" data-element_type=\"container\" data-settings=\"{&quot;content_width&quot;:&quot;full&quot;}\">\n\t\t<div class=\"elementor-element elementor-element-ad18cfe e-con-full e-flex e-con\" data-id=\"ad18cfe\" data-element_type=\"container\" data-settings=\"{&quot;content_width&quot;:&quot;full&quot;}\">\n\t\t\t\t<div class=\"elementor-element elementor-element-7e144db elementor-position-top elementor-vertical-align-top elementor-widget elementor-widget-image-box\" data-id=\"7e144db\" data-element_type=\"widget\" data-widget_type=\"image-box.default\">\n\t\t\t\t<div class=\"elementor-widget-container\">\n\t\t\t<div class=\"elementor-image-box-wrapper\"><figure class=\"elementor-image-box-img\"><img decoding=\"async\" width=\"300\" height=\"300\" src=\"https:\/\/amnistia.org.mx\/contenido\/wp-content\/uploads\/2023\/12\/Abril.jpg\" class=\"attachment-full size-full wp-image-28924\" alt=\"\" loading=\"lazy\" \/><\/figure><div class=\"elementor-image-box-content\"><h3 class=\"elementor-image-box-title\">Yoatzin Abril Salgado<\/h3><p class=\"elementor-image-box-description\">Promotora Di\u00e1logo Directo<\/p><\/div><\/div>\t\t<\/div>\n\t\t\t\t<\/div>\n\t\t\t\t<\/div>\n\t\t\t\t<\/div>\n\t\t\t\t<\/div>\n\t\t<div class=\"elementor-element elementor-element-d6a846c e-con-full e-flex e-con\" data-id=\"d6a846c\" data-element_type=\"container\" data-settings=\"{&quot;content_width&quot;:&quot;full&quot;}\">\n\t\t<div class=\"elementor-element elementor-element-2218cb3 e-con-full e-flex e-con\" data-id=\"2218cb3\" data-element_type=\"container\" data-settings=\"{&quot;content_width&quot;:&quot;full&quot;}\">\n\t\t\t\t<div class=\"elementor-element elementor-element-00238be elementor-position-top elementor-vertical-align-top elementor-widget elementor-widget-image-box\" data-id=\"00238be\" data-element_type=\"widget\" data-widget_type=\"image-box.default\">\n\t\t\t\t<div class=\"elementor-widget-container\">\n\t\t\t<div class=\"elementor-image-box-wrapper\"><figure class=\"elementor-image-box-img\"><img decoding=\"async\" width=\"300\" height=\"300\" src=\"https:\/\/amnistia.org.mx\/contenido\/wp-content\/uploads\/2025\/09\/Robin.jpg\" class=\"attachment-full size-full wp-image-40031\" alt=\"\" loading=\"lazy\" \/><\/figure><div class=\"elementor-image-box-content\"><h3 class=\"elementor-image-box-title\">Robin Ramos<\/h3><p class=\"elementor-image-box-description\">Promotora Di\u00e1logo Directo<\/p><\/div><\/div>\t\t<\/div>\n\t\t\t\t<\/div>\n\t\t\t\t<\/div>\n\t\t\t\t<\/div>\n\t\t<div class=\"elementor-element elementor-element-3ef2f29 e-con-full e-flex e-con\" data-id=\"3ef2f29\" data-element_type=\"container\" data-settings=\"{&quot;content_width&quot;:&quot;full&quot;}\">\n\t\t<div class=\"elementor-element elementor-element-c51a613 e-con-full e-flex e-con\" data-id=\"c51a613\" data-element_type=\"container\" data-settings=\"{&quot;content_width&quot;:&quot;full&quot;}\">\n\t\t\t\t<div class=\"elementor-element elementor-element-5941f0c elementor-position-top elementor-vertical-align-top elementor-widget elementor-widget-image-box\" data-id=\"5941f0c\" data-element_type=\"widget\" data-widget_type=\"image-box.default\">\n\t\t\t\t<div class=\"elementor-widget-container\">\n\t\t\t<div class=\"elementor-image-box-wrapper\"><figure class=\"elementor-image-box-img\"><img decoding=\"async\" width=\"150\" height=\"149\" src=\"https:\/\/amnistia.org.mx\/contenido\/wp-content\/uploads\/2025\/06\/lissu.jpg\" class=\"attachment-full size-full wp-image-38489\" alt=\"\" loading=\"lazy\" \/><\/figure><div class=\"elementor-image-box-content\"><h3 class=\"elementor-image-box-title\">Lissu Tenorio<\/h3><p class=\"elementor-image-box-description\">Promotor de Telemarketing<\/p><\/div><\/div>\t\t<\/div>\n\t\t\t\t<\/div>\n\t\t\t\t<\/div>\n\t\t\t\t<\/div>\n\t\t<div class=\"elementor-element elementor-element-23bfc43 e-con-full e-flex e-con\" data-id=\"23bfc43\" data-element_type=\"container\" data-settings=\"{&quot;content_width&quot;:&quot;full&quot;}\">\n\t\t\t\t<div class=\"elementor-element elementor-element-d3f3409 elementor-widget__width-initial elementor-position-top elementor-vertical-align-top elementor-widget elementor-widget-image-box\" data-id=\"d3f3409\" data-element_type=\"widget\" data-widget_type=\"image-box.default\">\n\t\t\t\t<div class=\"elementor-widget-container\">\n\t\t\t<div class=\"elementor-image-box-wrapper\"><figure class=\"elementor-image-box-img\"><img decoding=\"async\" width=\"900\" height=\"900\" src=\"https:\/\/amnistia.org.mx\/contenido\/wp-content\/uploads\/2020\/04\/LOGO.jpg\" class=\"attachment-full size-full wp-image-9914\" alt=\"\" loading=\"lazy\" \/><\/figure><div class=\"elementor-image-box-content\"><h3 class=\"elementor-image-box-title\">Vacante<\/h3><p class=\"elementor-image-box-description\">Promotor(a) de Di\u00e1logo Directo<\/p><\/div><\/div>\t\t<\/div>\n\t\t\t\t<\/div>\n\t\t\t\t<\/div>\n\t\t<div class=\"elementor-element elementor-element-90d1962 e-con-full e-flex e-con\" data-id=\"90d1962\" data-element_type=\"container\" data-settings=\"{&quot;content_width&quot;:&quot;full&quot;}\">\n\t\t\t\t<\/div>\n\t\t<div class=\"elementor-element elementor-element-bb74841 e-con-full e-flex e-con\" data-id=\"bb74841\" data-element_type=\"container\" data-settings=\"{&quot;content_width&quot;:&quot;full&quot;}\">\n\t\t\t\t<\/div>\n\t\t\t\t<\/div>\n\t\t<div class=\"e-n-tab-title e-collapse\" aria-selected=\"false\" data-tab=\"4\" role=\"tab\" tabindex=\"-1\" aria-controls=\"e-n-tab-content-8304\" aria-expanded=\"false\" id=\"e-n-tabs-title-8304-accordion\">\t<span class=\"e-n-tab-icon\"><\/span>\t<span class=\"e-n-tab-title-text\">PROGRAMAS<\/span><\/div><div class=\"elementor-element elementor-element-3f8ede2 e-con-boxed e-flex e-con\" data-id=\"3f8ede2\" data-element_type=\"container\" data-settings=\"{&quot;content_width&quot;:&quot;boxed&quot;}\">\n\t\t\t\t\t<div class=\"e-con-inner\">\n\t\t<div class=\"elementor-element elementor-element-2db6c75 e-con-full e-flex e-con\" data-id=\"2db6c75\" data-element_type=\"container\" data-settings=\"{&quot;content_width&quot;:&quot;full&quot;}\">\n\t\t<div class=\"elementor-element elementor-element-d034396 e-con-boxed e-flex e-con\" data-id=\"d034396\" data-element_type=\"container\" data-settings=\"{&quot;content_width&quot;:&quot;boxed&quot;}\">\n\t\t\t\t\t<div class=\"e-con-inner\">\n\t\t\t\t<div class=\"elementor-element elementor-element-bce5d22 elementor-invisible elementor-widget elementor-widget-premium-addon-modal-box\" data-id=\"bce5d22\" data-element_type=\"widget\" data-settings=\"{&quot;_animation&quot;:&quot;fadeIn&quot;,&quot;premium_modal_box_animation&quot;:&quot;fadeInDown&quot;}\" data-widget_type=\"premium-addon-modal-box.default\">\n\t\t\t\t<div class=\"elementor-widget-container\">\n\t\t\t\r\n\t\t<div class=\"premium-modal-box-container\" data-settings=\"{&quot;trigger&quot;:&quot;image&quot;}\">\r\n\t\t\t<div class=\"premium-modal-trigger-container\">\r\n\t\t\t\t\t\t\t\t\t<img decoding=\"async\" data-toggle=\"premium-modal\" data-target=\"#premium-modal-bce5d22\" class=\"premium-modal-trigger-img\" src=\" https:\/\/amnistia.org.mx\/contenido\/wp-content\/uploads\/2020\/04\/LOGO.jpg\" alt=\"LOGO\">\r\n\t\t\t\t\t\t\t<\/div>\r\n\r\n\t\t\t<div id=\"premium-modal-bce5d22\" class=\"premium-modal-box-modal\" role=\"dialog\" style=\"display: none\">\r\n\t\t\t\t<div class=\"premium-modal-box-modal-dialog\" data-delay-animation=\"\" data-modal-animation=\"fadeInDown animated-fast\">\r\n\t\t\t\t\t\t\t\t\t\t\t<div class=\"premium-modal-box-modal-header\">\r\n\t\t\t\t\t\t\t\t\t\t\t\t\t\t\t<h3 class=\"premium-modal-box-modal-title\">\r\n\t\t\t\t\t\t\t\t\t\t\t\t<img decoding=\"async\" src=\" https:\/\/amnistia.org.mx\/contenido\/wp-content\/uploads\/2020\/04\/LOGO.jpg\" alt=\"LOGO\">\r\n\t\t\tAdriana S\u00e1nchez \t\t\t\t\t\t\t\t<\/h3>\r\n\t\t\t\t\t\t\t\t\t\t\t\t\t\t\t\t\t\t\t\t\t\t<div class=\"premium-modal-box-close-button-container\">\r\n\t\t\t\t\t\t\t\t\t<button type=\"button\" class=\"premium-modal-box-modal-close\" data-dismiss=\"premium-modal\">&times;<\/button>\r\n\t\t\t\t\t\t\t\t<\/div>\r\n\t\t\t\t\t\t\t\t\t\t\t\t\t<\/div>\r\n\t\t\t\t\t\t\t\t\t\t<div class=\"premium-modal-box-modal-body\">\r\n\t\t\t\t\t\t<p><strong>Subdirectora de programas<\/strong><\/p><div class=\"x_elementToProof\" role=\"presentation\" data-olk-copy-source=\"MessageBody\"><span data-olk-copy-source=\"MessageBody\">Adriana S\u00e1nchez es Licenciada en Derecho por la Universidad Veracruzana y Maestra en Derechos Humanos y Democracia por FLACSO-M\u00e9xico. Ha trabajado en la academia, el sector p\u00fablico y la sociedad civil y es especialista en cooperaci\u00f3n internacional, seguridad con enfoque interseccional para personas defensoras de derechos humanos y monitoreo, evaluaci\u00f3n y aprendizaje de proyectos. <\/span><\/div><div role=\"presentation\" data-olk-copy-source=\"MessageBody\">\u00a0<\/div><div class=\"x_elementToProof\" role=\"presentation\" data-olk-copy-source=\"MessageBody\"><span data-olk-copy-source=\"MessageBody\">Actualmente se desempe\u00f1a como Subdirectora de Programas en Amnist\u00eda Internacional M\u00e9xico, donde coordina las \u00e1reas de Investigaci\u00f3n, Incidencia, Fortalecimiento del Movimiento, Comunicaci\u00f3n y Campa\u00f1as.<\/span><\/div><div dir=\"auto\">\u00a0<\/div>\t\t\t\t\t<\/div>\r\n\t\t\t\t\t\t\t\t\t\t\t<div class=\"premium-modal-box-modal-footer\">\r\n\t\t\t\t\t\t\t<button type=\"button\" class=\"premium-modal-box-modal-lower-close\" data-dismiss=\"premium-modal\">\r\n\t\t\t\t\t\t\t\tCerrar\t\t\t\t\t\t\t<\/button>\r\n\t\t\t\t\t\t<\/div>\r\n\t\t\t\t\t\t\t\t\t<\/div>\r\n\t\t\t<\/div>\r\n\t\t<\/div>\r\n\r\n\t\t\t\t<\/div>\n\t\t\t\t<\/div>\n\t\t\t\t<div class=\"elementor-element elementor-element-ae28938 elementor-widget elementor-widget-heading\" data-id=\"ae28938\" data-element_type=\"widget\" data-widget_type=\"heading.default\">\n\t\t\t\t<div class=\"elementor-widget-container\">\n\t\t\t<h2 class=\"elementor-heading-title elementor-size-default\">Adriana S\u00e1nchez<\/h2>\t\t<\/div>\n\t\t\t\t<\/div>\n\t\t\t\t<div class=\"elementor-element elementor-element-3aafbc5 elementor-widget elementor-widget-heading\" data-id=\"3aafbc5\" data-element_type=\"widget\" data-widget_type=\"heading.default\">\n\t\t\t\t<div class=\"elementor-widget-container\">\n\t\t\t<h2 class=\"elementor-heading-title elementor-size-default\">Subdirectora de Programas<\/h2>\t\t<\/div>\n\t\t\t\t<\/div>\n\t\t\t\t\t<\/div>\n\t\t\t\t<\/div>\n\t\t\t\t<\/div>\n\t\t<div class=\"elementor-element elementor-element-d822c87 e-con-full e-flex e-con\" data-id=\"d822c87\" data-element_type=\"container\" data-settings=\"{&quot;content_width&quot;:&quot;full&quot;}\">\n\t\t\t\t<div class=\"elementor-element elementor-element-f0e079c elementor-position-top elementor-vertical-align-top elementor-widget elementor-widget-image-box\" data-id=\"f0e079c\" data-element_type=\"widget\" data-widget_type=\"image-box.default\">\n\t\t\t\t<div class=\"elementor-widget-container\">\n\t\t\t<div class=\"elementor-image-box-wrapper\"><figure class=\"elementor-image-box-img\"><img decoding=\"async\" width=\"300\" height=\"300\" src=\"https:\/\/amnistia.org.mx\/contenido\/wp-content\/uploads\/2023\/12\/fer.jpg\" class=\"attachment-full size-full wp-image-29225\" alt=\"\" loading=\"lazy\" \/><\/figure><div class=\"elementor-image-box-content\"><h3 class=\"elementor-image-box-title\">Fernanda Rivero<\/h3><p class=\"elementor-image-box-description\">Jefa de Fortalecimiento del Movimiento<\/p><\/div><\/div>\t\t<\/div>\n\t\t\t\t<\/div>\n\t\t\t\t<\/div>\n\t\t<div class=\"elementor-element elementor-element-d1e5e3f e-con-full elementor-hidden-mobile e-flex e-con\" data-id=\"d1e5e3f\" data-element_type=\"container\" data-settings=\"{&quot;content_width&quot;:&quot;full&quot;}\">\n\t\t\t\t<div class=\"elementor-element elementor-element-8dede55 elementor-position-top elementor-vertical-align-top elementor-widget elementor-widget-image-box\" data-id=\"8dede55\" data-element_type=\"widget\" data-widget_type=\"image-box.default\">\n\t\t\t\t<div class=\"elementor-widget-container\">\n\t\t\t<div class=\"elementor-image-box-wrapper\"><figure class=\"elementor-image-box-img\"><img decoding=\"async\" width=\"150\" height=\"150\" src=\"https:\/\/amnistia.org.mx\/contenido\/wp-content\/uploads\/2020\/04\/LOGO-150x150.jpg\" class=\"attachment-thumbnail size-thumbnail wp-image-9914\" alt=\"\" loading=\"lazy\" \/><\/figure><div class=\"elementor-image-box-content\"><h3 class=\"elementor-image-box-title\">C\u00e9sar Delgado<\/h3><p class=\"elementor-image-box-description\">Jefe de Campa\u00f1as y Comunicaci\u00f3n<\/p><\/div><\/div>\t\t<\/div>\n\t\t\t\t<\/div>\n\t\t\t\t<\/div>\n\t\t<div class=\"elementor-element elementor-element-367f9ed e-con-full e-flex e-con\" data-id=\"367f9ed\" data-element_type=\"container\" data-settings=\"{&quot;content_width&quot;:&quot;full&quot;}\">\n\t\t\t\t<div class=\"elementor-element elementor-element-814a5e7 elementor-position-top elementor-vertical-align-top elementor-widget elementor-widget-image-box\" data-id=\"814a5e7\" data-element_type=\"widget\" data-widget_type=\"image-box.default\">\n\t\t\t\t<div class=\"elementor-widget-container\">\n\t\t\t<div class=\"elementor-image-box-wrapper\"><figure class=\"elementor-image-box-img\"><img decoding=\"async\" width=\"300\" height=\"300\" src=\"https:\/\/amnistia.org.mx\/contenido\/wp-content\/uploads\/2023\/12\/norma.jpg\" class=\"attachment-full size-full wp-image-29227\" alt=\"\" loading=\"lazy\" \/><\/figure><div class=\"elementor-image-box-content\"><h3 class=\"elementor-image-box-title\">Norma Gonz\u00e1lez <\/h3><p class=\"elementor-image-box-description\">Jefa de Investigaci\u00f3n<\/p><\/div><\/div>\t\t<\/div>\n\t\t\t\t<\/div>\n\t\t\t\t<\/div>\n\t\t<div class=\"elementor-element elementor-element-9790d84 e-con-full e-flex e-con\" data-id=\"9790d84\" data-element_type=\"container\" data-settings=\"{&quot;content_width&quot;:&quot;full&quot;}\">\n\t\t\t\t<div class=\"elementor-element elementor-element-14b9720 elementor-position-top elementor-vertical-align-top elementor-widget elementor-widget-image-box\" data-id=\"14b9720\" data-element_type=\"widget\" data-widget_type=\"image-box.default\">\n\t\t\t\t<div class=\"elementor-widget-container\">\n\t\t\t<div class=\"elementor-image-box-wrapper\"><figure class=\"elementor-image-box-img\"><img decoding=\"async\" width=\"300\" height=\"300\" src=\"https:\/\/amnistia.org.mx\/contenido\/wp-content\/uploads\/2025\/07\/Georgette.jpg\" class=\"attachment-full size-full wp-image-39375\" alt=\"\" loading=\"lazy\" \/><\/figure><div class=\"elementor-image-box-content\"><h3 class=\"elementor-image-box-title\">Georgette Rosas<\/h3><p class=\"elementor-image-box-description\">Jefa de An\u00e1lisis e Incidencia\u200b<\/p><\/div><\/div>\t\t<\/div>\n\t\t\t\t<\/div>\n\t\t\t\t<\/div>\n\t\t<div class=\"elementor-element elementor-element-fda1cd9 e-con-full e-flex e-con\" data-id=\"fda1cd9\" data-element_type=\"container\" data-settings=\"{&quot;content_width&quot;:&quot;full&quot;}\">\n\t\t\t\t<div class=\"elementor-element elementor-element-3185525 elementor-position-top elementor-vertical-align-top elementor-widget elementor-widget-image-box\" data-id=\"3185525\" data-element_type=\"widget\" data-widget_type=\"image-box.default\">\n\t\t\t\t<div class=\"elementor-widget-container\">\n\t\t\t<div class=\"elementor-image-box-wrapper\"><figure class=\"elementor-image-box-img\"><img decoding=\"async\" width=\"300\" height=\"300\" src=\"https:\/\/amnistia.org.mx\/contenido\/wp-content\/uploads\/2025\/07\/Sarahi.jpg\" class=\"attachment-full size-full wp-image-39376\" alt=\"\" loading=\"lazy\" \/><\/figure><div class=\"elementor-image-box-content\"><h3 class=\"elementor-image-box-title\">Sarah\u00ed Castro<\/h3><p class=\"elementor-image-box-description\">Especialista en An\u00e1lisis e Incidencia<\/p><\/div><\/div>\t\t<\/div>\n\t\t\t\t<\/div>\n\t\t\t\t<\/div>\n\t\t<div class=\"elementor-element elementor-element-df81c7f e-con-full e-flex e-con\" data-id=\"df81c7f\" data-element_type=\"container\" data-settings=\"{&quot;content_width&quot;:&quot;full&quot;}\">\n\t\t<div class=\"elementor-element elementor-element-585dea2 e-con-full e-flex e-con\" data-id=\"585dea2\" data-element_type=\"container\" data-settings=\"{&quot;content_width&quot;:&quot;full&quot;}\">\n\t\t\t\t<div class=\"elementor-element elementor-element-a33ea84 elementor-position-top elementor-vertical-align-top elementor-widget elementor-widget-image-box\" data-id=\"a33ea84\" data-element_type=\"widget\" data-widget_type=\"image-box.default\">\n\t\t\t\t<div class=\"elementor-widget-container\">\n\t\t\t<div class=\"elementor-image-box-wrapper\"><figure class=\"elementor-image-box-img\"><img decoding=\"async\" width=\"300\" height=\"300\" src=\"https:\/\/amnistia.org.mx\/contenido\/wp-content\/uploads\/2025\/07\/Alejandro.jpg\" class=\"attachment-full size-full wp-image-39377\" alt=\"\" loading=\"lazy\" \/><\/figure><div class=\"elementor-image-box-content\"><h3 class=\"elementor-image-box-title\">Alejandro Ju\u00e1rez <\/h3><p class=\"elementor-image-box-description\">Especialista en Prensa y  Relaciones P\u00fablicas<\/p><\/div><\/div>\t\t<\/div>\n\t\t\t\t<\/div>\n\t\t\t\t<\/div>\n\t\t\t\t<\/div>\n\t\t<div class=\"elementor-element elementor-element-559e4f5 e-con-full e-flex e-con\" data-id=\"559e4f5\" data-element_type=\"container\" data-settings=\"{&quot;content_width&quot;:&quot;full&quot;}\">\n\t\t\t\t<div class=\"elementor-element elementor-element-6901773 elementor-position-top elementor-vertical-align-top elementor-widget elementor-widget-image-box\" data-id=\"6901773\" data-element_type=\"widget\" data-widget_type=\"image-box.default\">\n\t\t\t\t<div class=\"elementor-widget-container\">\n\t\t\t<div class=\"elementor-image-box-wrapper\"><figure class=\"elementor-image-box-img\"><img decoding=\"async\" width=\"900\" height=\"900\" src=\"https:\/\/amnistia.org.mx\/contenido\/wp-content\/uploads\/2020\/04\/LOGO.jpg\" class=\"attachment-full size-full wp-image-9914\" alt=\"\" loading=\"lazy\" \/><\/figure><div class=\"elementor-image-box-content\"><h3 class=\"elementor-image-box-title\">Alfonso Ochoa<\/h3><p class=\"elementor-image-box-description\">Responsable de Educaci\u00f3n en Derechos Humanos<\/p><\/div><\/div>\t\t<\/div>\n\t\t\t\t<\/div>\n\t\t\t\t<\/div>\n\t\t<div class=\"elementor-element elementor-element-5c8b9ec e-con-full e-flex e-con\" data-id=\"5c8b9ec\" data-element_type=\"container\" data-settings=\"{&quot;content_width&quot;:&quot;full&quot;}\">\n\t\t<div class=\"elementor-element elementor-element-25a1582 e-con-full e-flex e-con\" data-id=\"25a1582\" data-element_type=\"container\" data-settings=\"{&quot;content_width&quot;:&quot;full&quot;}\">\n\t\t\t\t<div class=\"elementor-element elementor-element-4c81f5f elementor-position-top elementor-vertical-align-top elementor-widget elementor-widget-image-box\" data-id=\"4c81f5f\" data-element_type=\"widget\" data-widget_type=\"image-box.default\">\n\t\t\t\t<div class=\"elementor-widget-container\">\n\t\t\t<div class=\"elementor-image-box-wrapper\"><figure class=\"elementor-image-box-img\"><img decoding=\"async\" width=\"900\" height=\"900\" src=\"https:\/\/amnistia.org.mx\/contenido\/wp-content\/uploads\/2020\/04\/LOGO.jpg\" class=\"attachment-full size-full wp-image-9914\" alt=\"\" loading=\"lazy\" \/><\/figure><div class=\"elementor-image-box-content\"><h3 class=\"elementor-image-box-title\">Brittany Huesca<\/h3><p class=\"elementor-image-box-description\">Responsable de Activismo<\/p><\/div><\/div>\t\t<\/div>\n\t\t\t\t<\/div>\n\t\t\t\t<\/div>\n\t\t\t\t<\/div>\n\t\t<div class=\"elementor-element elementor-element-748fdfc e-con-full e-flex e-con\" data-id=\"748fdfc\" data-element_type=\"container\" data-settings=\"{&quot;content_width&quot;:&quot;full&quot;}\">\n\t\t<div class=\"elementor-element elementor-element-c3fc820 e-con-full e-flex e-con\" data-id=\"c3fc820\" data-element_type=\"container\" data-settings=\"{&quot;content_width&quot;:&quot;full&quot;}\">\n\t\t\t\t<div class=\"elementor-element elementor-element-8ebf8c1 elementor-position-top elementor-vertical-align-top elementor-widget elementor-widget-image-box\" data-id=\"8ebf8c1\" data-element_type=\"widget\" data-widget_type=\"image-box.default\">\n\t\t\t\t<div class=\"elementor-widget-container\">\n\t\t\t<div class=\"elementor-image-box-wrapper\"><figure class=\"elementor-image-box-img\"><img decoding=\"async\" width=\"150\" height=\"150\" src=\"https:\/\/amnistia.org.mx\/contenido\/wp-content\/uploads\/2020\/04\/LOGO-150x150.jpg\" class=\"attachment-thumbnail size-thumbnail wp-image-9914\" alt=\"\" loading=\"lazy\" \/><\/figure><div class=\"elementor-image-box-content\"><h3 class=\"elementor-image-box-title\">Vacante<\/h3><p class=\"elementor-image-box-description\">Responsable de Dise\u00f1o y Producci\u00f3n Audiovisual<\/p><\/div><\/div>\t\t<\/div>\n\t\t\t\t<\/div>\n\t\t\t\t<\/div>\n\t\t\t\t<\/div>\n\t\t<div class=\"elementor-element elementor-element-b63f4a7 e-con-full e-flex e-con\" data-id=\"b63f4a7\" data-element_type=\"container\" data-settings=\"{&quot;content_width&quot;:&quot;full&quot;}\">\n\t\t\t\t<div class=\"elementor-element elementor-element-18c99fc elementor-position-top elementor-vertical-align-top elementor-widget elementor-widget-image-box\" data-id=\"18c99fc\" data-element_type=\"widget\" data-widget_type=\"image-box.default\">\n\t\t\t\t<div class=\"elementor-widget-container\">\n\t\t\t<div class=\"elementor-image-box-wrapper\"><figure class=\"elementor-image-box-img\"><img decoding=\"async\" width=\"900\" height=\"900\" src=\"https:\/\/amnistia.org.mx\/contenido\/wp-content\/uploads\/2020\/04\/LOGO.jpg\" class=\"attachment-full size-full wp-image-9914\" alt=\"\" loading=\"lazy\" \/><\/figure><div class=\"elementor-image-box-content\"><h3 class=\"elementor-image-box-title\">Carla Ram\u00edrez<\/h3><p class=\"elementor-image-box-description\">Asistente de Prensa y Relaciones P\u00fablicas <\/p><\/div><\/div>\t\t<\/div>\n\t\t\t\t<\/div>\n\t\t\t\t<\/div>\n\t\t<div class=\"elementor-element elementor-element-dbd364e e-con-full elementor-hidden-mobile e-flex e-con\" data-id=\"dbd364e\" data-element_type=\"container\" data-settings=\"{&quot;content_width&quot;:&quot;full&quot;}\">\n\t\t\t\t<div class=\"elementor-element elementor-element-b5611d9 elementor-position-top elementor-vertical-align-top elementor-widget elementor-widget-image-box\" data-id=\"b5611d9\" data-element_type=\"widget\" data-widget_type=\"image-box.default\">\n\t\t\t\t<div class=\"elementor-widget-container\">\n\t\t\t<div class=\"elementor-image-box-wrapper\"><figure class=\"elementor-image-box-img\"><img decoding=\"async\" width=\"900\" height=\"900\" src=\"https:\/\/amnistia.org.mx\/contenido\/wp-content\/uploads\/2020\/04\/LOGO.jpg\" class=\"attachment-full size-full wp-image-9914\" alt=\"\" loading=\"lazy\" \/><\/figure><div class=\"elementor-image-box-content\"><h3 class=\"elementor-image-box-title\">Fernanda Jim\u00e9nez<\/h3><p class=\"elementor-image-box-description\">Responsable de Comunicaci\u00f3n Digital\u200b<\/p><\/div><\/div>\t\t<\/div>\n\t\t\t\t<\/div>\n\t\t\t\t<\/div>\n\t\t<div class=\"elementor-element elementor-element-edb5285 e-con-full e-flex e-con\" data-id=\"edb5285\" data-element_type=\"container\" data-settings=\"{&quot;content_width&quot;:&quot;full&quot;}\">\n\t\t<div class=\"elementor-element elementor-element-f2d5898 e-con-full e-flex e-con\" data-id=\"f2d5898\" data-element_type=\"container\" data-settings=\"{&quot;content_width&quot;:&quot;full&quot;}\">\n\t\t\t\t<\/div>\n\t\t\t\t<\/div>\n\t\t<div class=\"elementor-element elementor-element-cff265a e-con-full e-flex e-con\" data-id=\"cff265a\" data-element_type=\"container\" data-settings=\"{&quot;content_width&quot;:&quot;full&quot;}\">\n\t\t\t\t<\/div>\n\t\t<div class=\"elementor-element elementor-element-cc0dc9e e-con-full e-flex e-con\" data-id=\"cc0dc9e\" data-element_type=\"container\" data-settings=\"{&quot;content_width&quot;:&quot;full&quot;}\">\n\t\t\t\t<\/div>\n\t\t<div class=\"elementor-element elementor-element-e77407c e-con-full e-flex e-con\" data-id=\"e77407c\" data-element_type=\"container\" data-settings=\"{&quot;content_width&quot;:&quot;full&quot;}\">\n\t\t\t\t<\/div>\n\t\t<div class=\"elementor-element elementor-element-d8ffa1e e-con-full e-flex e-con\" data-id=\"d8ffa1e\" data-element_type=\"container\" data-settings=\"{&quot;content_width&quot;:&quot;full&quot;}\">\n\t\t\t\t<\/div>\n\t\t<div class=\"elementor-element elementor-element-77f5ea9 e-con-full e-flex e-con\" data-id=\"77f5ea9\" data-element_type=\"container\" data-settings=\"{&quot;content_width&quot;:&quot;full&quot;}\">\n\t\t\t\t<\/div>\n\t\t<div class=\"elementor-element elementor-element-13d2337 e-con-full e-flex e-con\" data-id=\"13d2337\" data-element_type=\"container\" data-settings=\"{&quot;content_width&quot;:&quot;full&quot;}\">\n\t\t\t\t<\/div>\n\t\t<div class=\"elementor-element elementor-element-08f0eed e-con-full e-flex e-con\" data-id=\"08f0eed\" data-element_type=\"container\" data-settings=\"{&quot;content_width&quot;:&quot;full&quot;}\">\n\t\t\t\t<\/div>\n\t\t<div class=\"elementor-element elementor-element-defbab8 e-con-full e-flex e-con\" data-id=\"defbab8\" data-element_type=\"container\" data-settings=\"{&quot;content_width&quot;:&quot;full&quot;}\">\n\t\t<div class=\"elementor-element elementor-element-1783fd8 e-con-full e-flex e-con\" data-id=\"1783fd8\" data-element_type=\"container\" data-settings=\"{&quot;content_width&quot;:&quot;full&quot;}\">\n\t\t\t\t<\/div>\n\t\t<div class=\"elementor-element elementor-element-4f54890 e-con-full e-flex e-con\" data-id=\"4f54890\" data-element_type=\"container\" data-settings=\"{&quot;content_width&quot;:&quot;full&quot;}\">\n\t\t\t\t<\/div>\n\t\t\t\t<\/div>\n\t\t\t\t\t<\/div>\n\t\t\t\t<\/div>\n\t\t\t\t\t<\/div>\n\t\t<\/div>\n\t\t\t\t<\/div>\n\t\t\t\t<\/div>\n\t\t\t\t\t<\/div>\n\t\t\t\t<\/div>\n\t\t<div class=\"elementor-element elementor-element-e6229b1 elementor-hidden-desktop elementor-hidden-tablet elementor-hidden-mobile e-con-boxed e-flex e-con\" data-id=\"e6229b1\" data-element_type=\"container\" data-settings=\"{&quot;content_width&quot;:&quot;boxed&quot;}\">\n\t\t\t\t\t<div class=\"e-con-inner\">\n\t\t\t\t<div class=\"elementor-element elementor-element-894a1b3 e-n-tabs-mobile elementor-widget elementor-widget-n-tabs\" data-id=\"894a1b3\" data-element_type=\"widget\" data-widget_type=\"nested-tabs.default\">\n\t\t\t\t<div class=\"elementor-widget-container\">\n\t\t\t\t\t<div class=\"e-n-tabs\">\n\t\t\t<div class=\"e-n-tabs-heading\" role=\"tablist\">\n\t\t\t\t<div id=\"e-n-tabs-title-1431\" class=\"e-n-tab-title e-normal\" aria-selected=\"true\" data-tab=\"1\" role=\"tab\" tabindex=\"0\" aria-controls=\"e-n-tab-content-1431\" aria-expanded=\"false\">\t<span class=\"e-n-tab-icon\"><\/span>\t<span class=\"e-n-tab-title-text\">Comit\u00e9 Directivo<\/span><\/div><div id=\"e-n-tabs-title-1432\" class=\"e-n-tab-title e-normal\" aria-selected=\"false\" data-tab=\"2\" role=\"tab\" tabindex=\"-1\" aria-controls=\"e-n-tab-content-1432\" aria-expanded=\"false\">\t<span class=\"e-n-tab-icon\"><\/span>\t<span class=\"e-n-tab-title-text\">Direcci\u00f3n ejecutiva<\/span><\/div><div id=\"e-n-tabs-title-1433\" class=\"e-n-tab-title e-normal\" aria-selected=\"false\" data-tab=\"3\" role=\"tab\" tabindex=\"-1\" aria-controls=\"e-n-tab-content-1433\" aria-expanded=\"false\">\t<span class=\"e-n-tab-icon\"><\/span>\t<span class=\"e-n-tab-title-text\">PROCURACI\u00d3N DE FONDOS<\/span><\/div><div id=\"e-n-tabs-title-1434\" class=\"e-n-tab-title e-normal\" aria-selected=\"false\" data-tab=\"4\" role=\"tab\" tabindex=\"-1\" aria-controls=\"e-n-tab-content-1434\" aria-expanded=\"false\">\t<span class=\"e-n-tab-icon\"><\/span>\t<span class=\"e-n-tab-title-text\">PROGRAMAS<\/span><\/div><div id=\"e-n-tabs-title-1435\" class=\"e-n-tab-title e-normal\" aria-selected=\"false\" data-tab=\"5\" role=\"tab\" tabindex=\"-1\" aria-controls=\"e-n-tab-content-1435\" aria-expanded=\"false\">\t<span class=\"e-n-tab-icon\"><\/span>\t<span class=\"e-n-tab-title-text\">ADMINISTRACI\u00d3N<\/span><\/div><div id=\"e-n-tabs-title-1436\" class=\"e-n-tab-title e-normal\" aria-selected=\"false\" data-tab=\"6\" role=\"tab\" tabindex=\"-1\" aria-controls=\"e-n-tab-content-1436\" aria-expanded=\"false\">\t<span class=\"e-n-tab-icon\"><\/span>\t<span class=\"e-n-tab-title-text\">PLANEACI\u00d3N Y GESTI\u00d3N DE TALENTO<\/span><\/div>\t\t\t<\/div>\n\t\t\t<div class=\"e-n-tabs-content\" role=\"tablist\" aria-orientation=\"vertical\">\n\t\t\t\t<div class=\"e-n-tab-title e-collapse\" aria-selected=\"true\" data-tab=\"1\" role=\"tab\" tabindex=\"0\" aria-controls=\"e-n-tab-content-1431\" aria-expanded=\"false\" id=\"e-n-tabs-title-1431-accordion\">\t<span class=\"e-n-tab-icon\"><\/span>\t<span class=\"e-n-tab-title-text\">Comit\u00e9 Directivo<\/span><\/div><div class=\"elementor-element elementor-element-905cee1 e-con-full e-flex e-con\" data-id=\"905cee1\" data-element_type=\"container\" data-settings=\"{&quot;content_width&quot;:&quot;full&quot;}\">\n\t\t<div class=\"elementor-element elementor-element-8120cec e-con-full e-flex e-con\" data-id=\"8120cec\" data-element_type=\"container\" data-settings=\"{&quot;content_width&quot;:&quot;full&quot;}\">\n\t\t<div class=\"elementor-element elementor-element-35b5937 e-con-boxed e-flex e-con\" data-id=\"35b5937\" data-element_type=\"container\" data-settings=\"{&quot;content_width&quot;:&quot;boxed&quot;}\">\n\t\t\t\t\t<div class=\"e-con-inner\">\n\t\t\t\t<div class=\"elementor-element elementor-element-1974245 elementor-invisible elementor-widget elementor-widget-premium-addon-modal-box\" data-id=\"1974245\" data-element_type=\"widget\" data-settings=\"{&quot;_animation&quot;:&quot;fadeIn&quot;,&quot;premium_modal_box_animation&quot;:&quot;fadeInDown&quot;}\" data-widget_type=\"premium-addon-modal-box.default\">\n\t\t\t\t<div class=\"elementor-widget-container\">\n\t\t\t\r\n\t\t<div class=\"premium-modal-box-container\" data-settings=\"{&quot;trigger&quot;:&quot;image&quot;}\">\r\n\t\t\t<div class=\"premium-modal-trigger-container\">\r\n\t\t\t\t\t\t\t\t\t<img decoding=\"async\" data-toggle=\"premium-modal\" data-target=\"#premium-modal-1974245\" class=\"premium-modal-trigger-img\" src=\" https:\/\/amnistia.org.mx\/contenido\/wp-content\/uploads\/2023\/12\/DAVID.jpg\" alt=\"rpt\">\r\n\t\t\t\t\t\t\t<\/div>\r\n\r\n\t\t\t<div id=\"premium-modal-1974245\" class=\"premium-modal-box-modal\" role=\"dialog\" style=\"display: none\">\r\n\t\t\t\t<div class=\"premium-modal-box-modal-dialog\" data-delay-animation=\"\" data-modal-animation=\"fadeInDown animated-fast\">\r\n\t\t\t\t\t\t\t\t\t\t\t<div class=\"premium-modal-box-modal-header\">\r\n\t\t\t\t\t\t\t\t\t\t\t\t\t\t\t<h3 class=\"premium-modal-box-modal-title\">\r\n\t\t\t\t\t\t\t\t\t\t\t\t<img decoding=\"async\" src=\" https:\/\/amnistia.org.mx\/contenido\/wp-content\/uploads\/2023\/12\/DAVID.jpg\" alt=\"rpt\">\r\n\t\t\tDavid Montoya L\u00f3pez\t\t\t\t\t\t\t\t<\/h3>\r\n\t\t\t\t\t\t\t\t\t\t\t\t\t\t\t\t\t\t\t\t\t\t<div class=\"premium-modal-box-close-button-container\">\r\n\t\t\t\t\t\t\t\t\t<button type=\"button\" class=\"premium-modal-box-modal-close\" data-dismiss=\"premium-modal\">&times;<\/button>\r\n\t\t\t\t\t\t\t\t<\/div>\r\n\t\t\t\t\t\t\t\t\t\t\t\t\t<\/div>\r\n\t\t\t\t\t\t\t\t\t\t<div class=\"premium-modal-box-modal-body\">\r\n\t\t\t\t\t\t<p><strong>Presidente<\/strong><\/p><p>David Montoya L\u00f3pez es miembro de Amnist\u00eda desde el 2013. Ha participado en diferentes \u00f3rganos y comisiones de gobernanza de la organizaci\u00f3n, interactuando con membres\u00eda y activistas tanto a nivel local como internacional. A lo largo de estos 10 a\u00f1os ha formado parte de los grupos de activismo por derechos de pueblos originarios, y de personas en movimiento.<\/p>\t\t\t\t\t<\/div>\r\n\t\t\t\t\t\t\t\t\t\t\t<div class=\"premium-modal-box-modal-footer\">\r\n\t\t\t\t\t\t\t<button type=\"button\" class=\"premium-modal-box-modal-lower-close\" data-dismiss=\"premium-modal\">\r\n\t\t\t\t\t\t\t\tCerrar\t\t\t\t\t\t\t<\/button>\r\n\t\t\t\t\t\t<\/div>\r\n\t\t\t\t\t\t\t\t\t<\/div>\r\n\t\t\t<\/div>\r\n\t\t<\/div>\r\n\r\n\t\t\t\t<\/div>\n\t\t\t\t<\/div>\n\t\t\t\t<div class=\"elementor-element elementor-element-ee29c5f elementor-widget elementor-widget-heading\" data-id=\"ee29c5f\" data-element_type=\"widget\" data-widget_type=\"heading.default\">\n\t\t\t\t<div class=\"elementor-widget-container\">\n\t\t\t<h2 class=\"elementor-heading-title elementor-size-default\">David Montoya<\/h2>\t\t<\/div>\n\t\t\t\t<\/div>\n\t\t\t\t<div class=\"elementor-element elementor-element-5b87030 elementor-widget elementor-widget-heading\" data-id=\"5b87030\" data-element_type=\"widget\" data-widget_type=\"heading.default\">\n\t\t\t\t<div class=\"elementor-widget-container\">\n\t\t\t<h2 class=\"elementor-heading-title elementor-size-default\">Presidente<\/h2>\t\t<\/div>\n\t\t\t\t<\/div>\n\t\t\t\t\t<\/div>\n\t\t\t\t<\/div>\n\t\t<div class=\"elementor-element elementor-element-7d044ca e-con-boxed e-flex e-con\" data-id=\"7d044ca\" data-element_type=\"container\" data-settings=\"{&quot;content_width&quot;:&quot;boxed&quot;}\">\n\t\t\t\t\t<div class=\"e-con-inner\">\n\t\t\t\t<div class=\"elementor-element elementor-element-3410fbc elementor-widget elementor-widget-premium-addon-modal-box\" data-id=\"3410fbc\" data-element_type=\"widget\" data-settings=\"{&quot;premium_modal_box_animation&quot;:&quot;fadeInDown&quot;}\" data-widget_type=\"premium-addon-modal-box.default\">\n\t\t\t\t<div class=\"elementor-widget-container\">\n\t\t\t\r\n\t\t<div class=\"premium-modal-box-container\" data-settings=\"{&quot;trigger&quot;:&quot;image&quot;}\">\r\n\t\t\t<div class=\"premium-modal-trigger-container\">\r\n\t\t\t\t\t\t\t\t\t<img decoding=\"async\" data-toggle=\"premium-modal\" data-target=\"#premium-modal-3410fbc\" class=\"premium-modal-trigger-img\" src=\" https:\/\/amnistia.org.mx\/contenido\/wp-content\/uploads\/2024\/08\/paulina.jpg\" alt=\"paulina\">\r\n\t\t\t\t\t\t\t<\/div>\r\n\r\n\t\t\t<div id=\"premium-modal-3410fbc\" class=\"premium-modal-box-modal\" role=\"dialog\" style=\"display: none\">\r\n\t\t\t\t<div class=\"premium-modal-box-modal-dialog\" data-delay-animation=\"\" data-modal-animation=\"fadeInDown animated-fast\">\r\n\t\t\t\t\t\t\t\t\t\t\t<div class=\"premium-modal-box-modal-header\">\r\n\t\t\t\t\t\t\t\t\t\t\t\t\t\t\t<h3 class=\"premium-modal-box-modal-title\">\r\n\t\t\t\t\t\t\t\t\t\t\t\t<img decoding=\"async\" src=\" https:\/\/amnistia.org.mx\/contenido\/wp-content\/uploads\/2024\/08\/paulina.jpg\" alt=\"paulina\">\r\n\t\t\tMichel Paulina Coronado \t\t\t\t\t\t\t\t<\/h3>\r\n\t\t\t\t\t\t\t\t\t\t\t\t\t\t\t\t\t\t\t\t\t\t<div class=\"premium-modal-box-close-button-container\">\r\n\t\t\t\t\t\t\t\t\t<button type=\"button\" class=\"premium-modal-box-modal-close\" data-dismiss=\"premium-modal\">&times;<\/button>\r\n\t\t\t\t\t\t\t\t<\/div>\r\n\t\t\t\t\t\t\t\t\t\t\t\t\t<\/div>\r\n\t\t\t\t\t\t\t\t\t\t<div class=\"premium-modal-box-modal-body\">\r\n\t\t\t\t\t\t<p>Ingeniera Civil por el IPN, Especialidad en Sicolog\u00eda por la UNAM. Integrante de la Red Vivan las Mujeres de Amnist\u00eda Internacional M\u00e9xico.\u00a0<\/p><p>Es Conferencista y Facilitadora en cursos de DDHH, tiene Diplomado en DDHH por la Suprema Corte de Justicia de la Naci\u00f3n<\/p>\t\t\t\t\t<\/div>\r\n\t\t\t\t\t\t\t\t\t\t\t<div class=\"premium-modal-box-modal-footer\">\r\n\t\t\t\t\t\t\t<button type=\"button\" class=\"premium-modal-box-modal-lower-close\" data-dismiss=\"premium-modal\">\r\n\t\t\t\t\t\t\t\tCerrar\t\t\t\t\t\t\t<\/button>\r\n\t\t\t\t\t\t<\/div>\r\n\t\t\t\t\t\t\t\t\t<\/div>\r\n\t\t\t<\/div>\r\n\t\t<\/div>\r\n\r\n\t\t\t\t<\/div>\n\t\t\t\t<\/div>\n\t\t\t\t<div class=\"elementor-element elementor-element-5a3bfcb elementor-widget elementor-widget-heading\" data-id=\"5a3bfcb\" data-element_type=\"widget\" data-widget_type=\"heading.default\">\n\t\t\t\t<div class=\"elementor-widget-container\">\n\t\t\t<h2 class=\"elementor-heading-title elementor-size-default\">Michel Paulina Coronado <\/h2>\t\t<\/div>\n\t\t\t\t<\/div>\n\t\t\t\t<div class=\"elementor-element elementor-element-dfd07d8 elementor-widget elementor-widget-heading\" data-id=\"dfd07d8\" data-element_type=\"widget\" data-widget_type=\"heading.default\">\n\t\t\t\t<div class=\"elementor-widget-container\">\n\t\t\t<h2 class=\"elementor-heading-title elementor-size-default\">Vocal<\/h2>\t\t<\/div>\n\t\t\t\t<\/div>\n\t\t\t\t\t<\/div>\n\t\t\t\t<\/div>\n\t\t<div class=\"elementor-element elementor-element-d78ecad e-con-boxed e-flex e-con\" data-id=\"d78ecad\" data-element_type=\"container\" data-settings=\"{&quot;content_width&quot;:&quot;boxed&quot;}\">\n\t\t\t\t\t<div class=\"e-con-inner\">\n\t\t\t\t<div class=\"elementor-element elementor-element-2b1e6e9 elementor-widget elementor-widget-premium-addon-modal-box\" data-id=\"2b1e6e9\" data-element_type=\"widget\" data-settings=\"{&quot;premium_modal_box_animation&quot;:&quot;fadeInDown&quot;}\" data-widget_type=\"premium-addon-modal-box.default\">\n\t\t\t\t<div class=\"elementor-widget-container\">\n\t\t\t\r\n\t\t<div class=\"premium-modal-box-container\" data-settings=\"{&quot;trigger&quot;:&quot;image&quot;}\">\r\n\t\t\t<div class=\"premium-modal-trigger-container\">\r\n\t\t\t\t\t\t\t\t\t<img decoding=\"async\" data-toggle=\"premium-modal\" data-target=\"#premium-modal-2b1e6e9\" class=\"premium-modal-trigger-img\" src=\" https:\/\/amnistia.org.mx\/contenido\/wp-content\/uploads\/2025\/06\/OrianaT.jpg\" alt=\"OrianaT\">\r\n\t\t\t\t\t\t\t<\/div>\r\n\r\n\t\t\t<div id=\"premium-modal-2b1e6e9\" class=\"premium-modal-box-modal\" role=\"dialog\" style=\"display: none\">\r\n\t\t\t\t<div class=\"premium-modal-box-modal-dialog\" data-delay-animation=\"\" data-modal-animation=\"fadeInDown animated-fast\">\r\n\t\t\t\t\t\t\t\t\t\t\t<div class=\"premium-modal-box-modal-header\">\r\n\t\t\t\t\t\t\t\t\t\t\t\t\t\t\t<h3 class=\"premium-modal-box-modal-title\">\r\n\t\t\t\t\t\t\t\t\t\t\t\t<img decoding=\"async\" src=\" https:\/\/amnistia.org.mx\/contenido\/wp-content\/uploads\/2025\/06\/OrianaT.jpg\" alt=\"OrianaT\">\r\n\t\t\tOriana Trejo\t\t\t\t\t\t\t\t<\/h3>\r\n\t\t\t\t\t\t\t\t\t\t\t\t\t\t\t\t\t\t\t\t\t\t<div class=\"premium-modal-box-close-button-container\">\r\n\t\t\t\t\t\t\t\t\t<button type=\"button\" class=\"premium-modal-box-modal-close\" data-dismiss=\"premium-modal\">&times;<\/button>\r\n\t\t\t\t\t\t\t\t<\/div>\r\n\t\t\t\t\t\t\t\t\t\t\t\t\t<\/div>\r\n\t\t\t\t\t\t\t\t\t\t<div class=\"premium-modal-box-modal-body\">\r\n\t\t\t\t\t\t<p>Vocal de Comit\u00e9 Directivo<\/p><p>Es una astr\u00f3noma mexicana y divulgadora de la ciencia con una s\u00f3lida trayectoria de m\u00e1s de quince a\u00f1os, dedicada apasionadamente a la comunicaci\u00f3n de las ciencias. Su formaci\u00f3n acad\u00e9mica incluye una licenciatura en F\u00edsica y una maestr\u00eda en Astrof\u00edsica por la UNAM, as\u00ed como una segunda maestr\u00eda en Comunicaci\u00f3n Cient\u00edfica por la Universidad de Sheffield.<\/p><p>Su labor se centra en hacer la ciencia accesible y atractiva para todas, convencida de que cada persona posee un &#8220;alma cient\u00edfica&#8221;. Actualmente, es Jefa de Departamento en la Direcci\u00f3n de Comunicaci\u00f3n del Conocimiento de la UAM, d\u00f3nde es responsable del programa de vinculaci\u00f3n con escuelas, el Sistema Nacional DIF y El Sistema de Transporte Colectivo Metro. Adicionalmente participa como mentora en programas como Mujeres en STEAM y Mujeres hacia el espacio.<\/p><p>Es fundadora del proyecto de divulgaci\u00f3n &#8220;Oriastro&#8221; cuyo objetivo es acercar y facilitar el conocimiento astron\u00f3mico a los diversos sectores de nuestra sociedad, con \u00e9nfasis en ni\u00f1as y j\u00f3venes, mediante actividades de divulgaci\u00f3n tales como videos, podcasts, art\u00edculos y talleres.<\/p><p>En 2024, junto con la Direcci\u00f3n de Comunicaci\u00f3n del conocimiento, recibi\u00f3 el reconocimiento \u201cFalling Walls Engage\u201d, uno de los premios m\u00e1s destacados en el \u00e1mbito de la comunicaci\u00f3n cient\u00edfica.<\/p><p>Su compromiso social se extiende al activismo y voluntariado, colaborando con organizaciones como Make a Wish M\u00e9xico, Amnist\u00eda Internacional y el movimiento Scout mundial.<\/p>\t\t\t\t\t<\/div>\r\n\t\t\t\t\t\t\t\t\t\t\t<div class=\"premium-modal-box-modal-footer\">\r\n\t\t\t\t\t\t\t<button type=\"button\" class=\"premium-modal-box-modal-lower-close\" data-dismiss=\"premium-modal\">\r\n\t\t\t\t\t\t\t\tCerrar\t\t\t\t\t\t\t<\/button>\r\n\t\t\t\t\t\t<\/div>\r\n\t\t\t\t\t\t\t\t\t<\/div>\r\n\t\t\t<\/div>\r\n\t\t<\/div>\r\n\r\n\t\t\t\t<\/div>\n\t\t\t\t<\/div>\n\t\t\t\t<div class=\"elementor-element elementor-element-20a1fd9 elementor-widget elementor-widget-heading\" data-id=\"20a1fd9\" data-element_type=\"widget\" data-widget_type=\"heading.default\">\n\t\t\t\t<div class=\"elementor-widget-container\">\n\t\t\t<h2 class=\"elementor-heading-title elementor-size-default\">Oriana Trejo<\/h2>\t\t<\/div>\n\t\t\t\t<\/div>\n\t\t\t\t<div class=\"elementor-element elementor-element-be0189e elementor-widget elementor-widget-heading\" data-id=\"be0189e\" data-element_type=\"widget\" data-widget_type=\"heading.default\">\n\t\t\t\t<div class=\"elementor-widget-container\">\n\t\t\t<h2 class=\"elementor-heading-title elementor-size-default\">Vocal<\/h2>\t\t<\/div>\n\t\t\t\t<\/div>\n\t\t\t\t\t<\/div>\n\t\t\t\t<\/div>\n\t\t\t\t<\/div>\n\t\t<div class=\"elementor-element elementor-element-444765b e-con-full e-flex e-con\" data-id=\"444765b\" data-element_type=\"container\" data-settings=\"{&quot;content_width&quot;:&quot;full&quot;}\">\n\t\t<div class=\"elementor-element elementor-element-5f475db e-con-boxed e-flex e-con\" data-id=\"5f475db\" data-element_type=\"container\" data-settings=\"{&quot;content_width&quot;:&quot;boxed&quot;}\">\n\t\t\t\t\t<div class=\"e-con-inner\">\n\t\t\t\t<div class=\"elementor-element elementor-element-b017ad5 elementor-invisible elementor-widget elementor-widget-premium-addon-modal-box\" data-id=\"b017ad5\" data-element_type=\"widget\" data-settings=\"{&quot;_animation&quot;:&quot;fadeIn&quot;,&quot;premium_modal_box_animation&quot;:&quot;fadeInDown&quot;}\" data-widget_type=\"premium-addon-modal-box.default\">\n\t\t\t\t<div class=\"elementor-widget-container\">\n\t\t\t\r\n\t\t<div class=\"premium-modal-box-container\" data-settings=\"{&quot;trigger&quot;:&quot;image&quot;}\">\r\n\t\t\t<div class=\"premium-modal-trigger-container\">\r\n\t\t\t\t\t\t\t\t\t<img decoding=\"async\" data-toggle=\"premium-modal\" data-target=\"#premium-modal-b017ad5\" class=\"premium-modal-trigger-img\" src=\" https:\/\/amnistia.org.mx\/contenido\/wp-content\/uploads\/2023\/12\/NORA.jpg\" alt=\"rpt\">\r\n\t\t\t\t\t\t\t<\/div>\r\n\r\n\t\t\t<div id=\"premium-modal-b017ad5\" class=\"premium-modal-box-modal\" role=\"dialog\" style=\"display: none\">\r\n\t\t\t\t<div class=\"premium-modal-box-modal-dialog\" data-delay-animation=\"\" data-modal-animation=\"fadeInDown animated-fast\">\r\n\t\t\t\t\t\t\t\t\t\t\t<div class=\"premium-modal-box-modal-header\">\r\n\t\t\t\t\t\t\t\t\t\t\t\t\t\t\t<h3 class=\"premium-modal-box-modal-title\">\r\n\t\t\t\t\t\t\t\t\t\t\t\t<img decoding=\"async\" src=\" https:\/\/amnistia.org.mx\/contenido\/wp-content\/uploads\/2023\/12\/NORA.jpg\" alt=\"rpt\">\r\n\t\t\tNora Ruth Ch\u00e1vez\t\t\t\t\t\t\t\t<\/h3>\r\n\t\t\t\t\t\t\t\t\t\t\t\t\t\t\t\t\t\t\t\t\t\t<div class=\"premium-modal-box-close-button-container\">\r\n\t\t\t\t\t\t\t\t\t<button type=\"button\" class=\"premium-modal-box-modal-close\" data-dismiss=\"premium-modal\">&times;<\/button>\r\n\t\t\t\t\t\t\t\t<\/div>\r\n\t\t\t\t\t\t\t\t\t\t\t\t\t<\/div>\r\n\t\t\t\t\t\t\t\t\t\t<div class=\"premium-modal-box-modal-body\">\r\n\t\t\t\t\t\t<p>Secretaria del CD<\/p>\t\t\t\t\t<\/div>\r\n\t\t\t\t\t\t\t\t\t\t\t<div class=\"premium-modal-box-modal-footer\">\r\n\t\t\t\t\t\t\t<button type=\"button\" class=\"premium-modal-box-modal-lower-close\" data-dismiss=\"premium-modal\">\r\n\t\t\t\t\t\t\t\tCerrar\t\t\t\t\t\t\t<\/button>\r\n\t\t\t\t\t\t<\/div>\r\n\t\t\t\t\t\t\t\t\t<\/div>\r\n\t\t\t<\/div>\r\n\t\t<\/div>\r\n\r\n\t\t\t\t<\/div>\n\t\t\t\t<\/div>\n\t\t\t\t<div class=\"elementor-element elementor-element-6cab2c3 elementor-widget elementor-widget-heading\" data-id=\"6cab2c3\" data-element_type=\"widget\" data-widget_type=\"heading.default\">\n\t\t\t\t<div class=\"elementor-widget-container\">\n\t\t\t<h2 class=\"elementor-heading-title elementor-size-default\">Nora Ruth Ch\u00e1vez<\/h2>\t\t<\/div>\n\t\t\t\t<\/div>\n\t\t\t\t<div class=\"elementor-element elementor-element-ef607c5 elementor-widget elementor-widget-heading\" data-id=\"ef607c5\" data-element_type=\"widget\" data-widget_type=\"heading.default\">\n\t\t\t\t<div class=\"elementor-widget-container\">\n\t\t\t<h2 class=\"elementor-heading-title elementor-size-default\">Secretaria del CD<\/h2>\t\t<\/div>\n\t\t\t\t<\/div>\n\t\t\t\t<div class=\"elementor-element elementor-element-9d51b64 elementor-widget elementor-widget-premium-addon-modal-box\" data-id=\"9d51b64\" data-element_type=\"widget\" data-settings=\"{&quot;premium_modal_box_animation&quot;:&quot;fadeInDown&quot;}\" data-widget_type=\"premium-addon-modal-box.default\">\n\t\t\t\t<div class=\"elementor-widget-container\">\n\t\t\t\r\n\t\t<div class=\"premium-modal-box-container\" data-settings=\"{&quot;trigger&quot;:&quot;image&quot;}\">\r\n\t\t\t<div class=\"premium-modal-trigger-container\">\r\n\t\t\t\t\t\t\t\t\t<img decoding=\"async\" data-toggle=\"premium-modal\" data-target=\"#premium-modal-9d51b64\" class=\"premium-modal-trigger-img\" src=\" https:\/\/amnistia.org.mx\/contenido\/wp-content\/uploads\/2024\/08\/mjose-rotated.jpg\" alt=\"mjose\">\r\n\t\t\t\t\t\t\t<\/div>\r\n\r\n\t\t\t<div id=\"premium-modal-9d51b64\" class=\"premium-modal-box-modal\" role=\"dialog\" style=\"display: none\">\r\n\t\t\t\t<div class=\"premium-modal-box-modal-dialog\" data-delay-animation=\"\" data-modal-animation=\"fadeInDown animated-fast\">\r\n\t\t\t\t\t\t\t\t\t\t\t<div class=\"premium-modal-box-modal-header\">\r\n\t\t\t\t\t\t\t\t\t\t\t\t\t\t\t<h3 class=\"premium-modal-box-modal-title\">\r\n\t\t\t\t\t\t\t\t\t\t\t\t<img decoding=\"async\" src=\" https:\/\/amnistia.org.mx\/contenido\/wp-content\/uploads\/2024\/08\/mjose-rotated.jpg\" alt=\"mjose\">\r\n\t\t\tMar\u00eda Jos\u00e9 Trejo \t\t\t\t\t\t\t\t<\/h3>\r\n\t\t\t\t\t\t\t\t\t\t\t\t\t\t\t\t\t\t\t\t\t\t<div class=\"premium-modal-box-close-button-container\">\r\n\t\t\t\t\t\t\t\t\t<button type=\"button\" class=\"premium-modal-box-modal-close\" data-dismiss=\"premium-modal\">&times;<\/button>\r\n\t\t\t\t\t\t\t\t<\/div>\r\n\t\t\t\t\t\t\t\t\t\t\t\t\t<\/div>\r\n\t\t\t\t\t\t\t\t\t\t<div class=\"premium-modal-box-modal-body\">\r\n\t\t\t\t\t\t<p>Mar\u00eda Jos\u00e9 Trejo Rosales, nacida en Chetumal Quintana Roo el 20 de diciembre de 1999. Actualmente pasante de la Licenciatura de Relaciones Internacionales en la Universidad Aut\u00f3noma de Quintana Roo. Con 24 a\u00f1os, interesada por la inclusi\u00f3n de las personas con discapacidad en la sociedad mexicana ha incentivado a crear proyectos para la mejora de su calidad de vida e integraci\u00f3n en la sociedad, as\u00ed como tambi\u00e9n ha organizado y participado como panelista en varios espacios para crear y promover la difusi\u00f3n de temas entorno a la discapacidad, perspectivas de g\u00e9nero, salud sexual y derechos sexuales y reproductivos tal como el Foro de Generaci\u00f3n de Igualdad de Par\u00eds 2021 y en Phi Delta Phi sobre el tema del aborto as\u00ed como en el Encuentro Regional de Adolescentes y J\u00f3venes por la Prevenci\u00f3n del Embarazo en ni\u00f1as adolescentes menores de 15 a\u00f1os en Am\u00e9rica Latina y el Caribe y en el Campamento #Juventudes Ya organizado por UNFPA M\u00e9xico y UNFPALACRO, adem\u00e1s de ser ponente en el X Congreso Peruano y II Congreso Andino de Derechos Humanos y en el Congreso Juvenil &#8221; J\u00f3venes Constructores de Paz&#8221; y se ha reunido con la Senadora Alejandra Lagunes para proponer reformas en cuanto infraestructura accesible, parlamentaria del distrito XIV en el 2do Parlamento de Mujeres de Quintana Roo 2022, donde propuso el tema Derechos Sexuales y Reproductivos de las mujeres con discapacidad para la prevenci\u00f3n de violencia de g\u00e9nero, participante de Juventud Act\u00faa Mx impulsado por Alternativas y Capacidades A.C y el INE, participante de la 2da generaci\u00f3n de Resuena y ganadora del reconocimiento al valor de las personas con discapacidad 2022 del municipio de Oth\u00f3n P. Blanco por su trabajo en pro de los derechos de las personas con discapacidad, y Premio Estatal de la Juventud 2023 en la categor\u00eda de inclusi\u00f3n, finalmente ha tomado algunos talleres y diplomados en la comisi\u00f3n de Derechos Humanos del Estado de Quintana Roo y en Facultad Latinoamericana de Ciencias Sociales Sede Argentina sobre discapacidad y violencia de g\u00e9nero respectivamente, adem\u00e1s de ser parte de la escuela de Nuevos Liderazgos de REDefine M\u00e9xico y el Instituto de Liderazgo Simone de Beauvoir. Vocera estatal en REDefine Quintana Roo, miembro fundador y vocera estatal del C\u00edrculo de Experiencias PCD Quintana Roo, miembro de la Secretarfa de Asuntos Internacionales del Consejo Nacional de Ciencias y Humanidades como equipo de alianzas estrat\u00e9gicas, miembro del Grupo Asesor de J\u00f3venes de UNFPA M\u00e9xico, parte de la Red Vivan las Mujeres de Amnist\u00eda Internacional M\u00e9xico, embajadora de Quintana Roo para Mexicanas con Discapacidad y activista feminista por los derechos e humanos y derechos sexuales\u00a0 y reproductivos de las personas con discapacidad.<\/p>\t\t\t\t\t<\/div>\r\n\t\t\t\t\t\t\t\t\t\t\t<div class=\"premium-modal-box-modal-footer\">\r\n\t\t\t\t\t\t\t<button type=\"button\" class=\"premium-modal-box-modal-lower-close\" data-dismiss=\"premium-modal\">\r\n\t\t\t\t\t\t\t\tCerrar\t\t\t\t\t\t\t<\/button>\r\n\t\t\t\t\t\t<\/div>\r\n\t\t\t\t\t\t\t\t\t<\/div>\r\n\t\t\t<\/div>\r\n\t\t<\/div>\r\n\r\n\t\t\t\t<\/div>\n\t\t\t\t<\/div>\n\t\t\t\t<div class=\"elementor-element elementor-element-f5d5938 elementor-widget elementor-widget-heading\" data-id=\"f5d5938\" data-element_type=\"widget\" data-widget_type=\"heading.default\">\n\t\t\t\t<div class=\"elementor-widget-container\">\n\t\t\t<h2 class=\"elementor-heading-title elementor-size-default\">Mar\u00eda Jos\u00e9 Trejo <\/h2>\t\t<\/div>\n\t\t\t\t<\/div>\n\t\t\t\t<div class=\"elementor-element elementor-element-a854f99 elementor-widget elementor-widget-heading\" data-id=\"a854f99\" data-element_type=\"widget\" data-widget_type=\"heading.default\">\n\t\t\t\t<div class=\"elementor-widget-container\">\n\t\t\t<h2 class=\"elementor-heading-title elementor-size-default\">Vocal<\/h2>\t\t<\/div>\n\t\t\t\t<\/div>\n\t\t<div class=\"elementor-element elementor-element-c9c8002 e-con-boxed e-flex e-con\" data-id=\"c9c8002\" data-element_type=\"container\" data-settings=\"{&quot;content_width&quot;:&quot;boxed&quot;}\">\n\t\t\t\t\t<div class=\"e-con-inner\">\n\t\t\t\t<div class=\"elementor-element elementor-element-df6b415 elementor-widget elementor-widget-premium-addon-modal-box\" data-id=\"df6b415\" data-element_type=\"widget\" data-settings=\"{&quot;premium_modal_box_animation&quot;:&quot;fadeInDown&quot;}\" data-widget_type=\"premium-addon-modal-box.default\">\n\t\t\t\t<div class=\"elementor-widget-container\">\n\t\t\t\r\n\t\t<div class=\"premium-modal-box-container\" data-settings=\"{&quot;trigger&quot;:&quot;image&quot;}\">\r\n\t\t\t<div class=\"premium-modal-trigger-container\">\r\n\t\t\t\t\t\t\t\t\t<img decoding=\"async\" data-toggle=\"premium-modal\" data-target=\"#premium-modal-df6b415\" class=\"premium-modal-trigger-img\" src=\" https:\/\/amnistia.org.mx\/contenido\/wp-content\/uploads\/2024\/09\/JosePerez.jpg\" alt=\"JosePerez\">\r\n\t\t\t\t\t\t\t<\/div>\r\n\r\n\t\t\t<div id=\"premium-modal-df6b415\" class=\"premium-modal-box-modal\" role=\"dialog\" style=\"display: none\">\r\n\t\t\t\t<div class=\"premium-modal-box-modal-dialog\" data-delay-animation=\"\" data-modal-animation=\"fadeInDown animated-fast\">\r\n\t\t\t\t\t\t\t\t\t\t\t<div class=\"premium-modal-box-modal-header\">\r\n\t\t\t\t\t\t\t\t\t\t\t\t\t\t\t<h3 class=\"premium-modal-box-modal-title\">\r\n\t\t\t\t\t\t\t\t\t\t\t\t<img decoding=\"async\" src=\"\" alt=\"\">\r\n\t\t\tJos\u00e9 P\u00e9rez\t\t\t\t\t\t\t\t<\/h3>\r\n\t\t\t\t\t\t\t\t\t\t\t\t\t\t\t\t\t\t\t\t\t\t<div class=\"premium-modal-box-close-button-container\">\r\n\t\t\t\t\t\t\t\t\t<button type=\"button\" class=\"premium-modal-box-modal-close\" data-dismiss=\"premium-modal\">&times;<\/button>\r\n\t\t\t\t\t\t\t\t<\/div>\r\n\t\t\t\t\t\t\t\t\t\t\t\t\t<\/div>\r\n\t\t\t\t\t\t\t\t\t\t<div class=\"premium-modal-box-modal-body\">\r\n\t\t\t\t\t\t<p>Abogado por la Universidad de Guanajuato. Estudi\u00f3 la Maestr\u00eda en Justicia Constitucional.\u00a0 Es miembro de Amnist\u00eda Internacional M\u00e9xico desde 2014 y se ha desempe\u00f1ado en diversos cargos de la gobernanza dentro de este movimiento como parte del Comit\u00e9 de Nominaci\u00f3n (hoy Comit\u00e9 de Candidaturas) y la Vocal\u00eda del Comit\u00e9 Directivo. Cuenta con diversos diplomados en derechos humanos por el Instituto Interamericano de Derechos Humanos, Comisi\u00f3n Interamericana de Derechos Humanos y el Instituto de Investigaciones Jur\u00eddicas de la UNAM. Su experiencia profesional transita en la atenci\u00f3n a mujeres v\u00edctimas de violencia, asesor\u00eda con colectivos locales en Guanajuato y la docencia.<\/p>\t\t\t\t\t<\/div>\r\n\t\t\t\t\t\t\t\t\t\t\t<div class=\"premium-modal-box-modal-footer\">\r\n\t\t\t\t\t\t\t<button type=\"button\" class=\"premium-modal-box-modal-lower-close\" data-dismiss=\"premium-modal\">\r\n\t\t\t\t\t\t\t\tCerrar\t\t\t\t\t\t\t<\/button>\r\n\t\t\t\t\t\t<\/div>\r\n\t\t\t\t\t\t\t\t\t<\/div>\r\n\t\t\t<\/div>\r\n\t\t<\/div>\r\n\r\n\t\t\t\t<\/div>\n\t\t\t\t<\/div>\n\t\t\t\t<div class=\"elementor-element elementor-element-6c33b65 elementor-widget elementor-widget-heading\" data-id=\"6c33b65\" data-element_type=\"widget\" data-widget_type=\"heading.default\">\n\t\t\t\t<div class=\"elementor-widget-container\">\n\t\t\t<h2 class=\"elementor-heading-title elementor-size-default\">Jos\u00e9 P\u00e9rez\u200b<\/h2>\t\t<\/div>\n\t\t\t\t<\/div>\n\t\t\t\t<div class=\"elementor-element elementor-element-89ce440 elementor-widget elementor-widget-heading\" data-id=\"89ce440\" data-element_type=\"widget\" data-widget_type=\"heading.default\">\n\t\t\t\t<div class=\"elementor-widget-container\">\n\t\t\t<h2 class=\"elementor-heading-title elementor-size-default\">Suplente Secretaria del CD<\/h2>\t\t<\/div>\n\t\t\t\t<\/div>\n\t\t\t\t\t<\/div>\n\t\t\t\t<\/div>\n\t\t\t\t\t<\/div>\n\t\t\t\t<\/div>\n\t\t\t\t<\/div>\n\t\t<div class=\"elementor-element elementor-element-7ab13b7 e-con-full e-flex e-con\" data-id=\"7ab13b7\" data-element_type=\"container\" data-settings=\"{&quot;content_width&quot;:&quot;full&quot;}\">\n\t\t<div class=\"elementor-element elementor-element-8f9846c e-con-boxed e-flex e-con\" data-id=\"8f9846c\" data-element_type=\"container\" data-settings=\"{&quot;content_width&quot;:&quot;boxed&quot;}\">\n\t\t\t\t\t<div class=\"e-con-inner\">\n\t\t\t\t<div class=\"elementor-element elementor-element-4503315 elementor-widget elementor-widget-premium-addon-modal-box\" data-id=\"4503315\" data-element_type=\"widget\" data-settings=\"{&quot;premium_modal_box_animation&quot;:&quot;fadeInDown&quot;}\" data-widget_type=\"premium-addon-modal-box.default\">\n\t\t\t\t<div class=\"elementor-widget-container\">\n\t\t\t\r\n\t\t<div class=\"premium-modal-box-container\" data-settings=\"{&quot;trigger&quot;:&quot;image&quot;}\">\r\n\t\t\t<div class=\"premium-modal-trigger-container\">\r\n\t\t\t\t\t\t\t\t\t<img decoding=\"async\" data-toggle=\"premium-modal\" data-target=\"#premium-modal-4503315\" class=\"premium-modal-trigger-img\" src=\" https:\/\/amnistia.org.mx\/contenido\/wp-content\/uploads\/2025\/06\/StephanieV.jpg\" alt=\"StephanieV\">\r\n\t\t\t\t\t\t\t<\/div>\r\n\r\n\t\t\t<div id=\"premium-modal-4503315\" class=\"premium-modal-box-modal\" role=\"dialog\" style=\"display: none\">\r\n\t\t\t\t<div class=\"premium-modal-box-modal-dialog\" data-delay-animation=\"\" data-modal-animation=\"fadeInDown animated-fast\">\r\n\t\t\t\t\t\t\t\t\t\t\t<div class=\"premium-modal-box-modal-header\">\r\n\t\t\t\t\t\t\t\t\t\t\t\t\t\t\t<h3 class=\"premium-modal-box-modal-title\">\r\n\t\t\t\t\t\t\t\t\t\t\t\t<img decoding=\"async\" src=\" https:\/\/amnistia.org.mx\/contenido\/wp-content\/uploads\/2025\/06\/StephanieV.jpg\" alt=\"StephanieV\">\r\n\t\t\tStephanie Enr\u00edquez\t\t\t\t\t\t\t\t<\/h3>\r\n\t\t\t\t\t\t\t\t\t\t\t\t\t\t\t\t\t\t\t\t\t\t<div class=\"premium-modal-box-close-button-container\">\r\n\t\t\t\t\t\t\t\t\t<button type=\"button\" class=\"premium-modal-box-modal-close\" data-dismiss=\"premium-modal\">&times;<\/button>\r\n\t\t\t\t\t\t\t\t<\/div>\r\n\t\t\t\t\t\t\t\t\t\t\t\t\t<\/div>\r\n\t\t\t\t\t\t\t\t\t\t<div class=\"premium-modal-box-modal-body\">\r\n\t\t\t\t\t\t<p><strong>Tesorera<\/strong><\/p><p><span data-olk-copy-source=\"MessageBody\">\u00a0<\/span><\/p>\t\t\t\t\t<\/div>\r\n\t\t\t\t\t\t\t\t\t\t\t<div class=\"premium-modal-box-modal-footer\">\r\n\t\t\t\t\t\t\t<button type=\"button\" class=\"premium-modal-box-modal-lower-close\" data-dismiss=\"premium-modal\">\r\n\t\t\t\t\t\t\t\tCerrar\t\t\t\t\t\t\t<\/button>\r\n\t\t\t\t\t\t<\/div>\r\n\t\t\t\t\t\t\t\t\t<\/div>\r\n\t\t\t<\/div>\r\n\t\t<\/div>\r\n\r\n\t\t\t\t<\/div>\n\t\t\t\t<\/div>\n\t\t\t\t<div class=\"elementor-element elementor-element-d07e0e3 elementor-widget elementor-widget-heading\" data-id=\"d07e0e3\" data-element_type=\"widget\" data-widget_type=\"heading.default\">\n\t\t\t\t<div class=\"elementor-widget-container\">\n\t\t\t<h2 class=\"elementor-heading-title elementor-size-default\">Stephanie Enr\u00edquez<\/h2>\t\t<\/div>\n\t\t\t\t<\/div>\n\t\t\t\t<div class=\"elementor-element elementor-element-54290ba elementor-widget elementor-widget-heading\" data-id=\"54290ba\" data-element_type=\"widget\" data-widget_type=\"heading.default\">\n\t\t\t\t<div class=\"elementor-widget-container\">\n\t\t\t<h2 class=\"elementor-heading-title elementor-size-default\">Tesorera<\/h2>\t\t<\/div>\n\t\t\t\t<\/div>\n\t\t\t\t\t<\/div>\n\t\t\t\t<\/div>\n\t\t<div class=\"elementor-element elementor-element-9e99d44 e-con-full e-flex e-con\" data-id=\"9e99d44\" data-element_type=\"container\" data-settings=\"{&quot;content_width&quot;:&quot;full&quot;}\">\n\t\t<div class=\"elementor-element elementor-element-29a564b e-con-full e-flex e-con\" data-id=\"29a564b\" data-element_type=\"container\" data-settings=\"{&quot;content_width&quot;:&quot;full&quot;}\">\n\t\t\t\t<div class=\"elementor-element elementor-element-c6f17b6 elementor-widget__width-initial elementor-widget elementor-widget-premium-addon-modal-box\" data-id=\"c6f17b6\" data-element_type=\"widget\" data-settings=\"{&quot;premium_modal_box_animation&quot;:&quot;fadeInDown&quot;}\" data-widget_type=\"premium-addon-modal-box.default\">\n\t\t\t\t<div class=\"elementor-widget-container\">\n\t\t\t\r\n\t\t<div class=\"premium-modal-box-container\" data-settings=\"{&quot;trigger&quot;:&quot;image&quot;}\">\r\n\t\t\t<div class=\"premium-modal-trigger-container\">\r\n\t\t\t\t\t\t\t\t\t<img decoding=\"async\" data-toggle=\"premium-modal\" data-target=\"#premium-modal-c6f17b6\" class=\"premium-modal-trigger-img\" src=\" https:\/\/amnistia.org.mx\/contenido\/wp-content\/uploads\/2024\/02\/Alejandra_Torres_Vocal.png\" alt=\"Alejandra_Torres_Vocal\">\r\n\t\t\t\t\t\t\t<\/div>\r\n\r\n\t\t\t<div id=\"premium-modal-c6f17b6\" class=\"premium-modal-box-modal\" role=\"dialog\" style=\"display: none\">\r\n\t\t\t\t<div class=\"premium-modal-box-modal-dialog\" data-delay-animation=\"\" data-modal-animation=\"fadeInDown animated-fast\">\r\n\t\t\t\t\t\t\t\t\t\t\t<div class=\"premium-modal-box-modal-header\">\r\n\t\t\t\t\t\t\t\t\t\t\t\t\t\t\t<h3 class=\"premium-modal-box-modal-title\">\r\n\t\t\t\t\t\t\t\t\t\t\t\t<img decoding=\"async\" src=\" https:\/\/amnistia.org.mx\/contenido\/wp-content\/uploads\/2024\/02\/Alejandra_Torres_Vocal.png\" alt=\"Alejandra_Torres_Vocal\">\r\n\t\t\tSoledad Torres\t\t\t\t\t\t\t\t<\/h3>\r\n\t\t\t\t\t\t\t\t\t\t\t\t\t\t\t\t\t\t\t\t\t\t<div class=\"premium-modal-box-close-button-container\">\r\n\t\t\t\t\t\t\t\t\t<button type=\"button\" class=\"premium-modal-box-modal-close\" data-dismiss=\"premium-modal\">&times;<\/button>\r\n\t\t\t\t\t\t\t\t<\/div>\r\n\t\t\t\t\t\t\t\t\t\t\t\t\t<\/div>\r\n\t\t\t\t\t\t\t\t\t\t<div class=\"premium-modal-box-modal-body\">\r\n\t\t\t\t\t\t<p>Vocal del Comit\u00e9 Directivo<\/p><p>Es licenciada en Psicolog\u00eda por la Universidad de Guanajuato y Maestra en Derechos Humanos por la Universidad Aut\u00f3noma de San Luis Potos\u00ed.<\/p><p>Se ha certificado y diplomado en acompa\u00f1amiento psicol\u00f3gico con perspectiva de g\u00e9nero, diversidad y derechos humanos.<\/p><p>Ha trabajado en Organizaciones de la Sociedad Civil en San Luis Potos\u00ed con temas de g\u00e9nero, derechos humanos, prevenci\u00f3n de riesgos psicosociales, derechos sexuales y reproductivos; ha sido acompa\u00f1ante de mujeres en situaci\u00f3n de violencia, sus hijas e hijos en el Instituto para las Mujeres Guanajuatenses.<\/p><p>Es ex-coordinadora del Punto de Atenci\u00f3n del CRDH en el Tecnol\u00f3gico de Monterrey. Actualmente se encuentra colaborando como Asesora de capacitaci\u00f3n y promoci\u00f3n en la Defensor\u00eda de los Derechos Humanos en el entorno universitario, en la Universidad de Guanajuato.<\/p><p>Feminista y activista de Amnist\u00eda Internacional secci\u00f3n Mexicana, donde contribuye en la promoci\u00f3n y defensa de Derechos\u00a0Humanos.<\/p>\t\t\t\t\t<\/div>\r\n\t\t\t\t\t\t\t\t\t\t\t<div class=\"premium-modal-box-modal-footer\">\r\n\t\t\t\t\t\t\t<button type=\"button\" class=\"premium-modal-box-modal-lower-close\" data-dismiss=\"premium-modal\">\r\n\t\t\t\t\t\t\t\tCerrar\t\t\t\t\t\t\t<\/button>\r\n\t\t\t\t\t\t<\/div>\r\n\t\t\t\t\t\t\t\t\t<\/div>\r\n\t\t\t<\/div>\r\n\t\t<\/div>\r\n\r\n\t\t\t\t<\/div>\n\t\t\t\t<\/div>\n\t\t\t\t<div class=\"elementor-element elementor-element-4e31e8e elementor-widget elementor-widget-heading\" data-id=\"4e31e8e\" data-element_type=\"widget\" data-widget_type=\"heading.default\">\n\t\t\t\t<div class=\"elementor-widget-container\">\n\t\t\t<h2 class=\"elementor-heading-title elementor-size-default\">Soledad Torres\n<\/h2>\t\t<\/div>\n\t\t\t\t<\/div>\n\t\t\t\t<div class=\"elementor-element elementor-element-0ea24d3 elementor-widget elementor-widget-heading\" data-id=\"0ea24d3\" data-element_type=\"widget\" data-widget_type=\"heading.default\">\n\t\t\t\t<div class=\"elementor-widget-container\">\n\t\t\t<h2 class=\"elementor-heading-title elementor-size-default\">      Vocal<\/h2>\t\t<\/div>\n\t\t\t\t<\/div>\n\t\t\t\t<\/div>\n\t\t\t\t<\/div>\n\t\t\t\t<\/div>\n\t\t\t\t<\/div>\n\t\t<div class=\"e-n-tab-title e-collapse\" aria-selected=\"false\" data-tab=\"2\" role=\"tab\" tabindex=\"-1\" aria-controls=\"e-n-tab-content-1432\" aria-expanded=\"false\" id=\"e-n-tabs-title-1432-accordion\">\t<span class=\"e-n-tab-icon\"><\/span>\t<span class=\"e-n-tab-title-text\">Direcci\u00f3n ejecutiva<\/span><\/div><div class=\"elementor-element elementor-element-dee96bc e-con-full e-flex e-con\" data-id=\"dee96bc\" data-element_type=\"container\" data-settings=\"{&quot;content_width&quot;:&quot;full&quot;}\">\n\t\t<div class=\"elementor-element elementor-element-9297727 e-con-full e-flex e-con\" data-id=\"9297727\" data-element_type=\"container\" data-settings=\"{&quot;content_width&quot;:&quot;full&quot;}\">\n\t\t<div class=\"elementor-element elementor-element-a25391e e-con-boxed e-flex e-con\" data-id=\"a25391e\" data-element_type=\"container\" data-settings=\"{&quot;content_width&quot;:&quot;boxed&quot;}\">\n\t\t\t\t\t<div class=\"e-con-inner\">\n\t\t\t\t<div class=\"elementor-element elementor-element-820a2f2 elementor-invisible elementor-widget elementor-widget-premium-addon-modal-box\" data-id=\"820a2f2\" data-element_type=\"widget\" data-settings=\"{&quot;_animation&quot;:&quot;fadeIn&quot;,&quot;premium_modal_box_animation&quot;:&quot;fadeInDown&quot;}\" data-widget_type=\"premium-addon-modal-box.default\">\n\t\t\t\t<div class=\"elementor-widget-container\">\n\t\t\t\r\n\t\t<div class=\"premium-modal-box-container\" data-settings=\"{&quot;trigger&quot;:&quot;image&quot;}\">\r\n\t\t\t<div class=\"premium-modal-trigger-container\">\r\n\t\t\t\t\t\t\t\t\t<img decoding=\"async\" data-toggle=\"premium-modal\" data-target=\"#premium-modal-820a2f2\" class=\"premium-modal-trigger-img\" src=\" https:\/\/amnistia.org.mx\/contenido\/wp-content\/uploads\/2023\/11\/edith.jpg\" alt=\"edith\">\r\n\t\t\t\t\t\t\t<\/div>\r\n\r\n\t\t\t<div id=\"premium-modal-820a2f2\" class=\"premium-modal-box-modal\" role=\"dialog\" style=\"display: none\">\r\n\t\t\t\t<div class=\"premium-modal-box-modal-dialog\" data-delay-animation=\"\" data-modal-animation=\"fadeInDown animated-fast\">\r\n\t\t\t\t\t\t\t\t\t\t\t<div class=\"premium-modal-box-modal-header\">\r\n\t\t\t\t\t\t\t\t\t\t\t\t\t\t\t<h3 class=\"premium-modal-box-modal-title\">\r\n\t\t\t\t\t\t\t\t\t\t\t\t<img decoding=\"async\" src=\" https:\/\/amnistia.org.mx\/contenido\/wp-content\/uploads\/2023\/11\/edith.jpg\" alt=\"edith\">\r\n\t\t\tEdith Olivares\t\t\t\t\t\t\t\t<\/h3>\r\n\t\t\t\t\t\t\t\t\t\t\t\t\t\t\t\t\t\t\t\t\t\t<div class=\"premium-modal-box-close-button-container\">\r\n\t\t\t\t\t\t\t\t\t<button type=\"button\" class=\"premium-modal-box-modal-close\" data-dismiss=\"premium-modal\">&times;<\/button>\r\n\t\t\t\t\t\t\t\t<\/div>\r\n\t\t\t\t\t\t\t\t\t\t\t\t\t<\/div>\r\n\t\t\t\t\t\t\t\t\t\t<div class=\"premium-modal-box-modal-body\">\r\n\t\t\t\t\t\t<p><strong>Directora Ejecutiva<\/strong><\/p><p>Licenciada en Sociolog\u00eda por la Universidad de Costa Rica, Maestra en Estudios Urbanos por el Colegio de M\u00e9xico, con estudios doctorales en Antropolog\u00eda Social en la Universidad Iberoamericana.<\/p><p>De 2004 a 2006 fue Coordinadora T\u00e9cnica de una serie de diplomados en temas de g\u00e9nero, pol\u00edticas p\u00fablicas y violencia contra las mujeres, que imparti\u00f3 la Facultad Latinoamericana de Ciencias Sociales a servidores y servidoras p\u00fablicas de instancias estatales de la mujer y de la Secretar\u00eda de Desarrollo Social.\u00a0 Durante 2007 fue asesora del Centro de Estudios para el Adelanto de las Mujeres y la Equidad de G\u00e9nero de la C\u00e1mara de Diputados.\u00a0<\/p><p>Entre 2008 y 2018 se desempe\u00f1\u00f3 como consultora independiente en investigaci\u00f3n aplicada y asesor\u00eda en el dise\u00f1o de pol\u00edticas p\u00fablicas para la igualdad y la vida libre de violencia. Realiz\u00f3 consultor\u00edas para organismos internacionales como el Programa de Naciones Unidas para el Desarrollo y ONU Mujeres; para dependencias de la Administraci\u00f3n P\u00fablica Federal como el Instituto Nacional de las Mujeres, la Comisi\u00f3n Nacional para Combatir y Erradicar la Violencia contra las Mujeres, el Instituto Nacional de Desarrollo Social, la Secretar\u00eda de Relaciones Exteriores y la Comisi\u00f3n Ejecutiva de Atenci\u00f3n a V\u00edctimas, as\u00ed como para Institutos Estatales y Municipales de las Mujeres.<\/p><p>Desde 2019 se incorpor\u00f3 al equipo de Amnist\u00eda Internacional M\u00e9xico, en donde ocup\u00f3 la Coordinaci\u00f3n de An\u00e1lisis e Incidencia y luego la Jefatura de la Unidad de Derechos Humanos. Actualmente es Directora Ejecutiva de Amnist\u00eda Internacional M\u00e9xico.<\/p>\t\t\t\t\t<\/div>\r\n\t\t\t\t\t\t\t\t\t\t\t<div class=\"premium-modal-box-modal-footer\">\r\n\t\t\t\t\t\t\t<button type=\"button\" class=\"premium-modal-box-modal-lower-close\" data-dismiss=\"premium-modal\">\r\n\t\t\t\t\t\t\t\tCerrar\t\t\t\t\t\t\t<\/button>\r\n\t\t\t\t\t\t<\/div>\r\n\t\t\t\t\t\t\t\t\t<\/div>\r\n\t\t\t<\/div>\r\n\t\t<\/div>\r\n\r\n\t\t\t\t<\/div>\n\t\t\t\t<\/div>\n\t\t\t\t<div class=\"elementor-element elementor-element-3590276 elementor-widget elementor-widget-heading\" data-id=\"3590276\" data-element_type=\"widget\" data-widget_type=\"heading.default\">\n\t\t\t\t<div class=\"elementor-widget-container\">\n\t\t\t<h2 class=\"elementor-heading-title elementor-size-default\">Edith Olivares<\/h2>\t\t<\/div>\n\t\t\t\t<\/div>\n\t\t\t\t<div class=\"elementor-element elementor-element-0dd2fd4 elementor-widget elementor-widget-heading\" data-id=\"0dd2fd4\" data-element_type=\"widget\" data-widget_type=\"heading.default\">\n\t\t\t\t<div class=\"elementor-widget-container\">\n\t\t\t<h2 class=\"elementor-heading-title elementor-size-default\">Directora Ejecutiva<\/h2>\t\t<\/div>\n\t\t\t\t<\/div>\n\t\t\t\t\t<\/div>\n\t\t\t\t<\/div>\n\t\t\t\t<\/div>\n\t\t<div class=\"elementor-element elementor-element-c1d29be e-con-full elementor-hidden-desktop elementor-hidden-tablet elementor-hidden-mobile e-flex e-con\" data-id=\"c1d29be\" data-element_type=\"container\" data-settings=\"{&quot;content_width&quot;:&quot;full&quot;}\">\n\t\t<div class=\"elementor-element elementor-element-a592c9e e-con-full e-flex e-con\" data-id=\"a592c9e\" data-element_type=\"container\" data-settings=\"{&quot;content_width&quot;:&quot;full&quot;}\">\n\t\t\t\t<div class=\"elementor-element elementor-element-c2adc64 elementor-position-top elementor-vertical-align-top elementor-widget elementor-widget-image-box\" data-id=\"c2adc64\" data-element_type=\"widget\" data-widget_type=\"image-box.default\">\n\t\t\t\t<div class=\"elementor-widget-container\">\n\t\t\t<div class=\"elementor-image-box-wrapper\"><figure class=\"elementor-image-box-img\"><img decoding=\"async\" width=\"150\" height=\"150\" src=\"https:\/\/amnistia.org.mx\/contenido\/wp-content\/uploads\/2025\/07\/Xitlalli-150x150.jpg\" class=\"attachment-thumbnail size-thumbnail wp-image-39378\" alt=\"\" loading=\"lazy\" \/><\/figure><div class=\"elementor-image-box-content\"><h3 class=\"elementor-image-box-title\">Xitlalli Villanueva<\/h3><p class=\"elementor-image-box-description\">Asistente de la Direcci\u00f3n Ejecutiva y del Comit\u00e9 Directivo<\/p><\/div><\/div>\t\t<\/div>\n\t\t\t\t<\/div>\n\t\t\t\t<\/div>\n\t\t\t\t<\/div>\n\t\t<div class=\"elementor-element elementor-element-cf5f658 e-con-full e-flex e-con\" data-id=\"cf5f658\" data-element_type=\"container\" data-settings=\"{&quot;content_width&quot;:&quot;full&quot;}\">\n\t\t<div class=\"elementor-element elementor-element-cae28b8 e-con-full e-flex e-con\" data-id=\"cae28b8\" data-element_type=\"container\" data-settings=\"{&quot;content_width&quot;:&quot;full&quot;}\">\n\t\t<div class=\"elementor-element elementor-element-7275075 e-con-full e-flex e-con\" data-id=\"7275075\" data-element_type=\"container\" data-settings=\"{&quot;content_width&quot;:&quot;full&quot;}\">\n\t\t\t\t<\/div>\n\t\t\t\t<\/div>\n\t\t\t\t<\/div>\n\t\t<div class=\"elementor-element elementor-element-dcfc9f6 e-con-full e-flex e-con\" data-id=\"dcfc9f6\" data-element_type=\"container\" data-settings=\"{&quot;content_width&quot;:&quot;full&quot;}\">\n\t\t\t\t<\/div>\n\t\t<div class=\"elementor-element elementor-element-6c30a20 e-con-full e-flex e-con\" data-id=\"6c30a20\" data-element_type=\"container\" data-settings=\"{&quot;content_width&quot;:&quot;full&quot;}\">\n\t\t\t\t<\/div>\n\t\t<div class=\"elementor-element elementor-element-f687bf5 e-con-full e-flex e-con\" data-id=\"f687bf5\" data-element_type=\"container\" data-settings=\"{&quot;content_width&quot;:&quot;full&quot;}\">\n\t\t\t\t<\/div>\n\t\t\t\t<\/div>\n\t\t<div class=\"e-n-tab-title e-collapse\" aria-selected=\"false\" data-tab=\"3\" role=\"tab\" tabindex=\"-1\" aria-controls=\"e-n-tab-content-1433\" aria-expanded=\"false\" id=\"e-n-tabs-title-1433-accordion\">\t<span class=\"e-n-tab-icon\"><\/span>\t<span class=\"e-n-tab-title-text\">PROCURACI\u00d3N DE FONDOS<\/span><\/div><div class=\"elementor-element elementor-element-8ff193a e-con-full e-flex e-con\" data-id=\"8ff193a\" data-element_type=\"container\" data-settings=\"{&quot;content_width&quot;:&quot;full&quot;}\">\n\t\t<div class=\"elementor-element elementor-element-b9501a3 e-con-full e-flex e-con\" data-id=\"b9501a3\" data-element_type=\"container\" data-settings=\"{&quot;content_width&quot;:&quot;full&quot;}\">\n\t\t<div class=\"elementor-element elementor-element-03eb585 e-con-boxed e-flex e-con\" data-id=\"03eb585\" data-element_type=\"container\" data-settings=\"{&quot;content_width&quot;:&quot;boxed&quot;}\">\n\t\t\t\t\t<div class=\"e-con-inner\">\n\t\t\t\t<div class=\"elementor-element elementor-element-f1ba589 elementor-invisible elementor-widget elementor-widget-premium-addon-modal-box\" data-id=\"f1ba589\" data-element_type=\"widget\" data-settings=\"{&quot;_animation&quot;:&quot;fadeIn&quot;,&quot;premium_modal_box_animation&quot;:&quot;fadeInDown&quot;}\" data-widget_type=\"premium-addon-modal-box.default\">\n\t\t\t\t<div class=\"elementor-widget-container\">\n\t\t\t\r\n\t\t<div class=\"premium-modal-box-container\" data-settings=\"{&quot;trigger&quot;:&quot;image&quot;}\">\r\n\t\t\t<div class=\"premium-modal-trigger-container\">\r\n\t\t\t\t\t\t\t\t\t<img decoding=\"async\" data-toggle=\"premium-modal\" data-target=\"#premium-modal-f1ba589\" class=\"premium-modal-trigger-img\" src=\" https:\/\/amnistia.org.mx\/contenido\/wp-content\/uploads\/2023\/11\/mariana.jpg\" alt=\"mariana\">\r\n\t\t\t\t\t\t\t<\/div>\r\n\r\n\t\t\t<div id=\"premium-modal-f1ba589\" class=\"premium-modal-box-modal\" role=\"dialog\" style=\"display: none\">\r\n\t\t\t\t<div class=\"premium-modal-box-modal-dialog\" data-delay-animation=\"\" data-modal-animation=\"fadeInDown animated-fast\">\r\n\t\t\t\t\t\t\t\t\t\t\t<div class=\"premium-modal-box-modal-header\">\r\n\t\t\t\t\t\t\t\t\t\t\t\t\t\t\t<h3 class=\"premium-modal-box-modal-title\">\r\n\t\t\t\t\t\t\t\t\t\t\t\t<img decoding=\"async\" src=\" https:\/\/amnistia.org.mx\/contenido\/wp-content\/uploads\/2023\/11\/mariana.jpg\" alt=\"mariana\">\r\n\t\t\tMariana Casta\u00f1eda\t\t\t\t\t\t\t\t<\/h3>\r\n\t\t\t\t\t\t\t\t\t\t\t\t\t\t\t\t\t\t\t\t\t\t<div class=\"premium-modal-box-close-button-container\">\r\n\t\t\t\t\t\t\t\t\t<button type=\"button\" class=\"premium-modal-box-modal-close\" data-dismiss=\"premium-modal\">&times;<\/button>\r\n\t\t\t\t\t\t\t\t<\/div>\r\n\t\t\t\t\t\t\t\t\t\t\t\t\t<\/div>\r\n\t\t\t\t\t\t\t\t\t\t<div class=\"premium-modal-box-modal-body\">\r\n\t\t\t\t\t\t<p><strong>Subdirectora de Recaudaci\u00f3n de fondos<\/strong><\/p><p dir=\"ltr\">Mariana Casta\u00f1eda Gonz\u00e1lez es una profesional con m\u00e1s de 14 a\u00f1os de experiencia trabajando en organizaciones de la sociedad civil para generar cambios sostenibles en la sociedad. Tiene una certificaci\u00f3n en Gesti\u00f3n de Proyectos de Desarrollo del BID, un Diplomado en Marketing Digital del ITESM, una Maestr\u00eda en Responsabilidad Social de la Universidad Anahuac Norte y una Licenciatura en Antropolog\u00eda Social de la Universidad Aut\u00f3noma Metropolitana. Entre sus habilidades destacan el pensamiento estrat\u00e9gico, la gesti\u00f3n de equipos orientada a resultados, las habilidades de liderazgo y el rendimiento bajo presi\u00f3n.<\/p><p dir=\"ltr\">En su experiencia laboral m\u00e1s reciente, Mariana es Subdirectora de Procuraci\u00f3n de Fondos en Amnist\u00eda Internacional M\u00e9xico, donde desarrolla la estrategia de procuraci\u00f3n de fondos a trav\u00e9s de donantes individuales y donantes institucionales. Antes de esto, Mariana fue Directora de Desarrollo de Recursos y Gerente de Corporativos Mexicanos en H\u00e1bitat para la Humanidad M\u00e9xico, donde desarroll\u00f3 estrategias para procurar fondos a trav\u00e9s de corporativos, fundaciones y organismos internacionales. Previamente, Mariana trabaj\u00f3 como Directora de Procuraci\u00f3n de Fondos P\u00fablicos en OXFAM M\u00e9xico, donde dirigi\u00f3 el departamento encargado de movilizar recursos con donantes corporativos y donantes individuales para aumentar los fondos no etiquetados. Adem\u00e1s, ha sido responsable de diferentes fuentes de financiamiento como &#8220;face-to-face&#8221;, campa\u00f1as de emailing, telemarketing, proyectos de productos con causa y crowdfunding.<\/p>\t\t\t\t\t<\/div>\r\n\t\t\t\t\t\t\t\t\t\t\t<div class=\"premium-modal-box-modal-footer\">\r\n\t\t\t\t\t\t\t<button type=\"button\" class=\"premium-modal-box-modal-lower-close\" data-dismiss=\"premium-modal\">\r\n\t\t\t\t\t\t\t\tCerrar\t\t\t\t\t\t\t<\/button>\r\n\t\t\t\t\t\t<\/div>\r\n\t\t\t\t\t\t\t\t\t<\/div>\r\n\t\t\t<\/div>\r\n\t\t<\/div>\r\n\r\n\t\t\t\t<\/div>\n\t\t\t\t<\/div>\n\t\t\t\t<div class=\"elementor-element elementor-element-9f410cd elementor-widget elementor-widget-heading\" data-id=\"9f410cd\" data-element_type=\"widget\" data-widget_type=\"heading.default\">\n\t\t\t\t<div class=\"elementor-widget-container\">\n\t\t\t<h2 class=\"elementor-heading-title elementor-size-default\">Mariana Casta\u00f1eda<\/h2>\t\t<\/div>\n\t\t\t\t<\/div>\n\t\t\t\t<div class=\"elementor-element elementor-element-ff1ffce elementor-widget elementor-widget-heading\" data-id=\"ff1ffce\" data-element_type=\"widget\" data-widget_type=\"heading.default\">\n\t\t\t\t<div class=\"elementor-widget-container\">\n\t\t\t<h2 class=\"elementor-heading-title elementor-size-default\">Subdirectora<\/h2>\t\t<\/div>\n\t\t\t\t<\/div>\n\t\t\t\t\t<\/div>\n\t\t\t\t<\/div>\n\t\t\t\t<\/div>\n\t\t<div class=\"elementor-element elementor-element-d54bcb1 e-con-full elementor-hidden-desktop elementor-hidden-tablet elementor-hidden-mobile e-flex e-con\" data-id=\"d54bcb1\" data-element_type=\"container\" data-settings=\"{&quot;content_width&quot;:&quot;full&quot;}\">\n\t\t\t\t<div class=\"elementor-element elementor-element-69c4550 elementor-position-top elementor-vertical-align-top elementor-widget elementor-widget-image-box\" data-id=\"69c4550\" data-element_type=\"widget\" data-widget_type=\"image-box.default\">\n\t\t\t\t<div class=\"elementor-widget-container\">\n\t\t\t<div class=\"elementor-image-box-wrapper\"><figure class=\"elementor-image-box-img\"><img decoding=\"async\" width=\"300\" height=\"300\" src=\"https:\/\/amnistia.org.mx\/contenido\/wp-content\/uploads\/2025\/07\/Eli.jpg\" class=\"attachment-full size-full wp-image-39373\" alt=\"\" loading=\"lazy\" \/><\/figure><div class=\"elementor-image-box-content\"><h3 class=\"elementor-image-box-title\">Eli Rodr\u00edguez<\/h3><p class=\"elementor-image-box-description\">Coordinador de Crecimiento Digital<\/p><\/div><\/div>\t\t<\/div>\n\t\t\t\t<\/div>\n\t\t\t\t<\/div>\n\t\t<div class=\"elementor-element elementor-element-d62f9d7 e-con-full elementor-hidden-desktop elementor-hidden-tablet elementor-hidden-mobile e-flex e-con\" data-id=\"d62f9d7\" data-element_type=\"container\" data-settings=\"{&quot;content_width&quot;:&quot;full&quot;}\">\n\t\t\t\t<div class=\"elementor-element elementor-element-5bf459e elementor-position-top elementor-vertical-align-top elementor-widget elementor-widget-image-box\" data-id=\"5bf459e\" data-element_type=\"widget\" data-widget_type=\"image-box.default\">\n\t\t\t\t<div class=\"elementor-widget-container\">\n\t\t\t<div class=\"elementor-image-box-wrapper\"><figure class=\"elementor-image-box-img\"><img decoding=\"async\" width=\"300\" height=\"300\" src=\"https:\/\/amnistia.org.mx\/contenido\/wp-content\/uploads\/2023\/11\/Vanessa.jpg\" class=\"attachment-full size-full wp-image-28853\" alt=\"\" loading=\"lazy\" \/><\/figure><div class=\"elementor-image-box-content\"><h3 class=\"elementor-image-box-title\">Vanessa Herrera<\/h3><p class=\"elementor-image-box-description\">Coordinadora de Di\u00e1logo Directo<\/p><\/div><\/div>\t\t<\/div>\n\t\t\t\t<\/div>\n\t\t\t\t<\/div>\n\t\t<div class=\"elementor-element elementor-element-40497b7 e-con-full elementor-hidden-desktop elementor-hidden-tablet elementor-hidden-mobile e-flex e-con\" data-id=\"40497b7\" data-element_type=\"container\" data-settings=\"{&quot;content_width&quot;:&quot;full&quot;}\">\n\t\t\t\t<div class=\"elementor-element elementor-element-c534e3c elementor-position-top elementor-vertical-align-top elementor-widget elementor-widget-image-box\" data-id=\"c534e3c\" data-element_type=\"widget\" data-widget_type=\"image-box.default\">\n\t\t\t\t<div class=\"elementor-widget-container\">\n\t\t\t<div class=\"elementor-image-box-wrapper\"><figure class=\"elementor-image-box-img\"><img decoding=\"async\" width=\"300\" height=\"300\" src=\"https:\/\/amnistia.org.mx\/contenido\/wp-content\/uploads\/2023\/11\/Lucia.jpg\" class=\"attachment-full size-full wp-image-28854\" alt=\"\" loading=\"lazy\" \/><\/figure><div class=\"elementor-image-box-content\"><h3 class=\"elementor-image-box-title\">Luc\u00eda Guti\u00e9rrez<\/h3><p class=\"elementor-image-box-description\">Responsable de fidelizaci\u00f3n  y retenci\u00f3n<\/p><\/div><\/div>\t\t<\/div>\n\t\t\t\t<\/div>\n\t\t\t\t<\/div>\n\t\t<div class=\"elementor-element elementor-element-64e72fb e-con-full elementor-hidden-desktop elementor-hidden-tablet elementor-hidden-mobile e-flex e-con\" data-id=\"64e72fb\" data-element_type=\"container\" data-settings=\"{&quot;content_width&quot;:&quot;full&quot;}\">\n\t\t\t\t<div class=\"elementor-element elementor-element-a74bd06 elementor-position-top elementor-vertical-align-top elementor-widget elementor-widget-image-box\" data-id=\"a74bd06\" data-element_type=\"widget\" data-widget_type=\"image-box.default\">\n\t\t\t\t<div class=\"elementor-widget-container\">\n\t\t\t<div class=\"elementor-image-box-wrapper\"><figure class=\"elementor-image-box-img\"><img decoding=\"async\" width=\"300\" height=\"300\" src=\"https:\/\/amnistia.org.mx\/contenido\/wp-content\/uploads\/2023\/11\/jhovana.jpg\" class=\"attachment-full size-full wp-image-28872\" alt=\"\" loading=\"lazy\" \/><\/figure><div class=\"elementor-image-box-content\"><h3 class=\"elementor-image-box-title\">Jhovana S\u00e1nchez<\/h3><p class=\"elementor-image-box-description\">Team Leader<\/p><\/div><\/div>\t\t<\/div>\n\t\t\t\t<\/div>\n\t\t\t\t<\/div>\n\t\t<div class=\"elementor-element elementor-element-c3e7a50 e-con-full elementor-hidden-desktop elementor-hidden-tablet elementor-hidden-mobile e-flex e-con\" data-id=\"c3e7a50\" data-element_type=\"container\" data-settings=\"{&quot;content_width&quot;:&quot;full&quot;}\">\n\t\t<div class=\"elementor-element elementor-element-0d25911 e-con-full e-flex e-con\" data-id=\"0d25911\" data-element_type=\"container\" data-settings=\"{&quot;content_width&quot;:&quot;full&quot;}\">\n\t\t\t\t<div class=\"elementor-element elementor-element-763a516 elementor-widget__width-initial elementor-position-top elementor-vertical-align-top elementor-widget elementor-widget-image-box\" data-id=\"763a516\" data-element_type=\"widget\" data-widget_type=\"image-box.default\">\n\t\t\t\t<div class=\"elementor-widget-container\">\n\t\t\t<div class=\"elementor-image-box-wrapper\"><figure class=\"elementor-image-box-img\"><img decoding=\"async\" width=\"300\" height=\"300\" src=\"https:\/\/amnistia.org.mx\/contenido\/wp-content\/uploads\/2025\/07\/Leonardo.jpg\" class=\"attachment-full size-full wp-image-39374\" alt=\"\" loading=\"lazy\" \/><\/figure><div class=\"elementor-image-box-content\"><h3 class=\"elementor-image-box-title\">Leonardo Casillas<\/h3><p class=\"elementor-image-box-description\">Team Leader<\/p><\/div><\/div>\t\t<\/div>\n\t\t\t\t<\/div>\n\t\t\t\t<\/div>\n\t\t\t\t<\/div>\n\t\t<div class=\"elementor-element elementor-element-91f0b9c e-con-full elementor-hidden-desktop elementor-hidden-tablet elementor-hidden-mobile e-flex e-con\" data-id=\"91f0b9c\" data-element_type=\"container\" data-settings=\"{&quot;content_width&quot;:&quot;full&quot;}\">\n\t\t\t\t<div class=\"elementor-element elementor-element-8f19c6a elementor-position-top elementor-vertical-align-top elementor-widget elementor-widget-image-box\" data-id=\"8f19c6a\" data-element_type=\"widget\" data-widget_type=\"image-box.default\">\n\t\t\t\t<div class=\"elementor-widget-container\">\n\t\t\t<div class=\"elementor-image-box-wrapper\"><figure class=\"elementor-image-box-img\"><img decoding=\"async\" width=\"300\" height=\"300\" src=\"https:\/\/amnistia.org.mx\/contenido\/wp-content\/uploads\/2023\/12\/Azucena.jpg\" class=\"attachment-full size-full wp-image-28921\" alt=\"\" loading=\"lazy\" \/><\/figure><div class=\"elementor-image-box-content\"><h3 class=\"elementor-image-box-title\">Azucena Rodr\u00edoguez<\/h3><p class=\"elementor-image-box-description\">Team Leader<\/p><\/div><\/div>\t\t<\/div>\n\t\t\t\t<\/div>\n\t\t\t\t<\/div>\n\t\t<div class=\"elementor-element elementor-element-780177c e-con-full elementor-hidden-desktop elementor-hidden-tablet elementor-hidden-mobile e-flex e-con\" data-id=\"780177c\" data-element_type=\"container\" data-settings=\"{&quot;content_width&quot;:&quot;full&quot;}\">\n\t\t\t\t<div class=\"elementor-element elementor-element-af1f369 elementor-position-top elementor-vertical-align-top elementor-widget elementor-widget-image-box\" data-id=\"af1f369\" data-element_type=\"widget\" data-widget_type=\"image-box.default\">\n\t\t\t\t<div class=\"elementor-widget-container\">\n\t\t\t<div class=\"elementor-image-box-wrapper\"><figure class=\"elementor-image-box-img\"><img decoding=\"async\" width=\"300\" height=\"300\" src=\"https:\/\/amnistia.org.mx\/contenido\/wp-content\/uploads\/2023\/11\/Daniel.jpg\" class=\"attachment-full size-full wp-image-28875\" alt=\"\" loading=\"lazy\" \/><\/figure><div class=\"elementor-image-box-content\"><h3 class=\"elementor-image-box-title\">Daniel Hern\u00e1ndez<\/h3><p class=\"elementor-image-box-description\">Promotor de Fidelizaci\u00f3n y Retenci\u00f3n<\/p><\/div><\/div>\t\t<\/div>\n\t\t\t\t<\/div>\n\t\t\t\t<\/div>\n\t\t<div class=\"elementor-element elementor-element-e9d9535 e-con-full elementor-hidden-desktop elementor-hidden-tablet elementor-hidden-mobile e-flex e-con\" data-id=\"e9d9535\" data-element_type=\"container\" data-settings=\"{&quot;content_width&quot;:&quot;full&quot;}\">\n\t\t\t\t<div class=\"elementor-element elementor-element-359449d elementor-position-top elementor-vertical-align-top elementor-widget elementor-widget-image-box\" data-id=\"359449d\" data-element_type=\"widget\" data-widget_type=\"image-box.default\">\n\t\t\t\t<div class=\"elementor-widget-container\">\n\t\t\t<div class=\"elementor-image-box-wrapper\"><figure class=\"elementor-image-box-img\"><img decoding=\"async\" width=\"150\" height=\"151\" src=\"https:\/\/amnistia.org.mx\/contenido\/wp-content\/uploads\/2025\/06\/marianaa.jpg\" class=\"attachment-full size-full wp-image-38491\" alt=\"\" loading=\"lazy\" \/><\/figure><div class=\"elementor-image-box-content\"><h3 class=\"elementor-image-box-title\">Mariana Aguilar<\/h3><p class=\"elementor-image-box-description\">Promotora de recaptaci\u00f3n para DD<\/p><\/div><\/div>\t\t<\/div>\n\t\t\t\t<\/div>\n\t\t\t\t<\/div>\n\t\t<div class=\"elementor-element elementor-element-321befc e-con-full elementor-hidden-desktop elementor-hidden-tablet elementor-hidden-mobile e-flex e-con\" data-id=\"321befc\" data-element_type=\"container\" data-settings=\"{&quot;content_width&quot;:&quot;full&quot;}\">\n\t\t\t\t<div class=\"elementor-element elementor-element-6b332ce elementor-position-top elementor-vertical-align-top elementor-widget elementor-widget-image-box\" data-id=\"6b332ce\" data-element_type=\"widget\" data-widget_type=\"image-box.default\">\n\t\t\t\t<div class=\"elementor-widget-container\">\n\t\t\t<div class=\"elementor-image-box-wrapper\"><figure class=\"elementor-image-box-img\"><img decoding=\"async\" width=\"300\" height=\"300\" src=\"https:\/\/amnistia.org.mx\/contenido\/wp-content\/uploads\/2023\/11\/sasha.jpg\" class=\"attachment-full size-full wp-image-28876\" alt=\"\" loading=\"lazy\" \/><\/figure><div class=\"elementor-image-box-content\"><h3 class=\"elementor-image-box-title\">Sasha Cuenca<\/h3><p class=\"elementor-image-box-description\">Promotora Di\u00e1logo Directo<\/p><\/div><\/div>\t\t<\/div>\n\t\t\t\t<\/div>\n\t\t\t\t<\/div>\n\t\t<div class=\"elementor-element elementor-element-bbde510 e-con-full elementor-hidden-desktop elementor-hidden-tablet elementor-hidden-mobile e-flex e-con\" data-id=\"bbde510\" data-element_type=\"container\" data-settings=\"{&quot;content_width&quot;:&quot;full&quot;}\">\n\t\t\t\t<div class=\"elementor-element elementor-element-b76ac31 elementor-position-top elementor-vertical-align-top elementor-widget elementor-widget-image-box\" data-id=\"b76ac31\" data-element_type=\"widget\" data-widget_type=\"image-box.default\">\n\t\t\t\t<div class=\"elementor-widget-container\">\n\t\t\t<div class=\"elementor-image-box-wrapper\"><figure class=\"elementor-image-box-img\"><img decoding=\"async\" width=\"300\" height=\"300\" src=\"https:\/\/amnistia.org.mx\/contenido\/wp-content\/uploads\/2023\/12\/Dylan.jpg\" class=\"attachment-full size-full wp-image-28925\" alt=\"\" loading=\"lazy\" \/><\/figure><div class=\"elementor-image-box-content\"><h3 class=\"elementor-image-box-title\">Dylan Cano<\/h3><p class=\"elementor-image-box-description\">Promotor Di\u00e1logo Directo<\/p><\/div><\/div>\t\t<\/div>\n\t\t\t\t<\/div>\n\t\t\t\t<\/div>\n\t\t<div class=\"elementor-element elementor-element-d3deae3 e-con-full elementor-hidden-desktop elementor-hidden-tablet elementor-hidden-mobile e-flex e-con\" data-id=\"d3deae3\" data-element_type=\"container\" data-settings=\"{&quot;content_width&quot;:&quot;full&quot;}\">\n\t\t\t\t<div class=\"elementor-element elementor-element-7279fdb elementor-position-top elementor-vertical-align-top elementor-widget elementor-widget-image-box\" data-id=\"7279fdb\" data-element_type=\"widget\" data-widget_type=\"image-box.default\">\n\t\t\t\t<div class=\"elementor-widget-container\">\n\t\t\t<div class=\"elementor-image-box-wrapper\"><figure class=\"elementor-image-box-img\"><img decoding=\"async\" width=\"300\" height=\"300\" src=\"https:\/\/amnistia.org.mx\/contenido\/wp-content\/uploads\/2023\/12\/Juan.jpg\" class=\"attachment-full size-full wp-image-28930\" alt=\"\" loading=\"lazy\" \/><\/figure><div class=\"elementor-image-box-content\"><h3 class=\"elementor-image-box-title\">Juan Montiel<\/h3><p class=\"elementor-image-box-description\">Promotor de Fidelizaci\u00f3n y Retenci\u00f3n<\/p><\/div><\/div>\t\t<\/div>\n\t\t\t\t<\/div>\n\t\t\t\t<\/div>\n\t\t<div class=\"elementor-element elementor-element-6c87506 e-con-full elementor-hidden-desktop elementor-hidden-tablet elementor-hidden-mobile e-flex e-con\" data-id=\"6c87506\" data-element_type=\"container\" data-settings=\"{&quot;content_width&quot;:&quot;full&quot;}\">\n\t\t\t\t<div class=\"elementor-element elementor-element-e1d99ff elementor-position-top elementor-vertical-align-top elementor-widget elementor-widget-image-box\" data-id=\"e1d99ff\" data-element_type=\"widget\" data-widget_type=\"image-box.default\">\n\t\t\t\t<div class=\"elementor-widget-container\">\n\t\t\t<div class=\"elementor-image-box-wrapper\"><figure class=\"elementor-image-box-img\"><img decoding=\"async\" width=\"300\" height=\"300\" src=\"https:\/\/amnistia.org.mx\/contenido\/wp-content\/uploads\/2023\/12\/Flor.jpg\" class=\"attachment-full size-full wp-image-28920\" alt=\"\" loading=\"lazy\" \/><\/figure><div class=\"elementor-image-box-content\"><h3 class=\"elementor-image-box-title\">Flor Fragoso<\/h3><p class=\"elementor-image-box-description\">Promotora de Fidelizaci\u00f3n y Retenci\u00f3n<\/p><\/div><\/div>\t\t<\/div>\n\t\t\t\t<\/div>\n\t\t\t\t<\/div>\n\t\t<div class=\"elementor-element elementor-element-c3061a5 e-con-full elementor-hidden-desktop elementor-hidden-tablet elementor-hidden-mobile e-flex e-con\" data-id=\"c3061a5\" data-element_type=\"container\" data-settings=\"{&quot;content_width&quot;:&quot;full&quot;}\">\n\t\t\t\t<div class=\"elementor-element elementor-element-fded3db elementor-position-top elementor-vertical-align-top elementor-widget elementor-widget-image-box\" data-id=\"fded3db\" data-element_type=\"widget\" data-widget_type=\"image-box.default\">\n\t\t\t\t<div class=\"elementor-widget-container\">\n\t\t\t<div class=\"elementor-image-box-wrapper\"><figure class=\"elementor-image-box-img\"><img decoding=\"async\" width=\"300\" height=\"300\" src=\"https:\/\/amnistia.org.mx\/contenido\/wp-content\/uploads\/2023\/12\/ElizabethM.jpg\" class=\"attachment-full size-full wp-image-28928\" alt=\"\" loading=\"lazy\" \/><\/figure><div class=\"elementor-image-box-content\"><h3 class=\"elementor-image-box-title\">Elizabeth Mart\u00ednez<\/h3><p class=\"elementor-image-box-description\">Promotora Di\u00e1logo Directo<\/p><\/div><\/div>\t\t<\/div>\n\t\t\t\t<\/div>\n\t\t\t\t<\/div>\n\t\t<div class=\"elementor-element elementor-element-bed910f e-con-full elementor-hidden-desktop elementor-hidden-tablet elementor-hidden-mobile e-flex e-con\" data-id=\"bed910f\" data-element_type=\"container\" data-settings=\"{&quot;content_width&quot;:&quot;full&quot;}\">\n\t\t\t\t<div class=\"elementor-element elementor-element-cfe717e elementor-position-top elementor-vertical-align-top elementor-widget elementor-widget-image-box\" data-id=\"cfe717e\" data-element_type=\"widget\" data-widget_type=\"image-box.default\">\n\t\t\t\t<div class=\"elementor-widget-container\">\n\t\t\t<div class=\"elementor-image-box-wrapper\"><figure class=\"elementor-image-box-img\"><img decoding=\"async\" width=\"300\" height=\"300\" src=\"https:\/\/amnistia.org.mx\/contenido\/wp-content\/uploads\/2023\/12\/araceli.jpg\" class=\"attachment-full size-full wp-image-29211\" alt=\"\" loading=\"lazy\" \/><\/figure><div class=\"elementor-image-box-content\"><h3 class=\"elementor-image-box-title\">Araceli Ruano<\/h3><p class=\"elementor-image-box-description\">Promotora Di\u00e1logo Directo<\/p><\/div><\/div>\t\t<\/div>\n\t\t\t\t<\/div>\n\t\t\t\t<\/div>\n\t\t<div class=\"elementor-element elementor-element-bad44f6 e-con-full elementor-hidden-desktop elementor-hidden-tablet elementor-hidden-mobile e-flex e-con\" data-id=\"bad44f6\" data-element_type=\"container\" data-settings=\"{&quot;content_width&quot;:&quot;full&quot;}\">\n\t\t\t\t<div class=\"elementor-element elementor-element-68e9ff1 elementor-position-top elementor-vertical-align-top elementor-widget elementor-widget-image-box\" data-id=\"68e9ff1\" data-element_type=\"widget\" data-widget_type=\"image-box.default\">\n\t\t\t\t<div class=\"elementor-widget-container\">\n\t\t\t<div class=\"elementor-image-box-wrapper\"><figure class=\"elementor-image-box-img\"><img decoding=\"async\" width=\"300\" height=\"300\" src=\"https:\/\/amnistia.org.mx\/contenido\/wp-content\/uploads\/2023\/12\/ana.jpg\" class=\"attachment-full size-full wp-image-29206\" alt=\"\" loading=\"lazy\" \/><\/figure><div class=\"elementor-image-box-content\"><h3 class=\"elementor-image-box-title\">Ana Laura Estrada <\/h3><p class=\"elementor-image-box-description\">Promotora de Fidelizaci\u00f3n y Retenci\u00f3n<\/p><\/div><\/div>\t\t<\/div>\n\t\t\t\t<\/div>\n\t\t\t\t<\/div>\n\t\t<div class=\"elementor-element elementor-element-f04bd95 e-con-full elementor-hidden-desktop elementor-hidden-tablet elementor-hidden-mobile e-flex e-con\" data-id=\"f04bd95\" data-element_type=\"container\" data-settings=\"{&quot;content_width&quot;:&quot;full&quot;}\">\n\t\t\t\t<div class=\"elementor-element elementor-element-c89c337 elementor-position-top elementor-vertical-align-top elementor-widget elementor-widget-image-box\" data-id=\"c89c337\" data-element_type=\"widget\" data-widget_type=\"image-box.default\">\n\t\t\t\t<div class=\"elementor-widget-container\">\n\t\t\t<div class=\"elementor-image-box-wrapper\"><figure class=\"elementor-image-box-img\"><img decoding=\"async\" width=\"300\" height=\"300\" src=\"https:\/\/amnistia.org.mx\/contenido\/wp-content\/uploads\/2023\/12\/viri.jpg\" class=\"attachment-full size-full wp-image-29210\" alt=\"\" loading=\"lazy\" \/><\/figure><div class=\"elementor-image-box-content\"><h3 class=\"elementor-image-box-title\">Viridiana G\u00f3mez<\/h3><p class=\"elementor-image-box-description\">Responsable de Telemarketing<\/p><\/div><\/div>\t\t<\/div>\n\t\t\t\t<\/div>\n\t\t\t\t<\/div>\n\t\t<div class=\"elementor-element elementor-element-6b7a672 e-con-full elementor-hidden-desktop elementor-hidden-tablet elementor-hidden-mobile e-flex e-con\" data-id=\"6b7a672\" data-element_type=\"container\" data-settings=\"{&quot;content_width&quot;:&quot;full&quot;}\">\n\t\t\t\t<div class=\"elementor-element elementor-element-b0baa42 elementor-position-top elementor-vertical-align-top elementor-widget elementor-widget-image-box\" data-id=\"b0baa42\" data-element_type=\"widget\" data-widget_type=\"image-box.default\">\n\t\t\t\t<div class=\"elementor-widget-container\">\n\t\t\t<div class=\"elementor-image-box-wrapper\"><figure class=\"elementor-image-box-img\"><img decoding=\"async\" width=\"300\" height=\"300\" src=\"https:\/\/amnistia.org.mx\/contenido\/wp-content\/uploads\/2023\/12\/claudia.jpg\" class=\"attachment-full size-full wp-image-29213\" alt=\"\" loading=\"lazy\" \/><\/figure><div class=\"elementor-image-box-content\"><h3 class=\"elementor-image-box-title\">Claudia L\u00f3pez <\/h3><p class=\"elementor-image-box-description\">Promotora de Telemarketing<\/p><\/div><\/div>\t\t<\/div>\n\t\t\t\t<\/div>\n\t\t\t\t<\/div>\n\t\t<div class=\"elementor-element elementor-element-ab81d5a e-con-full elementor-hidden-desktop elementor-hidden-tablet elementor-hidden-mobile e-flex e-con\" data-id=\"ab81d5a\" data-element_type=\"container\" data-settings=\"{&quot;content_width&quot;:&quot;full&quot;}\">\n\t\t\t\t<div class=\"elementor-element elementor-element-e7b1f49 elementor-position-top elementor-vertical-align-top elementor-widget elementor-widget-image-box\" data-id=\"e7b1f49\" data-element_type=\"widget\" data-widget_type=\"image-box.default\">\n\t\t\t\t<div class=\"elementor-widget-container\">\n\t\t\t<div class=\"elementor-image-box-wrapper\"><figure class=\"elementor-image-box-img\"><img decoding=\"async\" width=\"900\" height=\"900\" src=\"https:\/\/amnistia.org.mx\/contenido\/wp-content\/uploads\/2020\/04\/LOGO.jpg\" class=\"attachment-full size-full wp-image-9914\" alt=\"\" loading=\"lazy\" \/><\/figure><div class=\"elementor-image-box-content\"><h3 class=\"elementor-image-box-title\">Vacante<\/h3><p class=\"elementor-image-box-description\">Promotor(a) de Telemarketing<\/p><\/div><\/div>\t\t<\/div>\n\t\t\t\t<\/div>\n\t\t\t\t<\/div>\n\t\t<div class=\"elementor-element elementor-element-b87bc4a e-con-full elementor-hidden-desktop elementor-hidden-tablet elementor-hidden-mobile e-flex e-con\" data-id=\"b87bc4a\" data-element_type=\"container\" data-settings=\"{&quot;content_width&quot;:&quot;full&quot;}\">\n\t\t\t\t<div class=\"elementor-element elementor-element-8c394e6 elementor-position-top elementor-vertical-align-top elementor-widget elementor-widget-image-box\" data-id=\"8c394e6\" data-element_type=\"widget\" data-widget_type=\"image-box.default\">\n\t\t\t\t<div class=\"elementor-widget-container\">\n\t\t\t<div class=\"elementor-image-box-wrapper\"><figure class=\"elementor-image-box-img\"><img decoding=\"async\" width=\"300\" height=\"300\" src=\"https:\/\/amnistia.org.mx\/contenido\/wp-content\/uploads\/2023\/12\/tania.jpg\" class=\"attachment-full size-full wp-image-29212\" alt=\"\" loading=\"lazy\" \/><\/figure><div class=\"elementor-image-box-content\"><h3 class=\"elementor-image-box-title\">Tania Guti\u00e9rrez<\/h3><p class=\"elementor-image-box-description\">Responsable de Di\u00e1logo Directo para Agencias<\/p><\/div><\/div>\t\t<\/div>\n\t\t\t\t<\/div>\n\t\t\t\t<\/div>\n\t\t<div class=\"elementor-element elementor-element-c6fa3a2 e-con-full elementor-hidden-desktop elementor-hidden-tablet elementor-hidden-mobile e-flex e-con\" data-id=\"c6fa3a2\" data-element_type=\"container\" data-settings=\"{&quot;content_width&quot;:&quot;full&quot;}\">\n\t\t\t\t<div class=\"elementor-element elementor-element-7d63268 elementor-position-top elementor-vertical-align-top elementor-widget elementor-widget-image-box\" data-id=\"7d63268\" data-element_type=\"widget\" data-widget_type=\"image-box.default\">\n\t\t\t\t<div class=\"elementor-widget-container\">\n\t\t\t<div class=\"elementor-image-box-wrapper\"><figure class=\"elementor-image-box-img\"><img decoding=\"async\" width=\"546\" height=\"546\" src=\"https:\/\/amnistia.org.mx\/contenido\/wp-content\/uploads\/2023\/12\/graciela.jpg\" class=\"attachment-full size-full wp-image-29209\" alt=\"\" loading=\"lazy\" \/><\/figure><div class=\"elementor-image-box-content\"><h3 class=\"elementor-image-box-title\">Graciela Ruiz <\/h3><p class=\"elementor-image-box-description\">Promotora de Telemarketing <\/p><\/div><\/div>\t\t<\/div>\n\t\t\t\t<\/div>\n\t\t\t\t<\/div>\n\t\t<div class=\"elementor-element elementor-element-6e38ae8 e-con-full elementor-hidden-desktop elementor-hidden-tablet elementor-hidden-mobile e-flex e-con\" data-id=\"6e38ae8\" data-element_type=\"container\" data-settings=\"{&quot;content_width&quot;:&quot;full&quot;}\">\n\t\t<div class=\"elementor-element elementor-element-d233d03 e-con-full e-flex e-con\" data-id=\"d233d03\" data-element_type=\"container\" data-settings=\"{&quot;content_width&quot;:&quot;full&quot;}\">\n\t\t\t\t<div class=\"elementor-element elementor-element-8332964 elementor-position-top elementor-vertical-align-top elementor-widget elementor-widget-image-box\" data-id=\"8332964\" data-element_type=\"widget\" data-widget_type=\"image-box.default\">\n\t\t\t\t<div class=\"elementor-widget-container\">\n\t\t\t<div class=\"elementor-image-box-wrapper\"><figure class=\"elementor-image-box-img\"><img decoding=\"async\" width=\"546\" height=\"546\" src=\"https:\/\/amnistia.org.mx\/contenido\/wp-content\/uploads\/2023\/12\/Javier.jpg\" class=\"attachment-full size-full wp-image-29204\" alt=\"\" loading=\"lazy\" \/><\/figure><div class=\"elementor-image-box-content\"><h3 class=\"elementor-image-box-title\">Javier Monjaraz<\/h3><p class=\"elementor-image-box-description\"> Especialista en Salesforce (CRM) y An\u00e1lisis de Datos<\/p><\/div><\/div>\t\t<\/div>\n\t\t\t\t<\/div>\n\t\t\t\t<\/div>\n\t\t\t\t<\/div>\n\t\t<div class=\"elementor-element elementor-element-fac0d37 e-con-full elementor-hidden-desktop elementor-hidden-tablet elementor-hidden-mobile e-flex e-con\" data-id=\"fac0d37\" data-element_type=\"container\" data-settings=\"{&quot;content_width&quot;:&quot;full&quot;}\">\n\t\t<div class=\"elementor-element elementor-element-d6faeba e-con-full e-flex e-con\" data-id=\"d6faeba\" data-element_type=\"container\" data-settings=\"{&quot;content_width&quot;:&quot;full&quot;}\">\n\t\t\t\t<div class=\"elementor-element elementor-element-6ecfb32 elementor-position-top elementor-vertical-align-top elementor-widget elementor-widget-image-box\" data-id=\"6ecfb32\" data-element_type=\"widget\" data-widget_type=\"image-box.default\">\n\t\t\t\t<div class=\"elementor-widget-container\">\n\t\t\t<div class=\"elementor-image-box-wrapper\"><figure class=\"elementor-image-box-img\"><img decoding=\"async\" width=\"299\" height=\"300\" src=\"https:\/\/amnistia.org.mx\/contenido\/wp-content\/uploads\/2025\/09\/Lorena.jpg\" class=\"attachment-full size-full wp-image-40030\" alt=\"\" loading=\"lazy\" \/><\/figure><div class=\"elementor-image-box-content\"><h3 class=\"elementor-image-box-title\">Lorena Lorea<\/h3><p class=\"elementor-image-box-description\">Promotora Di\u00e1logo Directo<\/p><\/div><\/div>\t\t<\/div>\n\t\t\t\t<\/div>\n\t\t\t\t<\/div>\n\t\t\t\t<\/div>\n\t\t<div class=\"elementor-element elementor-element-22d52f1 e-con-full elementor-hidden-desktop elementor-hidden-tablet elementor-hidden-mobile e-flex e-con\" data-id=\"22d52f1\" data-element_type=\"container\" data-settings=\"{&quot;content_width&quot;:&quot;full&quot;}\">\n\t\t<div class=\"elementor-element elementor-element-1dcfddb e-con-full e-flex e-con\" data-id=\"1dcfddb\" data-element_type=\"container\" data-settings=\"{&quot;content_width&quot;:&quot;full&quot;}\">\n\t\t\t\t<div class=\"elementor-element elementor-element-fcb94c0 elementor-widget__width-initial elementor-position-top elementor-vertical-align-top elementor-widget elementor-widget-image-box\" data-id=\"fcb94c0\" data-element_type=\"widget\" data-widget_type=\"image-box.default\">\n\t\t\t\t<div class=\"elementor-widget-container\">\n\t\t\t<div class=\"elementor-image-box-wrapper\"><figure class=\"elementor-image-box-img\"><img decoding=\"async\" width=\"302\" height=\"302\" src=\"https:\/\/amnistia.org.mx\/contenido\/wp-content\/uploads\/2025\/11\/alejandra.jpg\" class=\"attachment-full size-full wp-image-40877\" alt=\"\" loading=\"lazy\" \/><\/figure><div class=\"elementor-image-box-content\"><h3 class=\"elementor-image-box-title\">Alejandra Manzanos<\/h3><p class=\"elementor-image-box-description\">Promotora de Di\u00e1logo Directo<\/p><\/div><\/div>\t\t<\/div>\n\t\t\t\t<\/div>\n\t\t\t\t<\/div>\n\t\t\t\t<\/div>\n\t\t<div class=\"elementor-element elementor-element-d413c80 e-con-full elementor-hidden-desktop elementor-hidden-tablet elementor-hidden-mobile e-flex e-con\" data-id=\"d413c80\" data-element_type=\"container\" data-settings=\"{&quot;content_width&quot;:&quot;full&quot;}\">\n\t\t<div class=\"elementor-element elementor-element-772cad3 e-con-full e-flex e-con\" data-id=\"772cad3\" data-element_type=\"container\" data-settings=\"{&quot;content_width&quot;:&quot;full&quot;}\">\n\t\t\t\t<div class=\"elementor-element elementor-element-8dade65 elementor-position-top elementor-vertical-align-top elementor-widget elementor-widget-image-box\" data-id=\"8dade65\" data-element_type=\"widget\" data-widget_type=\"image-box.default\">\n\t\t\t\t<div class=\"elementor-widget-container\">\n\t\t\t<div class=\"elementor-image-box-wrapper\"><figure class=\"elementor-image-box-img\"><img decoding=\"async\" width=\"300\" height=\"300\" src=\"https:\/\/amnistia.org.mx\/contenido\/wp-content\/uploads\/2023\/12\/Pamela.jpg\" class=\"attachment-full size-full wp-image-28922\" alt=\"\" loading=\"lazy\" \/><\/figure><div class=\"elementor-image-box-content\"><h3 class=\"elementor-image-box-title\">Pamela Valderrabano<\/h3><p class=\"elementor-image-box-description\">Promotora de soporte para DD<\/p><\/div><\/div>\t\t<\/div>\n\t\t\t\t<\/div>\n\t\t\t\t<\/div>\n\t\t\t\t<\/div>\n\t\t<div class=\"elementor-element elementor-element-8e77e53 e-con-full elementor-hidden-desktop elementor-hidden-tablet elementor-hidden-mobile e-flex e-con\" data-id=\"8e77e53\" data-element_type=\"container\" data-settings=\"{&quot;content_width&quot;:&quot;full&quot;}\">\n\t\t<div class=\"elementor-element elementor-element-6022853 e-con-full e-flex e-con\" data-id=\"6022853\" data-element_type=\"container\" data-settings=\"{&quot;content_width&quot;:&quot;full&quot;}\">\n\t\t<div class=\"elementor-element elementor-element-3803d4b e-con-full e-flex e-con\" data-id=\"3803d4b\" data-element_type=\"container\" data-settings=\"{&quot;content_width&quot;:&quot;full&quot;}\">\n\t\t\t\t<div class=\"elementor-element elementor-element-14861ea elementor-position-top elementor-vertical-align-top elementor-widget elementor-widget-image-box\" data-id=\"14861ea\" data-element_type=\"widget\" data-widget_type=\"image-box.default\">\n\t\t\t\t<div class=\"elementor-widget-container\">\n\t\t\t<div class=\"elementor-image-box-wrapper\"><figure class=\"elementor-image-box-img\"><img decoding=\"async\" width=\"300\" height=\"300\" src=\"https:\/\/amnistia.org.mx\/contenido\/wp-content\/uploads\/2023\/12\/Abril.jpg\" class=\"attachment-full size-full wp-image-28924\" alt=\"\" loading=\"lazy\" \/><\/figure><div class=\"elementor-image-box-content\"><h3 class=\"elementor-image-box-title\">Yoatzin Abril Salgado<\/h3><p class=\"elementor-image-box-description\">Promotora Di\u00e1logo Directo<\/p><\/div><\/div>\t\t<\/div>\n\t\t\t\t<\/div>\n\t\t\t\t<\/div>\n\t\t\t\t<\/div>\n\t\t\t\t<\/div>\n\t\t<div class=\"elementor-element elementor-element-4ea55d0 e-con-full elementor-hidden-desktop elementor-hidden-tablet elementor-hidden-mobile e-flex e-con\" data-id=\"4ea55d0\" data-element_type=\"container\" data-settings=\"{&quot;content_width&quot;:&quot;full&quot;}\">\n\t\t<div class=\"elementor-element elementor-element-115645c e-con-full e-flex e-con\" data-id=\"115645c\" data-element_type=\"container\" data-settings=\"{&quot;content_width&quot;:&quot;full&quot;}\">\n\t\t\t\t<div class=\"elementor-element elementor-element-81108d7 elementor-position-top elementor-vertical-align-top elementor-widget elementor-widget-image-box\" data-id=\"81108d7\" data-element_type=\"widget\" data-widget_type=\"image-box.default\">\n\t\t\t\t<div class=\"elementor-widget-container\">\n\t\t\t<div class=\"elementor-image-box-wrapper\"><figure class=\"elementor-image-box-img\"><img decoding=\"async\" width=\"300\" height=\"300\" src=\"https:\/\/amnistia.org.mx\/contenido\/wp-content\/uploads\/2025\/09\/Robin.jpg\" class=\"attachment-full size-full wp-image-40031\" alt=\"\" loading=\"lazy\" \/><\/figure><div class=\"elementor-image-box-content\"><h3 class=\"elementor-image-box-title\">Robin Ramos<\/h3><p class=\"elementor-image-box-description\">Promotora Di\u00e1logo Directo<\/p><\/div><\/div>\t\t<\/div>\n\t\t\t\t<\/div>\n\t\t\t\t<\/div>\n\t\t\t\t<\/div>\n\t\t<div class=\"elementor-element elementor-element-411aa02 e-con-full elementor-hidden-desktop elementor-hidden-tablet elementor-hidden-mobile e-flex e-con\" data-id=\"411aa02\" data-element_type=\"container\" data-settings=\"{&quot;content_width&quot;:&quot;full&quot;}\">\n\t\t<div class=\"elementor-element elementor-element-eb9662d e-con-full e-flex e-con\" data-id=\"eb9662d\" data-element_type=\"container\" data-settings=\"{&quot;content_width&quot;:&quot;full&quot;}\">\n\t\t\t\t<div class=\"elementor-element elementor-element-80579ad elementor-position-top elementor-vertical-align-top elementor-widget elementor-widget-image-box\" data-id=\"80579ad\" data-element_type=\"widget\" data-widget_type=\"image-box.default\">\n\t\t\t\t<div class=\"elementor-widget-container\">\n\t\t\t<div class=\"elementor-image-box-wrapper\"><figure class=\"elementor-image-box-img\"><img decoding=\"async\" width=\"150\" height=\"149\" src=\"https:\/\/amnistia.org.mx\/contenido\/wp-content\/uploads\/2025\/06\/lissu.jpg\" class=\"attachment-full size-full wp-image-38489\" alt=\"\" loading=\"lazy\" \/><\/figure><div class=\"elementor-image-box-content\"><h3 class=\"elementor-image-box-title\">Lissu Tenorio<\/h3><p class=\"elementor-image-box-description\">Promotor de Telemarketing<\/p><\/div><\/div>\t\t<\/div>\n\t\t\t\t<\/div>\n\t\t\t\t<\/div>\n\t\t\t\t<\/div>\n\t\t<div class=\"elementor-element elementor-element-551fd68 e-con-full elementor-hidden-desktop elementor-hidden-tablet elementor-hidden-mobile e-flex e-con\" data-id=\"551fd68\" data-element_type=\"container\" data-settings=\"{&quot;content_width&quot;:&quot;full&quot;}\">\n\t\t\t\t<div class=\"elementor-element elementor-element-b7d907a elementor-widget__width-initial elementor-position-top elementor-vertical-align-top elementor-widget elementor-widget-image-box\" data-id=\"b7d907a\" data-element_type=\"widget\" data-widget_type=\"image-box.default\">\n\t\t\t\t<div class=\"elementor-widget-container\">\n\t\t\t<div class=\"elementor-image-box-wrapper\"><figure class=\"elementor-image-box-img\"><img decoding=\"async\" width=\"900\" height=\"900\" src=\"https:\/\/amnistia.org.mx\/contenido\/wp-content\/uploads\/2020\/04\/LOGO.jpg\" class=\"attachment-full size-full wp-image-9914\" alt=\"\" loading=\"lazy\" \/><\/figure><div class=\"elementor-image-box-content\"><h3 class=\"elementor-image-box-title\">Vacante<\/h3><p class=\"elementor-image-box-description\">Promotor(a) de Di\u00e1logo Directo<\/p><\/div><\/div>\t\t<\/div>\n\t\t\t\t<\/div>\n\t\t\t\t<\/div>\n\t\t<div class=\"elementor-element elementor-element-6c738b8 e-con-full e-flex e-con\" data-id=\"6c738b8\" data-element_type=\"container\" data-settings=\"{&quot;content_width&quot;:&quot;full&quot;}\">\n\t\t\t\t<\/div>\n\t\t<div class=\"elementor-element elementor-element-b9ad93f e-con-full e-flex e-con\" data-id=\"b9ad93f\" data-element_type=\"container\" data-settings=\"{&quot;content_width&quot;:&quot;full&quot;}\">\n\t\t\t\t<\/div>\n\t\t\t\t<\/div>\n\t\t<div class=\"e-n-tab-title e-collapse\" aria-selected=\"false\" data-tab=\"4\" role=\"tab\" tabindex=\"-1\" aria-controls=\"e-n-tab-content-1434\" aria-expanded=\"false\" id=\"e-n-tabs-title-1434-accordion\">\t<span class=\"e-n-tab-icon\"><\/span>\t<span class=\"e-n-tab-title-text\">PROGRAMAS<\/span><\/div><div class=\"elementor-element elementor-element-8f37de8 e-con-boxed e-flex e-con\" data-id=\"8f37de8\" data-element_type=\"container\" data-settings=\"{&quot;content_width&quot;:&quot;boxed&quot;}\">\n\t\t\t\t\t<div class=\"e-con-inner\">\n\t\t<div class=\"elementor-element elementor-element-bd09b1e e-con-full e-flex e-con\" data-id=\"bd09b1e\" data-element_type=\"container\" data-settings=\"{&quot;content_width&quot;:&quot;full&quot;}\">\n\t\t<div class=\"elementor-element elementor-element-2de81bf e-con-boxed e-flex e-con\" data-id=\"2de81bf\" data-element_type=\"container\" data-settings=\"{&quot;content_width&quot;:&quot;boxed&quot;}\">\n\t\t\t\t\t<div class=\"e-con-inner\">\n\t\t\t\t<div class=\"elementor-element elementor-element-81a5fc1 elementor-invisible elementor-widget elementor-widget-premium-addon-modal-box\" data-id=\"81a5fc1\" data-element_type=\"widget\" data-settings=\"{&quot;_animation&quot;:&quot;fadeIn&quot;,&quot;premium_modal_box_animation&quot;:&quot;fadeInDown&quot;}\" data-widget_type=\"premium-addon-modal-box.default\">\n\t\t\t\t<div class=\"elementor-widget-container\">\n\t\t\t\r\n\t\t<div class=\"premium-modal-box-container\" data-settings=\"{&quot;trigger&quot;:&quot;image&quot;}\">\r\n\t\t\t<div class=\"premium-modal-trigger-container\">\r\n\t\t\t\t\t\t\t\t\t<img decoding=\"async\" data-toggle=\"premium-modal\" data-target=\"#premium-modal-81a5fc1\" class=\"premium-modal-trigger-img\" src=\" https:\/\/amnistia.org.mx\/contenido\/wp-content\/uploads\/2025\/07\/adrianas.jpg\" alt=\"adrianas\">\r\n\t\t\t\t\t\t\t<\/div>\r\n\r\n\t\t\t<div id=\"premium-modal-81a5fc1\" class=\"premium-modal-box-modal\" role=\"dialog\" style=\"display: none\">\r\n\t\t\t\t<div class=\"premium-modal-box-modal-dialog\" data-delay-animation=\"\" data-modal-animation=\"fadeInDown animated-fast\">\r\n\t\t\t\t\t\t\t\t\t\t\t<div class=\"premium-modal-box-modal-header\">\r\n\t\t\t\t\t\t\t\t\t\t\t\t\t\t\t<h3 class=\"premium-modal-box-modal-title\">\r\n\t\t\t\t\t\t\t\t\t\t\t\t<img decoding=\"async\" src=\" https:\/\/amnistia.org.mx\/contenido\/wp-content\/uploads\/2025\/07\/adrianas.jpg\" alt=\"adrianas\">\r\n\t\t\tAdriana S\u00e1nchez \t\t\t\t\t\t\t\t<\/h3>\r\n\t\t\t\t\t\t\t\t\t\t\t\t\t\t\t\t\t\t\t\t\t\t<div class=\"premium-modal-box-close-button-container\">\r\n\t\t\t\t\t\t\t\t\t<button type=\"button\" class=\"premium-modal-box-modal-close\" data-dismiss=\"premium-modal\">&times;<\/button>\r\n\t\t\t\t\t\t\t\t<\/div>\r\n\t\t\t\t\t\t\t\t\t\t\t\t\t<\/div>\r\n\t\t\t\t\t\t\t\t\t\t<div class=\"premium-modal-box-modal-body\">\r\n\t\t\t\t\t\t<p><strong>Subdirectora de programas<\/strong><\/p><div class=\"x_elementToProof\" role=\"presentation\" data-olk-copy-source=\"MessageBody\"><span data-olk-copy-source=\"MessageBody\">Adriana S\u00e1nchez es Licenciada en Derecho por la Universidad Veracruzana y Maestra en Derechos Humanos y Democracia por FLACSO-M\u00e9xico. Ha trabajado en la academia, el sector p\u00fablico y la sociedad civil y es especialista en cooperaci\u00f3n internacional, seguridad con enfoque interseccional para personas defensoras de derechos humanos y monitoreo, evaluaci\u00f3n y aprendizaje de proyectos. <\/span><\/div><div role=\"presentation\" data-olk-copy-source=\"MessageBody\">\u00a0<\/div><div class=\"x_elementToProof\" role=\"presentation\" data-olk-copy-source=\"MessageBody\"><span data-olk-copy-source=\"MessageBody\">Actualmente se desempe\u00f1a como Subdirectora de Programas en Amnist\u00eda Internacional M\u00e9xico, donde coordina las \u00e1reas de Investigaci\u00f3n, Incidencia, Fortalecimiento del Movimiento, Comunicaci\u00f3n y Campa\u00f1as.<\/span><\/div><div dir=\"auto\">\u00a0<\/div>\t\t\t\t\t<\/div>\r\n\t\t\t\t\t\t\t\t\t\t\t<div class=\"premium-modal-box-modal-footer\">\r\n\t\t\t\t\t\t\t<button type=\"button\" class=\"premium-modal-box-modal-lower-close\" data-dismiss=\"premium-modal\">\r\n\t\t\t\t\t\t\t\tCerrar\t\t\t\t\t\t\t<\/button>\r\n\t\t\t\t\t\t<\/div>\r\n\t\t\t\t\t\t\t\t\t<\/div>\r\n\t\t\t<\/div>\r\n\t\t<\/div>\r\n\r\n\t\t\t\t<\/div>\n\t\t\t\t<\/div>\n\t\t\t\t<div class=\"elementor-element elementor-element-b8e22d3 elementor-widget elementor-widget-heading\" data-id=\"b8e22d3\" data-element_type=\"widget\" data-widget_type=\"heading.default\">\n\t\t\t\t<div class=\"elementor-widget-container\">\n\t\t\t<h2 class=\"elementor-heading-title elementor-size-default\">Adriana S\u00e1nchez<\/h2>\t\t<\/div>\n\t\t\t\t<\/div>\n\t\t\t\t<div class=\"elementor-element elementor-element-b2af510 elementor-widget elementor-widget-heading\" data-id=\"b2af510\" data-element_type=\"widget\" data-widget_type=\"heading.default\">\n\t\t\t\t<div class=\"elementor-widget-container\">\n\t\t\t<h2 class=\"elementor-heading-title elementor-size-default\">Subdirectora de Programas<\/h2>\t\t<\/div>\n\t\t\t\t<\/div>\n\t\t\t\t\t<\/div>\n\t\t\t\t<\/div>\n\t\t\t\t<\/div>\n\t\t<div class=\"elementor-element elementor-element-016fbfc e-con-full elementor-hidden-desktop elementor-hidden-tablet elementor-hidden-mobile e-flex e-con\" data-id=\"016fbfc\" data-element_type=\"container\" data-settings=\"{&quot;content_width&quot;:&quot;full&quot;}\">\n\t\t\t\t<div class=\"elementor-element elementor-element-c98408f elementor-position-top elementor-vertical-align-top elementor-widget elementor-widget-image-box\" data-id=\"c98408f\" data-element_type=\"widget\" data-widget_type=\"image-box.default\">\n\t\t\t\t<div class=\"elementor-widget-container\">\n\t\t\t<div class=\"elementor-image-box-wrapper\"><figure class=\"elementor-image-box-img\"><img decoding=\"async\" width=\"300\" height=\"300\" src=\"https:\/\/amnistia.org.mx\/contenido\/wp-content\/uploads\/2023\/12\/fer.jpg\" class=\"attachment-full size-full wp-image-29225\" alt=\"\" loading=\"lazy\" \/><\/figure><div class=\"elementor-image-box-content\"><h3 class=\"elementor-image-box-title\">Fernanda Rivero<\/h3><p class=\"elementor-image-box-description\">Jefa de Fortalecimiento del Movimiento<\/p><\/div><\/div>\t\t<\/div>\n\t\t\t\t<\/div>\n\t\t\t\t<\/div>\n\t\t<div class=\"elementor-element elementor-element-40f638f e-con-full elementor-hidden-desktop elementor-hidden-tablet elementor-hidden-mobile e-flex e-con\" data-id=\"40f638f\" data-element_type=\"container\" data-settings=\"{&quot;content_width&quot;:&quot;full&quot;}\">\n\t\t\t\t<div class=\"elementor-element elementor-element-246084c elementor-position-top elementor-vertical-align-top elementor-widget elementor-widget-image-box\" data-id=\"246084c\" data-element_type=\"widget\" data-widget_type=\"image-box.default\">\n\t\t\t\t<div class=\"elementor-widget-container\">\n\t\t\t<div class=\"elementor-image-box-wrapper\"><figure class=\"elementor-image-box-img\"><img decoding=\"async\" width=\"150\" height=\"150\" src=\"https:\/\/amnistia.org.mx\/contenido\/wp-content\/uploads\/2020\/04\/LOGO-150x150.jpg\" class=\"attachment-thumbnail size-thumbnail wp-image-9914\" alt=\"\" loading=\"lazy\" \/><\/figure><div class=\"elementor-image-box-content\"><h3 class=\"elementor-image-box-title\">Vacante<\/h3><p class=\"elementor-image-box-description\">Jefe de Campa\u00f1as y Comunicaci\u00f3n<\/p><\/div><\/div>\t\t<\/div>\n\t\t\t\t<\/div>\n\t\t\t\t<\/div>\n\t\t<div class=\"elementor-element elementor-element-a7dfaad e-con-full elementor-hidden-desktop elementor-hidden-tablet elementor-hidden-mobile e-flex e-con\" data-id=\"a7dfaad\" data-element_type=\"container\" data-settings=\"{&quot;content_width&quot;:&quot;full&quot;}\">\n\t\t\t\t<div class=\"elementor-element elementor-element-719b142 elementor-position-top elementor-vertical-align-top elementor-widget elementor-widget-image-box\" data-id=\"719b142\" data-element_type=\"widget\" data-widget_type=\"image-box.default\">\n\t\t\t\t<div class=\"elementor-widget-container\">\n\t\t\t<div class=\"elementor-image-box-wrapper\"><figure class=\"elementor-image-box-img\"><img decoding=\"async\" width=\"300\" height=\"300\" src=\"https:\/\/amnistia.org.mx\/contenido\/wp-content\/uploads\/2023\/12\/norma.jpg\" class=\"attachment-full size-full wp-image-29227\" alt=\"\" loading=\"lazy\" \/><\/figure><div class=\"elementor-image-box-content\"><h3 class=\"elementor-image-box-title\">Norma Gonz\u00e1lez <\/h3><p class=\"elementor-image-box-description\">Jefa de Investigaci\u00f3n<\/p><\/div><\/div>\t\t<\/div>\n\t\t\t\t<\/div>\n\t\t\t\t<\/div>\n\t\t<div class=\"elementor-element elementor-element-04dcd3f e-con-full elementor-hidden-desktop elementor-hidden-tablet elementor-hidden-mobile e-flex e-con\" data-id=\"04dcd3f\" data-element_type=\"container\" data-settings=\"{&quot;content_width&quot;:&quot;full&quot;}\">\n\t\t\t\t<div class=\"elementor-element elementor-element-91c3cdf elementor-position-top elementor-vertical-align-top elementor-widget elementor-widget-image-box\" data-id=\"91c3cdf\" data-element_type=\"widget\" data-widget_type=\"image-box.default\">\n\t\t\t\t<div class=\"elementor-widget-container\">\n\t\t\t<div class=\"elementor-image-box-wrapper\"><figure class=\"elementor-image-box-img\"><img decoding=\"async\" width=\"300\" height=\"300\" src=\"https:\/\/amnistia.org.mx\/contenido\/wp-content\/uploads\/2025\/07\/Georgette.jpg\" class=\"attachment-full size-full wp-image-39375\" alt=\"\" loading=\"lazy\" \/><\/figure><div class=\"elementor-image-box-content\"><h3 class=\"elementor-image-box-title\">Georgette Rosas<\/h3><p class=\"elementor-image-box-description\">Jefa de An\u00e1lisis e Incidencia\u200b<\/p><\/div><\/div>\t\t<\/div>\n\t\t\t\t<\/div>\n\t\t\t\t<\/div>\n\t\t<div class=\"elementor-element elementor-element-f1d0c32 e-con-full elementor-hidden-desktop elementor-hidden-tablet elementor-hidden-mobile e-flex e-con\" data-id=\"f1d0c32\" data-element_type=\"container\" data-settings=\"{&quot;content_width&quot;:&quot;full&quot;}\">\n\t\t\t\t<div class=\"elementor-element elementor-element-533197e elementor-position-top elementor-vertical-align-top elementor-widget elementor-widget-image-box\" data-id=\"533197e\" data-element_type=\"widget\" data-widget_type=\"image-box.default\">\n\t\t\t\t<div class=\"elementor-widget-container\">\n\t\t\t<div class=\"elementor-image-box-wrapper\"><figure class=\"elementor-image-box-img\"><img decoding=\"async\" width=\"300\" height=\"300\" src=\"https:\/\/amnistia.org.mx\/contenido\/wp-content\/uploads\/2025\/07\/Sarahi.jpg\" class=\"attachment-full size-full wp-image-39376\" alt=\"\" loading=\"lazy\" \/><\/figure><div class=\"elementor-image-box-content\"><h3 class=\"elementor-image-box-title\">Sarah\u00ed Castro<\/h3><p class=\"elementor-image-box-description\">Especialista en An\u00e1lisis e Incidencia<\/p><\/div><\/div>\t\t<\/div>\n\t\t\t\t<\/div>\n\t\t\t\t<\/div>\n\t\t<div class=\"elementor-element elementor-element-9c86d69 e-con-full elementor-hidden-desktop elementor-hidden-tablet elementor-hidden-mobile e-flex e-con\" data-id=\"9c86d69\" data-element_type=\"container\" data-settings=\"{&quot;content_width&quot;:&quot;full&quot;}\">\n\t\t<div class=\"elementor-element elementor-element-cdde4d1 e-con-full e-flex e-con\" data-id=\"cdde4d1\" data-element_type=\"container\" data-settings=\"{&quot;content_width&quot;:&quot;full&quot;}\">\n\t\t\t\t<div class=\"elementor-element elementor-element-a8ab0b1 elementor-position-top elementor-vertical-align-top elementor-widget elementor-widget-image-box\" data-id=\"a8ab0b1\" data-element_type=\"widget\" data-widget_type=\"image-box.default\">\n\t\t\t\t<div class=\"elementor-widget-container\">\n\t\t\t<div class=\"elementor-image-box-wrapper\"><figure class=\"elementor-image-box-img\"><img decoding=\"async\" width=\"300\" height=\"300\" src=\"https:\/\/amnistia.org.mx\/contenido\/wp-content\/uploads\/2025\/07\/Alejandro.jpg\" class=\"attachment-full size-full wp-image-39377\" alt=\"\" loading=\"lazy\" \/><\/figure><div class=\"elementor-image-box-content\"><h3 class=\"elementor-image-box-title\">Alejandro Ju\u00e1rez <\/h3><p class=\"elementor-image-box-description\">Especialista en Prensa y  Relaciones P\u00fablicas<\/p><\/div><\/div>\t\t<\/div>\n\t\t\t\t<\/div>\n\t\t\t\t<\/div>\n\t\t\t\t<\/div>\n\t\t<div class=\"elementor-element elementor-element-e74b78b e-con-full elementor-hidden-desktop elementor-hidden-tablet elementor-hidden-mobile e-flex e-con\" data-id=\"e74b78b\" data-element_type=\"container\" data-settings=\"{&quot;content_width&quot;:&quot;full&quot;}\">\n\t\t\t\t<div class=\"elementor-element elementor-element-ca2808a elementor-position-top elementor-vertical-align-top elementor-widget elementor-widget-image-box\" data-id=\"ca2808a\" data-element_type=\"widget\" data-widget_type=\"image-box.default\">\n\t\t\t\t<div class=\"elementor-widget-container\">\n\t\t\t<div class=\"elementor-image-box-wrapper\"><figure class=\"elementor-image-box-img\"><img decoding=\"async\" width=\"300\" height=\"300\" src=\"https:\/\/amnistia.org.mx\/contenido\/wp-content\/uploads\/2025\/08\/Alfonso.jpg\" class=\"attachment-full size-full wp-image-39630\" alt=\"\" loading=\"lazy\" \/><\/figure><div class=\"elementor-image-box-content\"><h3 class=\"elementor-image-box-title\">Alfonso Ochoa<\/h3><p class=\"elementor-image-box-description\">Responsable de Educaci\u00f3n en Derechos Humanos<\/p><\/div><\/div>\t\t<\/div>\n\t\t\t\t<\/div>\n\t\t\t\t<\/div>\n\t\t<div class=\"elementor-element elementor-element-d72d7bf e-con-full elementor-hidden-desktop elementor-hidden-tablet elementor-hidden-mobile e-flex e-con\" data-id=\"d72d7bf\" data-element_type=\"container\" data-settings=\"{&quot;content_width&quot;:&quot;full&quot;}\">\n\t\t<div class=\"elementor-element elementor-element-bb081e9 e-con-full e-flex e-con\" data-id=\"bb081e9\" data-element_type=\"container\" data-settings=\"{&quot;content_width&quot;:&quot;full&quot;}\">\n\t\t\t\t<div class=\"elementor-element elementor-element-ad0d0a5 elementor-position-top elementor-vertical-align-top elementor-widget elementor-widget-image-box\" data-id=\"ad0d0a5\" data-element_type=\"widget\" data-widget_type=\"image-box.default\">\n\t\t\t\t<div class=\"elementor-widget-container\">\n\t\t\t<div class=\"elementor-image-box-wrapper\"><figure class=\"elementor-image-box-img\"><img decoding=\"async\" width=\"301\" height=\"301\" src=\"https:\/\/amnistia.org.mx\/contenido\/wp-content\/uploads\/2024\/09\/brittany.jpg\" class=\"attachment-full size-full wp-image-33584\" alt=\"\" loading=\"lazy\" \/><\/figure><div class=\"elementor-image-box-content\"><h3 class=\"elementor-image-box-title\">Brittany Huesca<\/h3><p class=\"elementor-image-box-description\">Responsable de Activismo<\/p><\/div><\/div>\t\t<\/div>\n\t\t\t\t<\/div>\n\t\t\t\t<\/div>\n\t\t\t\t<\/div>\n\t\t<div class=\"elementor-element elementor-element-f5dcc60 e-con-full elementor-hidden-desktop elementor-hidden-tablet elementor-hidden-mobile e-flex e-con\" data-id=\"f5dcc60\" data-element_type=\"container\" data-settings=\"{&quot;content_width&quot;:&quot;full&quot;}\">\n\t\t<div class=\"elementor-element elementor-element-6666d5a e-con-full e-flex e-con\" data-id=\"6666d5a\" data-element_type=\"container\" data-settings=\"{&quot;content_width&quot;:&quot;full&quot;}\">\n\t\t\t\t<div class=\"elementor-element elementor-element-48be61a elementor-position-top elementor-vertical-align-top elementor-widget elementor-widget-image-box\" data-id=\"48be61a\" data-element_type=\"widget\" data-widget_type=\"image-box.default\">\n\t\t\t\t<div class=\"elementor-widget-container\">\n\t\t\t<div class=\"elementor-image-box-wrapper\"><figure class=\"elementor-image-box-img\"><img decoding=\"async\" width=\"150\" height=\"150\" src=\"https:\/\/amnistia.org.mx\/contenido\/wp-content\/uploads\/2025\/07\/gustavom-150x150.jpg\" class=\"attachment-thumbnail size-thumbnail wp-image-38732\" alt=\"\" loading=\"lazy\" \/><\/figure><div class=\"elementor-image-box-content\"><h3 class=\"elementor-image-box-title\">Gustavo Mart\u00ednez<\/h3><p class=\"elementor-image-box-description\">Responsable de Dise\u00f1o y Producci\u00f3n Audiovisual<\/p><\/div><\/div>\t\t<\/div>\n\t\t\t\t<\/div>\n\t\t\t\t<\/div>\n\t\t\t\t<\/div>\n\t\t<div class=\"elementor-element elementor-element-2f42ee9 e-con-full elementor-hidden-desktop elementor-hidden-tablet elementor-hidden-mobile e-flex e-con\" data-id=\"2f42ee9\" data-element_type=\"container\" data-settings=\"{&quot;content_width&quot;:&quot;full&quot;}\">\n\t\t\t\t<div class=\"elementor-element elementor-element-feaa365 elementor-position-top elementor-vertical-align-top elementor-widget elementor-widget-image-box\" data-id=\"feaa365\" data-element_type=\"widget\" data-widget_type=\"image-box.default\">\n\t\t\t\t<div class=\"elementor-widget-container\">\n\t\t\t<div class=\"elementor-image-box-wrapper\"><figure class=\"elementor-image-box-img\"><img decoding=\"async\" width=\"300\" height=\"300\" src=\"https:\/\/amnistia.org.mx\/contenido\/wp-content\/uploads\/2023\/12\/Carla.jpg\" class=\"attachment-full size-full wp-image-29230\" alt=\"\" loading=\"lazy\" \/><\/figure><div class=\"elementor-image-box-content\"><h3 class=\"elementor-image-box-title\">Carla Ram\u00edrez<\/h3><p class=\"elementor-image-box-description\">Asistente de Prensa y Relaciones P\u00fablicas <\/p><\/div><\/div>\t\t<\/div>\n\t\t\t\t<\/div>\n\t\t\t\t<\/div>\n\t\t<div class=\"elementor-element elementor-element-6f4884c e-con-full elementor-hidden-desktop elementor-hidden-tablet elementor-hidden-mobile e-flex e-con\" data-id=\"6f4884c\" data-element_type=\"container\" data-settings=\"{&quot;content_width&quot;:&quot;full&quot;}\">\n\t\t\t\t<div class=\"elementor-element elementor-element-0cff1d0 elementor-position-top elementor-vertical-align-top elementor-widget elementor-widget-image-box\" data-id=\"0cff1d0\" data-element_type=\"widget\" data-widget_type=\"image-box.default\">\n\t\t\t\t<div class=\"elementor-widget-container\">\n\t\t\t<div class=\"elementor-image-box-wrapper\"><figure class=\"elementor-image-box-img\"><img decoding=\"async\" width=\"300\" height=\"300\" src=\"https:\/\/amnistia.org.mx\/contenido\/wp-content\/uploads\/2025\/07\/fernandaj.jpg\" class=\"attachment-full size-full wp-image-38731\" alt=\"\" loading=\"lazy\" \/><\/figure><div class=\"elementor-image-box-content\"><h3 class=\"elementor-image-box-title\">Fernanda Jim\u00e9nez<\/h3><p class=\"elementor-image-box-description\">Responsable de Comunicaci\u00f3n Digital\u200b<\/p><\/div><\/div>\t\t<\/div>\n\t\t\t\t<\/div>\n\t\t\t\t<\/div>\n\t\t<div class=\"elementor-element elementor-element-6e8c166 e-con-full e-flex e-con\" data-id=\"6e8c166\" data-element_type=\"container\" data-settings=\"{&quot;content_width&quot;:&quot;full&quot;}\">\n\t\t<div class=\"elementor-element elementor-element-7867586 e-con-full e-flex e-con\" data-id=\"7867586\" data-element_type=\"container\" data-settings=\"{&quot;content_width&quot;:&quot;full&quot;}\">\n\t\t\t\t<\/div>\n\t\t\t\t<\/div>\n\t\t<div class=\"elementor-element elementor-element-e118909 e-con-full e-flex e-con\" data-id=\"e118909\" data-element_type=\"container\" data-settings=\"{&quot;content_width&quot;:&quot;full&quot;}\">\n\t\t\t\t<\/div>\n\t\t<div class=\"elementor-element elementor-element-dc6f4f1 e-con-full e-flex e-con\" data-id=\"dc6f4f1\" data-element_type=\"container\" data-settings=\"{&quot;content_width&quot;:&quot;full&quot;}\">\n\t\t\t\t<\/div>\n\t\t<div class=\"elementor-element elementor-element-fcb8ea0 e-con-full e-flex e-con\" data-id=\"fcb8ea0\" data-element_type=\"container\" data-settings=\"{&quot;content_width&quot;:&quot;full&quot;}\">\n\t\t\t\t<\/div>\n\t\t<div class=\"elementor-element elementor-element-ae2d3ae e-con-full e-flex e-con\" data-id=\"ae2d3ae\" data-element_type=\"container\" data-settings=\"{&quot;content_width&quot;:&quot;full&quot;}\">\n\t\t\t\t<\/div>\n\t\t<div class=\"elementor-element elementor-element-2ad7210 e-con-full e-flex e-con\" data-id=\"2ad7210\" data-element_type=\"container\" data-settings=\"{&quot;content_width&quot;:&quot;full&quot;}\">\n\t\t\t\t<\/div>\n\t\t<div class=\"elementor-element elementor-element-1535993 e-con-full e-flex e-con\" data-id=\"1535993\" data-element_type=\"container\" data-settings=\"{&quot;content_width&quot;:&quot;full&quot;}\">\n\t\t\t\t<\/div>\n\t\t<div class=\"elementor-element elementor-element-b89b525 e-con-full e-flex e-con\" data-id=\"b89b525\" data-element_type=\"container\" data-settings=\"{&quot;content_width&quot;:&quot;full&quot;}\">\n\t\t\t\t<\/div>\n\t\t<div class=\"elementor-element elementor-element-e9acaa6 e-con-full e-flex e-con\" data-id=\"e9acaa6\" data-element_type=\"container\" data-settings=\"{&quot;content_width&quot;:&quot;full&quot;}\">\n\t\t<div class=\"elementor-element elementor-element-9896ccf e-con-full e-flex e-con\" data-id=\"9896ccf\" data-element_type=\"container\" data-settings=\"{&quot;content_width&quot;:&quot;full&quot;}\">\n\t\t\t\t<\/div>\n\t\t<div class=\"elementor-element elementor-element-5c43692 e-con-full e-flex e-con\" data-id=\"5c43692\" data-element_type=\"container\" data-settings=\"{&quot;content_width&quot;:&quot;full&quot;}\">\n\t\t\t\t<\/div>\n\t\t\t\t<\/div>\n\t\t\t\t\t<\/div>\n\t\t\t\t<\/div>\n\t\t<div class=\"e-n-tab-title e-collapse\" aria-selected=\"false\" data-tab=\"5\" role=\"tab\" tabindex=\"-1\" aria-controls=\"e-n-tab-content-1435\" aria-expanded=\"false\" id=\"e-n-tabs-title-1435-accordion\">\t<span class=\"e-n-tab-icon\"><\/span>\t<span class=\"e-n-tab-title-text\">ADMINISTRACI\u00d3N<\/span><\/div><div class=\"elementor-element elementor-element-b28017a e-con-boxed e-flex e-con\" data-id=\"b28017a\" data-element_type=\"container\" data-settings=\"{&quot;content_width&quot;:&quot;boxed&quot;}\">\n\t\t\t\t\t<div class=\"e-con-inner\">\n\t\t<div class=\"elementor-element elementor-element-da61490 e-con-full e-flex e-con\" data-id=\"da61490\" data-element_type=\"container\" data-settings=\"{&quot;content_width&quot;:&quot;full&quot;}\">\n\t\t<div class=\"elementor-element elementor-element-2b43a00 e-con-boxed e-flex e-con\" data-id=\"2b43a00\" data-element_type=\"container\" data-settings=\"{&quot;content_width&quot;:&quot;boxed&quot;}\">\n\t\t\t\t\t<div class=\"e-con-inner\">\n\t\t\t\t<div class=\"elementor-element elementor-element-65d031e elementor-widget elementor-widget-heading\" data-id=\"65d031e\" data-element_type=\"widget\" data-widget_type=\"heading.default\">\n\t\t\t\t<div class=\"elementor-widget-container\">\n\t\t\t<h2 class=\"elementor-heading-title elementor-size-default\"> <\/h2>\t\t<\/div>\n\t\t\t\t<\/div>\n\t\t\t\t<div class=\"elementor-element elementor-element-933fac4 elementor-widget elementor-widget-heading\" data-id=\"933fac4\" data-element_type=\"widget\" data-widget_type=\"heading.default\">\n\t\t\t\t<div class=\"elementor-widget-container\">\n\t\t\t<h2 class=\"elementor-heading-title elementor-size-default\">Subdirectora de Administraci\u00f3n<\/h2>\t\t<\/div>\n\t\t\t\t<\/div>\n\t\t\t\t\t<\/div>\n\t\t\t\t<\/div>\n\t\t\t\t<\/div>\n\t\t<div class=\"elementor-element elementor-element-4bb8e3b e-con-full elementor-hidden-desktop elementor-hidden-tablet elementor-hidden-mobile e-flex e-con\" data-id=\"4bb8e3b\" data-element_type=\"container\" data-settings=\"{&quot;content_width&quot;:&quot;full&quot;}\">\n\t\t\t\t<div class=\"elementor-element elementor-element-d637add elementor-position-top elementor-vertical-align-top elementor-widget elementor-widget-image-box\" data-id=\"d637add\" data-element_type=\"widget\" data-widget_type=\"image-box.default\">\n\t\t\t\t<div class=\"elementor-widget-container\">\n\t\t\t<div class=\"elementor-image-box-wrapper\"><figure class=\"elementor-image-box-img\"><img decoding=\"async\" width=\"300\" height=\"300\" src=\"https:\/\/amnistia.org.mx\/contenido\/wp-content\/uploads\/2025\/07\/taniaA.jpg\" class=\"attachment-full size-full wp-image-38727\" alt=\"\" loading=\"lazy\" \/><\/figure><div class=\"elementor-image-box-content\"><h3 class=\"elementor-image-box-title\">Tania \u00c1vila<\/h3><p class=\"elementor-image-box-description\">Jefa de Administraci\u00f3n y Finanzas<\/p><\/div><\/div>\t\t<\/div>\n\t\t\t\t<\/div>\n\t\t\t\t<\/div>\n\t\t<div class=\"elementor-element elementor-element-d472848 e-con-full elementor-hidden-desktop elementor-hidden-tablet elementor-hidden-mobile e-flex e-con\" data-id=\"d472848\" data-element_type=\"container\" data-settings=\"{&quot;content_width&quot;:&quot;full&quot;}\">\n\t\t\t\t<div class=\"elementor-element elementor-element-45dacaa elementor-position-top elementor-vertical-align-top elementor-widget elementor-widget-image-box\" data-id=\"45dacaa\" data-element_type=\"widget\" data-widget_type=\"image-box.default\">\n\t\t\t\t<div class=\"elementor-widget-container\">\n\t\t\t<div class=\"elementor-image-box-wrapper\"><figure class=\"elementor-image-box-img\"><img decoding=\"async\" width=\"546\" height=\"546\" src=\"https:\/\/amnistia.org.mx\/contenido\/wp-content\/uploads\/2023\/12\/Pablo.jpg\" class=\"attachment-full size-full wp-image-28936\" alt=\"\" loading=\"lazy\" \/><\/figure><div class=\"elementor-image-box-content\"><h3 class=\"elementor-image-box-title\">Pablo Vera<\/h3><p class=\"elementor-image-box-description\">Jefe de Tecnolog\u00edas de la Informaci\u00f3n y Comunicaci\u00f3n<\/p><\/div><\/div>\t\t<\/div>\n\t\t\t\t<\/div>\n\t\t\t\t<\/div>\n\t\t<div class=\"elementor-element elementor-element-5c819c3 e-con-full elementor-hidden-desktop elementor-hidden-tablet elementor-hidden-mobile e-flex e-con\" data-id=\"5c819c3\" data-element_type=\"container\" data-settings=\"{&quot;content_width&quot;:&quot;full&quot;}\">\n\t\t\t\t<div class=\"elementor-element elementor-element-4482ee5 elementor-position-top elementor-vertical-align-top elementor-widget elementor-widget-image-box\" data-id=\"4482ee5\" data-element_type=\"widget\" data-widget_type=\"image-box.default\">\n\t\t\t\t<div class=\"elementor-widget-container\">\n\t\t\t<div class=\"elementor-image-box-wrapper\"><figure class=\"elementor-image-box-img\"><img decoding=\"async\" width=\"300\" height=\"300\" src=\"https:\/\/amnistia.org.mx\/contenido\/wp-content\/uploads\/2023\/12\/Carlos.jpg\" class=\"attachment-full size-full wp-image-28942\" alt=\"\" loading=\"lazy\" \/><\/figure><div class=\"elementor-image-box-content\"><h3 class=\"elementor-image-box-title\">Carlos Guzm\u00e1n<\/h3><p class=\"elementor-image-box-description\">Especialista en Tecnolog\u00edas de la Informaci\u00f3n y Comunicaci\u00f3n<\/p><\/div><\/div>\t\t<\/div>\n\t\t\t\t<\/div>\n\t\t\t\t<\/div>\n\t\t<div class=\"elementor-element elementor-element-ae48b78 e-con-full elementor-hidden-desktop elementor-hidden-tablet elementor-hidden-mobile e-flex e-con\" data-id=\"ae48b78\" data-element_type=\"container\" data-settings=\"{&quot;content_width&quot;:&quot;full&quot;}\">\n\t\t\t\t<div class=\"elementor-element elementor-element-33f8add elementor-position-top elementor-vertical-align-top elementor-widget elementor-widget-image-box\" data-id=\"33f8add\" data-element_type=\"widget\" data-widget_type=\"image-box.default\">\n\t\t\t\t<div class=\"elementor-widget-container\">\n\t\t\t<div class=\"elementor-image-box-wrapper\"><figure class=\"elementor-image-box-img\"><img decoding=\"async\" width=\"300\" height=\"300\" src=\"https:\/\/amnistia.org.mx\/contenido\/wp-content\/uploads\/2023\/12\/Ari.jpg\" class=\"attachment-full size-full wp-image-28935\" alt=\"\" loading=\"lazy\" \/><\/figure><div class=\"elementor-image-box-content\"><h3 class=\"elementor-image-box-title\">Ariadna S\u00e1nchez<\/h3><p class=\"elementor-image-box-description\">Especialista de Administraci\u00f3n<\/p><\/div><\/div>\t\t<\/div>\n\t\t\t\t<\/div>\n\t\t\t\t<\/div>\n\t\t<div class=\"elementor-element elementor-element-837e695 e-con-full elementor-hidden-desktop elementor-hidden-tablet elementor-hidden-mobile e-flex e-con\" data-id=\"837e695\" data-element_type=\"container\" data-settings=\"{&quot;content_width&quot;:&quot;full&quot;}\">\n\t\t<div class=\"elementor-element elementor-element-a12ecd5 e-con-full e-flex e-con\" data-id=\"a12ecd5\" data-element_type=\"container\" data-settings=\"{&quot;content_width&quot;:&quot;full&quot;}\">\n\t\t\t\t<div class=\"elementor-element elementor-element-040c1c2 elementor-position-top elementor-vertical-align-top elementor-widget elementor-widget-image-box\" data-id=\"040c1c2\" data-element_type=\"widget\" data-widget_type=\"image-box.default\">\n\t\t\t\t<div class=\"elementor-widget-container\">\n\t\t\t<div class=\"elementor-image-box-wrapper\"><figure class=\"elementor-image-box-img\"><img decoding=\"async\" width=\"300\" height=\"300\" src=\"https:\/\/amnistia.org.mx\/contenido\/wp-content\/uploads\/2025\/07\/nuria.jpg\" class=\"attachment-full size-full wp-image-38729\" alt=\"\" loading=\"lazy\" \/><\/figure><div class=\"elementor-image-box-content\"><h3 class=\"elementor-image-box-title\">Nuria  Rodr\u00edguez<\/h3><p class=\"elementor-image-box-description\">Responsable en Administraci\u00f3n y Log\u00edstica<\/p><\/div><\/div>\t\t<\/div>\n\t\t\t\t<\/div>\n\t\t\t\t<\/div>\n\t\t\t\t<\/div>\n\t\t<div class=\"elementor-element elementor-element-dd3433f e-con-full elementor-hidden-desktop elementor-hidden-tablet elementor-hidden-mobile e-flex e-con\" data-id=\"dd3433f\" data-element_type=\"container\" data-settings=\"{&quot;content_width&quot;:&quot;full&quot;}\">\n\t\t<div class=\"elementor-element elementor-element-85d30fa e-con-full e-flex e-con\" data-id=\"85d30fa\" data-element_type=\"container\" data-settings=\"{&quot;content_width&quot;:&quot;full&quot;}\">\n\t\t<div class=\"elementor-element elementor-element-9a732ff e-con-full e-flex e-con\" data-id=\"9a732ff\" data-element_type=\"container\" data-settings=\"{&quot;content_width&quot;:&quot;full&quot;}\">\n\t\t\t\t<div class=\"elementor-element elementor-element-a9c7bec elementor-position-top elementor-vertical-align-top elementor-widget elementor-widget-image-box\" data-id=\"a9c7bec\" data-element_type=\"widget\" data-widget_type=\"image-box.default\">\n\t\t\t\t<div class=\"elementor-widget-container\">\n\t\t\t<div class=\"elementor-image-box-wrapper\"><figure class=\"elementor-image-box-img\"><img decoding=\"async\" width=\"300\" height=\"300\" src=\"https:\/\/amnistia.org.mx\/contenido\/wp-content\/uploads\/2023\/12\/Eu.jpg\" class=\"attachment-full size-full wp-image-28941\" alt=\"\" loading=\"lazy\" \/><\/figure><div class=\"elementor-image-box-content\"><h3 class=\"elementor-image-box-title\">Eufracia Quiroz <\/h3><p class=\"elementor-image-box-description\">Auxiliar de limpieza<\/p><\/div><\/div>\t\t<\/div>\n\t\t\t\t<\/div>\n\t\t\t\t<\/div>\n\t\t\t\t<\/div>\n\t\t\t\t<\/div>\n\t\t<div class=\"elementor-element elementor-element-6701008 e-con-full e-flex e-con\" data-id=\"6701008\" data-element_type=\"container\" data-settings=\"{&quot;content_width&quot;:&quot;full&quot;}\">\n\t\t\t\t<\/div>\n\t\t<div class=\"elementor-element elementor-element-f1bf1d7 e-con-full e-flex e-con\" data-id=\"f1bf1d7\" data-element_type=\"container\" data-settings=\"{&quot;content_width&quot;:&quot;full&quot;}\">\n\t\t\t\t<\/div>\n\t\t<div class=\"elementor-element elementor-element-7d22445 e-con-full e-flex e-con\" data-id=\"7d22445\" data-element_type=\"container\" data-settings=\"{&quot;content_width&quot;:&quot;full&quot;}\">\n\t\t\t\t<\/div>\n\t\t<div class=\"elementor-element elementor-element-78da823 e-con-full e-flex e-con\" data-id=\"78da823\" data-element_type=\"container\" data-settings=\"{&quot;content_width&quot;:&quot;full&quot;}\">\n\t\t\t\t<\/div>\n\t\t<div class=\"elementor-element elementor-element-bc34da7 e-con-full e-flex e-con\" data-id=\"bc34da7\" data-element_type=\"container\" data-settings=\"{&quot;content_width&quot;:&quot;full&quot;}\">\n\t\t\t\t<\/div>\n\t\t\t\t\t<\/div>\n\t\t\t\t<\/div>\n\t\t<div class=\"e-n-tab-title e-collapse\" aria-selected=\"false\" data-tab=\"6\" role=\"tab\" tabindex=\"-1\" aria-controls=\"e-n-tab-content-1436\" aria-expanded=\"false\" id=\"e-n-tabs-title-1436-accordion\">\t<span class=\"e-n-tab-icon\"><\/span>\t<span class=\"e-n-tab-title-text\">PLANEACI\u00d3N Y GESTI\u00d3N DE TALENTO<\/span><\/div><div class=\"elementor-element elementor-element-187a7da e-con-boxed e-flex e-con\" data-id=\"187a7da\" data-element_type=\"container\" data-settings=\"{&quot;content_width&quot;:&quot;boxed&quot;}\">\n\t\t\t\t\t<div class=\"e-con-inner\">\n\t\t<div class=\"elementor-element elementor-element-7048d41 e-con-full e-flex e-con\" data-id=\"7048d41\" data-element_type=\"container\" data-settings=\"{&quot;content_width&quot;:&quot;full&quot;}\">\n\t\t<div class=\"elementor-element elementor-element-48bf15d e-con-full elementor-hidden-desktop elementor-hidden-tablet elementor-hidden-mobile e-flex e-con\" data-id=\"48bf15d\" data-element_type=\"container\" data-settings=\"{&quot;content_width&quot;:&quot;full&quot;}\">\n\t\t\t\t<div class=\"elementor-element elementor-element-d84dd3f elementor-position-top elementor-vertical-align-top elementor-widget elementor-widget-image-box\" data-id=\"d84dd3f\" data-element_type=\"widget\" data-widget_type=\"image-box.default\">\n\t\t\t\t<div class=\"elementor-widget-container\">\n\t\t\t<div class=\"elementor-image-box-wrapper\"><figure class=\"elementor-image-box-img\"><img decoding=\"async\" width=\"300\" height=\"298\" src=\"https:\/\/amnistia.org.mx\/contenido\/wp-content\/uploads\/2025\/07\/andrer.jpg\" class=\"attachment-full size-full wp-image-38724\" alt=\"\" loading=\"lazy\" \/><\/figure><div class=\"elementor-image-box-content\"><h3 class=\"elementor-image-box-title\">Andr\u00e9 Rivadeneyra<\/h3><p class=\"elementor-image-box-description\">Jefe de Planeaci\u00f3n y Gesti\u00f3n de Talento<\/p><\/div><\/div>\t\t<\/div>\n\t\t\t\t<\/div>\n\t\t\t\t<\/div>\n\t\t\t\t<\/div>\n\t\t<div class=\"elementor-element elementor-element-38bfc30 e-con-full elementor-hidden-desktop elementor-hidden-tablet elementor-hidden-mobile e-flex e-con\" data-id=\"38bfc30\" data-element_type=\"container\" data-settings=\"{&quot;content_width&quot;:&quot;full&quot;}\">\n\t\t\t\t<div class=\"elementor-element elementor-element-8064fb5 elementor-widget__width-initial elementor-position-top elementor-vertical-align-top elementor-widget elementor-widget-image-box\" data-id=\"8064fb5\" data-element_type=\"widget\" data-widget_type=\"image-box.default\">\n\t\t\t\t<div class=\"elementor-widget-container\">\n\t\t\t<div class=\"elementor-image-box-wrapper\"><figure class=\"elementor-image-box-img\"><img decoding=\"async\" width=\"300\" height=\"300\" src=\"https:\/\/amnistia.org.mx\/contenido\/wp-content\/uploads\/2025\/07\/scarletts.jpg\" class=\"attachment-full size-full wp-image-38725\" alt=\"\" loading=\"lazy\" \/><\/figure><div class=\"elementor-image-box-content\"><h3 class=\"elementor-image-box-title\">Scarlett Santoyo<\/h3><p class=\"elementor-image-box-description\">Especialista de Gesti\u00f3n y Talento<\/p><\/div><\/div>\t\t<\/div>\n\t\t\t\t<\/div>\n\t\t\t\t<\/div>\n\t\t<div class=\"elementor-element elementor-element-b7da0f2 e-con-full elementor-hidden-desktop elementor-hidden-tablet elementor-hidden-mobile e-flex e-con\" data-id=\"b7da0f2\" data-element_type=\"container\" data-settings=\"{&quot;content_width&quot;:&quot;full&quot;}\">\n\t\t\t\t<div class=\"elementor-element elementor-element-5aa622d elementor-widget__width-initial elementor-position-top elementor-vertical-align-top elementor-widget elementor-widget-image-box\" data-id=\"5aa622d\" data-element_type=\"widget\" data-widget_type=\"image-box.default\">\n\t\t\t\t<div class=\"elementor-widget-container\">\n\t\t\t<div class=\"elementor-image-box-wrapper\"><figure class=\"elementor-image-box-img\"><img decoding=\"async\" width=\"340\" height=\"340\" src=\"https:\/\/amnistia.org.mx\/contenido\/wp-content\/uploads\/2024\/07\/anakarenm.jpg\" class=\"attachment-full size-full wp-image-32553\" alt=\"\" loading=\"lazy\" \/><\/figure><div class=\"elementor-image-box-content\"><h3 class=\"elementor-image-box-title\">Ana Karen Montiel<\/h3><p class=\"elementor-image-box-description\">Responsable de RH para recaudaci\u00f3n de fondos<\/p><\/div><\/div>\t\t<\/div>\n\t\t\t\t<\/div>\n\t\t\t\t<\/div>\n\t\t\t\t\t<\/div>\n\t\t\t\t<\/div>\n\t\t\t\t\t<\/div>\n\t\t<\/div>\n\t\t\t\t<\/div>\n\t\t\t\t<\/div>\n\t\t\t\t\t<\/div>\n\t\t\t\t<\/div>\n\t\t<div class=\"elementor-element elementor-element-7c6f610 e-con-boxed e-flex e-con\" data-id=\"7c6f610\" data-element_type=\"container\" data-settings=\"{&quot;content_width&quot;:&quot;boxed&quot;}\">\n\t\t\t\t\t<div class=\"e-con-inner\">\n\t\t\t\t\t<\/div>\n\t\t\t\t<\/div>\n\t\t<div class=\"elementor-element elementor-element-ebd0fcb e-con-boxed e-flex e-con\" data-id=\"ebd0fcb\" data-element_type=\"container\" data-settings=\"{&quot;content_width&quot;:&quot;boxed&quot;}\">\n\t\t\t\t\t<div class=\"e-con-inner\">\n\t\t\t\t<div class=\"elementor-element elementor-element-8ed2d27 elementor-widget-divider--view-line elementor-widget elementor-widget-divider\" data-id=\"8ed2d27\" data-element_type=\"widget\" data-widget_type=\"divider.default\">\n\t\t\t\t<div class=\"elementor-widget-container\">\n\t\t\t<style>\/*! elementor - v3.11.5 - 14-03-2023 *\/\n.elementor-widget-divider{--divider-border-style:none;--divider-border-width:1px;--divider-color:#0c0d0e;--divider-icon-size:20px;--divider-element-spacing:10px;--divider-pattern-height:24px;--divider-pattern-size:20px;--divider-pattern-url:none;--divider-pattern-repeat:repeat-x}.elementor-widget-divider .elementor-divider{display:flex}.elementor-widget-divider .elementor-divider__text{font-size:15px;line-height:1;max-width:95%}.elementor-widget-divider .elementor-divider__element{margin:0 var(--divider-element-spacing);flex-shrink:0}.elementor-widget-divider .elementor-icon{font-size:var(--divider-icon-size)}.elementor-widget-divider .elementor-divider-separator{display:flex;margin:0;direction:ltr}.elementor-widget-divider--view-line_icon .elementor-divider-separator,.elementor-widget-divider--view-line_text .elementor-divider-separator{align-items:center}.elementor-widget-divider--view-line_icon .elementor-divider-separator:after,.elementor-widget-divider--view-line_icon .elementor-divider-separator:before,.elementor-widget-divider--view-line_text .elementor-divider-separator:after,.elementor-widget-divider--view-line_text .elementor-divider-separator:before{display:block;content:\"\";border-bottom:0;flex-grow:1;border-top:var(--divider-border-width) var(--divider-border-style) var(--divider-color)}.elementor-widget-divider--element-align-left .elementor-divider .elementor-divider-separator>.elementor-divider__svg:first-of-type{flex-grow:0;flex-shrink:100}.elementor-widget-divider--element-align-left .elementor-divider-separator:before{content:none}.elementor-widget-divider--element-align-left .elementor-divider__element{margin-left:0}.elementor-widget-divider--element-align-right .elementor-divider .elementor-divider-separator>.elementor-divider__svg:last-of-type{flex-grow:0;flex-shrink:100}.elementor-widget-divider--element-align-right .elementor-divider-separator:after{content:none}.elementor-widget-divider--element-align-right .elementor-divider__element{margin-right:0}.elementor-widget-divider:not(.elementor-widget-divider--view-line_text):not(.elementor-widget-divider--view-line_icon) .elementor-divider-separator{border-top:var(--divider-border-width) var(--divider-border-style) var(--divider-color)}.elementor-widget-divider--separator-type-pattern{--divider-border-style:none}.elementor-widget-divider--separator-type-pattern.elementor-widget-divider--view-line .elementor-divider-separator,.elementor-widget-divider--separator-type-pattern:not(.elementor-widget-divider--view-line) .elementor-divider-separator:after,.elementor-widget-divider--separator-type-pattern:not(.elementor-widget-divider--view-line) .elementor-divider-separator:before,.elementor-widget-divider--separator-type-pattern:not([class*=elementor-widget-divider--view]) .elementor-divider-separator{width:100%;min-height:var(--divider-pattern-height);-webkit-mask-size:var(--divider-pattern-size) 100%;mask-size:var(--divider-pattern-size) 100%;-webkit-mask-repeat:var(--divider-pattern-repeat);mask-repeat:var(--divider-pattern-repeat);background-color:var(--divider-color);-webkit-mask-image:var(--divider-pattern-url);mask-image:var(--divider-pattern-url)}.elementor-widget-divider--no-spacing{--divider-pattern-size:auto}.elementor-widget-divider--bg-round{--divider-pattern-repeat:round}.rtl .elementor-widget-divider .elementor-divider__text{direction:rtl}.e-con-inner>.elementor-widget-divider,.e-con>.elementor-widget-divider{width:var(--container-widget-width,100%);--flex-grow:var(--container-widget-flex-grow)}<\/style>\t\t<div class=\"elementor-divider\">\n\t\t\t<span class=\"elementor-divider-separator\">\n\t\t\t\t\t\t<\/span>\n\t\t<\/div>\n\t\t\t\t<\/div>\n\t\t\t\t<\/div>\n\t\t\t\t\t<\/div>\n\t\t\t\t<\/div>\n\t\t\t\t\t\t\t<\/div>\n\t\t","protected":false},"excerpt":{"rendered":"<p>Amnist\u00eda Internacional es un movimiento global integrado por m\u00e1s de 10 millones de personas en m\u00e1s de 150 pa\u00edses y territorios, que act\u00faan para poner \ufb01n a los abusos contra &hellip;<\/p>\n<p class=\"read-more\"> <a class=\"\" href=\"https:\/\/amnistia.org.mx\/contenido\/index.php\/quienes-somos\/\"> <span class=\"screen-reader-text\">QUI\u00c9NES SOMOS<\/span> Leer m\u00e1s &raquo;<\/a><\/p>\n","protected":false},"author":3,"featured_media":1872,"parent":0,"menu_order":0,"comment_status":"closed","ping_status":"closed","template":"elementor_header_footer","meta":{"_uf_show_specific_survey":0,"_uf_disable_surveys":false,"site-sidebar-layout":"no-sidebar","site-content-layout":"page-builder","ast-global-header-display":"","ast-main-header-display":"","ast-hfb-above-header-display":"","ast-hfb-below-header-display":"","ast-hfb-mobile-header-display":"","site-post-title":"disabled","ast-breadcrumbs-content":"","ast-featured-img":"disabled","footer-sml-layout":"","theme-transparent-header-meta":"default","adv-header-id-meta":"","stick-header-meta":"","header-above-stick-meta":"","header-main-stick-meta":"","header-below-stick-meta":""},"acf":[],"aioseo_notices":[],"yoast_head":"<!-- This site is optimized with the Yoast SEO plugin v14.5 - https:\/\/yoast.com\/wordpress\/plugins\/seo\/ -->\n<title>QUI\u00c9NES SOMOS - amnistia.org.mx<\/title>\n<meta name=\"robots\" content=\"index, follow\" \/>\n<meta name=\"googlebot\" content=\"index, follow, max-snippet:-1, max-image-preview:large, max-video-preview:-1\" \/>\n<meta name=\"bingbot\" content=\"index, follow, max-snippet:-1, max-image-preview:large, max-video-preview:-1\" \/>\n<link rel=\"canonical\" href=\"https:\/\/amnistia.org.mx\/contenido\/index.php\/quienes-somos\/\" \/>\n<meta property=\"og:locale\" content=\"es_MX\" \/>\n<meta property=\"og:type\" content=\"article\" \/>\n<meta property=\"og:title\" content=\"QUI\u00c9NES SOMOS - amnistia.org.mx\" \/>\n<meta property=\"og:description\" content=\"Amnist\u00eda Internacional es un movimiento global integrado por m\u00e1s de 10 millones de personas en m\u00e1s de 150 pa\u00edses y territorios, que act\u00faan para poner \ufb01n a los abusos contra &hellip; QUI\u00c9NES SOMOS Leer m\u00e1s &raquo;\" \/>\n<meta property=\"og:url\" content=\"https:\/\/amnistia.org.mx\/contenido\/index.php\/quienes-somos\/\" \/>\n<meta property=\"og:site_name\" content=\"amnistia.org.mx\" \/>\n<meta property=\"article:modified_time\" content=\"2026-04-23T01:11:29+00:00\" \/>\n<meta property=\"og:image\" content=\"https:\/\/amnistia.org.mx\/contenido\/wp-content\/uploads\/2020\/02\/Quienes-somos.jpg\" \/>\n\t<meta property=\"og:image:width\" content=\"1621\" \/>\n\t<meta property=\"og:image:height\" content=\"800\" \/>\n<meta name=\"twitter:card\" content=\"summary_large_image\" \/>\n<script type=\"application\/ld+json\" class=\"yoast-schema-graph\">{\"@context\":\"https:\/\/schema.org\",\"@graph\":[{\"@type\":\"WebSite\",\"@id\":\"https:\/\/amnistia.org.mx\/contenido\/#website\",\"url\":\"https:\/\/amnistia.org.mx\/contenido\/\",\"name\":\"amnistia.org.mx\",\"description\":\"Nueva p\\u00e1gina de Amnist\\u00eda\",\"potentialAction\":[{\"@type\":\"SearchAction\",\"target\":\"https:\/\/amnistia.org.mx\/contenido\/?s={search_term_string}\",\"query-input\":\"required name=search_term_string\"}],\"inLanguage\":\"es-MX\"},{\"@type\":\"ImageObject\",\"@id\":\"https:\/\/amnistia.org.mx\/contenido\/index.php\/quienes-somos\/#primaryimage\",\"inLanguage\":\"es-MX\",\"url\":\"https:\/\/amnistia.org.mx\/contenido\/wp-content\/uploads\/2020\/02\/Quienes-somos.jpg\",\"width\":1621,\"height\":800},{\"@type\":\"WebPage\",\"@id\":\"https:\/\/amnistia.org.mx\/contenido\/index.php\/quienes-somos\/#webpage\",\"url\":\"https:\/\/amnistia.org.mx\/contenido\/index.php\/quienes-somos\/\",\"name\":\"QUI\\u00c9NES SOMOS - amnistia.org.mx\",\"isPartOf\":{\"@id\":\"https:\/\/amnistia.org.mx\/contenido\/#website\"},\"primaryImageOfPage\":{\"@id\":\"https:\/\/amnistia.org.mx\/contenido\/index.php\/quienes-somos\/#primaryimage\"},\"datePublished\":\"2020-01-27T01:57:21+00:00\",\"dateModified\":\"2026-04-23T01:11:29+00:00\",\"breadcrumb\":{\"@id\":\"https:\/\/amnistia.org.mx\/contenido\/index.php\/quienes-somos\/#breadcrumb\"},\"inLanguage\":\"es-MX\",\"potentialAction\":[{\"@type\":\"ReadAction\",\"target\":[\"https:\/\/amnistia.org.mx\/contenido\/index.php\/quienes-somos\/\"]}]},{\"@type\":\"BreadcrumbList\",\"@id\":\"https:\/\/amnistia.org.mx\/contenido\/index.php\/quienes-somos\/#breadcrumb\",\"itemListElement\":[{\"@type\":\"ListItem\",\"position\":1,\"item\":{\"@type\":\"WebPage\",\"@id\":\"https:\/\/amnistia.org.mx\/contenido\/\",\"url\":\"https:\/\/amnistia.org.mx\/contenido\/\",\"name\":\"Home\"}},{\"@type\":\"ListItem\",\"position\":2,\"item\":{\"@type\":\"WebPage\",\"@id\":\"https:\/\/amnistia.org.mx\/contenido\/index.php\/quienes-somos\/\",\"url\":\"https:\/\/amnistia.org.mx\/contenido\/index.php\/quienes-somos\/\",\"name\":\"QUI\\u00c9NES SOMOS\"}}]}]}<\/script>\n<!-- \/ Yoast SEO plugin. -->","_links":{"self":[{"href":"https:\/\/amnistia.org.mx\/contenido\/index.php\/wp-json\/wp\/v2\/pages\/201"}],"collection":[{"href":"https:\/\/amnistia.org.mx\/contenido\/index.php\/wp-json\/wp\/v2\/pages"}],"about":[{"href":"https:\/\/amnistia.org.mx\/contenido\/index.php\/wp-json\/wp\/v2\/types\/page"}],"author":[{"embeddable":true,"href":"https:\/\/amnistia.org.mx\/contenido\/index.php\/wp-json\/wp\/v2\/users\/3"}],"replies":[{"embeddable":true,"href":"https:\/\/amnistia.org.mx\/contenido\/index.php\/wp-json\/wp\/v2\/comments?post=201"}],"version-history":[{"count":1019,"href":"https:\/\/amnistia.org.mx\/contenido\/index.php\/wp-json\/wp\/v2\/pages\/201\/revisions"}],"predecessor-version":[{"id":42872,"href":"https:\/\/amnistia.org.mx\/contenido\/index.php\/wp-json\/wp\/v2\/pages\/201\/revisions\/42872"}],"wp:featuredmedia":[{"embeddable":true,"href":"https:\/\/amnistia.org.mx\/contenido\/index.php\/wp-json\/wp\/v2\/media\/1872"}],"wp:attachment":[{"href":"https:\/\/amnistia.org.mx\/contenido\/index.php\/wp-json\/wp\/v2\/media?parent=201"}],"curies":[{"name":"wp","href":"https:\/\/api.w.org\/{rel}","templated":true}]}}