
{"id":23961,"date":"2023-05-22T17:04:52","date_gmt":"2023-05-22T22:04:52","guid":{"rendered":"https:\/\/amnistia.org.mx\/contenido\/?page_id=23961"},"modified":"2025-01-28T13:50:43","modified_gmt":"2025-01-28T19:50:43","slug":"cartas-abiertas","status":"publish","type":"page","link":"https:\/\/amnistia.org.mx\/contenido\/index.php\/cartas-abiertas\/","title":{"rendered":"CARTAS ABIERTAS"},"content":{"rendered":"\t\t<div data-elementor-type=\"wp-page\" data-elementor-id=\"23961\" class=\"elementor elementor-23961\">\n\t\t\t\t\t\t\t<div class=\"elementor-element elementor-element-47a729c e-con-full e-flex e-con\" data-id=\"47a729c\" data-element_type=\"container\" data-settings=\"{&quot;content_width&quot;:&quot;full&quot;}\">\n\t\t\t\t<div class=\"elementor-element elementor-element-69556027 elementor-widget elementor-widget-image\" data-id=\"69556027\" data-element_type=\"widget\" data-widget_type=\"image.default\">\n\t\t\t\t<div class=\"elementor-widget-container\">\n\t\t\t<style>\/*! elementor - v3.11.5 - 14-03-2023 *\/\n.elementor-widget-image{text-align:center}.elementor-widget-image a{display:inline-block}.elementor-widget-image a img[src$=\".svg\"]{width:48px}.elementor-widget-image img{vertical-align:middle;display:inline-block}<\/style>\t\t\t\t\t\t\t\t\t\t\t\t<img decoding=\"async\" width=\"768\" height=\"432\" src=\"https:\/\/amnistia.org.mx\/contenido\/wp-content\/uploads\/2023\/05\/2-1.png\" class=\"attachment-medium_large size-medium_large wp-image-24105\" alt=\"\" loading=\"lazy\" \/>\t\t\t\t\t\t\t\t\t\t\t\t\t\t\t<\/div>\n\t\t\t\t<\/div>\n\t\t\t\t<\/div>\n\t\t<div class=\"elementor-element elementor-element-358f88bb e-con-boxed e-flex e-con\" data-id=\"358f88bb\" data-element_type=\"container\" data-settings=\"{&quot;content_width&quot;:&quot;boxed&quot;}\">\n\t\t\t\t\t<div class=\"e-con-inner\">\n\t\t\t\t\t<\/div>\n\t\t\t\t<\/div>\n\t\t<div class=\"elementor-element elementor-element-99953a6 e-con-boxed e-flex e-con\" data-id=\"99953a6\" data-element_type=\"container\" data-settings=\"{&quot;content_width&quot;:&quot;boxed&quot;}\">\n\t\t\t\t\t<div class=\"e-con-inner\">\n\t\t\t\t<div class=\"elementor-element elementor-element-b5bf74a elementor-widget elementor-widget-heading\" data-id=\"b5bf74a\" data-element_type=\"widget\" data-widget_type=\"heading.default\">\n\t\t\t\t<div class=\"elementor-widget-container\">\n\t\t\t<style>\/*! elementor - v3.11.5 - 14-03-2023 *\/\n.elementor-heading-title{padding:0;margin:0;line-height:1}.elementor-widget-heading .elementor-heading-title[class*=elementor-size-]>a{color:inherit;font-size:inherit;line-height:inherit}.elementor-widget-heading .elementor-heading-title.elementor-size-small{font-size:15px}.elementor-widget-heading .elementor-heading-title.elementor-size-medium{font-size:19px}.elementor-widget-heading .elementor-heading-title.elementor-size-large{font-size:29px}.elementor-widget-heading .elementor-heading-title.elementor-size-xl{font-size:39px}.elementor-widget-heading .elementor-heading-title.elementor-size-xxl{font-size:59px}<\/style><h2 class=\"elementor-heading-title elementor-size-default\">Cartas abiertas<\/h2>\t\t<\/div>\n\t\t\t\t<\/div>\n\t\t\t\t\t<\/div>\n\t\t\t\t<\/div>\n\t\t\t\t<section class=\"elementor-section elementor-top-section elementor-element elementor-element-7405d06c animated-fast elementor-section-boxed elementor-section-height-default elementor-section-height-default elementor-invisible\" data-id=\"7405d06c\" data-element_type=\"section\" data-settings=\"{&quot;animation&quot;:&quot;fadeInUp&quot;}\">\n\t\t\t\t\t\t<div class=\"elementor-container elementor-column-gap-default\">\n\t\t\t\t\t<div class=\"elementor-column elementor-col-100 elementor-top-column elementor-element elementor-element-5cd78296\" data-id=\"5cd78296\" data-element_type=\"column\">\n\t\t\t<div class=\"elementor-widget-wrap elementor-element-populated\">\n\t\t\t\t\t\t\t\t<div class=\"elementor-element elementor-element-6706091e elementor-posts__hover-none elementor-grid-3 elementor-grid-tablet-2 elementor-grid-mobile-1 elementor-posts--thumbnail-top elementor-card-shadow-yes elementor-invisible elementor-widget elementor-widget-posts\" data-id=\"6706091e\" data-element_type=\"widget\" data-settings=\"{&quot;pagination_type&quot;:&quot;numbers_and_prev_next&quot;,&quot;_animation&quot;:&quot;slideInUp&quot;,&quot;cards_row_gap&quot;:{&quot;unit&quot;:&quot;px&quot;,&quot;size&quot;:39,&quot;sizes&quot;:[]},&quot;cards_columns&quot;:&quot;3&quot;,&quot;cards_columns_tablet&quot;:&quot;2&quot;,&quot;cards_columns_mobile&quot;:&quot;1&quot;,&quot;cards_row_gap_tablet&quot;:{&quot;unit&quot;:&quot;px&quot;,&quot;size&quot;:&quot;&quot;,&quot;sizes&quot;:[]},&quot;cards_row_gap_mobile&quot;:{&quot;unit&quot;:&quot;px&quot;,&quot;size&quot;:&quot;&quot;,&quot;sizes&quot;:[]}}\" data-widget_type=\"posts.cards\">\n\t\t\t\t<div class=\"elementor-widget-container\">\n\t\t\t<link rel=\"stylesheet\" href=\"https:\/\/amnistia.org.mx\/contenido\/wp-content\/plugins\/elementor-pro\/assets\/css\/widget-posts.min.css\">\t\t<div class=\"elementor-posts-container elementor-posts elementor-posts--skin-cards elementor-grid\">\n\t\t\t\t<article class=\"elementor-post elementor-grid-item post-41955 post type-post status-publish format-standard has-post-thumbnail hentry category-carta-abierta category-noticias tag-cartas-abiertas\">\n\t\t\t<div class=\"elementor-post__card\">\n\t\t\t\t<a class=\"elementor-post__thumbnail__link\" href=\"https:\/\/amnistia.org.mx\/contenido\/index.php\/libano-justicia-verdad-y-reparacion-a-victimas-de-crimenes-de-guerra\/\" ><div class=\"elementor-post__thumbnail\"><img width=\"1468\" height=\"710\" src=\"https:\/\/amnistia.org.mx\/contenido\/wp-content\/uploads\/2026\/02\/315015-1468x710-1.jpeg\" class=\"attachment-full size-full wp-image-41952\" alt=\"\" decoding=\"async\" loading=\"lazy\" \/><\/div><\/a>\n\t\t\t\t<div class=\"elementor-post__badge\">Cartas Abiertas<\/div>\n\t\t\t\t<div class=\"elementor-post__text\">\n\t\t\t\t<h3 class=\"elementor-post__title\">\n\t\t\t<a href=\"https:\/\/amnistia.org.mx\/contenido\/index.php\/libano-justicia-verdad-y-reparacion-a-victimas-de-crimenes-de-guerra\/\" >\n\t\t\t\tL\u00edbano: Ofrezcan justicia, verdad y reparaci\u00f3n a las v\u00edctimas de cr\u00edmenes de guerra\t\t\t<\/a>\n\t\t<\/h3>\n\t\t\t\t<div class=\"elementor-post__excerpt\">\n\t\t\t<p>Carta abierta al ministro de justicia y al viceprimer ministro El&nbsp;gobierno liban\u00e9s&nbsp;debe tomar medidas inmediatas y concretas para<\/p>\n\t\t<\/div>\n\t\t\n\t\t<a class=\"elementor-post__read-more\" href=\"https:\/\/amnistia.org.mx\/contenido\/index.php\/libano-justicia-verdad-y-reparacion-a-victimas-de-crimenes-de-guerra\/\" aria-label=\"Read more about L\u00edbano: Ofrezcan justicia, verdad y reparaci\u00f3n a las v\u00edctimas de cr\u00edmenes de guerra\" >\n\t\t\tLeer m\u00e1s\t\t<\/a>\n\n\t\t\t\t<\/div>\n\t\t\t\t<div class=\"elementor-post__meta-data\">\n\t\t\t\t\t<span class=\"elementor-post-date\">\n\t\t\tfebrero 26, 2026\t\t<\/span>\n\t\t\t\t<\/div>\n\t\t\t\t\t<\/div>\n\t\t<\/article>\n\t\t\t\t<article class=\"elementor-post elementor-grid-item post-37034 post type-post status-publish format-standard has-post-thumbnail hentry category-carta-abierta tag-cartas-abiertas\">\n\t\t\t<div class=\"elementor-post__card\">\n\t\t\t\t<a class=\"elementor-post__thumbnail__link\" href=\"https:\/\/amnistia.org.mx\/contenido\/index.php\/carta-abierta-ante-cndh-sobre-prision-preventiva-oficiosa\/\" ><div class=\"elementor-post__thumbnail\"><img width=\"706\" height=\"372\" src=\"https:\/\/amnistia.org.mx\/contenido\/wp-content\/uploads\/2025\/01\/logos1.png\" class=\"attachment-full size-full wp-image-37061\" alt=\"\" decoding=\"async\" loading=\"lazy\" \/><\/div><\/a>\n\t\t\t\t<div class=\"elementor-post__badge\">Cartas Abiertas<\/div>\n\t\t\t\t<div class=\"elementor-post__text\">\n\t\t\t\t<h3 class=\"elementor-post__title\">\n\t\t\t<a href=\"https:\/\/amnistia.org.mx\/contenido\/index.php\/carta-abierta-ante-cndh-sobre-prision-preventiva-oficiosa\/\" >\n\t\t\t\t<strong>CARTA ABIERTA ANTE POSTURA CNDH SOBRE PRISI\u00d3N PREVENTIVA OFICIOSA<\/strong>\t\t\t<\/a>\n\t\t<\/h3>\n\t\t\t\t<div class=\"elementor-post__excerpt\">\n\t\t\t<p>Osc advierten parcialidad de la CNDH sobre la participaci\u00f3n de militares en tareas de seguridad p\u00fablica y la<\/p>\n\t\t<\/div>\n\t\t\n\t\t<a class=\"elementor-post__read-more\" href=\"https:\/\/amnistia.org.mx\/contenido\/index.php\/carta-abierta-ante-cndh-sobre-prision-preventiva-oficiosa\/\" aria-label=\"Read more about &lt;strong&gt;CARTA ABIERTA ANTE POSTURA CNDH SOBRE PRISI\u00d3N PREVENTIVA OFICIOSA&lt;\/strong&gt;\" >\n\t\t\tLeer m\u00e1s\t\t<\/a>\n\n\t\t\t\t<\/div>\n\t\t\t\t<div class=\"elementor-post__meta-data\">\n\t\t\t\t\t<span class=\"elementor-post-date\">\n\t\t\tenero 28, 2025\t\t<\/span>\n\t\t\t\t<\/div>\n\t\t\t\t\t<\/div>\n\t\t<\/article>\n\t\t\t\t<article class=\"elementor-post elementor-grid-item post-34811 post type-post status-publish format-standard has-post-thumbnail hentry category-sala-prensa tag-cartas-abiertas tag-mexico\">\n\t\t\t<div class=\"elementor-post__card\">\n\t\t\t\t<a class=\"elementor-post__thumbnail__link\" href=\"https:\/\/amnistia.org.mx\/contenido\/index.php\/carta-abierta-4\/\" ><div class=\"elementor-post__thumbnail\"><img width=\"1080\" height=\"1080\" src=\"https:\/\/amnistia.org.mx\/contenido\/wp-content\/uploads\/2024\/10\/Black-Grunge-Book-Cover-Mockup-Instagram-Post-14.png\" class=\"attachment-full size-full wp-image-34815\" alt=\"\" decoding=\"async\" loading=\"lazy\" \/><\/div><\/a>\n\t\t\t\t<div class=\"elementor-post__badge\">Cartas Abiertas<\/div>\n\t\t\t\t<div class=\"elementor-post__text\">\n\t\t\t\t<h3 class=\"elementor-post__title\">\n\t\t\t<a href=\"https:\/\/amnistia.org.mx\/contenido\/index.php\/carta-abierta-4\/\" >\n\t\t\t\tCarta Abierta\t\t\t<\/a>\n\t\t<\/h3>\n\t\t\t\t<div class=\"elementor-post__excerpt\">\n\t\t\t<p>Sen. Ada\u0301n Augusto Lo\u0301pez Herna\u0301ndez Presidente de la Junta de Coordinacio\u0301n Poli\u0301tica del Senado de la Repu\u0301blica y<\/p>\n\t\t<\/div>\n\t\t\n\t\t<a class=\"elementor-post__read-more\" href=\"https:\/\/amnistia.org.mx\/contenido\/index.php\/carta-abierta-4\/\" aria-label=\"Read more about Carta Abierta\" >\n\t\t\tLeer m\u00e1s\t\t<\/a>\n\n\t\t\t\t<\/div>\n\t\t\t\t<div class=\"elementor-post__meta-data\">\n\t\t\t\t\t<span class=\"elementor-post-date\">\n\t\t\toctubre 24, 2024\t\t<\/span>\n\t\t\t\t<\/div>\n\t\t\t\t\t<\/div>\n\t\t<\/article>\n\t\t\t\t<article class=\"elementor-post elementor-grid-item post-34577 post type-post status-publish format-standard has-post-thumbnail hentry category-sala-prensa tag-cartas-abiertas\">\n\t\t\t<div class=\"elementor-post__card\">\n\t\t\t\t<a class=\"elementor-post__thumbnail__link\" href=\"https:\/\/amnistia.org.mx\/contenido\/index.php\/carta-abierta-al-congreso-del-estado-de-qroo\/\" ><div class=\"elementor-post__thumbnail\"><img width=\"2560\" height=\"1707\" src=\"https:\/\/amnistia.org.mx\/contenido\/wp-content\/uploads\/2022\/01\/277629-scaled.jpg\" class=\"attachment-full size-full wp-image-15850\" alt=\"\" decoding=\"async\" loading=\"lazy\" \/><\/div><\/a>\n\t\t\t\t<div class=\"elementor-post__badge\">Cartas Abiertas<\/div>\n\t\t\t\t<div class=\"elementor-post__text\">\n\t\t\t\t<h3 class=\"elementor-post__title\">\n\t\t\t<a href=\"https:\/\/amnistia.org.mx\/contenido\/index.php\/carta-abierta-al-congreso-del-estado-de-qroo\/\" >\n\t\t\t\tCarta Abierta al Congreso del Estado de QROO\t\t\t<\/a>\n\t\t<\/h3>\n\t\t\t\t<div class=\"elementor-post__excerpt\">\n\t\t\t<p>Canc\u00fan, Quintana Roo, 9 de octubre de 2024 \u00a0 Comisi\u00f3n Permanente de Derechos Humanos XVIII Legislatura del Congreso<\/p>\n\t\t<\/div>\n\t\t\n\t\t<a class=\"elementor-post__read-more\" href=\"https:\/\/amnistia.org.mx\/contenido\/index.php\/carta-abierta-al-congreso-del-estado-de-qroo\/\" aria-label=\"Read more about Carta Abierta al Congreso del Estado de QROO\" >\n\t\t\tLeer m\u00e1s\t\t<\/a>\n\n\t\t\t\t<\/div>\n\t\t\t\t<div class=\"elementor-post__meta-data\">\n\t\t\t\t\t<span class=\"elementor-post-date\">\n\t\t\toctubre 9, 2024\t\t<\/span>\n\t\t\t\t<\/div>\n\t\t\t\t\t<\/div>\n\t\t<\/article>\n\t\t\t\t<article class=\"elementor-post elementor-grid-item post-34159 post type-post status-publish format-standard has-post-thumbnail hentry category-noticias tag-cartas-abiertas\">\n\t\t\t<div class=\"elementor-post__card\">\n\t\t\t\t<a class=\"elementor-post__thumbnail__link\" href=\"https:\/\/amnistia.org.mx\/contenido\/index.php\/americas-record-de-incendios-forestales-requiere-una-respuesta-sin-precedentes\/\" ><div class=\"elementor-post__thumbnail\"><img width=\"700\" height=\"700\" src=\"https:\/\/amnistia.org.mx\/contenido\/wp-content\/uploads\/2024\/09\/Ilustracion-para-comunicado.jpeg\" class=\"attachment-full size-full wp-image-34160\" alt=\"\" decoding=\"async\" loading=\"lazy\" \/><\/div><\/a>\n\t\t\t\t<div class=\"elementor-post__badge\">Cartas Abiertas<\/div>\n\t\t\t\t<div class=\"elementor-post__text\">\n\t\t\t\t<h3 class=\"elementor-post__title\">\n\t\t\t<a href=\"https:\/\/amnistia.org.mx\/contenido\/index.php\/americas-record-de-incendios-forestales-requiere-una-respuesta-sin-precedentes\/\" >\n\t\t\t\t<strong>Am\u00e9ricas: r\u00e9cord de incendios forestales requiere una respuesta sin precedentes<\/strong>\t\t\t<\/a>\n\t\t<\/h3>\n\t\t\t\t<div class=\"elementor-post__excerpt\">\n\t\t\t<p>En respuesta a los incendios sin precedentes que azotan a Suram\u00e9rica, con varios millones de hect\u00e1reas ardiendo en<\/p>\n\t\t<\/div>\n\t\t\n\t\t<a class=\"elementor-post__read-more\" href=\"https:\/\/amnistia.org.mx\/contenido\/index.php\/americas-record-de-incendios-forestales-requiere-una-respuesta-sin-precedentes\/\" aria-label=\"Read more about &lt;strong&gt;Am\u00e9ricas: r\u00e9cord de incendios forestales requiere una respuesta sin precedentes&lt;\/strong&gt;\" >\n\t\t\tLeer m\u00e1s\t\t<\/a>\n\n\t\t\t\t<\/div>\n\t\t\t\t<div class=\"elementor-post__meta-data\">\n\t\t\t\t\t<span class=\"elementor-post-date\">\n\t\t\tseptiembre 23, 2024\t\t<\/span>\n\t\t\t\t<\/div>\n\t\t\t\t\t<\/div>\n\t\t<\/article>\n\t\t\t\t<article class=\"elementor-post elementor-grid-item post-33559 post type-post status-publish format-standard has-post-thumbnail hentry category-sala-prensa tag-cartas-abiertas\">\n\t\t\t<div class=\"elementor-post__card\">\n\t\t\t\t<a class=\"elementor-post__thumbnail__link\" href=\"https:\/\/amnistia.org.mx\/contenido\/index.php\/carta-abierta-a-la-presidenta-electa-de-mexico\/\" ><div class=\"elementor-post__thumbnail\"><img width=\"700\" height=\"466\" src=\"https:\/\/amnistia.org.mx\/contenido\/wp-content\/uploads\/2024\/09\/IMG_2769-1.jpg\" class=\"attachment-full size-full wp-image-33581\" alt=\"\" decoding=\"async\" loading=\"lazy\" \/><\/div><\/a>\n\t\t\t\t<div class=\"elementor-post__badge\">Cartas Abiertas<\/div>\n\t\t\t\t<div class=\"elementor-post__text\">\n\t\t\t\t<h3 class=\"elementor-post__title\">\n\t\t\t<a href=\"https:\/\/amnistia.org.mx\/contenido\/index.php\/carta-abierta-a-la-presidenta-electa-de-mexico\/\" >\n\t\t\t\tCarta Abierta a la Presidenta electa de M\u00e9xico\t\t\t<\/a>\n\t\t<\/h3>\n\t\t\t\t<div class=\"elementor-post__excerpt\">\n\t\t\t<p>Ciudad de M\u00e9xico, a 4 de septiembre de 2024 Dra. Claudia Sheinbaum Pardo Presidenta Electa de los Estados<\/p>\n\t\t<\/div>\n\t\t\n\t\t<a class=\"elementor-post__read-more\" href=\"https:\/\/amnistia.org.mx\/contenido\/index.php\/carta-abierta-a-la-presidenta-electa-de-mexico\/\" aria-label=\"Read more about Carta Abierta a la Presidenta electa de M\u00e9xico\" >\n\t\t\tLeer m\u00e1s\t\t<\/a>\n\n\t\t\t\t<\/div>\n\t\t\t\t<div class=\"elementor-post__meta-data\">\n\t\t\t\t\t<span class=\"elementor-post-date\">\n\t\t\tseptiembre 5, 2024\t\t<\/span>\n\t\t\t\t<\/div>\n\t\t\t\t\t<\/div>\n\t\t<\/article>\n\t\t\t\t<article class=\"elementor-post elementor-grid-item post-31590 post type-post status-publish format-standard has-post-thumbnail hentry category-sala-prensa tag-cartas-abiertas tag-mexico\">\n\t\t\t<div class=\"elementor-post__card\">\n\t\t\t\t<a class=\"elementor-post__thumbnail__link\" href=\"https:\/\/amnistia.org.mx\/contenido\/index.php\/carta-de-preocupacion-de-organizaciones-internacionales-por-la-deslegitimacion-del-cdh-frayba\/\" ><div class=\"elementor-post__thumbnail\"><img width=\"1600\" height=\"900\" src=\"https:\/\/amnistia.org.mx\/contenido\/wp-content\/uploads\/2024\/04\/carta-abierta.png\" class=\"attachment-full size-full wp-image-31594\" alt=\"\" decoding=\"async\" loading=\"lazy\" \/><\/div><\/a>\n\t\t\t\t<div class=\"elementor-post__badge\">Cartas Abiertas<\/div>\n\t\t\t\t<div class=\"elementor-post__text\">\n\t\t\t\t<h3 class=\"elementor-post__title\">\n\t\t\t<a href=\"https:\/\/amnistia.org.mx\/contenido\/index.php\/carta-de-preocupacion-de-organizaciones-internacionales-por-la-deslegitimacion-del-cdh-frayba\/\" >\n\t\t\t\tCarta de Preocupaci\u00f3n de organizaciones internacionales por la deslegitimaci\u00f3n del CDH Frayba\t\t\t<\/a>\n\t\t<\/h3>\n\t\t\t\t<div class=\"elementor-post__excerpt\">\n\t\t\t<p>26 de abril de 2024 Destinatarios:Mtro. F\u00e9lix Arturo Medina Padilla, Subsecretario de Derechos Humanos, Poblaci\u00f3n y Migraci\u00f3nMtro. Froyl\u00e1n<\/p>\n\t\t<\/div>\n\t\t\n\t\t<a class=\"elementor-post__read-more\" href=\"https:\/\/amnistia.org.mx\/contenido\/index.php\/carta-de-preocupacion-de-organizaciones-internacionales-por-la-deslegitimacion-del-cdh-frayba\/\" aria-label=\"Read more about Carta de Preocupaci\u00f3n de organizaciones internacionales por la deslegitimaci\u00f3n del CDH Frayba\" >\n\t\t\tLeer m\u00e1s\t\t<\/a>\n\n\t\t\t\t<\/div>\n\t\t\t\t<div class=\"elementor-post__meta-data\">\n\t\t\t\t\t<span class=\"elementor-post-date\">\n\t\t\tabril 26, 2024\t\t<\/span>\n\t\t\t\t<\/div>\n\t\t\t\t\t<\/div>\n\t\t<\/article>\n\t\t\t\t<article class=\"elementor-post elementor-grid-item post-29735 post type-post status-publish format-standard has-post-thumbnail hentry category-noticias tag-cartas-abiertas\">\n\t\t\t<div class=\"elementor-post__card\">\n\t\t\t\t<a class=\"elementor-post__thumbnail__link\" href=\"https:\/\/amnistia.org.mx\/contenido\/index.php\/carta-abierta-a-los-lideres-mundiales-sobre-la-necesidad-urgente-de-financiacion-de-la-unrwa\/\" ><div class=\"elementor-post__thumbnail\"><img width=\"800\" height=\"533\" src=\"https:\/\/amnistia.org.mx\/contenido\/wp-content\/uploads\/2024\/02\/Foto-ajustada-294143-1-1.jpg\" class=\"attachment-full size-full wp-image-29740\" alt=\"\" decoding=\"async\" loading=\"lazy\" \/><\/div><\/a>\n\t\t\t\t<div class=\"elementor-post__badge\">Cartas Abiertas<\/div>\n\t\t\t\t<div class=\"elementor-post__text\">\n\t\t\t\t<h3 class=\"elementor-post__title\">\n\t\t\t<a href=\"https:\/\/amnistia.org.mx\/contenido\/index.php\/carta-abierta-a-los-lideres-mundiales-sobre-la-necesidad-urgente-de-financiacion-de-la-unrwa\/\" >\n\t\t\t\t<strong>Carta abierta a los l\u00edderes mundiales sobre la necesidad urgente de financiaci\u00f3n de la UNRWA<\/strong>\t\t\t<\/a>\n\t\t<\/h3>\n\t\t\t\t<div class=\"elementor-post__excerpt\">\n\t\t\t<p>Foto: Majdi Fathi\/NurPhoto via Getty Images. Estimado \/ Estimada [jefe o jefa de gobierno o Estado] Nos dirigimos<\/p>\n\t\t<\/div>\n\t\t\n\t\t<a class=\"elementor-post__read-more\" href=\"https:\/\/amnistia.org.mx\/contenido\/index.php\/carta-abierta-a-los-lideres-mundiales-sobre-la-necesidad-urgente-de-financiacion-de-la-unrwa\/\" aria-label=\"Read more about &lt;strong&gt;Carta abierta a los l\u00edderes mundiales sobre la necesidad urgente de financiaci\u00f3n de la UNRWA&lt;\/strong&gt;\" >\n\t\t\tLeer m\u00e1s\t\t<\/a>\n\n\t\t\t\t<\/div>\n\t\t\t\t<div class=\"elementor-post__meta-data\">\n\t\t\t\t\t<span class=\"elementor-post-date\">\n\t\t\tfebrero 16, 2024\t\t<\/span>\n\t\t\t\t<\/div>\n\t\t\t\t\t<\/div>\n\t\t<\/article>\n\t\t\t\t<article class=\"elementor-post elementor-grid-item post-25969 post type-post status-publish format-standard has-post-thumbnail hentry category-noticias tag-cartas-abiertas\">\n\t\t\t<div class=\"elementor-post__card\">\n\t\t\t\t<a class=\"elementor-post__thumbnail__link\" href=\"https:\/\/amnistia.org.mx\/contenido\/index.php\/carta-abierta-3\/\" ><div class=\"elementor-post__thumbnail\"><img width=\"700\" height=\"393\" src=\"https:\/\/amnistia.org.mx\/contenido\/wp-content\/uploads\/2023\/09\/carta-abierta-ajustado-1.jpg\" class=\"attachment-full size-full wp-image-25975\" alt=\"\" decoding=\"async\" loading=\"lazy\" \/><\/div><\/a>\n\t\t\t\t<div class=\"elementor-post__badge\">Cartas Abiertas<\/div>\n\t\t\t\t<div class=\"elementor-post__text\">\n\t\t\t\t<h3 class=\"elementor-post__title\">\n\t\t\t<a href=\"https:\/\/amnistia.org.mx\/contenido\/index.php\/carta-abierta-3\/\" >\n\t\t\t\t<strong>CARTA ABIERTA<\/strong>\t\t\t<\/a>\n\t\t<\/h3>\n\t\t\t\t<div class=\"elementor-post__excerpt\">\n\t\t\t<p>ALICIA B\u00c1RCENA SECRETAR\u00cdA DE RELACIONES EXTERIORES PRESENTE En el marco de la celebraci\u00f3n del Di\u00e1logo con Organizaciones de<\/p>\n\t\t<\/div>\n\t\t\n\t\t<a class=\"elementor-post__read-more\" href=\"https:\/\/amnistia.org.mx\/contenido\/index.php\/carta-abierta-3\/\" aria-label=\"Read more about &lt;strong&gt;CARTA ABIERTA&lt;\/strong&gt;\" >\n\t\t\tLeer m\u00e1s\t\t<\/a>\n\n\t\t\t\t<\/div>\n\t\t\t\t<div class=\"elementor-post__meta-data\">\n\t\t\t\t\t<span class=\"elementor-post-date\">\n\t\t\tseptiembre 8, 2023\t\t<\/span>\n\t\t\t\t<\/div>\n\t\t\t\t\t<\/div>\n\t\t<\/article>\n\t\t\t\t<\/div>\n\t\t\n\t\t\t\t<div class=\"e-load-more-anchor\" data-page=\"1\" data-max-page=\"3\" data-next-page=\"https:\/\/amnistia.org.mx\/contenido\/index.php\/wp-json\/wp\/v2\/pages\/23961\/page\/2\/\"><\/div>\n\t\t\t\t<nav class=\"elementor-pagination\" aria-label=\"Pagination\">\n\t\t\t<span class=\"page-numbers prev\">&laquo; Anterior<\/span>\n<span aria-current=\"page\" class=\"page-numbers current\"><span class=\"elementor-screen-only\">Page<\/span>1<\/span>\n<a class=\"page-numbers\" href=\"https:\/\/amnistia.org.mx\/contenido\/index.php\/wp-json\/wp\/v2\/pages\/23961\/page\/2\/\"><span class=\"elementor-screen-only\">Page<\/span>2<\/a>\n<a class=\"page-numbers\" href=\"https:\/\/amnistia.org.mx\/contenido\/index.php\/wp-json\/wp\/v2\/pages\/23961\/page\/3\/\"><span class=\"elementor-screen-only\">Page<\/span>3<\/a>\n<a class=\"page-numbers next\" href=\"https:\/\/amnistia.org.mx\/contenido\/index.php\/wp-json\/wp\/v2\/pages\/23961\/page\/2\/\">Siguiente &raquo;<\/a>\t\t<\/nav>\n\t\t\t\t<\/div>\n\t\t\t\t<\/div>\n\t\t\t\t\t<\/div>\n\t\t<\/div>\n\t\t\t\t\t\t\t<\/div>\n\t\t<\/section>\n\t\t<div class=\"elementor-element elementor-element-6fe25174 e-con-boxed e-flex e-con\" data-id=\"6fe25174\" data-element_type=\"container\" data-settings=\"{&quot;content_width&quot;:&quot;boxed&quot;}\">\n\t\t\t\t\t<div class=\"e-con-inner\">\n\t\t\t\t<div class=\"elementor-element elementor-element-5037356a elementor-widget-divider--view-line elementor-widget elementor-widget-divider\" data-id=\"5037356a\" data-element_type=\"widget\" data-widget_type=\"divider.default\">\n\t\t\t\t<div class=\"elementor-widget-container\">\n\t\t\t<style>\/*! elementor - v3.11.5 - 14-03-2023 *\/\n.elementor-widget-divider{--divider-border-style:none;--divider-border-width:1px;--divider-color:#0c0d0e;--divider-icon-size:20px;--divider-element-spacing:10px;--divider-pattern-height:24px;--divider-pattern-size:20px;--divider-pattern-url:none;--divider-pattern-repeat:repeat-x}.elementor-widget-divider .elementor-divider{display:flex}.elementor-widget-divider .elementor-divider__text{font-size:15px;line-height:1;max-width:95%}.elementor-widget-divider .elementor-divider__element{margin:0 var(--divider-element-spacing);flex-shrink:0}.elementor-widget-divider .elementor-icon{font-size:var(--divider-icon-size)}.elementor-widget-divider .elementor-divider-separator{display:flex;margin:0;direction:ltr}.elementor-widget-divider--view-line_icon .elementor-divider-separator,.elementor-widget-divider--view-line_text .elementor-divider-separator{align-items:center}.elementor-widget-divider--view-line_icon .elementor-divider-separator:after,.elementor-widget-divider--view-line_icon .elementor-divider-separator:before,.elementor-widget-divider--view-line_text .elementor-divider-separator:after,.elementor-widget-divider--view-line_text .elementor-divider-separator:before{display:block;content:\"\";border-bottom:0;flex-grow:1;border-top:var(--divider-border-width) var(--divider-border-style) var(--divider-color)}.elementor-widget-divider--element-align-left .elementor-divider .elementor-divider-separator>.elementor-divider__svg:first-of-type{flex-grow:0;flex-shrink:100}.elementor-widget-divider--element-align-left .elementor-divider-separator:before{content:none}.elementor-widget-divider--element-align-left .elementor-divider__element{margin-left:0}.elementor-widget-divider--element-align-right .elementor-divider .elementor-divider-separator>.elementor-divider__svg:last-of-type{flex-grow:0;flex-shrink:100}.elementor-widget-divider--element-align-right .elementor-divider-separator:after{content:none}.elementor-widget-divider--element-align-right .elementor-divider__element{margin-right:0}.elementor-widget-divider:not(.elementor-widget-divider--view-line_text):not(.elementor-widget-divider--view-line_icon) .elementor-divider-separator{border-top:var(--divider-border-width) var(--divider-border-style) var(--divider-color)}.elementor-widget-divider--separator-type-pattern{--divider-border-style:none}.elementor-widget-divider--separator-type-pattern.elementor-widget-divider--view-line .elementor-divider-separator,.elementor-widget-divider--separator-type-pattern:not(.elementor-widget-divider--view-line) .elementor-divider-separator:after,.elementor-widget-divider--separator-type-pattern:not(.elementor-widget-divider--view-line) .elementor-divider-separator:before,.elementor-widget-divider--separator-type-pattern:not([class*=elementor-widget-divider--view]) .elementor-divider-separator{width:100%;min-height:var(--divider-pattern-height);-webkit-mask-size:var(--divider-pattern-size) 100%;mask-size:var(--divider-pattern-size) 100%;-webkit-mask-repeat:var(--divider-pattern-repeat);mask-repeat:var(--divider-pattern-repeat);background-color:var(--divider-color);-webkit-mask-image:var(--divider-pattern-url);mask-image:var(--divider-pattern-url)}.elementor-widget-divider--no-spacing{--divider-pattern-size:auto}.elementor-widget-divider--bg-round{--divider-pattern-repeat:round}.rtl .elementor-widget-divider .elementor-divider__text{direction:rtl}.e-con-inner>.elementor-widget-divider,.e-con>.elementor-widget-divider{width:var(--container-widget-width,100%);--flex-grow:var(--container-widget-flex-grow)}<\/style>\t\t<div class=\"elementor-divider\">\n\t\t\t<span class=\"elementor-divider-separator\">\n\t\t\t\t\t\t<\/span>\n\t\t<\/div>\n\t\t\t\t<\/div>\n\t\t\t\t<\/div>\n\t\t\t\t\t<\/div>\n\t\t\t\t<\/div>\n\t\t\t\t\t\t\t<\/div>\n\t\t","protected":false},"excerpt":{"rendered":"<p>Cartas abiertas<\/p>\n","protected":false},"author":1,"featured_media":23445,"parent":0,"menu_order":0,"comment_status":"closed","ping_status":"closed","template":"","meta":{"_uf_show_specific_survey":0,"_uf_disable_surveys":false,"site-sidebar-layout":"no-sidebar","site-content-layout":"page-builder","ast-global-header-display":"","ast-main-header-display":"","ast-hfb-above-header-display":"","ast-hfb-below-header-display":"","ast-hfb-mobile-header-display":"","site-post-title":"disabled","ast-breadcrumbs-content":"","ast-featured-img":"disabled","footer-sml-layout":"","theme-transparent-header-meta":"","adv-header-id-meta":"","stick-header-meta":"","header-above-stick-meta":"","header-main-stick-meta":"","header-below-stick-meta":""},"acf":[],"aioseo_notices":[],"yoast_head":"<!-- This site is optimized with the Yoast SEO plugin v14.5 - https:\/\/yoast.com\/wordpress\/plugins\/seo\/ -->\n<title>CARTAS ABIERTAS - amnistia.org.mx<\/title>\n<meta name=\"robots\" content=\"index, follow\" \/>\n<meta name=\"googlebot\" content=\"index, follow, max-snippet:-1, max-image-preview:large, max-video-preview:-1\" \/>\n<meta name=\"bingbot\" content=\"index, follow, max-snippet:-1, max-image-preview:large, max-video-preview:-1\" \/>\n<link rel=\"canonical\" href=\"https:\/\/amnistia.org.mx\/contenido\/index.php\/cartas-abiertas\/\" \/>\n<meta property=\"og:locale\" content=\"es_MX\" \/>\n<meta property=\"og:type\" content=\"article\" \/>\n<meta property=\"og:title\" content=\"CARTAS ABIERTAS - amnistia.org.mx\" \/>\n<meta property=\"og:description\" content=\"Cartas abiertas\" \/>\n<meta property=\"og:url\" content=\"https:\/\/amnistia.org.mx\/contenido\/index.php\/cartas-abiertas\/\" \/>\n<meta property=\"og:site_name\" content=\"amnistia.org.mx\" \/>\n<meta property=\"article:modified_time\" content=\"2025-01-28T19:50:43+00:00\" \/>\n<meta property=\"og:image\" content=\"https:\/\/amnistia.org.mx\/contenido\/wp-content\/uploads\/2023\/05\/csm_266162_Rally_for_free_Internet_in_Moscow_9c501ed987.jpg\" \/>\n\t<meta property=\"og:image:width\" content=\"1280\" \/>\n\t<meta property=\"og:image:height\" content=\"629\" \/>\n<meta name=\"twitter:card\" content=\"summary_large_image\" \/>\n<script type=\"application\/ld+json\" class=\"yoast-schema-graph\">{\"@context\":\"https:\/\/schema.org\",\"@graph\":[{\"@type\":\"WebSite\",\"@id\":\"https:\/\/amnistia.org.mx\/contenido\/#website\",\"url\":\"https:\/\/amnistia.org.mx\/contenido\/\",\"name\":\"amnistia.org.mx\",\"description\":\"Nueva p\\u00e1gina de Amnist\\u00eda\",\"potentialAction\":[{\"@type\":\"SearchAction\",\"target\":\"https:\/\/amnistia.org.mx\/contenido\/?s={search_term_string}\",\"query-input\":\"required name=search_term_string\"}],\"inLanguage\":\"es-MX\"},{\"@type\":\"ImageObject\",\"@id\":\"https:\/\/amnistia.org.mx\/contenido\/index.php\/cartas-abiertas\/#primaryimage\",\"inLanguage\":\"es-MX\",\"url\":\"https:\/\/amnistia.org.mx\/contenido\/wp-content\/uploads\/2023\/05\/csm_266162_Rally_for_free_Internet_in_Moscow_9c501ed987.jpg\",\"width\":1280,\"height\":629},{\"@type\":\"WebPage\",\"@id\":\"https:\/\/amnistia.org.mx\/contenido\/index.php\/cartas-abiertas\/#webpage\",\"url\":\"https:\/\/amnistia.org.mx\/contenido\/index.php\/cartas-abiertas\/\",\"name\":\"CARTAS ABIERTAS - amnistia.org.mx\",\"isPartOf\":{\"@id\":\"https:\/\/amnistia.org.mx\/contenido\/#website\"},\"primaryImageOfPage\":{\"@id\":\"https:\/\/amnistia.org.mx\/contenido\/index.php\/cartas-abiertas\/#primaryimage\"},\"datePublished\":\"2023-05-22T22:04:52+00:00\",\"dateModified\":\"2025-01-28T19:50:43+00:00\",\"breadcrumb\":{\"@id\":\"https:\/\/amnistia.org.mx\/contenido\/index.php\/cartas-abiertas\/#breadcrumb\"},\"inLanguage\":\"es-MX\",\"potentialAction\":[{\"@type\":\"ReadAction\",\"target\":[\"https:\/\/amnistia.org.mx\/contenido\/index.php\/cartas-abiertas\/\"]}]},{\"@type\":\"BreadcrumbList\",\"@id\":\"https:\/\/amnistia.org.mx\/contenido\/index.php\/cartas-abiertas\/#breadcrumb\",\"itemListElement\":[{\"@type\":\"ListItem\",\"position\":1,\"item\":{\"@type\":\"WebPage\",\"@id\":\"https:\/\/amnistia.org.mx\/contenido\/\",\"url\":\"https:\/\/amnistia.org.mx\/contenido\/\",\"name\":\"Home\"}},{\"@type\":\"ListItem\",\"position\":2,\"item\":{\"@type\":\"WebPage\",\"@id\":\"https:\/\/amnistia.org.mx\/contenido\/index.php\/cartas-abiertas\/\",\"url\":\"https:\/\/amnistia.org.mx\/contenido\/index.php\/cartas-abiertas\/\",\"name\":\"CARTAS ABIERTAS\"}}]}]}<\/script>\n<!-- \/ Yoast SEO plugin. -->","_links":{"self":[{"href":"https:\/\/amnistia.org.mx\/contenido\/index.php\/wp-json\/wp\/v2\/pages\/23961"}],"collection":[{"href":"https:\/\/amnistia.org.mx\/contenido\/index.php\/wp-json\/wp\/v2\/pages"}],"about":[{"href":"https:\/\/amnistia.org.mx\/contenido\/index.php\/wp-json\/wp\/v2\/types\/page"}],"author":[{"embeddable":true,"href":"https:\/\/amnistia.org.mx\/contenido\/index.php\/wp-json\/wp\/v2\/users\/1"}],"replies":[{"embeddable":true,"href":"https:\/\/amnistia.org.mx\/contenido\/index.php\/wp-json\/wp\/v2\/comments?post=23961"}],"version-history":[{"count":36,"href":"https:\/\/amnistia.org.mx\/contenido\/index.php\/wp-json\/wp\/v2\/pages\/23961\/revisions"}],"predecessor-version":[{"id":37065,"href":"https:\/\/amnistia.org.mx\/contenido\/index.php\/wp-json\/wp\/v2\/pages\/23961\/revisions\/37065"}],"wp:featuredmedia":[{"embeddable":true,"href":"https:\/\/amnistia.org.mx\/contenido\/index.php\/wp-json\/wp\/v2\/media\/23445"}],"wp:attachment":[{"href":"https:\/\/amnistia.org.mx\/contenido\/index.php\/wp-json\/wp\/v2\/media?parent=23961"}],"curies":[{"name":"wp","href":"https:\/\/api.w.org\/{rel}","templated":true}]}}