
{"id":500,"date":"2020-01-28T23:21:32","date_gmt":"2020-01-28T23:21:32","guid":{"rendered":"http:\/\/192.241.170.212\/contenido\/?page_id=500"},"modified":"2022-06-01T01:14:06","modified_gmt":"2022-06-01T06:14:06","slug":"noticias","status":"publish","type":"page","link":"https:\/\/amnistia.org.mx\/contenido\/index.php\/noticias\/","title":{"rendered":"NOTICIAS"},"content":{"rendered":"\t\t<div data-elementor-type=\"wp-page\" data-elementor-id=\"500\" class=\"elementor elementor-500\">\n\t\t\t\t\t\t\t\t\t<section class=\"elementor-section elementor-top-section elementor-element elementor-element-775cb3f3 elementor-section-stretched elementor-section-boxed elementor-section-height-default elementor-section-height-default\" data-id=\"775cb3f3\" data-element_type=\"section\" data-settings=\"{&quot;background_background&quot;:&quot;classic&quot;,&quot;stretch_section&quot;:&quot;section-stretched&quot;}\" data-e-bg-lazyload=\"\">\n\t\t\t\t\t\t<div class=\"elementor-container elementor-column-gap-default\">\n\t\t\t\t\t<div class=\"elementor-column elementor-col-100 elementor-top-column elementor-element elementor-element-68bd83a0\" data-id=\"68bd83a0\" data-element_type=\"column\">\n\t\t\t<div class=\"elementor-widget-wrap elementor-element-populated\">\n\t\t\t\t\t\t\t\t<div class=\"elementor-element elementor-element-13d99be2 elementor-widget elementor-widget-spacer\" data-id=\"13d99be2\" data-element_type=\"widget\" data-widget_type=\"spacer.default\">\n\t\t\t\t<div class=\"elementor-widget-container\">\n\t\t\t<style>\/*! elementor - v3.11.5 - 14-03-2023 *\/\n.elementor-column .elementor-spacer-inner{height:var(--spacer-size)}.e-con{--container-widget-width:100%}.e-con-inner>.elementor-widget-spacer,.e-con>.elementor-widget-spacer{width:var(--container-widget-width,var(--spacer-size));--align-self:var(--container-widget-align-self,initial);--flex-shrink:0}.e-con-inner>.elementor-widget-spacer>.elementor-widget-container,.e-con-inner>.elementor-widget-spacer>.elementor-widget-container>.elementor-spacer,.e-con>.elementor-widget-spacer>.elementor-widget-container,.e-con>.elementor-widget-spacer>.elementor-widget-container>.elementor-spacer{height:100%}.e-con-inner>.elementor-widget-spacer>.elementor-widget-container>.elementor-spacer>.elementor-spacer-inner,.e-con>.elementor-widget-spacer>.elementor-widget-container>.elementor-spacer>.elementor-spacer-inner{height:var(--container-widget-height,var(--spacer-size))}<\/style>\t\t<div class=\"elementor-spacer\">\n\t\t\t<div class=\"elementor-spacer-inner\"><\/div>\n\t\t<\/div>\n\t\t\t\t<\/div>\n\t\t\t\t<\/div>\n\t\t\t\t<div class=\"elementor-element elementor-element-42e8a659 elementor-widget elementor-widget-spacer\" data-id=\"42e8a659\" data-element_type=\"widget\" data-widget_type=\"spacer.default\">\n\t\t\t\t<div class=\"elementor-widget-container\">\n\t\t\t\t\t<div class=\"elementor-spacer\">\n\t\t\t<div class=\"elementor-spacer-inner\"><\/div>\n\t\t<\/div>\n\t\t\t\t<\/div>\n\t\t\t\t<\/div>\n\t\t\t\t\t<\/div>\n\t\t<\/div>\n\t\t\t\t\t\t\t<\/div>\n\t\t<\/section>\n\t\t\t\t<section class=\"elementor-section elementor-top-section elementor-element elementor-element-9352a5f animated-fast elementor-section-boxed elementor-section-height-default elementor-section-height-default elementor-invisible\" data-id=\"9352a5f\" data-element_type=\"section\" data-settings=\"{&quot;animation&quot;:&quot;fadeInUp&quot;}\">\n\t\t\t\t\t\t<div class=\"elementor-container elementor-column-gap-default\">\n\t\t\t\t\t<div class=\"elementor-column elementor-col-100 elementor-top-column elementor-element elementor-element-63779e9\" data-id=\"63779e9\" data-element_type=\"column\">\n\t\t\t<div class=\"elementor-widget-wrap elementor-element-populated\">\n\t\t\t\t\t\t\t\t<div class=\"elementor-element elementor-element-a54302a elementor-posts__hover-none elementor-grid-3 elementor-grid-tablet-2 elementor-grid-mobile-1 elementor-posts--thumbnail-top elementor-card-shadow-yes elementor-invisible elementor-widget elementor-widget-posts\" data-id=\"a54302a\" data-element_type=\"widget\" data-settings=\"{&quot;pagination_type&quot;:&quot;numbers_and_prev_next&quot;,&quot;_animation&quot;:&quot;slideInUp&quot;,&quot;cards_row_gap&quot;:{&quot;unit&quot;:&quot;px&quot;,&quot;size&quot;:39,&quot;sizes&quot;:[]},&quot;cards_columns&quot;:&quot;3&quot;,&quot;cards_columns_tablet&quot;:&quot;2&quot;,&quot;cards_columns_mobile&quot;:&quot;1&quot;,&quot;cards_row_gap_tablet&quot;:{&quot;unit&quot;:&quot;px&quot;,&quot;size&quot;:&quot;&quot;,&quot;sizes&quot;:[]},&quot;cards_row_gap_mobile&quot;:{&quot;unit&quot;:&quot;px&quot;,&quot;size&quot;:&quot;&quot;,&quot;sizes&quot;:[]}}\" data-widget_type=\"posts.cards\">\n\t\t\t\t<div class=\"elementor-widget-container\">\n\t\t\t<link rel=\"stylesheet\" href=\"https:\/\/amnistia.org.mx\/contenido\/wp-content\/plugins\/elementor-pro\/assets\/css\/widget-posts.min.css\">\t\t<div class=\"elementor-posts-container elementor-posts elementor-posts--skin-cards elementor-grid\">\n\t\t\t\t<article class=\"elementor-post elementor-grid-item post-42977 post type-post status-publish format-standard has-post-thumbnail hentry category-noticias tag-global\">\n\t\t\t<div class=\"elementor-post__card\">\n\t\t\t\t<a class=\"elementor-post__thumbnail__link\" href=\"https:\/\/amnistia.org.mx\/contenido\/index.php\/gianni-infantino-debe-aprovechar-su-discurso-ante-el-congreso-de-la-fifa-para-comprometerse-con-una-copa-mundial-sin-deportaciones-detenciones-ni-represion\/\" ><div class=\"elementor-post__thumbnail\"><img width=\"300\" height=\"145\" src=\"https:\/\/amnistia.org.mx\/contenido\/wp-content\/uploads\/2026\/04\/315639-2-1468x710-1-300x145.jpg\" class=\"attachment-medium size-medium wp-image-42978\" alt=\"\" decoding=\"async\" loading=\"lazy\" \/><\/div><\/a>\n\t\t\t\t<div class=\"elementor-post__badge\">Global<\/div>\n\t\t\t\t<div class=\"elementor-post__text\">\n\t\t\t\t<h3 class=\"elementor-post__title\">\n\t\t\t<a href=\"https:\/\/amnistia.org.mx\/contenido\/index.php\/gianni-infantino-debe-aprovechar-su-discurso-ante-el-congreso-de-la-fifa-para-comprometerse-con-una-copa-mundial-sin-deportaciones-detenciones-ni-represion\/\" >\n\t\t\t\tGianni Infantino debe aprovechar su discurso ante el congreso de la FIFA para comprometerse con una Copa Mundial sin deportaciones, detenciones ni represi\u00f3n\t\t\t<\/a>\n\t\t<\/h3>\n\t\t\t\t<div class=\"elementor-post__excerpt\">\n\t\t\t<p>\u00a9 AFP or licensors \u201cEl presidente de la FIFA, Gianni Infantino, debe decirles a las asociaciones miembros que<\/p>\n\t\t<\/div>\n\t\t\n\t\t<a class=\"elementor-post__read-more\" href=\"https:\/\/amnistia.org.mx\/contenido\/index.php\/gianni-infantino-debe-aprovechar-su-discurso-ante-el-congreso-de-la-fifa-para-comprometerse-con-una-copa-mundial-sin-deportaciones-detenciones-ni-represion\/\" aria-label=\"Read more about Gianni Infantino debe aprovechar su discurso ante el congreso de la FIFA para comprometerse con una Copa Mundial sin deportaciones, detenciones ni represi\u00f3n\" >\n\t\t\tLeer m\u00e1s\t\t<\/a>\n\n\t\t\t\t<\/div>\n\t\t\t\t<div class=\"elementor-post__meta-data\">\n\t\t\t\t\t<span class=\"elementor-post-date\">\n\t\t\tabril 30, 2026\t\t<\/span>\n\t\t\t\t<\/div>\n\t\t\t\t\t<\/div>\n\t\t<\/article>\n\t\t\t\t<article class=\"elementor-post elementor-grid-item post-42971 post type-post status-publish format-standard has-post-thumbnail hentry category-noticias tag-israel-tpo\">\n\t\t\t<div class=\"elementor-post__card\">\n\t\t\t\t<a class=\"elementor-post__thumbnail__link\" href=\"https:\/\/amnistia.org.mx\/contenido\/index.php\/la-descarada-interceptacion-por-parte-de-israel-de-la-global-sumud-flotilla-que-se-dirigia-a-gaza-despierta-el-temor-por-175-personas-detenidas-arbitrariamente\/\" ><div class=\"elementor-post__thumbnail\"><img width=\"300\" height=\"225\" src=\"https:\/\/amnistia.org.mx\/contenido\/wp-content\/uploads\/2026\/04\/Foto-Anadolu-via-Getty-Images-300x225.jpg\" class=\"attachment-medium size-medium wp-image-42974\" alt=\"\" decoding=\"async\" loading=\"lazy\" \/><\/div><\/a>\n\t\t\t\t<div class=\"elementor-post__badge\">Israel\/TPO<\/div>\n\t\t\t\t<div class=\"elementor-post__text\">\n\t\t\t\t<h3 class=\"elementor-post__title\">\n\t\t\t<a href=\"https:\/\/amnistia.org.mx\/contenido\/index.php\/la-descarada-interceptacion-por-parte-de-israel-de-la-global-sumud-flotilla-que-se-dirigia-a-gaza-despierta-el-temor-por-175-personas-detenidas-arbitrariamente\/\" >\n\t\t\t\t<strong>La descarada interceptaci\u00f3n por parte de Israel de la Global Sumud Flotilla que se dirig\u00eda a Gaza despierta el temor por 175 personas detenidas arbitrariamente<\/strong>\u00a0\t\t\t<\/a>\n\t\t<\/h3>\n\t\t\t\t<div class=\"elementor-post__excerpt\">\n\t\t\t<p>Aspecto de una embarcaci\u00f3n de la Global Sumud Flotilla que el a\u00f1o pasado intent\u00f3 llevar ayuda humanitaria a<\/p>\n\t\t<\/div>\n\t\t\n\t\t<a class=\"elementor-post__read-more\" href=\"https:\/\/amnistia.org.mx\/contenido\/index.php\/la-descarada-interceptacion-por-parte-de-israel-de-la-global-sumud-flotilla-que-se-dirigia-a-gaza-despierta-el-temor-por-175-personas-detenidas-arbitrariamente\/\" aria-label=\"Read more about &lt;strong&gt;La descarada interceptaci\u00f3n por parte de Israel de la Global Sumud Flotilla que se dirig\u00eda a Gaza despierta el temor por 175 personas detenidas arbitrariamente&lt;\/strong&gt;\u00a0\" >\n\t\t\tLeer m\u00e1s\t\t<\/a>\n\n\t\t\t\t<\/div>\n\t\t\t\t<div class=\"elementor-post__meta-data\">\n\t\t\t\t\t<span class=\"elementor-post-date\">\n\t\t\tabril 30, 2026\t\t<\/span>\n\t\t\t\t<\/div>\n\t\t\t\t\t<\/div>\n\t\t<\/article>\n\t\t\t\t<article class=\"elementor-post elementor-grid-item post-42965 post type-post status-publish format-standard has-post-thumbnail hentry category-noticias category-uncategorized tag-oriente-medio\">\n\t\t\t<div class=\"elementor-post__card\">\n\t\t\t\t<a class=\"elementor-post__thumbnail__link\" href=\"https:\/\/amnistia.org.mx\/contenido\/index.php\/los-lideres-mundiales-deben-centrarse-en-la-proteccion-de-la-poblacion-civil-y-acordar-un-alto-el-fuego-duradero-y-sostenible\/\" ><div class=\"elementor-post__thumbnail\"><img width=\"300\" height=\"145\" src=\"https:\/\/amnistia.org.mx\/contenido\/wp-content\/uploads\/2026\/04\/316081-1468x710-1-300x145.jpeg\" class=\"attachment-medium size-medium wp-image-42966\" alt=\"\" decoding=\"async\" loading=\"lazy\" \/><\/div><\/a>\n\t\t\t\t<div class=\"elementor-post__badge\">Oriente Medio<\/div>\n\t\t\t\t<div class=\"elementor-post__text\">\n\t\t\t\t<h3 class=\"elementor-post__title\">\n\t\t\t<a href=\"https:\/\/amnistia.org.mx\/contenido\/index.php\/los-lideres-mundiales-deben-centrarse-en-la-proteccion-de-la-poblacion-civil-y-acordar-un-alto-el-fuego-duradero-y-sostenible\/\" >\n\t\t\t\tLos l\u00edderes mundiales deben centrarse en la protecci\u00f3n de la poblaci\u00f3n civil y acordar un alto el fuego duradero y sostenible\t\t\t<\/a>\n\t\t<\/h3>\n\t\t\t\t<div class=\"elementor-post__excerpt\">\n\t\t\t<p>(Photo by ATTA KENARE \/ AFP via Getty Images) \u201cLos acuerdos de alto el fuego, fr\u00e1giles y temporales,<\/p>\n\t\t<\/div>\n\t\t\n\t\t<a class=\"elementor-post__read-more\" href=\"https:\/\/amnistia.org.mx\/contenido\/index.php\/los-lideres-mundiales-deben-centrarse-en-la-proteccion-de-la-poblacion-civil-y-acordar-un-alto-el-fuego-duradero-y-sostenible\/\" aria-label=\"Read more about Los l\u00edderes mundiales deben centrarse en la protecci\u00f3n de la poblaci\u00f3n civil y acordar un alto el fuego duradero y sostenible\" >\n\t\t\tLeer m\u00e1s\t\t<\/a>\n\n\t\t\t\t<\/div>\n\t\t\t\t<div class=\"elementor-post__meta-data\">\n\t\t\t\t\t<span class=\"elementor-post-date\">\n\t\t\tabril 30, 2026\t\t<\/span>\n\t\t\t\t<\/div>\n\t\t\t\t\t<\/div>\n\t\t<\/article>\n\t\t\t\t<article class=\"elementor-post elementor-grid-item post-42937 post type-post status-publish format-standard has-post-thumbnail hentry category-noticias tag-rusia\">\n\t\t\t<div class=\"elementor-post__card\">\n\t\t\t\t<a class=\"elementor-post__thumbnail__link\" href=\"https:\/\/amnistia.org.mx\/contenido\/index.php\/calificada-de-extremista-la-red-lgbt-de-rusia-en-una-escalada-de-la-represion-de-los-derechos-lgbti\/\" ><div class=\"elementor-post__thumbnail\"><img width=\"300\" height=\"145\" src=\"https:\/\/amnistia.org.mx\/contenido\/wp-content\/uploads\/2026\/04\/GettyImages-491694737-1468x710-1-300x145.jpg\" class=\"attachment-medium size-medium wp-image-42938\" alt=\"\" decoding=\"async\" loading=\"lazy\" \/><\/div><\/a>\n\t\t\t\t<div class=\"elementor-post__badge\">Rusia<\/div>\n\t\t\t\t<div class=\"elementor-post__text\">\n\t\t\t\t<h3 class=\"elementor-post__title\">\n\t\t\t<a href=\"https:\/\/amnistia.org.mx\/contenido\/index.php\/calificada-de-extremista-la-red-lgbt-de-rusia-en-una-escalada-de-la-represion-de-los-derechos-lgbti\/\" >\n\t\t\t\tCalificada de \u201cextremista\u201d la Red LGBT de Rusia en una escalada de la represi\u00f3n de los derechos LGBTI\t\t\t<\/a>\n\t\t<\/h3>\n\t\t\t\t<div class=\"elementor-post__excerpt\">\n\t\t\t<p>OLGA MALTSEVA\/AFP via Getty Images La decisi\u00f3n de calificar la Red LGBT de Rusia de \u201corganizaci\u00f3n extremista\u201d y<\/p>\n\t\t<\/div>\n\t\t\n\t\t<a class=\"elementor-post__read-more\" href=\"https:\/\/amnistia.org.mx\/contenido\/index.php\/calificada-de-extremista-la-red-lgbt-de-rusia-en-una-escalada-de-la-represion-de-los-derechos-lgbti\/\" aria-label=\"Read more about Calificada de \u201cextremista\u201d la Red LGBT de Rusia en una escalada de la represi\u00f3n de los derechos LGBTI\" >\n\t\t\tLeer m\u00e1s\t\t<\/a>\n\n\t\t\t\t<\/div>\n\t\t\t\t<div class=\"elementor-post__meta-data\">\n\t\t\t\t\t<span class=\"elementor-post-date\">\n\t\t\tabril 28, 2026\t\t<\/span>\n\t\t\t\t<\/div>\n\t\t\t\t\t<\/div>\n\t\t<\/article>\n\t\t\t\t<article class=\"elementor-post elementor-grid-item post-42873 post type-post status-publish format-standard has-post-thumbnail hentry category-noticias tag-filipinas\">\n\t\t\t<div class=\"elementor-post__card\">\n\t\t\t\t<a class=\"elementor-post__thumbnail__link\" href=\"https:\/\/amnistia.org.mx\/contenido\/index.php\/la-confirmacion-del-juicio-a-duterte-brinda-a-las-victimas-la-perspectiva-de-una-verdad-y-una-justicia-largamente-esperadas\/\" ><div class=\"elementor-post__thumbnail\"><img width=\"300\" height=\"145\" src=\"https:\/\/amnistia.org.mx\/contenido\/wp-content\/uploads\/2026\/04\/image-1468x710-1-300x145.jpg\" class=\"attachment-medium size-medium wp-image-42874\" alt=\"\" decoding=\"async\" loading=\"lazy\" \/><\/div><\/a>\n\t\t\t\t<div class=\"elementor-post__badge\">Filipinas<\/div>\n\t\t\t\t<div class=\"elementor-post__text\">\n\t\t\t\t<h3 class=\"elementor-post__title\">\n\t\t\t<a href=\"https:\/\/amnistia.org.mx\/contenido\/index.php\/la-confirmacion-del-juicio-a-duterte-brinda-a-las-victimas-la-perspectiva-de-una-verdad-y-una-justicia-largamente-esperadas\/\" >\n\t\t\t\tLa confirmaci\u00f3n del juicio a Duterte brinda a las v\u00edctimas la perspectiva de una verdad y una justicia largamente esperadas\t\t\t<\/a>\n\t\t<\/h3>\n\t\t\t\t<div class=\"elementor-post__excerpt\">\n\t\t\t<p>\u00a9International Criminal Court\/Handout\/Anadolu via Getty Images En respuesta al anuncio de la Corte Penal Internacional (CPI) que confirma<\/p>\n\t\t<\/div>\n\t\t\n\t\t<a class=\"elementor-post__read-more\" href=\"https:\/\/amnistia.org.mx\/contenido\/index.php\/la-confirmacion-del-juicio-a-duterte-brinda-a-las-victimas-la-perspectiva-de-una-verdad-y-una-justicia-largamente-esperadas\/\" aria-label=\"Read more about La confirmaci\u00f3n del juicio a Duterte brinda a las v\u00edctimas la perspectiva de una verdad y una justicia largamente esperadas\" >\n\t\t\tLeer m\u00e1s\t\t<\/a>\n\n\t\t\t\t<\/div>\n\t\t\t\t<div class=\"elementor-post__meta-data\">\n\t\t\t\t\t<span class=\"elementor-post-date\">\n\t\t\tabril 23, 2026\t\t<\/span>\n\t\t\t\t<\/div>\n\t\t\t\t\t<\/div>\n\t\t<\/article>\n\t\t\t\t<article class=\"elementor-post elementor-grid-item post-42729 post type-post status-publish format-standard has-post-thumbnail hentry category-noticias tag-cuba\">\n\t\t\t<div class=\"elementor-post__card\">\n\t\t\t\t<a class=\"elementor-post__thumbnail__link\" href=\"https:\/\/amnistia.org.mx\/contenido\/index.php\/las-autoridades-deben-liberar-ya-a-las-personas-detenidas-por-motivos-politicos-y-acabar-con-la-represion\/\" ><div class=\"elementor-post__thumbnail\"><img width=\"300\" height=\"145\" src=\"https:\/\/amnistia.org.mx\/contenido\/wp-content\/uploads\/2026\/04\/GettyImages-2095195854-1468x710-1-300x145.jpg\" class=\"attachment-medium size-medium wp-image-42731\" alt=\"\" decoding=\"async\" loading=\"lazy\" \/><\/div><\/a>\n\t\t\t\t<div class=\"elementor-post__badge\">Cuba<\/div>\n\t\t\t\t<div class=\"elementor-post__text\">\n\t\t\t\t<h3 class=\"elementor-post__title\">\n\t\t\t<a href=\"https:\/\/amnistia.org.mx\/contenido\/index.php\/las-autoridades-deben-liberar-ya-a-las-personas-detenidas-por-motivos-politicos-y-acabar-con-la-represion\/\" >\n\t\t\t\tLas autoridades deben liberar ya a las personas\u00a0detenidas\u00a0por motivos pol\u00edticos\u00a0y acabar con la represi\u00f3n\u00a0\t\t\t<\/a>\n\t\t<\/h3>\n\t\t\t\t<div class=\"elementor-post__excerpt\">\n\t\t\t<p>Joe Raedle\/Getty Images A un mes del anuncio realizado por las autoridades cubanas sobre la excarcelaci\u00f3n inminente de<\/p>\n\t\t<\/div>\n\t\t\n\t\t<a class=\"elementor-post__read-more\" href=\"https:\/\/amnistia.org.mx\/contenido\/index.php\/las-autoridades-deben-liberar-ya-a-las-personas-detenidas-por-motivos-politicos-y-acabar-con-la-represion\/\" aria-label=\"Read more about Las autoridades deben liberar ya a las personas\u00a0detenidas\u00a0por motivos pol\u00edticos\u00a0y acabar con la represi\u00f3n\u00a0\" >\n\t\t\tLeer m\u00e1s\t\t<\/a>\n\n\t\t\t\t<\/div>\n\t\t\t\t<div class=\"elementor-post__meta-data\">\n\t\t\t\t\t<span class=\"elementor-post-date\">\n\t\t\tabril 17, 2026\t\t<\/span>\n\t\t\t\t<\/div>\n\t\t\t\t\t<\/div>\n\t\t<\/article>\n\t\t\t\t<article class=\"elementor-post elementor-grid-item post-42722 post type-post status-publish format-standard has-post-thumbnail hentry category-noticias tag-hungria\">\n\t\t\t<div class=\"elementor-post__card\">\n\t\t\t\t<a class=\"elementor-post__thumbnail__link\" href=\"https:\/\/amnistia.org.mx\/contenido\/index.php\/hungria-oportunidad-historica-para-el-nuevo-gobierno-de-revertir-el-retroceso-en-materia-de-derechos-humanos\/\" ><div class=\"elementor-post__thumbnail\"><img width=\"300\" height=\"201\" src=\"https:\/\/amnistia.org.mx\/contenido\/wp-content\/uploads\/2026\/04\/\u00a9-Union-Europea-1998-\u2013-2026-via-Wikimedia-Commons-300x201.jpg\" class=\"attachment-medium size-medium wp-image-42723\" alt=\"\" decoding=\"async\" loading=\"lazy\" \/><\/div><\/a>\n\t\t\t\t<div class=\"elementor-post__badge\">Hungr\u00eda<\/div>\n\t\t\t\t<div class=\"elementor-post__text\">\n\t\t\t\t<h3 class=\"elementor-post__title\">\n\t\t\t<a href=\"https:\/\/amnistia.org.mx\/contenido\/index.php\/hungria-oportunidad-historica-para-el-nuevo-gobierno-de-revertir-el-retroceso-en-materia-de-derechos-humanos\/\" >\n\t\t\t\t<strong>Hungr\u00eda: Oportunidad hist\u00f3rica para el nuevo gobierno de revertir el retroceso en materia de derechos humanos<\/strong>\t\t\t<\/a>\n\t\t<\/h3>\n\t\t\t\t<div class=\"elementor-post__excerpt\">\n\t\t\t<p>Foto: \u00a9 Uni\u00f3n Europea, 1998 \u2013 2026, v\u00eda Wikimedia Commons Ante la noticia de que el partido opositor<\/p>\n\t\t<\/div>\n\t\t\n\t\t<a class=\"elementor-post__read-more\" href=\"https:\/\/amnistia.org.mx\/contenido\/index.php\/hungria-oportunidad-historica-para-el-nuevo-gobierno-de-revertir-el-retroceso-en-materia-de-derechos-humanos\/\" aria-label=\"Read more about &lt;strong&gt;Hungr\u00eda: Oportunidad hist\u00f3rica para el nuevo gobierno de revertir el retroceso en materia de derechos humanos&lt;\/strong&gt;\" >\n\t\t\tLeer m\u00e1s\t\t<\/a>\n\n\t\t\t\t<\/div>\n\t\t\t\t<div class=\"elementor-post__meta-data\">\n\t\t\t\t\t<span class=\"elementor-post-date\">\n\t\t\tabril 14, 2026\t\t<\/span>\n\t\t\t\t<\/div>\n\t\t\t\t\t<\/div>\n\t\t<\/article>\n\t\t\t\t<article class=\"elementor-post elementor-grid-item post-42714 post type-post status-publish format-standard has-post-thumbnail hentry category-noticias tag-israel-tpo\">\n\t\t\t<div class=\"elementor-post__card\">\n\t\t\t\t<a class=\"elementor-post__thumbnail__link\" href=\"https:\/\/amnistia.org.mx\/contenido\/index.php\/strongisrael-y-tpo-los-estados-deben-garantizar-paso-seguro-para-la-global-sumud-flotilla-como-mision-civil-que-se-opone-al-genocidio-en-curso-strong\/\" ><div class=\"elementor-post__thumbnail\"><img width=\"300\" height=\"109\" src=\"https:\/\/amnistia.org.mx\/contenido\/wp-content\/uploads\/2026\/04\/Foto-ajustada-6-300x109.jpg\" class=\"attachment-medium size-medium wp-image-42715\" alt=\"\" decoding=\"async\" loading=\"lazy\" \/><\/div><\/a>\n\t\t\t\t<div class=\"elementor-post__badge\">Israel\/TPO<\/div>\n\t\t\t\t<div class=\"elementor-post__text\">\n\t\t\t\t<h3 class=\"elementor-post__title\">\n\t\t\t<a href=\"https:\/\/amnistia.org.mx\/contenido\/index.php\/strongisrael-y-tpo-los-estados-deben-garantizar-paso-seguro-para-la-global-sumud-flotilla-como-mision-civil-que-se-opone-al-genocidio-en-curso-strong\/\" >\n\t\t\t\t<strong>Israel y TPO: Los Estados deben garantizar un paso seguro para la Global Sumud Flotilla como misi\u00f3n civil que se opone al genocidio en curso<\/strong>\t\t\t<\/a>\n\t\t<\/h3>\n\t\t\t\t<div class=\"elementor-post__excerpt\">\n\t\t\t<p>El 12 de abril de 2026, la Global Sumud Flotilla zarpar\u00e1 una vez m\u00e1s en una iniciativa civil<\/p>\n\t\t<\/div>\n\t\t\n\t\t<a class=\"elementor-post__read-more\" href=\"https:\/\/amnistia.org.mx\/contenido\/index.php\/strongisrael-y-tpo-los-estados-deben-garantizar-paso-seguro-para-la-global-sumud-flotilla-como-mision-civil-que-se-opone-al-genocidio-en-curso-strong\/\" aria-label=\"Read more about &lt;strong&gt;Israel y TPO: Los Estados deben garantizar un paso seguro para la Global Sumud Flotilla como misi\u00f3n civil que se opone al genocidio en curso&lt;\/strong&gt;\" >\n\t\t\tLeer m\u00e1s\t\t<\/a>\n\n\t\t\t\t<\/div>\n\t\t\t\t<div class=\"elementor-post__meta-data\">\n\t\t\t\t\t<span class=\"elementor-post-date\">\n\t\t\tabril 13, 2026\t\t<\/span>\n\t\t\t\t<\/div>\n\t\t\t\t\t<\/div>\n\t\t<\/article>\n\t\t\t\t<article class=\"elementor-post elementor-grid-item post-42702 post type-post status-publish format-standard has-post-thumbnail hentry category-noticias tag-venezuela\">\n\t\t\t<div class=\"elementor-post__card\">\n\t\t\t\t<a class=\"elementor-post__thumbnail__link\" href=\"https:\/\/amnistia.org.mx\/contenido\/index.php\/venezuela-la-ley-de-amnistia-no-puede-convertirse-en-un-mecanismo-de-represion\/\" ><div class=\"elementor-post__thumbnail\"><img width=\"300\" height=\"141\" src=\"https:\/\/amnistia.org.mx\/contenido\/wp-content\/uploads\/2026\/04\/foto-ajustada-5-300x141.jpg\" class=\"attachment-medium size-medium wp-image-42711\" alt=\"\" decoding=\"async\" loading=\"lazy\" \/><\/div><\/a>\n\t\t\t\t<div class=\"elementor-post__badge\">Venezuela<\/div>\n\t\t\t\t<div class=\"elementor-post__text\">\n\t\t\t\t<h3 class=\"elementor-post__title\">\n\t\t\t<a href=\"https:\/\/amnistia.org.mx\/contenido\/index.php\/venezuela-la-ley-de-amnistia-no-puede-convertirse-en-un-mecanismo-de-represion\/\" >\n\t\t\t\t<strong>Venezuela: la ley de amnist\u00eda no puede convertirse en un mecanismo de represi\u00f3n<\/strong>\t\t\t<\/a>\n\t\t<\/h3>\n\t\t\t\t<div class=\"elementor-post__excerpt\">\n\t\t\t<p>Foto: \u00a9 Maryorin Mendez \/ AFP via Getty Images A casi dos meses de la aprobaci\u00f3n de la<\/p>\n\t\t<\/div>\n\t\t\n\t\t<a class=\"elementor-post__read-more\" href=\"https:\/\/amnistia.org.mx\/contenido\/index.php\/venezuela-la-ley-de-amnistia-no-puede-convertirse-en-un-mecanismo-de-represion\/\" aria-label=\"Read more about &lt;strong&gt;Venezuela: la ley de amnist\u00eda no puede convertirse en un mecanismo de represi\u00f3n&lt;\/strong&gt;\" >\n\t\t\tLeer m\u00e1s\t\t<\/a>\n\n\t\t\t\t<\/div>\n\t\t\t\t<div class=\"elementor-post__meta-data\">\n\t\t\t\t\t<span class=\"elementor-post-date\">\n\t\t\tabril 13, 2026\t\t<\/span>\n\t\t\t\t<\/div>\n\t\t\t\t\t<\/div>\n\t\t<\/article>\n\t\t\t\t<\/div>\n\t\t\n\t\t\t\t<div class=\"e-load-more-anchor\" data-page=\"1\" data-max-page=\"54\" data-next-page=\"https:\/\/amnistia.org.mx\/contenido\/index.php\/wp-json\/wp\/v2\/pages\/500\/page\/2\/\"><\/div>\n\t\t\t\t<nav class=\"elementor-pagination\" aria-label=\"Pagination\">\n\t\t\t<span class=\"page-numbers prev\">&laquo; Anterior<\/span>\n<span aria-current=\"page\" class=\"page-numbers current\"><span class=\"elementor-screen-only\">Page<\/span>1<\/span>\n<a class=\"page-numbers\" href=\"https:\/\/amnistia.org.mx\/contenido\/index.php\/wp-json\/wp\/v2\/pages\/500\/page\/2\/\"><span class=\"elementor-screen-only\">Page<\/span>2<\/a>\n<a class=\"page-numbers\" href=\"https:\/\/amnistia.org.mx\/contenido\/index.php\/wp-json\/wp\/v2\/pages\/500\/page\/3\/\"><span class=\"elementor-screen-only\">Page<\/span>3<\/a>\n<span class=\"page-numbers dots\">&hellip;<\/span>\n<a class=\"page-numbers\" href=\"https:\/\/amnistia.org.mx\/contenido\/index.php\/wp-json\/wp\/v2\/pages\/500\/page\/15\/\"><span class=\"elementor-screen-only\">Page<\/span>15<\/a>\n<a class=\"page-numbers next\" href=\"https:\/\/amnistia.org.mx\/contenido\/index.php\/wp-json\/wp\/v2\/pages\/500\/page\/2\/\">Siguiente &raquo;<\/a>\t\t<\/nav>\n\t\t\t\t<\/div>\n\t\t\t\t<\/div>\n\t\t\t\t\t<\/div>\n\t\t<\/div>\n\t\t\t\t\t\t\t<\/div>\n\t\t<\/section>\n\t\t\t\t\t\t\t<\/div>\n\t\t","protected":false},"excerpt":{"rendered":"","protected":false},"author":3,"featured_media":1630,"parent":0,"menu_order":0,"comment_status":"closed","ping_status":"closed","template":"","meta":{"_uf_show_specific_survey":0,"_uf_disable_surveys":false,"site-sidebar-layout":"no-sidebar","site-content-layout":"page-builder","ast-global-header-display":"","ast-main-header-display":"","ast-hfb-above-header-display":"","ast-hfb-below-header-display":"","ast-hfb-mobile-header-display":"","site-post-title":"disabled","ast-breadcrumbs-content":"","ast-featured-img":"disabled","footer-sml-layout":"","theme-transparent-header-meta":"default","adv-header-id-meta":"","stick-header-meta":"","header-above-stick-meta":"","header-main-stick-meta":"","header-below-stick-meta":""},"acf":[],"aioseo_notices":[],"yoast_head":"<!-- This site is optimized with the Yoast SEO plugin v14.5 - https:\/\/yoast.com\/wordpress\/plugins\/seo\/ -->\n<title>NOTICIAS - amnistia.org.mx<\/title>\n<meta name=\"robots\" content=\"index, follow\" \/>\n<meta name=\"googlebot\" content=\"index, follow, max-snippet:-1, max-image-preview:large, max-video-preview:-1\" \/>\n<meta name=\"bingbot\" content=\"index, follow, max-snippet:-1, max-image-preview:large, max-video-preview:-1\" \/>\n<link rel=\"canonical\" href=\"https:\/\/amnistia.org.mx\/contenido\/index.php\/noticias\/\" \/>\n<meta property=\"og:locale\" content=\"es_MX\" \/>\n<meta property=\"og:type\" content=\"article\" \/>\n<meta property=\"og:title\" content=\"NOTICIAS - amnistia.org.mx\" \/>\n<meta property=\"og:url\" content=\"https:\/\/amnistia.org.mx\/contenido\/index.php\/noticias\/\" \/>\n<meta property=\"og:site_name\" content=\"amnistia.org.mx\" \/>\n<meta property=\"article:modified_time\" content=\"2022-06-01T06:14:06+00:00\" \/>\n<meta property=\"og:image\" content=\"https:\/\/amnistia.org.mx\/contenido\/wp-content\/uploads\/2020\/02\/Ayotzi.jpg\" \/>\n\t<meta property=\"og:image:width\" content=\"1459\" \/>\n\t<meta property=\"og:image:height\" content=\"900\" \/>\n<meta name=\"twitter:card\" content=\"summary_large_image\" \/>\n<script type=\"application\/ld+json\" class=\"yoast-schema-graph\">{\"@context\":\"https:\/\/schema.org\",\"@graph\":[{\"@type\":\"WebSite\",\"@id\":\"https:\/\/amnistia.org.mx\/contenido\/#website\",\"url\":\"https:\/\/amnistia.org.mx\/contenido\/\",\"name\":\"amnistia.org.mx\",\"description\":\"Nueva p\\u00e1gina de Amnist\\u00eda\",\"potentialAction\":[{\"@type\":\"SearchAction\",\"target\":\"https:\/\/amnistia.org.mx\/contenido\/?s={search_term_string}\",\"query-input\":\"required name=search_term_string\"}],\"inLanguage\":\"es-MX\"},{\"@type\":\"ImageObject\",\"@id\":\"https:\/\/amnistia.org.mx\/contenido\/index.php\/noticias\/#primaryimage\",\"inLanguage\":\"es-MX\",\"url\":\"https:\/\/amnistia.org.mx\/contenido\/wp-content\/uploads\/2020\/02\/Ayotzi.jpg\",\"width\":1459,\"height\":900},{\"@type\":\"WebPage\",\"@id\":\"https:\/\/amnistia.org.mx\/contenido\/index.php\/noticias\/#webpage\",\"url\":\"https:\/\/amnistia.org.mx\/contenido\/index.php\/noticias\/\",\"name\":\"NOTICIAS - amnistia.org.mx\",\"isPartOf\":{\"@id\":\"https:\/\/amnistia.org.mx\/contenido\/#website\"},\"primaryImageOfPage\":{\"@id\":\"https:\/\/amnistia.org.mx\/contenido\/index.php\/noticias\/#primaryimage\"},\"datePublished\":\"2020-01-28T23:21:32+00:00\",\"dateModified\":\"2022-06-01T06:14:06+00:00\",\"breadcrumb\":{\"@id\":\"https:\/\/amnistia.org.mx\/contenido\/index.php\/noticias\/#breadcrumb\"},\"inLanguage\":\"es-MX\",\"potentialAction\":[{\"@type\":\"ReadAction\",\"target\":[\"https:\/\/amnistia.org.mx\/contenido\/index.php\/noticias\/\"]}]},{\"@type\":\"BreadcrumbList\",\"@id\":\"https:\/\/amnistia.org.mx\/contenido\/index.php\/noticias\/#breadcrumb\",\"itemListElement\":[{\"@type\":\"ListItem\",\"position\":1,\"item\":{\"@type\":\"WebPage\",\"@id\":\"https:\/\/amnistia.org.mx\/contenido\/\",\"url\":\"https:\/\/amnistia.org.mx\/contenido\/\",\"name\":\"Home\"}},{\"@type\":\"ListItem\",\"position\":2,\"item\":{\"@type\":\"WebPage\",\"@id\":\"https:\/\/amnistia.org.mx\/contenido\/index.php\/noticias\/\",\"url\":\"https:\/\/amnistia.org.mx\/contenido\/index.php\/noticias\/\",\"name\":\"NOTICIAS\"}}]}]}<\/script>\n<!-- \/ Yoast SEO plugin. -->","_links":{"self":[{"href":"https:\/\/amnistia.org.mx\/contenido\/index.php\/wp-json\/wp\/v2\/pages\/500"}],"collection":[{"href":"https:\/\/amnistia.org.mx\/contenido\/index.php\/wp-json\/wp\/v2\/pages"}],"about":[{"href":"https:\/\/amnistia.org.mx\/contenido\/index.php\/wp-json\/wp\/v2\/types\/page"}],"author":[{"embeddable":true,"href":"https:\/\/amnistia.org.mx\/contenido\/index.php\/wp-json\/wp\/v2\/users\/3"}],"replies":[{"embeddable":true,"href":"https:\/\/amnistia.org.mx\/contenido\/index.php\/wp-json\/wp\/v2\/comments?post=500"}],"version-history":[{"count":41,"href":"https:\/\/amnistia.org.mx\/contenido\/index.php\/wp-json\/wp\/v2\/pages\/500\/revisions"}],"predecessor-version":[{"id":36988,"href":"https:\/\/amnistia.org.mx\/contenido\/index.php\/wp-json\/wp\/v2\/pages\/500\/revisions\/36988"}],"wp:featuredmedia":[{"embeddable":true,"href":"https:\/\/amnistia.org.mx\/contenido\/index.php\/wp-json\/wp\/v2\/media\/1630"}],"wp:attachment":[{"href":"https:\/\/amnistia.org.mx\/contenido\/index.php\/wp-json\/wp\/v2\/media?parent=500"}],"curies":[{"name":"wp","href":"https:\/\/api.w.org\/{rel}","templated":true}]}}